{"id":15,"date":"2022-09-29T08:37:06","date_gmt":"2022-09-29T08:37:06","guid":{"rendered":"https:\/\/ateca.cl\/?page_id=15"},"modified":"2022-12-17T11:22:14","modified_gmt":"2022-12-17T11:22:14","slug":"obras","status":"publish","type":"page","link":"https:\/\/ateca.cl\/index.php\/obras\/","title":{"rendered":"obras"},"content":{"rendered":"\t\t<div data-elementor-type=\"wp-page\" data-elementor-id=\"15\" class=\"elementor elementor-15\">\n\t\t\t\t\t\t\t\t\t<section class=\"elementor-section elementor-top-section elementor-element elementor-element-e650127 elementor-section-boxed elementor-section-height-default elementor-section-height-default\" data-id=\"e650127\" data-element_type=\"section\">\n\t\t\t\t\t\t<div class=\"elementor-container elementor-column-gap-default\">\n\t\t\t\t\t<div class=\"elementor-column elementor-col-100 elementor-top-column elementor-element elementor-element-2e417f9\" data-id=\"2e417f9\" data-element_type=\"column\">\n\t\t\t<div class=\"elementor-widget-wrap elementor-element-populated\">\n\t\t\t\t\t\t\t\t<div class=\"elementor-element elementor-element-0833bc1 elementor-grid-3 elementor-grid-tablet-2 elementor-grid-mobile-1 elementor-widget elementor-widget-portfolio\" data-id=\"0833bc1\" data-element_type=\"widget\" data-settings=\"{&quot;row_gap&quot;:{&quot;unit&quot;:&quot;px&quot;,&quot;size&quot;:10,&quot;sizes&quot;:[]},&quot;columns&quot;:&quot;3&quot;,&quot;columns_tablet&quot;:&quot;2&quot;,&quot;columns_mobile&quot;:&quot;1&quot;,&quot;item_ratio&quot;:{&quot;unit&quot;:&quot;px&quot;,&quot;size&quot;:0.66,&quot;sizes&quot;:[]},&quot;item_gap&quot;:{&quot;unit&quot;:&quot;px&quot;,&quot;size&quot;:&quot;&quot;,&quot;sizes&quot;:[]}}\" data-widget_type=\"portfolio.default\">\n\t\t\t\t<div class=\"elementor-widget-container\">\n\t\t\t<link rel=\"stylesheet\" href=\"https:\/\/ateca.cl\/wp-content\/plugins\/elementor-pro\/assets\/css\/widget-posts.min.css\">\t\t<div class=\"elementor-portfolio elementor-grid elementor-posts-container\">\n\t\t\t\t<article class=\"elementor-portfolio-item elementor-post  post-4273 page type-page status-publish has-post-thumbnail hentry category-el-cite tag-obra ciudad-valparaiso ano-179\">\n\t\t\t<a class=\"elementor-post__thumbnail__link\" href=\"https:\/\/ateca.cl\/index.php\/companias\/el-cite\/pasacalles-1989\/\">\n\t\t\t\t<div class=\"elementor-portfolio-item__img elementor-post__thumbnail\">\n\t\t\t<img loading=\"lazy\" decoding=\"async\" width=\"768\" height=\"651\" src=\"https:\/\/ateca.cl\/wp-content\/uploads\/2022\/11\/pascalles-768x651.jpg\" class=\"attachment-medium_large size-medium_large wp-image-4382\" alt=\"\" srcset=\"https:\/\/ateca.cl\/wp-content\/uploads\/2022\/11\/pascalles-768x651.jpg 768w, https:\/\/ateca.cl\/wp-content\/uploads\/2022\/11\/pascalles-300x254.jpg 300w, https:\/\/ateca.cl\/wp-content\/uploads\/2022\/11\/pascalles-1024x868.jpg 1024w, https:\/\/ateca.cl\/wp-content\/uploads\/2022\/11\/pascalles.jpg 1350w\" sizes=\"auto, (max-width: 768px) 100vw, 768px\" \/>\t\t<\/div>\n\t\t\t\t<div class=\"elementor-portfolio-item__overlay\">\n\t\t\t\t<h3 class=\"elementor-portfolio-item__title\">\n\t\tPasacalles (1989)\t\t<\/h3>\n\t\t\t\t<\/div>\n\t\t\t\t<\/a>\n\t\t<\/article>\n\t\t\t\t<article class=\"elementor-portfolio-item elementor-post  post-4165 page type-page status-publish has-post-thumbnail hentry category-teatro-de-feria tag-obra ano-130\">\n\t\t\t<a class=\"elementor-post__thumbnail__link\" href=\"https:\/\/ateca.cl\/index.php\/companias\/teatro-de-feria\/marta-y-mamerto\/\">\n\t\t\t\t<div class=\"elementor-portfolio-item__img elementor-post__thumbnail\">\n\t\t\t<img loading=\"lazy\" decoding=\"async\" width=\"768\" height=\"707\" src=\"https:\/\/ateca.cl\/wp-content\/uploads\/2022\/11\/mata-mamerto-768x707.jpg\" class=\"attachment-medium_large size-medium_large wp-image-4523\" alt=\"\" srcset=\"https:\/\/ateca.cl\/wp-content\/uploads\/2022\/11\/mata-mamerto-768x707.jpg 768w, https:\/\/ateca.cl\/wp-content\/uploads\/2022\/11\/mata-mamerto-300x276.jpg 300w, https:\/\/ateca.cl\/wp-content\/uploads\/2022\/11\/mata-mamerto-1024x943.jpg 1024w, https:\/\/ateca.cl\/wp-content\/uploads\/2022\/11\/mata-mamerto.jpg 1314w\" sizes=\"auto, (max-width: 768px) 100vw, 768px\" \/>\t\t<\/div>\n\t\t\t\t<div class=\"elementor-portfolio-item__overlay\">\n\t\t\t\t<h3 class=\"elementor-portfolio-item__title\">\n\t\tMarta y Mamerto\t\t<\/h3>\n\t\t\t\t<\/div>\n\t\t\t\t<\/a>\n\t\t<\/article>\n\t\t\t\t<article class=\"elementor-portfolio-item elementor-post  post-4164 page type-page status-publish has-post-thumbnail hentry category-teatro-de-feria tag-obra ciudad-temuco ano-179\">\n\t\t\t<a class=\"elementor-post__thumbnail__link\" href=\"https:\/\/ateca.cl\/index.php\/companias\/teatro-de-feria\/bruja-dorotea\/\">\n\t\t\t\t<div class=\"elementor-portfolio-item__img elementor-post__thumbnail\">\n\t\t\t<img loading=\"lazy\" decoding=\"async\" width=\"768\" height=\"545\" src=\"https:\/\/ateca.cl\/wp-content\/uploads\/2022\/11\/ATECA_03_06_01-768x545.png\" class=\"attachment-medium_large size-medium_large wp-image-4505\" alt=\"\" srcset=\"https:\/\/ateca.cl\/wp-content\/uploads\/2022\/11\/ATECA_03_06_01-768x545.png 768w, https:\/\/ateca.cl\/wp-content\/uploads\/2022\/11\/ATECA_03_06_01-300x213.png 300w, https:\/\/ateca.cl\/wp-content\/uploads\/2022\/11\/ATECA_03_06_01-1024x726.png 1024w, https:\/\/ateca.cl\/wp-content\/uploads\/2022\/11\/ATECA_03_06_01.png 1464w\" sizes=\"auto, (max-width: 768px) 100vw, 768px\" \/>\t\t<\/div>\n\t\t\t\t<div class=\"elementor-portfolio-item__overlay\">\n\t\t\t\t<h3 class=\"elementor-portfolio-item__title\">\n\t\tBruja Dorotea\t\t<\/h3>\n\t\t\t\t<\/div>\n\t\t\t\t<\/a>\n\t\t<\/article>\n\t\t\t\t<article class=\"elementor-portfolio-item elementor-post  post-4162 page type-page status-publish has-post-thumbnail hentry category-teatro-de-feria tag-obra ciudad-temuco ano-130\">\n\t\t\t<a class=\"elementor-post__thumbnail__link\" href=\"https:\/\/ateca.cl\/index.php\/companias\/teatro-de-feria\/quien-tuvo-la-culpa-de-la-muerte-de-maria-gonzalez\/\">\n\t\t\t\t<div class=\"elementor-portfolio-item__img elementor-post__thumbnail\">\n\t\t\t<img loading=\"lazy\" decoding=\"async\" width=\"768\" height=\"594\" src=\"https:\/\/ateca.cl\/wp-content\/uploads\/2022\/11\/la-muerte-de-maria-768x594.jpg\" class=\"attachment-medium_large size-medium_large wp-image-4135\" alt=\"\" srcset=\"https:\/\/ateca.cl\/wp-content\/uploads\/2022\/11\/la-muerte-de-maria-768x594.jpg 768w, https:\/\/ateca.cl\/wp-content\/uploads\/2022\/11\/la-muerte-de-maria-300x232.jpg 300w, https:\/\/ateca.cl\/wp-content\/uploads\/2022\/11\/la-muerte-de-maria-1024x792.jpg 1024w, https:\/\/ateca.cl\/wp-content\/uploads\/2022\/11\/la-muerte-de-maria-1536x1188.jpg 1536w, https:\/\/ateca.cl\/wp-content\/uploads\/2022\/11\/la-muerte-de-maria.jpg 1554w\" sizes=\"auto, (max-width: 768px) 100vw, 768px\" \/>\t\t<\/div>\n\t\t\t\t<div class=\"elementor-portfolio-item__overlay\">\n\t\t\t\t<h3 class=\"elementor-portfolio-item__title\">\n\t\t\u00bfQui\u00e9n tuvo la culpa de la muerte de Mar\u00eda Gonz\u00e1lez?\t\t<\/h3>\n\t\t\t\t<\/div>\n\t\t\t\t<\/a>\n\t\t<\/article>\n\t\t\t\t<article class=\"elementor-portfolio-item elementor-post  post-4160 page type-page status-publish has-post-thumbnail hentry category-teatro-de-feria tag-obra ciudad-temuco ano-179\">\n\t\t\t<a class=\"elementor-post__thumbnail__link\" href=\"https:\/\/ateca.cl\/index.php\/companias\/teatro-de-feria\/la-que-fue-a-convencer-y-salio-convencida\/\">\n\t\t\t\t<div class=\"elementor-portfolio-item__img elementor-post__thumbnail\">\n\t\t\t<img loading=\"lazy\" decoding=\"async\" width=\"768\" height=\"510\" src=\"https:\/\/ateca.cl\/wp-content\/uploads\/2022\/11\/ATECA_03_05_01-1-768x510.png\" class=\"attachment-medium_large size-medium_large wp-image-4494\" alt=\"\" srcset=\"https:\/\/ateca.cl\/wp-content\/uploads\/2022\/11\/ATECA_03_05_01-1-768x510.png 768w, https:\/\/ateca.cl\/wp-content\/uploads\/2022\/11\/ATECA_03_05_01-1-300x199.png 300w, https:\/\/ateca.cl\/wp-content\/uploads\/2022\/11\/ATECA_03_05_01-1-1024x680.png 1024w, https:\/\/ateca.cl\/wp-content\/uploads\/2022\/11\/ATECA_03_05_01-1-1536x1020.png 1536w, https:\/\/ateca.cl\/wp-content\/uploads\/2022\/11\/ATECA_03_05_01-1.png 1773w\" sizes=\"auto, (max-width: 768px) 100vw, 768px\" \/>\t\t<\/div>\n\t\t\t\t<div class=\"elementor-portfolio-item__overlay\">\n\t\t\t\t<h3 class=\"elementor-portfolio-item__title\">\n\t\tLa que fue a convencer y sali\u00f3 convencida\t\t<\/h3>\n\t\t\t\t<\/div>\n\t\t\t\t<\/a>\n\t\t<\/article>\n\t\t\t\t<article class=\"elementor-portfolio-item elementor-post  post-4134 page type-page status-publish has-post-thumbnail hentry category-teatro-de-feria tag-obra ciudad-temuco ano-68\">\n\t\t\t<a class=\"elementor-post__thumbnail__link\" href=\"https:\/\/ateca.cl\/index.php\/companias\/teatro-de-feria\/el-queso-y-el-salchichon\/\">\n\t\t\t\t<div class=\"elementor-portfolio-item__img elementor-post__thumbnail\">\n\t\t\t<img loading=\"lazy\" decoding=\"async\" width=\"524\" height=\"388\" src=\"https:\/\/ateca.cl\/wp-content\/uploads\/2022\/11\/ATECA_03_04_01.jpg\" class=\"attachment-medium_large size-medium_large wp-image-4441\" alt=\"\" srcset=\"https:\/\/ateca.cl\/wp-content\/uploads\/2022\/11\/ATECA_03_04_01.jpg 524w, https:\/\/ateca.cl\/wp-content\/uploads\/2022\/11\/ATECA_03_04_01-300x222.jpg 300w\" sizes=\"auto, (max-width: 524px) 100vw, 524px\" \/>\t\t<\/div>\n\t\t\t\t<div class=\"elementor-portfolio-item__overlay\">\n\t\t\t\t<h3 class=\"elementor-portfolio-item__title\">\n\t\tEl queso y el salchich\u00f3n\t\t<\/h3>\n\t\t\t\t<\/div>\n\t\t\t\t<\/a>\n\t\t<\/article>\n\t\t\t\t<article class=\"elementor-portfolio-item elementor-post  post-4124 page type-page status-publish has-post-thumbnail hentry category-tue tag-obra ciudad-concepcion ano-68\">\n\t\t\t<a class=\"elementor-post__thumbnail__link\" href=\"https:\/\/ateca.cl\/index.php\/companias\/tue\/el-diario-de-la-tia-solterina\/\">\n\t\t\t\t<div class=\"elementor-portfolio-item__img elementor-post__thumbnail\">\n\t\t\t<img loading=\"lazy\" decoding=\"async\" width=\"768\" height=\"558\" src=\"https:\/\/ateca.cl\/wp-content\/uploads\/2022\/11\/ATECA_02_07_01-768x558.jpg\" class=\"attachment-medium_large size-medium_large wp-image-4125\" alt=\"\" srcset=\"https:\/\/ateca.cl\/wp-content\/uploads\/2022\/11\/ATECA_02_07_01-768x558.jpg 768w, https:\/\/ateca.cl\/wp-content\/uploads\/2022\/11\/ATECA_02_07_01-300x218.jpg 300w, https:\/\/ateca.cl\/wp-content\/uploads\/2022\/11\/ATECA_02_07_01-1024x744.jpg 1024w, https:\/\/ateca.cl\/wp-content\/uploads\/2022\/11\/ATECA_02_07_01-1536x1116.jpg 1536w, https:\/\/ateca.cl\/wp-content\/uploads\/2022\/11\/ATECA_02_07_01-2048x1488.jpg 2048w\" sizes=\"auto, (max-width: 768px) 100vw, 768px\" \/>\t\t<\/div>\n\t\t\t\t<div class=\"elementor-portfolio-item__overlay\">\n\t\t\t\t<h3 class=\"elementor-portfolio-item__title\">\n\t\tEl diario de la t\u00eda Solterina\t\t<\/h3>\n\t\t\t\t<\/div>\n\t\t\t\t<\/a>\n\t\t<\/article>\n\t\t\t\t<article class=\"elementor-portfolio-item elementor-post  post-4113 page type-page status-publish has-post-thumbnail hentry category-tue tag-obra ciudad-concepcion ano-68\">\n\t\t\t<a class=\"elementor-post__thumbnail__link\" href=\"https:\/\/ateca.cl\/index.php\/companias\/tue\/estacion-obligada\/\">\n\t\t\t\t<div class=\"elementor-portfolio-item__img elementor-post__thumbnail\">\n\t\t\t<img loading=\"lazy\" decoding=\"async\" width=\"768\" height=\"513\" src=\"https:\/\/ateca.cl\/wp-content\/uploads\/2022\/11\/ATECA_02_06_02-768x513.png\" class=\"attachment-medium_large size-medium_large wp-image-4115\" alt=\"\" srcset=\"https:\/\/ateca.cl\/wp-content\/uploads\/2022\/11\/ATECA_02_06_02-768x513.png 768w, https:\/\/ateca.cl\/wp-content\/uploads\/2022\/11\/ATECA_02_06_02-300x200.png 300w, https:\/\/ateca.cl\/wp-content\/uploads\/2022\/11\/ATECA_02_06_02-1024x684.png 1024w, https:\/\/ateca.cl\/wp-content\/uploads\/2022\/11\/ATECA_02_06_02-1536x1026.png 1536w, https:\/\/ateca.cl\/wp-content\/uploads\/2022\/11\/ATECA_02_06_02-2048x1369.png 2048w\" sizes=\"auto, (max-width: 768px) 100vw, 768px\" \/>\t\t<\/div>\n\t\t\t\t<div class=\"elementor-portfolio-item__overlay\">\n\t\t\t\t<h3 class=\"elementor-portfolio-item__title\">\n\t\tEstaci\u00f3n obligada\t\t<\/h3>\n\t\t\t\t<\/div>\n\t\t\t\t<\/a>\n\t\t<\/article>\n\t\t\t\t<article class=\"elementor-portfolio-item elementor-post  post-2849 page type-page status-publish has-post-thumbnail hentry category-teatro-la-luna tag-obra ciudad-combarbala ciudad-santiago ciudad-tulahuen ciudad-valparaiso ano-55 escenario-plaza-victoria escenario-santiago-centro escenario-valparaiso\">\n\t\t\t<a class=\"elementor-post__thumbnail__link\" href=\"https:\/\/ateca.cl\/index.php\/companias\/teatro-la-luna\/vida-y-suerte-del-teniente-bello\/\">\n\t\t\t\t<div class=\"elementor-portfolio-item__img elementor-post__thumbnail\">\n\t\t\t<img loading=\"lazy\" decoding=\"async\" width=\"768\" height=\"461\" src=\"https:\/\/ateca.cl\/wp-content\/uploads\/2022\/10\/ATECA_05_01_04-768x461.jpg\" class=\"attachment-medium_large size-medium_large wp-image-2828\" alt=\"\" srcset=\"https:\/\/ateca.cl\/wp-content\/uploads\/2022\/10\/ATECA_05_01_04-768x461.jpg 768w, https:\/\/ateca.cl\/wp-content\/uploads\/2022\/10\/ATECA_05_01_04-300x180.jpg 300w, https:\/\/ateca.cl\/wp-content\/uploads\/2022\/10\/ATECA_05_01_04-1024x615.jpg 1024w, https:\/\/ateca.cl\/wp-content\/uploads\/2022\/10\/ATECA_05_01_04.jpg 1373w\" sizes=\"auto, (max-width: 768px) 100vw, 768px\" \/>\t\t<\/div>\n\t\t\t\t<div class=\"elementor-portfolio-item__overlay\">\n\t\t\t\t<h3 class=\"elementor-portfolio-item__title\">\n\t\tVida y suerte del Teniente Bello\t\t<\/h3>\n\t\t\t\t<\/div>\n\t\t\t\t<\/a>\n\t\t<\/article>\n\t\t\t\t<article class=\"elementor-portfolio-item elementor-post  post-2317 page type-page status-publish has-post-thumbnail hentry category-tue tag-obra\">\n\t\t\t<a class=\"elementor-post__thumbnail__link\" href=\"https:\/\/ateca.cl\/index.php\/companias\/teuco\/homenaje-a-los-caidos\/\">\n\t\t\t\t<div class=\"elementor-portfolio-item__img elementor-post__thumbnail\">\n\t\t\t<img loading=\"lazy\" decoding=\"async\" width=\"768\" height=\"558\" src=\"https:\/\/ateca.cl\/wp-content\/uploads\/2022\/10\/ATECA_02_05_01-768x558.jpg\" class=\"attachment-medium_large size-medium_large wp-image-2311\" alt=\"\" srcset=\"https:\/\/ateca.cl\/wp-content\/uploads\/2022\/10\/ATECA_02_05_01-768x558.jpg 768w, https:\/\/ateca.cl\/wp-content\/uploads\/2022\/10\/ATECA_02_05_01-300x218.jpg 300w, https:\/\/ateca.cl\/wp-content\/uploads\/2022\/10\/ATECA_02_05_01-1024x744.jpg 1024w, https:\/\/ateca.cl\/wp-content\/uploads\/2022\/10\/ATECA_02_05_01-1536x1115.jpg 1536w, https:\/\/ateca.cl\/wp-content\/uploads\/2022\/10\/ATECA_02_05_01.jpg 2048w\" sizes=\"auto, (max-width: 768px) 100vw, 768px\" \/>\t\t<\/div>\n\t\t\t\t<div class=\"elementor-portfolio-item__overlay\">\n\t\t\t\t<h3 class=\"elementor-portfolio-item__title\">\n\t\tHomenaje a los ca\u00eddos\t\t<\/h3>\n\t\t\t\t<\/div>\n\t\t\t\t<\/a>\n\t\t<\/article>\n\t\t\t\t<article class=\"elementor-portfolio-item elementor-post  post-2230 page type-page status-publish has-post-thumbnail hentry category-tue tag-obra ciudad-concepcion ano-144\">\n\t\t\t<a class=\"elementor-post__thumbnail__link\" href=\"https:\/\/ateca.cl\/index.php\/companias\/tue\/neruda\/\">\n\t\t\t\t<div class=\"elementor-portfolio-item__img elementor-post__thumbnail\">\n\t\t\t<img loading=\"lazy\" decoding=\"async\" width=\"768\" height=\"576\" src=\"https:\/\/ateca.cl\/wp-content\/uploads\/2022\/10\/ATECA_02_04_02-768x576.jpg\" class=\"attachment-medium_large size-medium_large wp-image-2224\" alt=\"\" srcset=\"https:\/\/ateca.cl\/wp-content\/uploads\/2022\/10\/ATECA_02_04_02-768x576.jpg 768w, https:\/\/ateca.cl\/wp-content\/uploads\/2022\/10\/ATECA_02_04_02-300x225.jpg 300w, https:\/\/ateca.cl\/wp-content\/uploads\/2022\/10\/ATECA_02_04_02-1024x768.jpg 1024w, https:\/\/ateca.cl\/wp-content\/uploads\/2022\/10\/ATECA_02_04_02-1536x1152.jpg 1536w, https:\/\/ateca.cl\/wp-content\/uploads\/2022\/10\/ATECA_02_04_02-2048x1535.jpg 2048w\" sizes=\"auto, (max-width: 768px) 100vw, 768px\" \/>\t\t<\/div>\n\t\t\t\t<div class=\"elementor-portfolio-item__overlay\">\n\t\t\t\t<h3 class=\"elementor-portfolio-item__title\">\n\t\tNeruda\t\t<\/h3>\n\t\t\t\t<\/div>\n\t\t\t\t<\/a>\n\t\t<\/article>\n\t\t\t\t<article class=\"elementor-portfolio-item elementor-post  post-2209 page type-page status-publish has-post-thumbnail hentry category-tue tag-obra ciudad-concepcion ano-144\">\n\t\t\t<a class=\"elementor-post__thumbnail__link\" href=\"https:\/\/ateca.cl\/index.php\/companias\/tue\/consuma-consumo-cuidado\/\">\n\t\t\t\t<div class=\"elementor-portfolio-item__img elementor-post__thumbnail\">\n\t\t\t<img loading=\"lazy\" decoding=\"async\" width=\"768\" height=\"689\" src=\"https:\/\/ateca.cl\/wp-content\/uploads\/2022\/10\/ATECA_02_03_01-768x689.jpg\" class=\"attachment-medium_large size-medium_large wp-image-2208\" alt=\"\" srcset=\"https:\/\/ateca.cl\/wp-content\/uploads\/2022\/10\/ATECA_02_03_01-768x689.jpg 768w, https:\/\/ateca.cl\/wp-content\/uploads\/2022\/10\/ATECA_02_03_01-300x269.jpg 300w, https:\/\/ateca.cl\/wp-content\/uploads\/2022\/10\/ATECA_02_03_01-1024x919.jpg 1024w, https:\/\/ateca.cl\/wp-content\/uploads\/2022\/10\/ATECA_02_03_01.jpg 1446w\" sizes=\"auto, (max-width: 768px) 100vw, 768px\" \/>\t\t<\/div>\n\t\t\t\t<div class=\"elementor-portfolio-item__overlay\">\n\t\t\t\t<h3 class=\"elementor-portfolio-item__title\">\n\t\tconsuma consumo cuidado\t\t<\/h3>\n\t\t\t\t<\/div>\n\t\t\t\t<\/a>\n\t\t<\/article>\n\t\t\t\t<article class=\"elementor-portfolio-item elementor-post  post-2128 page type-page status-publish has-post-thumbnail hentry category-tue tag-obra ciudad-concepcion obra-azul ano-144 escenario-salas-y-calles-barrio-universitario-universidad-de-concepcion\">\n\t\t\t<a class=\"elementor-post__thumbnail__link\" href=\"https:\/\/ateca.cl\/index.php\/companias\/teuco\/azul\/\">\n\t\t\t\t<div class=\"elementor-portfolio-item__img elementor-post__thumbnail\">\n\t\t\t<img loading=\"lazy\" decoding=\"async\" width=\"768\" height=\"533\" src=\"https:\/\/ateca.cl\/wp-content\/uploads\/2022\/10\/ATECA_02_02_01-768x533.jpg\" class=\"attachment-medium_large size-medium_large wp-image-2130\" alt=\"\" srcset=\"https:\/\/ateca.cl\/wp-content\/uploads\/2022\/10\/ATECA_02_02_01-768x533.jpg 768w, https:\/\/ateca.cl\/wp-content\/uploads\/2022\/10\/ATECA_02_02_01-300x208.jpg 300w, https:\/\/ateca.cl\/wp-content\/uploads\/2022\/10\/ATECA_02_02_01-1024x710.jpg 1024w, https:\/\/ateca.cl\/wp-content\/uploads\/2022\/10\/ATECA_02_02_01.jpg 1488w\" sizes=\"auto, (max-width: 768px) 100vw, 768px\" \/>\t\t<\/div>\n\t\t\t\t<div class=\"elementor-portfolio-item__overlay\">\n\t\t\t\t<h3 class=\"elementor-portfolio-item__title\">\n\t\tAzul\t\t<\/h3>\n\t\t\t\t<\/div>\n\t\t\t\t<\/a>\n\t\t<\/article>\n\t\t\t\t<article class=\"elementor-portfolio-item elementor-post  post-2124 page type-page status-publish has-post-thumbnail hentry category-tue tag-obra ciudad-concepcion ano-143\">\n\t\t\t<a class=\"elementor-post__thumbnail__link\" href=\"https:\/\/ateca.cl\/index.php\/companias\/teuco\/los-mendigos\/\">\n\t\t\t\t<div class=\"elementor-portfolio-item__img elementor-post__thumbnail\">\n\t\t\t<img loading=\"lazy\" decoding=\"async\" width=\"768\" height=\"629\" src=\"https:\/\/ateca.cl\/wp-content\/uploads\/2022\/10\/ATECA_02_01_01-768x629.jpg\" class=\"attachment-medium_large size-medium_large wp-image-2150\" alt=\"\" srcset=\"https:\/\/ateca.cl\/wp-content\/uploads\/2022\/10\/ATECA_02_01_01-768x629.jpg 768w, https:\/\/ateca.cl\/wp-content\/uploads\/2022\/10\/ATECA_02_01_01-300x246.jpg 300w, https:\/\/ateca.cl\/wp-content\/uploads\/2022\/10\/ATECA_02_01_01-1024x839.jpg 1024w, https:\/\/ateca.cl\/wp-content\/uploads\/2022\/10\/ATECA_02_01_01-1536x1258.jpg 1536w, https:\/\/ateca.cl\/wp-content\/uploads\/2022\/10\/ATECA_02_01_01.jpg 1640w\" sizes=\"auto, (max-width: 768px) 100vw, 768px\" \/>\t\t<\/div>\n\t\t\t\t<div class=\"elementor-portfolio-item__overlay\">\n\t\t\t\t<h3 class=\"elementor-portfolio-item__title\">\n\t\tLos Mendigos\t\t<\/h3>\n\t\t\t\t<\/div>\n\t\t\t\t<\/a>\n\t\t<\/article>\n\t\t\t\t<article class=\"elementor-portfolio-item elementor-post  post-1835 page type-page status-publish has-post-thumbnail hentry category-teuco tag-obra ciudad-santiago ano-69\">\n\t\t\t<a class=\"elementor-post__thumbnail__link\" href=\"https:\/\/ateca.cl\/index.php\/companias\/teuco\/los-cabezones\/\">\n\t\t\t\t<div class=\"elementor-portfolio-item__img elementor-post__thumbnail\">\n\t\t\t<img loading=\"lazy\" decoding=\"async\" width=\"768\" height=\"535\" src=\"https:\/\/ateca.cl\/wp-content\/uploads\/2022\/10\/ATECA_01_07_01-768x535.jpg\" class=\"attachment-medium_large size-medium_large wp-image-2109\" alt=\"\" srcset=\"https:\/\/ateca.cl\/wp-content\/uploads\/2022\/10\/ATECA_01_07_01-768x535.jpg 768w, https:\/\/ateca.cl\/wp-content\/uploads\/2022\/10\/ATECA_01_07_01-300x209.jpg 300w, https:\/\/ateca.cl\/wp-content\/uploads\/2022\/10\/ATECA_01_07_01-1024x714.jpg 1024w, https:\/\/ateca.cl\/wp-content\/uploads\/2022\/10\/ATECA_01_07_01.jpg 1537w\" sizes=\"auto, (max-width: 768px) 100vw, 768px\" \/>\t\t<\/div>\n\t\t\t\t<div class=\"elementor-portfolio-item__overlay\">\n\t\t\t\t<h3 class=\"elementor-portfolio-item__title\">\n\t\tLos cabezones\t\t<\/h3>\n\t\t\t\t<\/div>\n\t\t\t\t<\/a>\n\t\t<\/article>\n\t\t\t\t<article class=\"elementor-portfolio-item elementor-post  post-1821 page type-page status-publish has-post-thumbnail hentry category-teuco tag-obra ciudad-santiago obra-caicaivilu-y-tentenvilu ano-69 escenario-huerfanos\">\n\t\t\t<a class=\"elementor-post__thumbnail__link\" href=\"https:\/\/ateca.cl\/index.php\/companias\/teuco\/caicaivilu-y-tentenvilu\/\">\n\t\t\t\t<div class=\"elementor-portfolio-item__img elementor-post__thumbnail\">\n\t\t\t<img loading=\"lazy\" decoding=\"async\" width=\"768\" height=\"815\" src=\"https:\/\/ateca.cl\/wp-content\/uploads\/2022\/10\/caicai-768x815.jpg\" class=\"attachment-medium_large size-medium_large wp-image-1836\" alt=\"\" srcset=\"https:\/\/ateca.cl\/wp-content\/uploads\/2022\/10\/caicai-768x815.jpg 768w, https:\/\/ateca.cl\/wp-content\/uploads\/2022\/10\/caicai-283x300.jpg 283w, https:\/\/ateca.cl\/wp-content\/uploads\/2022\/10\/caicai.jpg 778w\" sizes=\"auto, (max-width: 768px) 100vw, 768px\" \/>\t\t<\/div>\n\t\t\t\t<div class=\"elementor-portfolio-item__overlay\">\n\t\t\t\t<h3 class=\"elementor-portfolio-item__title\">\n\t\tCaicaivil\u00fa y Tent\u00e9nvil\u00fa\t\t<\/h3>\n\t\t\t\t<\/div>\n\t\t\t\t<\/a>\n\t\t<\/article>\n\t\t\t\t<article class=\"elementor-portfolio-item elementor-post  post-1806 page type-page status-publish has-post-thumbnail hentry category-teuco tag-obra ciudad-santiago ano-55 escenario-paseo-las-palmas\">\n\t\t\t<a class=\"elementor-post__thumbnail__link\" href=\"https:\/\/ateca.cl\/index.php\/companias\/teuco\/acto-sin-palabras-2\/\">\n\t\t\t\t<div class=\"elementor-portfolio-item__img elementor-post__thumbnail\">\n\t\t\t<img loading=\"lazy\" decoding=\"async\" width=\"768\" height=\"547\" src=\"https:\/\/ateca.cl\/wp-content\/uploads\/2022\/10\/ATECA_01_01_03-768x547.jpeg\" class=\"attachment-medium_large size-medium_large wp-image-267\" alt=\"\" srcset=\"https:\/\/ateca.cl\/wp-content\/uploads\/2022\/10\/ATECA_01_01_03-768x547.jpeg 768w, https:\/\/ateca.cl\/wp-content\/uploads\/2022\/10\/ATECA_01_01_03-300x214.jpeg 300w, https:\/\/ateca.cl\/wp-content\/uploads\/2022\/10\/ATECA_01_01_03-1024x729.jpeg 1024w, https:\/\/ateca.cl\/wp-content\/uploads\/2022\/10\/ATECA_01_01_03-1536x1094.jpeg 1536w, https:\/\/ateca.cl\/wp-content\/uploads\/2022\/10\/ATECA_01_01_03.jpeg 1828w\" sizes=\"auto, (max-width: 768px) 100vw, 768px\" \/>\t\t<\/div>\n\t\t\t\t<div class=\"elementor-portfolio-item__overlay\">\n\t\t\t\t<h3 class=\"elementor-portfolio-item__title\">\n\t\tActo sin palabras\t\t<\/h3>\n\t\t\t\t<\/div>\n\t\t\t\t<\/a>\n\t\t<\/article>\n\t\t\t\t<article class=\"elementor-portfolio-item elementor-post  post-1791 page type-page status-publish has-post-thumbnail hentry category-teuco tag-obra ciudad-santiago ano-69 escenario-sala-el-conventillo\">\n\t\t\t<a class=\"elementor-post__thumbnail__link\" href=\"https:\/\/ateca.cl\/index.php\/companias\/teuco\/el-ultimo-traje-del-emperador\/\">\n\t\t\t\t<div class=\"elementor-portfolio-item__img elementor-post__thumbnail\">\n\t\t\t<img loading=\"lazy\" decoding=\"async\" width=\"768\" height=\"607\" src=\"https:\/\/ateca.cl\/wp-content\/uploads\/2022\/10\/ATECA_01_05_01-768x607.jpeg\" class=\"attachment-medium_large size-medium_large wp-image-1825\" alt=\"\" srcset=\"https:\/\/ateca.cl\/wp-content\/uploads\/2022\/10\/ATECA_01_05_01-768x607.jpeg 768w, https:\/\/ateca.cl\/wp-content\/uploads\/2022\/10\/ATECA_01_05_01-300x237.jpeg 300w, https:\/\/ateca.cl\/wp-content\/uploads\/2022\/10\/ATECA_01_05_01.jpeg 935w\" sizes=\"auto, (max-width: 768px) 100vw, 768px\" \/>\t\t<\/div>\n\t\t\t\t<div class=\"elementor-portfolio-item__overlay\">\n\t\t\t\t<h3 class=\"elementor-portfolio-item__title\">\n\t\tEl \u00faltimo traje del emperador\t\t<\/h3>\n\t\t\t\t<\/div>\n\t\t\t\t<\/a>\n\t\t<\/article>\n\t\t\t\t<article class=\"elementor-portfolio-item elementor-post  post-465 page type-page status-publish has-post-thumbnail hentry category-teuco tag-obra ciudad-santiago ano-68 ano-69\">\n\t\t\t<a class=\"elementor-post__thumbnail__link\" href=\"https:\/\/ateca.cl\/index.php\/companias\/teuco\/cuentos-callejeros\/\">\n\t\t\t\t<div class=\"elementor-portfolio-item__img elementor-post__thumbnail\">\n\t\t\t<img loading=\"lazy\" decoding=\"async\" width=\"768\" height=\"577\" src=\"https:\/\/ateca.cl\/wp-content\/uploads\/2022\/10\/ATECA_01_03_04-768x577.jpg\" class=\"attachment-medium_large size-medium_large wp-image-466\" alt=\"\" srcset=\"https:\/\/ateca.cl\/wp-content\/uploads\/2022\/10\/ATECA_01_03_04-768x577.jpg 768w, https:\/\/ateca.cl\/wp-content\/uploads\/2022\/10\/ATECA_01_03_04-300x225.jpg 300w, https:\/\/ateca.cl\/wp-content\/uploads\/2022\/10\/ATECA_01_03_04.jpg 977w\" sizes=\"auto, (max-width: 768px) 100vw, 768px\" \/>\t\t<\/div>\n\t\t\t\t<div class=\"elementor-portfolio-item__overlay\">\n\t\t\t\t<h3 class=\"elementor-portfolio-item__title\">\n\t\tCuentos callejeros\t\t<\/h3>\n\t\t\t\t<\/div>\n\t\t\t\t<\/a>\n\t\t<\/article>\n\t\t\t\t<article class=\"elementor-portfolio-item elementor-post  post-284 page type-page status-publish has-post-thumbnail hentry category-teuco tag-obra ciudad-santiago ano-55\">\n\t\t\t<a class=\"elementor-post__thumbnail__link\" href=\"https:\/\/ateca.cl\/index.php\/companias\/teuco\/la-candida-erendira\/\">\n\t\t\t\t<div class=\"elementor-portfolio-item__img elementor-post__thumbnail\">\n\t\t\t<img loading=\"lazy\" decoding=\"async\" width=\"711\" height=\"942\" src=\"https:\/\/ateca.cl\/wp-content\/uploads\/2022\/10\/ATECA_01_04_03-1.jpeg\" class=\"attachment-medium_large size-medium_large wp-image-1792\" alt=\"\" srcset=\"https:\/\/ateca.cl\/wp-content\/uploads\/2022\/10\/ATECA_01_04_03-1.jpeg 711w, https:\/\/ateca.cl\/wp-content\/uploads\/2022\/10\/ATECA_01_04_03-1-226x300.jpeg 226w\" sizes=\"auto, (max-width: 711px) 100vw, 711px\" \/>\t\t<\/div>\n\t\t\t\t<div class=\"elementor-portfolio-item__overlay\">\n\t\t\t\t<h3 class=\"elementor-portfolio-item__title\">\n\t\tLa C\u00e1ndida Er\u00e9ndira\t\t<\/h3>\n\t\t\t\t<\/div>\n\t\t\t\t<\/a>\n\t\t<\/article>\n\t\t\t\t<\/div>\n\t\t\t\t<\/div>\n\t\t\t\t<\/div>\n\t\t\t\t\t<\/div>\n\t\t<\/div>\n\t\t\t\t\t\t\t<\/div>\n\t\t<\/section>\n\t\t\t\t\t\t\t<\/div>\n\t\t","protected":false},"excerpt":{"rendered":"","protected":false},"author":1,"featured_media":0,"parent":0,"menu_order":0,"comment_status":"closed","ping_status":"closed","template":"elementor_header_footer","meta":{"_acf_changed":false,"footnotes":""},"categories":[],"tags":[],"ciudad":[],"obra":[],"ano":[],"credito":[],"procedencia":[],"codigo":[],"escenario":[],"class_list":["post-15","page","type-page","status-publish","hentry"],"acf":[],"_links":{"self":[{"href":"https:\/\/ateca.cl\/index.php\/wp-json\/wp\/v2\/pages\/15","targetHints":{"allow":["GET"]}}],"collection":[{"href":"https:\/\/ateca.cl\/index.php\/wp-json\/wp\/v2\/pages"}],"about":[{"href":"https:\/\/ateca.cl\/index.php\/wp-json\/wp\/v2\/types\/page"}],"author":[{"embeddable":true,"href":"https:\/\/ateca.cl\/index.php\/wp-json\/wp\/v2\/users\/1"}],"replies":[{"embeddable":true,"href":"https:\/\/ateca.cl\/index.php\/wp-json\/wp\/v2\/comments?post=15"}],"version-history":[{"count":22,"href":"https:\/\/ateca.cl\/index.php\/wp-json\/wp\/v2\/pages\/15\/revisions"}],"predecessor-version":[{"id":5462,"href":"https:\/\/ateca.cl\/index.php\/wp-json\/wp\/v2\/pages\/15\/revisions\/5462"}],"wp:attachment":[{"href":"https:\/\/ateca.cl\/index.php\/wp-json\/wp\/v2\/media?parent=15"}],"wp:term":[{"taxonomy":"category","embeddable":true,"href":"https:\/\/ateca.cl\/index.php\/wp-json\/wp\/v2\/categories?post=15"},{"taxonomy":"post_tag","embeddable":true,"href":"https:\/\/ateca.cl\/index.php\/wp-json\/wp\/v2\/tags?post=15"},{"taxonomy":"ciudad","embeddable":true,"href":"https:\/\/ateca.cl\/index.php\/wp-json\/wp\/v2\/ciudad?post=15"},{"taxonomy":"obra","embeddable":true,"href":"https:\/\/ateca.cl\/index.php\/wp-json\/wp\/v2\/obra?post=15"},{"taxonomy":"ano","embeddable":true,"href":"https:\/\/ateca.cl\/index.php\/wp-json\/wp\/v2\/ano?post=15"},{"taxonomy":"credito","embeddable":true,"href":"https:\/\/ateca.cl\/index.php\/wp-json\/wp\/v2\/credito?post=15"},{"taxonomy":"procedencia","embeddable":true,"href":"https:\/\/ateca.cl\/index.php\/wp-json\/wp\/v2\/procedencia?post=15"},{"taxonomy":"codigo","embeddable":true,"href":"https:\/\/ateca.cl\/index.php\/wp-json\/wp\/v2\/codigo?post=15"},{"taxonomy":"escenario","embeddable":true,"href":"https:\/\/ateca.cl\/index.php\/wp-json\/wp\/v2\/escenario?post=15"}],"curies":[{"name":"wp","href":"https:\/\/api.w.org\/{rel}","templated":true}]}}