{"id":1791,"date":"2022-10-18T21:15:23","date_gmt":"2022-10-18T21:15:23","guid":{"rendered":"https:\/\/ateca.cl\/?page_id=1791"},"modified":"2022-12-10T17:28:44","modified_gmt":"2022-12-10T17:28:44","slug":"el-ultimo-traje-del-emperador","status":"publish","type":"page","link":"https:\/\/ateca.cl\/index.php\/companias\/teuco\/el-ultimo-traje-del-emperador\/","title":{"rendered":"El \u00faltimo traje del emperador"},"content":{"rendered":"\t\t<div data-elementor-type=\"wp-page\" data-elementor-id=\"1791\" class=\"elementor elementor-1791\">\n\t\t\t\t\t\t\t\t\t<section class=\"elementor-section elementor-top-section elementor-element elementor-element-1e0ebed6 elementor-section-boxed elementor-section-height-default elementor-section-height-default\" data-id=\"1e0ebed6\" data-element_type=\"section\">\n\t\t\t\t\t\t<div class=\"elementor-container elementor-column-gap-default\">\n\t\t\t\t\t<div class=\"elementor-column elementor-col-100 elementor-top-column elementor-element elementor-element-3d3a6b0a\" data-id=\"3d3a6b0a\" data-element_type=\"column\">\n\t\t\t<div class=\"elementor-widget-wrap\">\n\t\t\t\t\t\t\t\t\t<\/div>\n\t\t<\/div>\n\t\t\t\t\t\t\t<\/div>\n\t\t<\/section>\n\t\t\t\t<section class=\"elementor-section elementor-top-section elementor-element elementor-element-1da09a72 elementor-section-boxed elementor-section-height-default elementor-section-height-default\" data-id=\"1da09a72\" data-element_type=\"section\">\n\t\t\t\t\t\t<div class=\"elementor-container elementor-column-gap-default\">\n\t\t\t\t\t<div class=\"elementor-column elementor-col-50 elementor-top-column elementor-element elementor-element-66025ac1\" data-id=\"66025ac1\" data-element_type=\"column\">\n\t\t\t<div class=\"elementor-widget-wrap elementor-element-populated\">\n\t\t\t\t\t\t\t\t<div class=\"elementor-element elementor-element-6a606fe8 elementor-widget elementor-widget-theme-post-title elementor-page-title elementor-widget-heading\" data-id=\"6a606fe8\" data-element_type=\"widget\" data-widget_type=\"theme-post-title.default\">\n\t\t\t\t<div class=\"elementor-widget-container\">\n\t\t\t<style>\/*! elementor - v3.10.1 - 17-01-2023 *\/\n.elementor-heading-title{padding:0;margin:0;line-height:1}.elementor-widget-heading .elementor-heading-title[class*=elementor-size-]>a{color:inherit;font-size:inherit;line-height:inherit}.elementor-widget-heading .elementor-heading-title.elementor-size-small{font-size:15px}.elementor-widget-heading .elementor-heading-title.elementor-size-medium{font-size:19px}.elementor-widget-heading .elementor-heading-title.elementor-size-large{font-size:29px}.elementor-widget-heading .elementor-heading-title.elementor-size-xl{font-size:39px}.elementor-widget-heading .elementor-heading-title.elementor-size-xxl{font-size:59px}<\/style><h1 class=\"elementor-heading-title elementor-size-default\">El \u00faltimo traje del emperador<\/h1>\t\t<\/div>\n\t\t\t\t<\/div>\n\t\t\t\t<div class=\"elementor-element elementor-element-1bcb8f8e elementor-widget elementor-widget-text-editor\" data-id=\"1bcb8f8e\" data-element_type=\"widget\" data-widget_type=\"text-editor.default\">\n\t\t\t\t<div class=\"elementor-widget-container\">\n\t\t\t<style>\/*! elementor - v3.10.1 - 17-01-2023 *\/\n.elementor-widget-text-editor.elementor-drop-cap-view-stacked .elementor-drop-cap{background-color:#818a91;color:#fff}.elementor-widget-text-editor.elementor-drop-cap-view-framed .elementor-drop-cap{color:#818a91;border:3px solid;background-color:transparent}.elementor-widget-text-editor:not(.elementor-drop-cap-view-default) .elementor-drop-cap{margin-top:8px}.elementor-widget-text-editor:not(.elementor-drop-cap-view-default) .elementor-drop-cap-letter{width:1em;height:1em}.elementor-widget-text-editor .elementor-drop-cap{float:left;text-align:center;line-height:1;font-size:50px}.elementor-widget-text-editor .elementor-drop-cap-letter{display:inline-block}<\/style>\t\t\t\t\t\t\t\t\t\t<\/div>\n\t\t\t\t<\/div>\n\t\t\t\t\t<\/div>\n\t\t<\/div>\n\t\t\t\t<div class=\"elementor-column elementor-col-50 elementor-top-column elementor-element elementor-element-5d72dca1\" data-id=\"5d72dca1\" data-element_type=\"column\">\n\t\t\t<div class=\"elementor-widget-wrap\">\n\t\t\t\t\t\t\t\t\t<\/div>\n\t\t<\/div>\n\t\t\t\t\t\t\t<\/div>\n\t\t<\/section>\n\t\t\t\t<section class=\"elementor-section elementor-top-section elementor-element elementor-element-c151afe elementor-section-boxed elementor-section-height-default elementor-section-height-default\" data-id=\"c151afe\" data-element_type=\"section\">\n\t\t\t\t\t\t<div class=\"elementor-container elementor-column-gap-default\">\n\t\t\t\t\t<div class=\"elementor-column elementor-col-50 elementor-top-column elementor-element elementor-element-713a331\" data-id=\"713a331\" data-element_type=\"column\">\n\t\t\t<div class=\"elementor-widget-wrap elementor-element-populated\">\n\t\t\t\t\t\t\t\t<div class=\"elementor-element elementor-element-3ec019b elementor-widget elementor-widget-text-editor\" data-id=\"3ec019b\" data-element_type=\"widget\" data-widget_type=\"text-editor.default\">\n\t\t\t\t<div class=\"elementor-widget-container\">\n\t\t\t\t\t\t\t<p><strong>Direcci\u00f3n:<\/strong> <br \/>Juan Edmundo Gonz\u00e1lez\u00a0<\/p><p><strong>Teatristas:<\/strong> <br \/>Ver\u00f3nica Zorzano, Claudio Belair, Paulina Harrington, Luis Aguirre, Rodolfo Pedraza.\u00a0<\/p><p><strong>T\u00e9cnico:<\/strong> Roberto Pablo<\/p><p><strong>Escenario:<\/strong> Sala El Conventillo<\/p><p><strong>A\u00f1o:<\/strong> 1985<\/p>\t\t\t\t\t\t<\/div>\n\t\t\t\t<\/div>\n\t\t\t\t<div class=\"elementor-element elementor-element-e0f0128 elementor-widget elementor-widget-text-editor\" data-id=\"e0f0128\" data-element_type=\"widget\" data-widget_type=\"text-editor.default\">\n\t\t\t\t<div class=\"elementor-widget-container\">\n\t\t\t\t\t\t\t\t\t\t\t\t\t<\/div>\n\t\t\t\t<\/div>\n\t\t\t\t\t<\/div>\n\t\t<\/div>\n\t\t\t\t<div class=\"elementor-column elementor-col-50 elementor-top-column elementor-element elementor-element-d80eb0e\" data-id=\"d80eb0e\" data-element_type=\"column\">\n\t\t\t<div class=\"elementor-widget-wrap\">\n\t\t\t\t\t\t\t\t\t<\/div>\n\t\t<\/div>\n\t\t\t\t\t\t\t<\/div>\n\t\t<\/section>\n\t\t\t\t<section class=\"elementor-section elementor-top-section elementor-element elementor-element-216a3a4c elementor-section-boxed elementor-section-height-default elementor-section-height-default\" data-id=\"216a3a4c\" data-element_type=\"section\">\n\t\t\t\t\t\t<div class=\"elementor-container elementor-column-gap-default\">\n\t\t\t\t\t<div class=\"elementor-column elementor-col-100 elementor-top-column elementor-element elementor-element-460fd42d\" data-id=\"460fd42d\" data-element_type=\"column\">\n\t\t\t<div class=\"elementor-widget-wrap elementor-element-populated\">\n\t\t\t\t\t\t\t\t<div class=\"elementor-element elementor-element-4925fc55 elementor-widget elementor-widget-heading\" data-id=\"4925fc55\" data-element_type=\"widget\" data-widget_type=\"heading.default\">\n\t\t\t\t<div class=\"elementor-widget-container\">\n\t\t\t<h2 class=\"elementor-heading-title elementor-size-default\">Registros fotogr\u00e1ficos<\/h2>\t\t<\/div>\n\t\t\t\t<\/div>\n\t\t\t\t<div class=\"elementor-element elementor-element-19a1a304 elementor-grid-3 elementor-grid-tablet-2 elementor-grid-mobile-1 elementor-widget elementor-widget-portfolio\" data-id=\"19a1a304\" data-element_type=\"widget\" data-settings=\"{&quot;row_gap&quot;:{&quot;unit&quot;:&quot;px&quot;,&quot;size&quot;:10,&quot;sizes&quot;:[]},&quot;columns&quot;:&quot;3&quot;,&quot;columns_tablet&quot;:&quot;2&quot;,&quot;columns_mobile&quot;:&quot;1&quot;,&quot;item_ratio&quot;:{&quot;unit&quot;:&quot;px&quot;,&quot;size&quot;:0.66,&quot;sizes&quot;:[]},&quot;item_gap&quot;:{&quot;unit&quot;:&quot;px&quot;,&quot;size&quot;:&quot;&quot;,&quot;sizes&quot;:[]}}\" data-widget_type=\"portfolio.default\">\n\t\t\t\t<div class=\"elementor-widget-container\">\n\t\t\t<link rel=\"stylesheet\" href=\"https:\/\/ateca.cl\/wp-content\/plugins\/elementor-pro\/assets\/css\/widget-posts.min.css\">\t\t<div class=\"elementor-portfolio elementor-grid elementor-posts-container\">\n\t\t\t\t<article class=\"elementor-portfolio-item elementor-post  post-2070 post type-post status-publish format-standard has-post-thumbnail hentry category-teuco ciudad-santiago obra-el-ultimo-traje-del-emperador ano-69 procedencia-veronica-zorzano\">\n\t\t\t<a class=\"elementor-post__thumbnail__link\" href=\"https:\/\/ateca.cl\/index.php\/2022\/10\/19\/fotografia-de-elenco-el-ultimo-traje-del-emperador\/\">\n\t\t\t\t<div class=\"elementor-portfolio-item__img elementor-post__thumbnail\">\n\t\t\t<img loading=\"lazy\" decoding=\"async\" width=\"768\" height=\"548\" src=\"https:\/\/ateca.cl\/wp-content\/uploads\/2022\/10\/ATECA_01_05_02-768x548.jpeg\" class=\"attachment-medium_large size-medium_large wp-image-1826\" alt=\"\" srcset=\"https:\/\/ateca.cl\/wp-content\/uploads\/2022\/10\/ATECA_01_05_02-768x548.jpeg 768w, https:\/\/ateca.cl\/wp-content\/uploads\/2022\/10\/ATECA_01_05_02-300x214.jpeg 300w, https:\/\/ateca.cl\/wp-content\/uploads\/2022\/10\/ATECA_01_05_02-1024x731.jpeg 1024w, https:\/\/ateca.cl\/wp-content\/uploads\/2022\/10\/ATECA_01_05_02.jpeg 1156w\" sizes=\"auto, (max-width: 768px) 100vw, 768px\" \/>\t\t<\/div>\n\t\t\t\t<div class=\"elementor-portfolio-item__overlay\">\n\t\t\t\t<h3 class=\"elementor-portfolio-item__title\">\n\t\tFotograf\u00eda de elenco El \u00faltimo traje del emperador\t\t<\/h3>\n\t\t\t\t<\/div>\n\t\t\t\t<\/a>\n\t\t<\/article>\n\t\t\t\t<article class=\"elementor-portfolio-item elementor-post  post-2089 post type-post status-publish format-standard has-post-thumbnail hentry category-teuco ciudad-santiago obra-el-ultimo-traje-del-emperador ano-69 procedencia-veronica-zorzano\">\n\t\t\t<a class=\"elementor-post__thumbnail__link\" href=\"https:\/\/ateca.cl\/index.php\/2022\/10\/19\/fotografia-de-elenco-el-ultimo-traje-del-emperador-2\/\">\n\t\t\t\t<div class=\"elementor-portfolio-item__img elementor-post__thumbnail\">\n\t\t\t<img loading=\"lazy\" decoding=\"async\" width=\"768\" height=\"607\" src=\"https:\/\/ateca.cl\/wp-content\/uploads\/2022\/10\/ATECA_01_05_01-768x607.jpeg\" class=\"attachment-medium_large size-medium_large wp-image-1825\" alt=\"\" srcset=\"https:\/\/ateca.cl\/wp-content\/uploads\/2022\/10\/ATECA_01_05_01-768x607.jpeg 768w, https:\/\/ateca.cl\/wp-content\/uploads\/2022\/10\/ATECA_01_05_01-300x237.jpeg 300w, https:\/\/ateca.cl\/wp-content\/uploads\/2022\/10\/ATECA_01_05_01.jpeg 935w\" sizes=\"auto, (max-width: 768px) 100vw, 768px\" \/>\t\t<\/div>\n\t\t\t\t<div class=\"elementor-portfolio-item__overlay\">\n\t\t\t\t<h3 class=\"elementor-portfolio-item__title\">\n\t\tFotograf\u00eda de elenco El \u00faltimo traje del emperador\t\t<\/h3>\n\t\t\t\t<\/div>\n\t\t\t\t<\/a>\n\t\t<\/article>\n\t\t\t\t<\/div>\n\t\t\t\t<\/div>\n\t\t\t\t<\/div>\n\t\t\t\t\t<\/div>\n\t\t<\/div>\n\t\t\t\t\t\t\t<\/div>\n\t\t<\/section>\n\t\t\t\t<section class=\"elementor-section elementor-top-section elementor-element elementor-element-7726ee84 elementor-section-boxed elementor-section-height-default elementor-section-height-default\" data-id=\"7726ee84\" data-element_type=\"section\">\n\t\t\t\t\t\t<div class=\"elementor-container elementor-column-gap-default\">\n\t\t\t\t\t<div class=\"elementor-column elementor-col-100 elementor-top-column elementor-element elementor-element-2a476565\" data-id=\"2a476565\" data-element_type=\"column\">\n\t\t\t<div class=\"elementor-widget-wrap elementor-element-populated\">\n\t\t\t\t\t\t\t\t<div class=\"elementor-element elementor-element-40d6c4bb elementor-widget elementor-widget-heading\" data-id=\"40d6c4bb\" data-element_type=\"widget\" data-widget_type=\"heading.default\">\n\t\t\t\t<div class=\"elementor-widget-container\">\n\t\t\t<h2 class=\"elementor-heading-title elementor-size-default\">Documentos <\/h2>\t\t<\/div>\n\t\t\t\t<\/div>\n\t\t\t\t<div class=\"elementor-element elementor-element-55f7a0a6 elementor-grid-3 elementor-grid-tablet-2 elementor-grid-mobile-1 elementor-widget elementor-widget-portfolio\" data-id=\"55f7a0a6\" data-element_type=\"widget\" data-settings=\"{&quot;row_gap&quot;:{&quot;unit&quot;:&quot;px&quot;,&quot;size&quot;:10,&quot;sizes&quot;:[]},&quot;columns&quot;:&quot;3&quot;,&quot;columns_tablet&quot;:&quot;2&quot;,&quot;columns_mobile&quot;:&quot;1&quot;,&quot;item_ratio&quot;:{&quot;unit&quot;:&quot;px&quot;,&quot;size&quot;:0.66,&quot;sizes&quot;:[]},&quot;item_gap&quot;:{&quot;unit&quot;:&quot;px&quot;,&quot;size&quot;:&quot;&quot;,&quot;sizes&quot;:[]}}\" data-widget_type=\"portfolio.default\">\n\t\t\t\t<div class=\"elementor-widget-container\">\n\t\t\t\t\t<div class=\"elementor-portfolio elementor-grid elementor-posts-container\">\n\t\t\t\t<article class=\"elementor-portfolio-item elementor-post  post-2095 post type-post status-publish format-standard has-post-thumbnail hentry category-teuco tag-prensa ciudad-santiago obra-el-ultimo-traje-del-emperador ano-69 credito-el-mercurio procedencia-veronica-zorzano\">\n\t\t\t<a class=\"elementor-post__thumbnail__link\" href=\"https:\/\/ateca.cl\/index.php\/2022\/10\/19\/cuento-infantil-para-grandes\/\">\n\t\t\t\t<div class=\"elementor-portfolio-item__img elementor-post__thumbnail\">\n\t\t\t<img loading=\"lazy\" decoding=\"async\" width=\"768\" height=\"558\" src=\"https:\/\/ateca.cl\/wp-content\/uploads\/2022\/10\/ATECA_01_05_04-768x558.jpeg\" class=\"attachment-medium_large size-medium_large wp-image-1828\" alt=\"\" srcset=\"https:\/\/ateca.cl\/wp-content\/uploads\/2022\/10\/ATECA_01_05_04-768x558.jpeg 768w, https:\/\/ateca.cl\/wp-content\/uploads\/2022\/10\/ATECA_01_05_04-300x218.jpeg 300w, https:\/\/ateca.cl\/wp-content\/uploads\/2022\/10\/ATECA_01_05_04-1024x745.jpeg 1024w, https:\/\/ateca.cl\/wp-content\/uploads\/2022\/10\/ATECA_01_05_04-1536x1117.jpeg 1536w, https:\/\/ateca.cl\/wp-content\/uploads\/2022\/10\/ATECA_01_05_04-2048x1489.jpeg 2048w\" sizes=\"auto, (max-width: 768px) 100vw, 768px\" \/>\t\t<\/div>\n\t\t\t\t<div class=\"elementor-portfolio-item__overlay\">\n\t\t\t\t<h3 class=\"elementor-portfolio-item__title\">\n\t\tCuento infantil para grandes\t\t<\/h3>\n\t\t\t\t<\/div>\n\t\t\t\t<\/a>\n\t\t<\/article>\n\t\t\t\t<article class=\"elementor-portfolio-item elementor-post  post-2100 post type-post status-publish format-standard has-post-thumbnail hentry category-teuco tag-prensa ciudad-santiago obra-el-ultimo-traje-del-emperador ano-69 credito-maite-troncoso-bazan procedencia-veronica-zorzano\">\n\t\t\t<a class=\"elementor-post__thumbnail__link\" href=\"https:\/\/ateca.cl\/index.php\/2022\/10\/19\/el-emperador-vuelve-a-vestir-al-desnudo\/\">\n\t\t\t\t<div class=\"elementor-portfolio-item__img elementor-post__thumbnail\">\n\t\t\t<img loading=\"lazy\" decoding=\"async\" width=\"768\" height=\"1027\" src=\"https:\/\/ateca.cl\/wp-content\/uploads\/2022\/10\/ATECA_01_05_05-768x1027.jpeg\" class=\"attachment-medium_large size-medium_large wp-image-1829\" alt=\"\" srcset=\"https:\/\/ateca.cl\/wp-content\/uploads\/2022\/10\/ATECA_01_05_05-768x1027.jpeg 768w, https:\/\/ateca.cl\/wp-content\/uploads\/2022\/10\/ATECA_01_05_05-224x300.jpeg 224w, https:\/\/ateca.cl\/wp-content\/uploads\/2022\/10\/ATECA_01_05_05-766x1024.jpeg 766w, https:\/\/ateca.cl\/wp-content\/uploads\/2022\/10\/ATECA_01_05_05-1149x1536.jpeg 1149w, https:\/\/ateca.cl\/wp-content\/uploads\/2022\/10\/ATECA_01_05_05.jpeg 1478w\" sizes=\"auto, (max-width: 768px) 100vw, 768px\" \/>\t\t<\/div>\n\t\t\t\t<div class=\"elementor-portfolio-item__overlay\">\n\t\t\t\t<h3 class=\"elementor-portfolio-item__title\">\n\t\tEl emperador vuelve a vestir al desnudo\t\t<\/h3>\n\t\t\t\t<\/div>\n\t\t\t\t<\/a>\n\t\t<\/article>\n\t\t\t\t<article class=\"elementor-portfolio-item elementor-post  post-2084 post type-post status-publish format-standard has-post-thumbnail hentry category-teuco tag-prensa ciudad-santiago obra-el-ultimo-traje-del-emperador ano-69 procedencia-veronica-zorzano\">\n\t\t\t<a class=\"elementor-post__thumbnail__link\" href=\"https:\/\/ateca.cl\/index.php\/2022\/10\/19\/nuestro-cuento-no-tiene-un-mensaje-politico\/\">\n\t\t\t\t<div class=\"elementor-portfolio-item__img elementor-post__thumbnail\">\n\t\t\t<img loading=\"lazy\" decoding=\"async\" width=\"768\" height=\"1056\" src=\"https:\/\/ateca.cl\/wp-content\/uploads\/2022\/10\/ATECA_01_05_03-768x1056.jpeg\" class=\"attachment-medium_large size-medium_large wp-image-1827\" alt=\"\" srcset=\"https:\/\/ateca.cl\/wp-content\/uploads\/2022\/10\/ATECA_01_05_03-768x1056.jpeg 768w, https:\/\/ateca.cl\/wp-content\/uploads\/2022\/10\/ATECA_01_05_03-218x300.jpeg 218w, https:\/\/ateca.cl\/wp-content\/uploads\/2022\/10\/ATECA_01_05_03-745x1024.jpeg 745w, https:\/\/ateca.cl\/wp-content\/uploads\/2022\/10\/ATECA_01_05_03-1117x1536.jpeg 1117w, https:\/\/ateca.cl\/wp-content\/uploads\/2022\/10\/ATECA_01_05_03-1489x2048.jpeg 1489w, https:\/\/ateca.cl\/wp-content\/uploads\/2022\/10\/ATECA_01_05_03.jpeg 1700w\" sizes=\"auto, (max-width: 768px) 100vw, 768px\" \/>\t\t<\/div>\n\t\t\t\t<div class=\"elementor-portfolio-item__overlay\">\n\t\t\t\t<h3 class=\"elementor-portfolio-item__title\">\n\t\tNuestro cuento no tiene un mensaje pol\u00edtico\t\t<\/h3>\n\t\t\t\t<\/div>\n\t\t\t\t<\/a>\n\t\t<\/article>\n\t\t\t\t<\/div>\n\t\t\t\t<\/div>\n\t\t\t\t<\/div>\n\t\t\t\t\t<\/div>\n\t\t<\/div>\n\t\t\t\t\t\t\t<\/div>\n\t\t<\/section>\n\t\t\t\t\t\t\t<\/div>\n\t\t","protected":false},"excerpt":{"rendered":"<p>Direcci\u00f3n: Juan Edmundo Gonz\u00e1lez\u00a0 Teatristas: Ver\u00f3nica Zorzano, Claudio Belair, Paulina Harrington, Luis Aguirre, Rodolfo Pedraza.\u00a0 T\u00e9cnico: Roberto Pablo Escenario: Sala El Conventillo A\u00f1o: 1985 Registros fotogr\u00e1ficos Documentos<\/p>\n","protected":false},"author":1,"featured_media":1825,"parent":66,"menu_order":0,"comment_status":"closed","ping_status":"closed","template":"elementor_theme","meta":{"_acf_changed":false,"footnotes":""},"categories":[35],"tags":[78],"ciudad":[54],"obra":[],"ano":[69],"credito":[],"procedencia":[],"codigo":[],"escenario":[134],"class_list":["post-1791","page","type-page","status-publish","has-post-thumbnail","hentry","category-teuco","tag-obra","ciudad-santiago","ano-69","escenario-sala-el-conventillo"],"acf":[],"_links":{"self":[{"href":"https:\/\/ateca.cl\/index.php\/wp-json\/wp\/v2\/pages\/1791","targetHints":{"allow":["GET"]}}],"collection":[{"href":"https:\/\/ateca.cl\/index.php\/wp-json\/wp\/v2\/pages"}],"about":[{"href":"https:\/\/ateca.cl\/index.php\/wp-json\/wp\/v2\/types\/page"}],"author":[{"embeddable":true,"href":"https:\/\/ateca.cl\/index.php\/wp-json\/wp\/v2\/users\/1"}],"replies":[{"embeddable":true,"href":"https:\/\/ateca.cl\/index.php\/wp-json\/wp\/v2\/comments?post=1791"}],"version-history":[{"count":27,"href":"https:\/\/ateca.cl\/index.php\/wp-json\/wp\/v2\/pages\/1791\/revisions"}],"predecessor-version":[{"id":5213,"href":"https:\/\/ateca.cl\/index.php\/wp-json\/wp\/v2\/pages\/1791\/revisions\/5213"}],"up":[{"embeddable":true,"href":"https:\/\/ateca.cl\/index.php\/wp-json\/wp\/v2\/pages\/66"}],"wp:featuredmedia":[{"embeddable":true,"href":"https:\/\/ateca.cl\/index.php\/wp-json\/wp\/v2\/media\/1825"}],"wp:attachment":[{"href":"https:\/\/ateca.cl\/index.php\/wp-json\/wp\/v2\/media?parent=1791"}],"wp:term":[{"taxonomy":"category","embeddable":true,"href":"https:\/\/ateca.cl\/index.php\/wp-json\/wp\/v2\/categories?post=1791"},{"taxonomy":"post_tag","embeddable":true,"href":"https:\/\/ateca.cl\/index.php\/wp-json\/wp\/v2\/tags?post=1791"},{"taxonomy":"ciudad","embeddable":true,"href":"https:\/\/ateca.cl\/index.php\/wp-json\/wp\/v2\/ciudad?post=1791"},{"taxonomy":"obra","embeddable":true,"href":"https:\/\/ateca.cl\/index.php\/wp-json\/wp\/v2\/obra?post=1791"},{"taxonomy":"ano","embeddable":true,"href":"https:\/\/ateca.cl\/index.php\/wp-json\/wp\/v2\/ano?post=1791"},{"taxonomy":"credito","embeddable":true,"href":"https:\/\/ateca.cl\/index.php\/wp-json\/wp\/v2\/credito?post=1791"},{"taxonomy":"procedencia","embeddable":true,"href":"https:\/\/ateca.cl\/index.php\/wp-json\/wp\/v2\/procedencia?post=1791"},{"taxonomy":"codigo","embeddable":true,"href":"https:\/\/ateca.cl\/index.php\/wp-json\/wp\/v2\/codigo?post=1791"},{"taxonomy":"escenario","embeddable":true,"href":"https:\/\/ateca.cl\/index.php\/wp-json\/wp\/v2\/escenario?post=1791"}],"curies":[{"name":"wp","href":"https:\/\/api.w.org\/{rel}","templated":true}]}}