{"id":2230,"date":"2022-10-19T14:07:27","date_gmt":"2022-10-19T14:07:27","guid":{"rendered":"https:\/\/ateca.cl\/?page_id=2230"},"modified":"2022-12-16T14:08:51","modified_gmt":"2022-12-16T14:08:51","slug":"neruda","status":"publish","type":"page","link":"https:\/\/ateca.cl\/index.php\/companias\/tue\/neruda\/","title":{"rendered":"Neruda"},"content":{"rendered":"\t\t<div data-elementor-type=\"wp-page\" data-elementor-id=\"2230\" class=\"elementor elementor-2230\">\n\t\t\t\t\t\t\t\t\t<section class=\"elementor-section elementor-top-section elementor-element elementor-element-222a8495 elementor-section-full_width elementor-section-height-default elementor-section-height-default\" data-id=\"222a8495\" data-element_type=\"section\">\n\t\t\t\t\t\t<div class=\"elementor-container elementor-column-gap-default\">\n\t\t\t\t\t<div class=\"elementor-column elementor-col-100 elementor-top-column elementor-element elementor-element-11120310\" data-id=\"11120310\" data-element_type=\"column\">\n\t\t\t<div class=\"elementor-widget-wrap\">\n\t\t\t\t\t\t\t\t\t<\/div>\n\t\t<\/div>\n\t\t\t\t\t\t\t<\/div>\n\t\t<\/section>\n\t\t\t\t<section class=\"elementor-section elementor-top-section elementor-element elementor-element-4adafda7 elementor-section-boxed elementor-section-height-default elementor-section-height-default\" data-id=\"4adafda7\" data-element_type=\"section\">\n\t\t\t\t\t\t<div class=\"elementor-container elementor-column-gap-default\">\n\t\t\t\t\t<div class=\"elementor-column elementor-col-50 elementor-top-column elementor-element elementor-element-16591747\" data-id=\"16591747\" data-element_type=\"column\">\n\t\t\t<div class=\"elementor-widget-wrap elementor-element-populated\">\n\t\t\t\t\t\t\t\t<div class=\"elementor-element elementor-element-6f9b62d9 elementor-widget elementor-widget-theme-post-title elementor-page-title elementor-widget-heading\" data-id=\"6f9b62d9\" data-element_type=\"widget\" data-widget_type=\"theme-post-title.default\">\n\t\t\t\t<div class=\"elementor-widget-container\">\n\t\t\t<style>\/*! elementor - v3.10.1 - 17-01-2023 *\/\n.elementor-heading-title{padding:0;margin:0;line-height:1}.elementor-widget-heading .elementor-heading-title[class*=elementor-size-]>a{color:inherit;font-size:inherit;line-height:inherit}.elementor-widget-heading .elementor-heading-title.elementor-size-small{font-size:15px}.elementor-widget-heading .elementor-heading-title.elementor-size-medium{font-size:19px}.elementor-widget-heading .elementor-heading-title.elementor-size-large{font-size:29px}.elementor-widget-heading .elementor-heading-title.elementor-size-xl{font-size:39px}.elementor-widget-heading .elementor-heading-title.elementor-size-xxl{font-size:59px}<\/style><h1 class=\"elementor-heading-title elementor-size-default\">Neruda<\/h1>\t\t<\/div>\n\t\t\t\t<\/div>\n\t\t\t\t<div class=\"elementor-element elementor-element-459dd921 elementor-widget elementor-widget-text-editor\" data-id=\"459dd921\" data-element_type=\"widget\" data-widget_type=\"text-editor.default\">\n\t\t\t\t<div class=\"elementor-widget-container\">\n\t\t\t<style>\/*! elementor - v3.10.1 - 17-01-2023 *\/\n.elementor-widget-text-editor.elementor-drop-cap-view-stacked .elementor-drop-cap{background-color:#818a91;color:#fff}.elementor-widget-text-editor.elementor-drop-cap-view-framed .elementor-drop-cap{color:#818a91;border:3px solid;background-color:transparent}.elementor-widget-text-editor:not(.elementor-drop-cap-view-default) .elementor-drop-cap{margin-top:8px}.elementor-widget-text-editor:not(.elementor-drop-cap-view-default) .elementor-drop-cap-letter{width:1em;height:1em}.elementor-widget-text-editor .elementor-drop-cap{float:left;text-align:center;line-height:1;font-size:50px}.elementor-widget-text-editor .elementor-drop-cap-letter{display:inline-block}<\/style>\t\t\t\tDirecci\u00f3n colectiva; Dise\u00f1o integral: Ricardo Sep\u00falveda; Movimiento: Cecilia Godoy; Fotograf\u00edas: Iv\u00e1n D\u00edaz y Claudio Fern\u00e1ndez; Teatristas: Gonzalo Ruminot, Roberto Guti\u00e9rrez, Ricardo Sep\u00falveda, Claudio Corval\u00e1n, Janine Al\u00e9 Go\u00f1i, Cecilia Godoy, Mauricio Castillo, Luis Figueroa, Santiago Puentes, Coti Donoso, Ver\u00f3nica Roa, Marianne Elwanger, Ernestina Concha, Margarita Pardo, Irene Opazo, Rosa Chavarria, Eugenia Moena, Patricio Rivas\t\t\t\t\t\t<\/div>\n\t\t\t\t<\/div>\n\t\t\t\t\t<\/div>\n\t\t<\/div>\n\t\t\t\t<div class=\"elementor-column elementor-col-50 elementor-top-column elementor-element elementor-element-1891fb46\" data-id=\"1891fb46\" data-element_type=\"column\">\n\t\t\t<div class=\"elementor-widget-wrap\">\n\t\t\t\t\t\t\t\t\t<\/div>\n\t\t<\/div>\n\t\t\t\t\t\t\t<\/div>\n\t\t<\/section>\n\t\t\t\t<section class=\"elementor-section elementor-top-section elementor-element elementor-element-483b97b8 elementor-section-boxed elementor-section-height-default elementor-section-height-default\" data-id=\"483b97b8\" data-element_type=\"section\">\n\t\t\t\t\t\t<div class=\"elementor-container elementor-column-gap-default\">\n\t\t\t\t\t<div class=\"elementor-column elementor-col-100 elementor-top-column elementor-element elementor-element-50b9686f\" data-id=\"50b9686f\" data-element_type=\"column\">\n\t\t\t<div class=\"elementor-widget-wrap elementor-element-populated\">\n\t\t\t\t\t\t\t\t<div class=\"elementor-element elementor-element-6dfb445d elementor-widget elementor-widget-heading\" data-id=\"6dfb445d\" data-element_type=\"widget\" data-widget_type=\"heading.default\">\n\t\t\t\t<div class=\"elementor-widget-container\">\n\t\t\t<h2 class=\"elementor-heading-title elementor-size-default\">Registros  fotogr\u00e1ficos<\/h2>\t\t<\/div>\n\t\t\t\t<\/div>\n\t\t\t\t<div class=\"elementor-element elementor-element-69043c51 elementor-grid-3 elementor-grid-tablet-2 elementor-grid-mobile-1 elementor-widget elementor-widget-portfolio\" data-id=\"69043c51\" data-element_type=\"widget\" data-settings=\"{&quot;row_gap&quot;:{&quot;unit&quot;:&quot;px&quot;,&quot;size&quot;:10,&quot;sizes&quot;:[]},&quot;columns&quot;:&quot;3&quot;,&quot;columns_tablet&quot;:&quot;2&quot;,&quot;columns_mobile&quot;:&quot;1&quot;,&quot;item_ratio&quot;:{&quot;unit&quot;:&quot;px&quot;,&quot;size&quot;:0.66,&quot;sizes&quot;:[]},&quot;item_gap&quot;:{&quot;unit&quot;:&quot;px&quot;,&quot;size&quot;:&quot;&quot;,&quot;sizes&quot;:[]}}\" data-widget_type=\"portfolio.default\">\n\t\t\t\t<div class=\"elementor-widget-container\">\n\t\t\t<link rel=\"stylesheet\" href=\"https:\/\/ateca.cl\/wp-content\/plugins\/elementor-pro\/assets\/css\/widget-posts.min.css\">\t\t<div class=\"elementor-portfolio elementor-grid elementor-posts-container\">\n\t\t\t\t<article class=\"elementor-portfolio-item elementor-post  post-2304 post type-post status-publish format-standard has-post-thumbnail hentry category-tue ciudad-concepcion obra-neruda ano-130 credito-tue procedencia-ricardo-sepulveda escenario-paso-peatonal\">\n\t\t\t<a class=\"elementor-post__thumbnail__link\" href=\"https:\/\/ateca.cl\/index.php\/2022\/10\/19\/documento-con-iconografia-y-coordenadas-de-la-obra-neruda-a-presentare-en-concepcion\/\">\n\t\t\t\t<div class=\"elementor-portfolio-item__img elementor-post__thumbnail\">\n\t\t\t<img loading=\"lazy\" decoding=\"async\" width=\"768\" height=\"1596\" src=\"https:\/\/ateca.cl\/wp-content\/uploads\/2022\/10\/ATECA_02_04_08-768x1596.png\" class=\"attachment-medium_large size-medium_large wp-image-2305\" alt=\"\" srcset=\"https:\/\/ateca.cl\/wp-content\/uploads\/2022\/10\/ATECA_02_04_08-768x1596.png 768w, https:\/\/ateca.cl\/wp-content\/uploads\/2022\/10\/ATECA_02_04_08-144x300.png 144w, https:\/\/ateca.cl\/wp-content\/uploads\/2022\/10\/ATECA_02_04_08-493x1024.png 493w, https:\/\/ateca.cl\/wp-content\/uploads\/2022\/10\/ATECA_02_04_08-739x1536.png 739w, https:\/\/ateca.cl\/wp-content\/uploads\/2022\/10\/ATECA_02_04_08-986x2048.png 986w, https:\/\/ateca.cl\/wp-content\/uploads\/2022\/10\/ATECA_02_04_08.png 1299w\" sizes=\"auto, (max-width: 768px) 100vw, 768px\" \/>\t\t<\/div>\n\t\t\t\t<div class=\"elementor-portfolio-item__overlay\">\n\t\t\t\t<h3 class=\"elementor-portfolio-item__title\">\n\t\tDocumento con iconograf\u00eda y coordenadas de la obra Neruda a presentare en Concepci\u00f3n\t\t<\/h3>\n\t\t\t\t<\/div>\n\t\t\t\t<\/a>\n\t\t<\/article>\n\t\t\t\t<article class=\"elementor-portfolio-item elementor-post  post-2222 post type-post status-publish format-standard has-post-thumbnail hentry category-tue ciudad-concepcion obra-neruda ano-55 credito-ivan-diaz-lavin procedencia-ricardo-sepulveda escenario-plaza-de-armas\">\n\t\t\t<a class=\"elementor-post__thumbnail__link\" href=\"https:\/\/ateca.cl\/index.php\/2022\/10\/19\/fotografia-de-neruda\/\">\n\t\t\t\t<div class=\"elementor-portfolio-item__img elementor-post__thumbnail\">\n\t\t\t<img loading=\"lazy\" decoding=\"async\" width=\"768\" height=\"497\" src=\"https:\/\/ateca.cl\/wp-content\/uploads\/2022\/10\/ATECA_02_04_01-768x497.jpg\" class=\"attachment-medium_large size-medium_large wp-image-2223\" alt=\"\" srcset=\"https:\/\/ateca.cl\/wp-content\/uploads\/2022\/10\/ATECA_02_04_01-768x497.jpg 768w, https:\/\/ateca.cl\/wp-content\/uploads\/2022\/10\/ATECA_02_04_01-300x194.jpg 300w, https:\/\/ateca.cl\/wp-content\/uploads\/2022\/10\/ATECA_02_04_01-1024x663.jpg 1024w, https:\/\/ateca.cl\/wp-content\/uploads\/2022\/10\/ATECA_02_04_01-1536x995.jpg 1536w, https:\/\/ateca.cl\/wp-content\/uploads\/2022\/10\/ATECA_02_04_01.jpg 2048w\" sizes=\"auto, (max-width: 768px) 100vw, 768px\" \/>\t\t<\/div>\n\t\t\t\t<div class=\"elementor-portfolio-item__overlay\">\n\t\t\t\t<h3 class=\"elementor-portfolio-item__title\">\n\t\tFotograf\u00eda de Neruda\t\t<\/h3>\n\t\t\t\t<\/div>\n\t\t\t\t<\/a>\n\t\t<\/article>\n\t\t\t\t<article class=\"elementor-portfolio-item elementor-post  post-2236 post type-post status-publish format-standard has-post-thumbnail hentry category-tue ciudad-tome obra-neruda ano-55 procedencia-ricardo-sepulveda\">\n\t\t\t<a class=\"elementor-post__thumbnail__link\" href=\"https:\/\/ateca.cl\/index.php\/2022\/10\/19\/fotografia-de-neruda-2\/\">\n\t\t\t\t<div class=\"elementor-portfolio-item__img elementor-post__thumbnail\">\n\t\t\t<img loading=\"lazy\" decoding=\"async\" width=\"768\" height=\"576\" src=\"https:\/\/ateca.cl\/wp-content\/uploads\/2022\/10\/ATECA_02_04_02-768x576.jpg\" class=\"attachment-medium_large size-medium_large wp-image-2224\" alt=\"\" srcset=\"https:\/\/ateca.cl\/wp-content\/uploads\/2022\/10\/ATECA_02_04_02-768x576.jpg 768w, https:\/\/ateca.cl\/wp-content\/uploads\/2022\/10\/ATECA_02_04_02-300x225.jpg 300w, https:\/\/ateca.cl\/wp-content\/uploads\/2022\/10\/ATECA_02_04_02-1024x768.jpg 1024w, https:\/\/ateca.cl\/wp-content\/uploads\/2022\/10\/ATECA_02_04_02-1536x1152.jpg 1536w, https:\/\/ateca.cl\/wp-content\/uploads\/2022\/10\/ATECA_02_04_02-2048x1535.jpg 2048w\" sizes=\"auto, (max-width: 768px) 100vw, 768px\" \/>\t\t<\/div>\n\t\t\t\t<div class=\"elementor-portfolio-item__overlay\">\n\t\t\t\t<h3 class=\"elementor-portfolio-item__title\">\n\t\tFotograf\u00eda de Neruda\t\t<\/h3>\n\t\t\t\t<\/div>\n\t\t\t\t<\/a>\n\t\t<\/article>\n\t\t\t\t<article class=\"elementor-portfolio-item elementor-post  post-2253 post type-post status-publish format-standard has-post-thumbnail hentry category-tue ciudad-tome obra-neruda ano-55 procedencia-ricardo-sepulveda\">\n\t\t\t<a class=\"elementor-post__thumbnail__link\" href=\"https:\/\/ateca.cl\/index.php\/2022\/10\/19\/fotografia-de-neruda-3\/\">\n\t\t\t\t<div class=\"elementor-portfolio-item__img elementor-post__thumbnail\">\n\t\t\t<img loading=\"lazy\" decoding=\"async\" width=\"768\" height=\"545\" src=\"https:\/\/ateca.cl\/wp-content\/uploads\/2022\/10\/ATECA_02_04_03-768x545.jpg\" class=\"attachment-medium_large size-medium_large wp-image-2225\" alt=\"\" srcset=\"https:\/\/ateca.cl\/wp-content\/uploads\/2022\/10\/ATECA_02_04_03-768x545.jpg 768w, https:\/\/ateca.cl\/wp-content\/uploads\/2022\/10\/ATECA_02_04_03-300x213.jpg 300w, https:\/\/ateca.cl\/wp-content\/uploads\/2022\/10\/ATECA_02_04_03-1024x726.jpg 1024w, https:\/\/ateca.cl\/wp-content\/uploads\/2022\/10\/ATECA_02_04_03-1536x1090.jpg 1536w, https:\/\/ateca.cl\/wp-content\/uploads\/2022\/10\/ATECA_02_04_03-2048x1453.jpg 2048w\" sizes=\"auto, (max-width: 768px) 100vw, 768px\" \/>\t\t<\/div>\n\t\t\t\t<div class=\"elementor-portfolio-item__overlay\">\n\t\t\t\t<h3 class=\"elementor-portfolio-item__title\">\n\t\tFotograf\u00eda de Neruda\t\t<\/h3>\n\t\t\t\t<\/div>\n\t\t\t\t<\/a>\n\t\t<\/article>\n\t\t\t\t<article class=\"elementor-portfolio-item elementor-post  post-2255 post type-post status-publish format-standard has-post-thumbnail hentry category-tue ciudad-tome obra-neruda ano-55 procedencia-ricardo-sepulveda\">\n\t\t\t<a class=\"elementor-post__thumbnail__link\" href=\"https:\/\/ateca.cl\/index.php\/2022\/10\/19\/fotografia-de-neruda-4\/\">\n\t\t\t\t<div class=\"elementor-portfolio-item__img elementor-post__thumbnail\">\n\t\t\t<img loading=\"lazy\" decoding=\"async\" width=\"768\" height=\"1110\" src=\"https:\/\/ateca.cl\/wp-content\/uploads\/2022\/10\/ATECA_02_04_04-768x1110.jpg\" class=\"attachment-medium_large size-medium_large wp-image-2226\" alt=\"\" srcset=\"https:\/\/ateca.cl\/wp-content\/uploads\/2022\/10\/ATECA_02_04_04-768x1110.jpg 768w, https:\/\/ateca.cl\/wp-content\/uploads\/2022\/10\/ATECA_02_04_04-207x300.jpg 207w, https:\/\/ateca.cl\/wp-content\/uploads\/2022\/10\/ATECA_02_04_04-708x1024.jpg 708w, https:\/\/ateca.cl\/wp-content\/uploads\/2022\/10\/ATECA_02_04_04-1062x1536.jpg 1062w, https:\/\/ateca.cl\/wp-content\/uploads\/2022\/10\/ATECA_02_04_04-1416x2048.jpg 1416w, https:\/\/ateca.cl\/wp-content\/uploads\/2022\/10\/ATECA_02_04_04-scaled.jpg 1770w\" sizes=\"auto, (max-width: 768px) 100vw, 768px\" \/>\t\t<\/div>\n\t\t\t\t<div class=\"elementor-portfolio-item__overlay\">\n\t\t\t\t<h3 class=\"elementor-portfolio-item__title\">\n\t\tFotograf\u00eda de Neruda\t\t<\/h3>\n\t\t\t\t<\/div>\n\t\t\t\t<\/a>\n\t\t<\/article>\n\t\t\t\t<article class=\"elementor-portfolio-item elementor-post  post-2282 post type-post status-publish format-standard has-post-thumbnail hentry category-tue ciudad-concepcion obra-neruda ano-55 credito-claudio-fernandez procedencia-ricardo-sepulveda\">\n\t\t\t<a class=\"elementor-post__thumbnail__link\" href=\"https:\/\/ateca.cl\/index.php\/2022\/10\/19\/fotografia-de-neruda-5\/\">\n\t\t\t\t<div class=\"elementor-portfolio-item__img elementor-post__thumbnail\">\n\t\t\t<img loading=\"lazy\" decoding=\"async\" width=\"768\" height=\"750\" src=\"https:\/\/ateca.cl\/wp-content\/uploads\/2022\/10\/ATECA_02_04_05-768x750.jpg\" class=\"attachment-medium_large size-medium_large wp-image-2227\" alt=\"\" srcset=\"https:\/\/ateca.cl\/wp-content\/uploads\/2022\/10\/ATECA_02_04_05-768x750.jpg 768w, https:\/\/ateca.cl\/wp-content\/uploads\/2022\/10\/ATECA_02_04_05-300x293.jpg 300w, https:\/\/ateca.cl\/wp-content\/uploads\/2022\/10\/ATECA_02_04_05-1024x1000.jpg 1024w, https:\/\/ateca.cl\/wp-content\/uploads\/2022\/10\/ATECA_02_04_05.jpg 1036w\" sizes=\"auto, (max-width: 768px) 100vw, 768px\" \/>\t\t<\/div>\n\t\t\t\t<div class=\"elementor-portfolio-item__overlay\">\n\t\t\t\t<h3 class=\"elementor-portfolio-item__title\">\n\t\tFotograf\u00eda de Neruda\t\t<\/h3>\n\t\t\t\t<\/div>\n\t\t\t\t<\/a>\n\t\t<\/article>\n\t\t\t\t<article class=\"elementor-portfolio-item elementor-post  post-2288 post type-post status-publish format-standard has-post-thumbnail hentry category-tue ciudad-punta-de-parra obra-neruda ano-55 credito-sergio-perez procedencia-ricardo-sepulveda\">\n\t\t\t<a class=\"elementor-post__thumbnail__link\" href=\"https:\/\/ateca.cl\/index.php\/2022\/10\/19\/fotografia-de-neruda-6\/\">\n\t\t\t\t<div class=\"elementor-portfolio-item__img elementor-post__thumbnail\">\n\t\t\t<img loading=\"lazy\" decoding=\"async\" width=\"768\" height=\"619\" src=\"https:\/\/ateca.cl\/wp-content\/uploads\/2022\/10\/ATECA_02_04_06-768x619.jpg\" class=\"attachment-medium_large size-medium_large wp-image-2228\" alt=\"\" srcset=\"https:\/\/ateca.cl\/wp-content\/uploads\/2022\/10\/ATECA_02_04_06-768x619.jpg 768w, https:\/\/ateca.cl\/wp-content\/uploads\/2022\/10\/ATECA_02_04_06-300x242.jpg 300w, https:\/\/ateca.cl\/wp-content\/uploads\/2022\/10\/ATECA_02_04_06-1024x826.jpg 1024w, https:\/\/ateca.cl\/wp-content\/uploads\/2022\/10\/ATECA_02_04_06-1536x1239.jpg 1536w, https:\/\/ateca.cl\/wp-content\/uploads\/2022\/10\/ATECA_02_04_06-2048x1652.jpg 2048w\" sizes=\"auto, (max-width: 768px) 100vw, 768px\" \/>\t\t<\/div>\n\t\t\t\t<div class=\"elementor-portfolio-item__overlay\">\n\t\t\t\t<h3 class=\"elementor-portfolio-item__title\">\n\t\tFotograf\u00eda de Neruda\t\t<\/h3>\n\t\t\t\t<\/div>\n\t\t\t\t<\/a>\n\t\t<\/article>\n\t\t\t\t<article class=\"elementor-portfolio-item elementor-post  post-2295 post type-post status-publish format-standard has-post-thumbnail hentry category-tue ciudad-concepcion obra-neruda ano-55 credito-sergio-perez procedencia-ricardo-sepulveda escenario-paso-peatonal\">\n\t\t\t<a class=\"elementor-post__thumbnail__link\" href=\"https:\/\/ateca.cl\/index.php\/2022\/10\/19\/fotografia-de-neruda-7\/\">\n\t\t\t\t<div class=\"elementor-portfolio-item__img elementor-post__thumbnail\">\n\t\t\t<img loading=\"lazy\" decoding=\"async\" width=\"768\" height=\"490\" src=\"https:\/\/ateca.cl\/wp-content\/uploads\/2022\/10\/ATECA_02_04_07-768x490.png\" class=\"attachment-medium_large size-medium_large wp-image-2298\" alt=\"\" srcset=\"https:\/\/ateca.cl\/wp-content\/uploads\/2022\/10\/ATECA_02_04_07-768x490.png 768w, https:\/\/ateca.cl\/wp-content\/uploads\/2022\/10\/ATECA_02_04_07-300x192.png 300w, https:\/\/ateca.cl\/wp-content\/uploads\/2022\/10\/ATECA_02_04_07-1024x654.png 1024w, https:\/\/ateca.cl\/wp-content\/uploads\/2022\/10\/ATECA_02_04_07.png 1065w\" sizes=\"auto, (max-width: 768px) 100vw, 768px\" \/>\t\t<\/div>\n\t\t\t\t<div class=\"elementor-portfolio-item__overlay\">\n\t\t\t\t<h3 class=\"elementor-portfolio-item__title\">\n\t\tFotograf\u00eda de Neruda\t\t<\/h3>\n\t\t\t\t<\/div>\n\t\t\t\t<\/a>\n\t\t<\/article>\n\t\t\t\t<\/div>\n\t\t\t\t<\/div>\n\t\t\t\t<\/div>\n\t\t\t\t\t<\/div>\n\t\t<\/div>\n\t\t\t\t\t\t\t<\/div>\n\t\t<\/section>\n\t\t\t\t<section class=\"elementor-section elementor-top-section elementor-element elementor-element-cad9425 elementor-section-boxed elementor-section-height-default elementor-section-height-default\" data-id=\"cad9425\" data-element_type=\"section\">\n\t\t\t\t\t\t<div class=\"elementor-container elementor-column-gap-default\">\n\t\t\t\t\t<div class=\"elementor-column elementor-col-100 elementor-top-column elementor-element elementor-element-35c0794d\" data-id=\"35c0794d\" data-element_type=\"column\">\n\t\t\t<div class=\"elementor-widget-wrap elementor-element-populated\">\n\t\t\t\t\t\t\t\t<div class=\"elementor-element elementor-element-4c806a54 elementor-widget elementor-widget-heading\" data-id=\"4c806a54\" data-element_type=\"widget\" data-widget_type=\"heading.default\">\n\t\t\t\t<div class=\"elementor-widget-container\">\n\t\t\t<h2 class=\"elementor-heading-title elementor-size-default\">Documentos <\/h2>\t\t<\/div>\n\t\t\t\t<\/div>\n\t\t\t\t\t<\/div>\n\t\t<\/div>\n\t\t\t\t\t\t\t<\/div>\n\t\t<\/section>\n\t\t\t\t\t\t\t<\/div>\n\t\t","protected":false},"excerpt":{"rendered":"<p>Registros fotogr\u00e1ficos Documentos<\/p>\n","protected":false},"author":1,"featured_media":2224,"parent":68,"menu_order":0,"comment_status":"closed","ping_status":"closed","template":"","meta":{"_acf_changed":false,"footnotes":""},"categories":[41],"tags":[78],"ciudad":[81],"obra":[],"ano":[144],"credito":[],"procedencia":[],"codigo":[],"escenario":[],"class_list":["post-2230","page","type-page","status-publish","has-post-thumbnail","hentry","category-tue","tag-obra","ciudad-concepcion","ano-144"],"acf":[],"_links":{"self":[{"href":"https:\/\/ateca.cl\/index.php\/wp-json\/wp\/v2\/pages\/2230","targetHints":{"allow":["GET"]}}],"collection":[{"href":"https:\/\/ateca.cl\/index.php\/wp-json\/wp\/v2\/pages"}],"about":[{"href":"https:\/\/ateca.cl\/index.php\/wp-json\/wp\/v2\/types\/page"}],"author":[{"embeddable":true,"href":"https:\/\/ateca.cl\/index.php\/wp-json\/wp\/v2\/users\/1"}],"replies":[{"embeddable":true,"href":"https:\/\/ateca.cl\/index.php\/wp-json\/wp\/v2\/comments?post=2230"}],"version-history":[{"count":11,"href":"https:\/\/ateca.cl\/index.php\/wp-json\/wp\/v2\/pages\/2230\/revisions"}],"predecessor-version":[{"id":5252,"href":"https:\/\/ateca.cl\/index.php\/wp-json\/wp\/v2\/pages\/2230\/revisions\/5252"}],"up":[{"embeddable":true,"href":"https:\/\/ateca.cl\/index.php\/wp-json\/wp\/v2\/pages\/68"}],"wp:featuredmedia":[{"embeddable":true,"href":"https:\/\/ateca.cl\/index.php\/wp-json\/wp\/v2\/media\/2224"}],"wp:attachment":[{"href":"https:\/\/ateca.cl\/index.php\/wp-json\/wp\/v2\/media?parent=2230"}],"wp:term":[{"taxonomy":"category","embeddable":true,"href":"https:\/\/ateca.cl\/index.php\/wp-json\/wp\/v2\/categories?post=2230"},{"taxonomy":"post_tag","embeddable":true,"href":"https:\/\/ateca.cl\/index.php\/wp-json\/wp\/v2\/tags?post=2230"},{"taxonomy":"ciudad","embeddable":true,"href":"https:\/\/ateca.cl\/index.php\/wp-json\/wp\/v2\/ciudad?post=2230"},{"taxonomy":"obra","embeddable":true,"href":"https:\/\/ateca.cl\/index.php\/wp-json\/wp\/v2\/obra?post=2230"},{"taxonomy":"ano","embeddable":true,"href":"https:\/\/ateca.cl\/index.php\/wp-json\/wp\/v2\/ano?post=2230"},{"taxonomy":"credito","embeddable":true,"href":"https:\/\/ateca.cl\/index.php\/wp-json\/wp\/v2\/credito?post=2230"},{"taxonomy":"procedencia","embeddable":true,"href":"https:\/\/ateca.cl\/index.php\/wp-json\/wp\/v2\/procedencia?post=2230"},{"taxonomy":"codigo","embeddable":true,"href":"https:\/\/ateca.cl\/index.php\/wp-json\/wp\/v2\/codigo?post=2230"},{"taxonomy":"escenario","embeddable":true,"href":"https:\/\/ateca.cl\/index.php\/wp-json\/wp\/v2\/escenario?post=2230"}],"curies":[{"name":"wp","href":"https:\/\/api.w.org\/{rel}","templated":true}]}}