{"id":2756,"date":"2022-10-20T19:54:58","date_gmt":"2022-10-20T19:54:58","guid":{"rendered":"https:\/\/ateca.cl\/?page_id=2756"},"modified":"2022-12-16T16:24:50","modified_gmt":"2022-12-16T16:24:50","slug":"el-pajaro-azul","status":"publish","type":"page","link":"https:\/\/ateca.cl\/index.php\/companias\/teatro-la-loba\/el-pajaro-azul\/","title":{"rendered":"El p\u00e1jaro azul"},"content":{"rendered":"\t\t<div data-elementor-type=\"wp-page\" data-elementor-id=\"2756\" class=\"elementor elementor-2756\">\n\t\t\t\t\t\t\t\t\t<section class=\"elementor-section elementor-top-section elementor-element elementor-element-2cbec5bd elementor-section-full_width elementor-section-height-default elementor-section-height-default\" data-id=\"2cbec5bd\" data-element_type=\"section\">\n\t\t\t\t\t\t<div class=\"elementor-container elementor-column-gap-default\">\n\t\t\t\t\t<div class=\"elementor-column elementor-col-100 elementor-top-column elementor-element elementor-element-7f14e01a\" data-id=\"7f14e01a\" data-element_type=\"column\">\n\t\t\t<div class=\"elementor-widget-wrap\">\n\t\t\t\t\t\t\t\t\t<\/div>\n\t\t<\/div>\n\t\t\t\t\t\t\t<\/div>\n\t\t<\/section>\n\t\t\t\t<section class=\"elementor-section elementor-top-section elementor-element elementor-element-c76daa elementor-section-boxed elementor-section-height-default elementor-section-height-default\" data-id=\"c76daa\" data-element_type=\"section\">\n\t\t\t\t\t\t<div class=\"elementor-container elementor-column-gap-default\">\n\t\t\t\t\t<div class=\"elementor-column elementor-col-50 elementor-top-column elementor-element elementor-element-24199b63\" data-id=\"24199b63\" data-element_type=\"column\">\n\t\t\t<div class=\"elementor-widget-wrap elementor-element-populated\">\n\t\t\t\t\t\t\t\t<div class=\"elementor-element elementor-element-145ec015 elementor-widget elementor-widget-theme-post-title elementor-page-title elementor-widget-heading\" data-id=\"145ec015\" data-element_type=\"widget\" data-widget_type=\"theme-post-title.default\">\n\t\t\t\t<div class=\"elementor-widget-container\">\n\t\t\t<style>\/*! elementor - v3.10.1 - 17-01-2023 *\/\n.elementor-heading-title{padding:0;margin:0;line-height:1}.elementor-widget-heading .elementor-heading-title[class*=elementor-size-]>a{color:inherit;font-size:inherit;line-height:inherit}.elementor-widget-heading .elementor-heading-title.elementor-size-small{font-size:15px}.elementor-widget-heading .elementor-heading-title.elementor-size-medium{font-size:19px}.elementor-widget-heading .elementor-heading-title.elementor-size-large{font-size:29px}.elementor-widget-heading .elementor-heading-title.elementor-size-xl{font-size:39px}.elementor-widget-heading .elementor-heading-title.elementor-size-xxl{font-size:59px}<\/style><h1 class=\"elementor-heading-title elementor-size-default\">El p\u00e1jaro azul<\/h1>\t\t<\/div>\n\t\t\t\t<\/div>\n\t\t\t\t<div class=\"elementor-element elementor-element-8e03f64 elementor-widget elementor-widget-text-editor\" data-id=\"8e03f64\" data-element_type=\"widget\" data-widget_type=\"text-editor.default\">\n\t\t\t\t<div class=\"elementor-widget-container\">\n\t\t\t<style>\/*! elementor - v3.10.1 - 17-01-2023 *\/\n.elementor-widget-text-editor.elementor-drop-cap-view-stacked .elementor-drop-cap{background-color:#818a91;color:#fff}.elementor-widget-text-editor.elementor-drop-cap-view-framed .elementor-drop-cap{color:#818a91;border:3px solid;background-color:transparent}.elementor-widget-text-editor:not(.elementor-drop-cap-view-default) .elementor-drop-cap{margin-top:8px}.elementor-widget-text-editor:not(.elementor-drop-cap-view-default) .elementor-drop-cap-letter{width:1em;height:1em}.elementor-widget-text-editor .elementor-drop-cap{float:left;text-align:center;line-height:1;font-size:50px}.elementor-widget-text-editor .elementor-drop-cap-letter{display:inline-block}<\/style>\t\t\t\t<p><strong>Teatristas:<\/strong> <br \/>Dubois, Ureta, Renzo Brice\u00f1o, M\u00f3nica Illanos, Sergio Pi\u00f1a, Alejandro C\u00e1ceres, Vivian Steiner, Paulina Mu\u00f1os, Jorge Lobos, Rodrigo.<\/p>\t\t\t\t\t\t<\/div>\n\t\t\t\t<\/div>\n\t\t\t\t\t<\/div>\n\t\t<\/div>\n\t\t\t\t<div class=\"elementor-column elementor-col-50 elementor-top-column elementor-element elementor-element-29d6ee11\" data-id=\"29d6ee11\" data-element_type=\"column\">\n\t\t\t<div class=\"elementor-widget-wrap\">\n\t\t\t\t\t\t\t\t\t<\/div>\n\t\t<\/div>\n\t\t\t\t\t\t\t<\/div>\n\t\t<\/section>\n\t\t\t\t<section class=\"elementor-section elementor-top-section elementor-element elementor-element-66f4b656 elementor-section-boxed elementor-section-height-default elementor-section-height-default\" data-id=\"66f4b656\" data-element_type=\"section\">\n\t\t\t\t\t\t<div class=\"elementor-container elementor-column-gap-default\">\n\t\t\t\t\t<div class=\"elementor-column elementor-col-100 elementor-top-column elementor-element elementor-element-7e3b307e\" data-id=\"7e3b307e\" data-element_type=\"column\">\n\t\t\t<div class=\"elementor-widget-wrap elementor-element-populated\">\n\t\t\t\t\t\t\t\t<div class=\"elementor-element elementor-element-29f18db4 elementor-widget elementor-widget-heading\" data-id=\"29f18db4\" data-element_type=\"widget\" data-widget_type=\"heading.default\">\n\t\t\t\t<div class=\"elementor-widget-container\">\n\t\t\t<h2 class=\"elementor-heading-title elementor-size-default\">obra<\/h2>\t\t<\/div>\n\t\t\t\t<\/div>\n\t\t\t\t<div class=\"elementor-element elementor-element-3e816f9f elementor-grid-3 elementor-grid-tablet-2 elementor-grid-mobile-1 elementor-widget elementor-widget-portfolio\" data-id=\"3e816f9f\" data-element_type=\"widget\" data-settings=\"{&quot;row_gap&quot;:{&quot;unit&quot;:&quot;px&quot;,&quot;size&quot;:10,&quot;sizes&quot;:[]},&quot;columns&quot;:&quot;3&quot;,&quot;columns_tablet&quot;:&quot;2&quot;,&quot;columns_mobile&quot;:&quot;1&quot;,&quot;item_ratio&quot;:{&quot;unit&quot;:&quot;px&quot;,&quot;size&quot;:0.66,&quot;sizes&quot;:[]},&quot;item_gap&quot;:{&quot;unit&quot;:&quot;px&quot;,&quot;size&quot;:&quot;&quot;,&quot;sizes&quot;:[]}}\" data-widget_type=\"portfolio.default\">\n\t\t\t\t<div class=\"elementor-widget-container\">\n\t\t\t<link rel=\"stylesheet\" href=\"https:\/\/ateca.cl\/wp-content\/plugins\/elementor-pro\/assets\/css\/widget-posts.min.css\">\t\t<div class=\"elementor-portfolio elementor-grid elementor-posts-container\">\n\t\t\t\t<article class=\"elementor-portfolio-item elementor-post  post-2787 post type-post status-publish format-standard has-post-thumbnail hentry category-teatro-la-loba ciudad-santiago obra-el-pajaro-azul ano-174 procedencia-renzo-briceno escenario-plaza-de-las-condes\">\n\t\t\t<a class=\"elementor-post__thumbnail__link\" href=\"https:\/\/ateca.cl\/index.php\/2022\/10\/20\/fotografia-de-el-pajaro-azul-2\/\">\n\t\t\t\t<div class=\"elementor-portfolio-item__img elementor-post__thumbnail\">\n\t\t\t<img loading=\"lazy\" decoding=\"async\" width=\"768\" height=\"921\" src=\"https:\/\/ateca.cl\/wp-content\/uploads\/2022\/10\/ATECA_04_02_03-768x921.jpg\" class=\"attachment-medium_large size-medium_large wp-image-2789\" alt=\"\" srcset=\"https:\/\/ateca.cl\/wp-content\/uploads\/2022\/10\/ATECA_04_02_03-768x921.jpg 768w, https:\/\/ateca.cl\/wp-content\/uploads\/2022\/10\/ATECA_04_02_03-250x300.jpg 250w, https:\/\/ateca.cl\/wp-content\/uploads\/2022\/10\/ATECA_04_02_03-854x1024.jpg 854w, https:\/\/ateca.cl\/wp-content\/uploads\/2022\/10\/ATECA_04_02_03-1280x1536.jpg 1280w, https:\/\/ateca.cl\/wp-content\/uploads\/2022\/10\/ATECA_04_02_03-1707x2048.jpg 1707w, https:\/\/ateca.cl\/wp-content\/uploads\/2022\/10\/ATECA_04_02_03.jpg 1999w\" sizes=\"auto, (max-width: 768px) 100vw, 768px\" \/>\t\t<\/div>\n\t\t\t\t<div class=\"elementor-portfolio-item__overlay\">\n\t\t\t\t<h3 class=\"elementor-portfolio-item__title\">\n\t\tFotograf\u00eda de El p\u00e1jaro azul\t\t<\/h3>\n\t\t\t\t<\/div>\n\t\t\t\t<\/a>\n\t\t<\/article>\n\t\t\t\t<article class=\"elementor-portfolio-item elementor-post  post-2776 post type-post status-publish format-standard has-post-thumbnail hentry category-teatro-la-loba ciudad-santiago obra-el-pajaro-azul ano-174 procedencia-renzo-briceno escenario-plaza-de-las-condes\">\n\t\t\t<a class=\"elementor-post__thumbnail__link\" href=\"https:\/\/ateca.cl\/index.php\/2022\/10\/20\/fotografia-de-el-pajaro-azul\/\">\n\t\t\t\t<div class=\"elementor-portfolio-item__img elementor-post__thumbnail\">\n\t\t\t<img loading=\"lazy\" decoding=\"async\" width=\"768\" height=\"1075\" src=\"https:\/\/ateca.cl\/wp-content\/uploads\/2022\/10\/ATECA_04_02_01-768x1075.jpg\" class=\"attachment-medium_large size-medium_large wp-image-2777\" alt=\"\" srcset=\"https:\/\/ateca.cl\/wp-content\/uploads\/2022\/10\/ATECA_04_02_01-768x1075.jpg 768w, https:\/\/ateca.cl\/wp-content\/uploads\/2022\/10\/ATECA_04_02_01-214x300.jpg 214w, https:\/\/ateca.cl\/wp-content\/uploads\/2022\/10\/ATECA_04_02_01-731x1024.jpg 731w, https:\/\/ateca.cl\/wp-content\/uploads\/2022\/10\/ATECA_04_02_01-1097x1536.jpg 1097w, https:\/\/ateca.cl\/wp-content\/uploads\/2022\/10\/ATECA_04_02_01-1463x2048.jpg 1463w, https:\/\/ateca.cl\/wp-content\/uploads\/2022\/10\/ATECA_04_02_01-scaled.jpg 1828w\" sizes=\"auto, (max-width: 768px) 100vw, 768px\" \/>\t\t<\/div>\n\t\t\t\t<div class=\"elementor-portfolio-item__overlay\">\n\t\t\t\t<h3 class=\"elementor-portfolio-item__title\">\n\t\tFotograf\u00eda de El p\u00e1jaro azul\t\t<\/h3>\n\t\t\t\t<\/div>\n\t\t\t\t<\/a>\n\t\t<\/article>\n\t\t\t\t<article class=\"elementor-portfolio-item elementor-post  post-2794 post type-post status-publish format-standard has-post-thumbnail hentry category-teatro-la-loba ciudad-santiago obra-el-pajaro-azul ano-174 procedencia-renzo-briceno escenario-plaza-de-las-condes\">\n\t\t\t<a class=\"elementor-post__thumbnail__link\" href=\"https:\/\/ateca.cl\/index.php\/2022\/10\/20\/fotografia-de-el-pajaro-azul-3\/\">\n\t\t\t\t<div class=\"elementor-portfolio-item__img elementor-post__thumbnail\">\n\t\t\t<img loading=\"lazy\" decoding=\"async\" width=\"768\" height=\"1162\" src=\"https:\/\/ateca.cl\/wp-content\/uploads\/2022\/10\/ATECA_04_02_02-768x1162.jpg\" class=\"attachment-medium_large size-medium_large wp-image-2788\" alt=\"\" srcset=\"https:\/\/ateca.cl\/wp-content\/uploads\/2022\/10\/ATECA_04_02_02-768x1162.jpg 768w, https:\/\/ateca.cl\/wp-content\/uploads\/2022\/10\/ATECA_04_02_02-198x300.jpg 198w, https:\/\/ateca.cl\/wp-content\/uploads\/2022\/10\/ATECA_04_02_02-677x1024.jpg 677w, https:\/\/ateca.cl\/wp-content\/uploads\/2022\/10\/ATECA_04_02_02-1015x1536.jpg 1015w, https:\/\/ateca.cl\/wp-content\/uploads\/2022\/10\/ATECA_04_02_02-1353x2048.jpg 1353w, https:\/\/ateca.cl\/wp-content\/uploads\/2022\/10\/ATECA_04_02_02-scaled.jpg 1692w\" sizes=\"auto, (max-width: 768px) 100vw, 768px\" \/>\t\t<\/div>\n\t\t\t\t<div class=\"elementor-portfolio-item__overlay\">\n\t\t\t\t<h3 class=\"elementor-portfolio-item__title\">\n\t\tFotograf\u00eda de El p\u00e1jaro azul\t\t<\/h3>\n\t\t\t\t<\/div>\n\t\t\t\t<\/a>\n\t\t<\/article>\n\t\t\t\t<article class=\"elementor-portfolio-item elementor-post  post-2800 post type-post status-publish format-standard has-post-thumbnail hentry category-teatro-la-loba ciudad-santiago obra-el-pajaro-azul ano-174 procedencia-renzo-briceno escenario-plaza-de-las-condes\">\n\t\t\t<a class=\"elementor-post__thumbnail__link\" href=\"https:\/\/ateca.cl\/index.php\/2022\/10\/20\/fotografia-de-el-pajaro-azul-4\/\">\n\t\t\t\t<div class=\"elementor-portfolio-item__img elementor-post__thumbnail\">\n\t\t\t<img loading=\"lazy\" decoding=\"async\" width=\"768\" height=\"509\" src=\"https:\/\/ateca.cl\/wp-content\/uploads\/2022\/10\/ATECA_04_02_04-1-768x509.jpg\" class=\"attachment-medium_large size-medium_large wp-image-2790\" alt=\"\" srcset=\"https:\/\/ateca.cl\/wp-content\/uploads\/2022\/10\/ATECA_04_02_04-1-768x509.jpg 768w, https:\/\/ateca.cl\/wp-content\/uploads\/2022\/10\/ATECA_04_02_04-1-300x199.jpg 300w, https:\/\/ateca.cl\/wp-content\/uploads\/2022\/10\/ATECA_04_02_04-1-1024x678.jpg 1024w, https:\/\/ateca.cl\/wp-content\/uploads\/2022\/10\/ATECA_04_02_04-1-1536x1017.jpg 1536w, https:\/\/ateca.cl\/wp-content\/uploads\/2022\/10\/ATECA_04_02_04-1-2048x1356.jpg 2048w\" sizes=\"auto, (max-width: 768px) 100vw, 768px\" \/>\t\t<\/div>\n\t\t\t\t<div class=\"elementor-portfolio-item__overlay\">\n\t\t\t\t<h3 class=\"elementor-portfolio-item__title\">\n\t\tFotograf\u00eda de El p\u00e1jaro azul\t\t<\/h3>\n\t\t\t\t<\/div>\n\t\t\t\t<\/a>\n\t\t<\/article>\n\t\t\t\t<article class=\"elementor-portfolio-item elementor-post  post-2802 post type-post status-publish format-standard has-post-thumbnail hentry category-teatro-la-loba ciudad-santiago obra-el-pajaro-azul ano-174 procedencia-renzo-briceno escenario-plaza-de-las-condes\">\n\t\t\t<a class=\"elementor-post__thumbnail__link\" href=\"https:\/\/ateca.cl\/index.php\/2022\/10\/20\/fotografia-de-el-pajaro-azul-5\/\">\n\t\t\t\t<div class=\"elementor-portfolio-item__img elementor-post__thumbnail\">\n\t\t\t<img loading=\"lazy\" decoding=\"async\" width=\"768\" height=\"1075\" src=\"https:\/\/ateca.cl\/wp-content\/uploads\/2022\/10\/ATECA_04_02_05-768x1075.jpg\" class=\"attachment-medium_large size-medium_large wp-image-2791\" alt=\"\" srcset=\"https:\/\/ateca.cl\/wp-content\/uploads\/2022\/10\/ATECA_04_02_05-768x1075.jpg 768w, https:\/\/ateca.cl\/wp-content\/uploads\/2022\/10\/ATECA_04_02_05-214x300.jpg 214w, https:\/\/ateca.cl\/wp-content\/uploads\/2022\/10\/ATECA_04_02_05-731x1024.jpg 731w, https:\/\/ateca.cl\/wp-content\/uploads\/2022\/10\/ATECA_04_02_05-1097x1536.jpg 1097w, https:\/\/ateca.cl\/wp-content\/uploads\/2022\/10\/ATECA_04_02_05-1463x2048.jpg 1463w, https:\/\/ateca.cl\/wp-content\/uploads\/2022\/10\/ATECA_04_02_05-scaled.jpg 1828w\" sizes=\"auto, (max-width: 768px) 100vw, 768px\" \/>\t\t<\/div>\n\t\t\t\t<div class=\"elementor-portfolio-item__overlay\">\n\t\t\t\t<h3 class=\"elementor-portfolio-item__title\">\n\t\tFotograf\u00eda de El p\u00e1jaro azul\t\t<\/h3>\n\t\t\t\t<\/div>\n\t\t\t\t<\/a>\n\t\t<\/article>\n\t\t\t\t<article class=\"elementor-portfolio-item elementor-post  post-2810 post type-post status-publish format-standard has-post-thumbnail hentry category-teatro-la-loba ciudad-santiago obra-el-pajaro-azul ano-174 procedencia-renzo-briceno escenario-plaza-de-las-condes\">\n\t\t\t<a class=\"elementor-post__thumbnail__link\" href=\"https:\/\/ateca.cl\/index.php\/2022\/10\/20\/fotografia-de-el-pajaro-azul-6\/\">\n\t\t\t\t<div class=\"elementor-portfolio-item__img elementor-post__thumbnail\">\n\t\t\t<img loading=\"lazy\" decoding=\"async\" width=\"768\" height=\"355\" src=\"https:\/\/ateca.cl\/wp-content\/uploads\/2022\/10\/ATECA_04_02_06-768x355.jpg\" class=\"attachment-medium_large size-medium_large wp-image-2792\" alt=\"\" srcset=\"https:\/\/ateca.cl\/wp-content\/uploads\/2022\/10\/ATECA_04_02_06-768x355.jpg 768w, https:\/\/ateca.cl\/wp-content\/uploads\/2022\/10\/ATECA_04_02_06-300x139.jpg 300w, https:\/\/ateca.cl\/wp-content\/uploads\/2022\/10\/ATECA_04_02_06-1024x473.jpg 1024w, https:\/\/ateca.cl\/wp-content\/uploads\/2022\/10\/ATECA_04_02_06-1536x709.jpg 1536w, https:\/\/ateca.cl\/wp-content\/uploads\/2022\/10\/ATECA_04_02_06.jpg 1579w\" sizes=\"auto, (max-width: 768px) 100vw, 768px\" \/>\t\t<\/div>\n\t\t\t\t<div class=\"elementor-portfolio-item__overlay\">\n\t\t\t\t<h3 class=\"elementor-portfolio-item__title\">\n\t\tFotograf\u00eda de El p\u00e1jaro azul\t\t<\/h3>\n\t\t\t\t<\/div>\n\t\t\t\t<\/a>\n\t\t<\/article>\n\t\t\t\t<\/div>\n\t\t\t\t<\/div>\n\t\t\t\t<\/div>\n\t\t\t\t\t<\/div>\n\t\t<\/div>\n\t\t\t\t\t\t\t<\/div>\n\t\t<\/section>\n\t\t\t\t\t\t\t<\/div>\n\t\t","protected":false},"excerpt":{"rendered":"<p>Teatristas: Dubois, Ureta, Renzo Brice\u00f1o, M\u00f3nica Illanos, Sergio Pi\u00f1a, Alejandro C\u00e1ceres, Vivian Steiner, Paulina Mu\u00f1os, Jorge Lobos, Rodrigo. obra<\/p>\n","protected":false},"author":1,"featured_media":2759,"parent":60,"menu_order":0,"comment_status":"closed","ping_status":"closed","template":"elementor_theme","meta":{"_acf_changed":false,"footnotes":""},"categories":[43],"tags":[],"ciudad":[54],"obra":[191],"ano":[174],"credito":[],"procedencia":[],"codigo":[],"escenario":[192],"class_list":["post-2756","page","type-page","status-publish","has-post-thumbnail","hentry","category-teatro-la-loba","ciudad-santiago","obra-el-pajaro-azul","ano-174","escenario-plaza-de-las-condes"],"acf":[],"_links":{"self":[{"href":"https:\/\/ateca.cl\/index.php\/wp-json\/wp\/v2\/pages\/2756","targetHints":{"allow":["GET"]}}],"collection":[{"href":"https:\/\/ateca.cl\/index.php\/wp-json\/wp\/v2\/pages"}],"about":[{"href":"https:\/\/ateca.cl\/index.php\/wp-json\/wp\/v2\/types\/page"}],"author":[{"embeddable":true,"href":"https:\/\/ateca.cl\/index.php\/wp-json\/wp\/v2\/users\/1"}],"replies":[{"embeddable":true,"href":"https:\/\/ateca.cl\/index.php\/wp-json\/wp\/v2\/comments?post=2756"}],"version-history":[{"count":13,"href":"https:\/\/ateca.cl\/index.php\/wp-json\/wp\/v2\/pages\/2756\/revisions"}],"predecessor-version":[{"id":5338,"href":"https:\/\/ateca.cl\/index.php\/wp-json\/wp\/v2\/pages\/2756\/revisions\/5338"}],"up":[{"embeddable":true,"href":"https:\/\/ateca.cl\/index.php\/wp-json\/wp\/v2\/pages\/60"}],"wp:featuredmedia":[{"embeddable":true,"href":"https:\/\/ateca.cl\/index.php\/wp-json\/wp\/v2\/media\/2759"}],"wp:attachment":[{"href":"https:\/\/ateca.cl\/index.php\/wp-json\/wp\/v2\/media?parent=2756"}],"wp:term":[{"taxonomy":"category","embeddable":true,"href":"https:\/\/ateca.cl\/index.php\/wp-json\/wp\/v2\/categories?post=2756"},{"taxonomy":"post_tag","embeddable":true,"href":"https:\/\/ateca.cl\/index.php\/wp-json\/wp\/v2\/tags?post=2756"},{"taxonomy":"ciudad","embeddable":true,"href":"https:\/\/ateca.cl\/index.php\/wp-json\/wp\/v2\/ciudad?post=2756"},{"taxonomy":"obra","embeddable":true,"href":"https:\/\/ateca.cl\/index.php\/wp-json\/wp\/v2\/obra?post=2756"},{"taxonomy":"ano","embeddable":true,"href":"https:\/\/ateca.cl\/index.php\/wp-json\/wp\/v2\/ano?post=2756"},{"taxonomy":"credito","embeddable":true,"href":"https:\/\/ateca.cl\/index.php\/wp-json\/wp\/v2\/credito?post=2756"},{"taxonomy":"procedencia","embeddable":true,"href":"https:\/\/ateca.cl\/index.php\/wp-json\/wp\/v2\/procedencia?post=2756"},{"taxonomy":"codigo","embeddable":true,"href":"https:\/\/ateca.cl\/index.php\/wp-json\/wp\/v2\/codigo?post=2756"},{"taxonomy":"escenario","embeddable":true,"href":"https:\/\/ateca.cl\/index.php\/wp-json\/wp\/v2\/escenario?post=2756"}],"curies":[{"name":"wp","href":"https:\/\/api.w.org\/{rel}","templated":true}]}}