{"id":2924,"date":"2022-10-20T21:39:53","date_gmt":"2022-10-20T21:39:53","guid":{"rendered":"https:\/\/ateca.cl\/?page_id=2924"},"modified":"2022-12-10T16:37:15","modified_gmt":"2022-12-10T16:37:15","slug":"ay-que-puzzle","status":"publish","type":"page","link":"https:\/\/ateca.cl\/index.php\/companias\/teatro-de-la-calle\/ay-que-puzzle\/","title":{"rendered":"Ay qu\u00e9 puzzle"},"content":{"rendered":"\t\t<div data-elementor-type=\"wp-page\" data-elementor-id=\"2924\" class=\"elementor elementor-2924\">\n\t\t\t\t\t\t\t\t\t<section class=\"elementor-section elementor-top-section elementor-element elementor-element-6faabb25 elementor-section-full_width elementor-section-height-default elementor-section-height-default\" data-id=\"6faabb25\" data-element_type=\"section\">\n\t\t\t\t\t\t<div class=\"elementor-container elementor-column-gap-default\">\n\t\t\t\t\t<div class=\"elementor-column elementor-col-100 elementor-top-column elementor-element elementor-element-eeccd20\" data-id=\"eeccd20\" data-element_type=\"column\">\n\t\t\t<div class=\"elementor-widget-wrap\">\n\t\t\t\t\t\t\t\t\t<\/div>\n\t\t<\/div>\n\t\t\t\t\t\t\t<\/div>\n\t\t<\/section>\n\t\t\t\t<section class=\"elementor-section elementor-top-section elementor-element elementor-element-5b9b15c6 elementor-section-boxed elementor-section-height-default elementor-section-height-default\" data-id=\"5b9b15c6\" data-element_type=\"section\">\n\t\t\t\t\t\t<div class=\"elementor-container elementor-column-gap-default\">\n\t\t\t\t\t<div class=\"elementor-column elementor-col-50 elementor-top-column elementor-element elementor-element-38179485\" data-id=\"38179485\" data-element_type=\"column\">\n\t\t\t<div class=\"elementor-widget-wrap elementor-element-populated\">\n\t\t\t\t\t\t\t\t<div class=\"elementor-element elementor-element-42fa0e54 elementor-widget elementor-widget-theme-post-title elementor-page-title elementor-widget-heading\" data-id=\"42fa0e54\" data-element_type=\"widget\" data-widget_type=\"theme-post-title.default\">\n\t\t\t\t<div class=\"elementor-widget-container\">\n\t\t\t<style>\/*! elementor - v3.10.1 - 17-01-2023 *\/\n.elementor-heading-title{padding:0;margin:0;line-height:1}.elementor-widget-heading .elementor-heading-title[class*=elementor-size-]>a{color:inherit;font-size:inherit;line-height:inherit}.elementor-widget-heading .elementor-heading-title.elementor-size-small{font-size:15px}.elementor-widget-heading .elementor-heading-title.elementor-size-medium{font-size:19px}.elementor-widget-heading .elementor-heading-title.elementor-size-large{font-size:29px}.elementor-widget-heading .elementor-heading-title.elementor-size-xl{font-size:39px}.elementor-widget-heading .elementor-heading-title.elementor-size-xxl{font-size:59px}<\/style><h1 class=\"elementor-heading-title elementor-size-default\">Ay qu\u00e9 puzzle<\/h1>\t\t<\/div>\n\t\t\t\t<\/div>\n\t\t\t\t<div class=\"elementor-element elementor-element-31b538cc elementor-widget elementor-widget-text-editor\" data-id=\"31b538cc\" data-element_type=\"widget\" data-widget_type=\"text-editor.default\">\n\t\t\t\t<div class=\"elementor-widget-container\">\n\t\t\t<style>\/*! elementor - v3.10.1 - 17-01-2023 *\/\n.elementor-widget-text-editor.elementor-drop-cap-view-stacked .elementor-drop-cap{background-color:#818a91;color:#fff}.elementor-widget-text-editor.elementor-drop-cap-view-framed .elementor-drop-cap{color:#818a91;border:3px solid;background-color:transparent}.elementor-widget-text-editor:not(.elementor-drop-cap-view-default) .elementor-drop-cap{margin-top:8px}.elementor-widget-text-editor:not(.elementor-drop-cap-view-default) .elementor-drop-cap-letter{width:1em;height:1em}.elementor-widget-text-editor .elementor-drop-cap{float:left;text-align:center;line-height:1;font-size:50px}.elementor-widget-text-editor .elementor-drop-cap-letter{display:inline-block}<\/style>\t\t\t\t<p><strong>Teatristas:<\/strong> Juan Manuel S\u00e1nchez, Ana Mar\u00eda Montan\u00e9<\/p>\t\t\t\t\t\t<\/div>\n\t\t\t\t<\/div>\n\t\t\t\t\t<\/div>\n\t\t<\/div>\n\t\t\t\t<div class=\"elementor-column elementor-col-50 elementor-top-column elementor-element elementor-element-7b068c84\" data-id=\"7b068c84\" data-element_type=\"column\">\n\t\t\t<div class=\"elementor-widget-wrap\">\n\t\t\t\t\t\t\t\t\t<\/div>\n\t\t<\/div>\n\t\t\t\t\t\t\t<\/div>\n\t\t<\/section>\n\t\t\t\t<section class=\"elementor-section elementor-top-section elementor-element elementor-element-34a7cc76 elementor-section-boxed elementor-section-height-default elementor-section-height-default\" data-id=\"34a7cc76\" data-element_type=\"section\">\n\t\t\t\t\t\t<div class=\"elementor-container elementor-column-gap-default\">\n\t\t\t\t\t<div class=\"elementor-column elementor-col-100 elementor-top-column elementor-element elementor-element-19c4480e\" data-id=\"19c4480e\" data-element_type=\"column\">\n\t\t\t<div class=\"elementor-widget-wrap elementor-element-populated\">\n\t\t\t\t\t\t\t\t<div class=\"elementor-element elementor-element-1c5a972b elementor-widget elementor-widget-heading\" data-id=\"1c5a972b\" data-element_type=\"widget\" data-widget_type=\"heading.default\">\n\t\t\t\t<div class=\"elementor-widget-container\">\n\t\t\t<h2 class=\"elementor-heading-title elementor-size-default\">Registros fotogr\u00e1ficos<\/h2>\t\t<\/div>\n\t\t\t\t<\/div>\n\t\t\t\t<div class=\"elementor-element elementor-element-7b273eeb elementor-grid-3 elementor-grid-tablet-2 elementor-grid-mobile-1 elementor-widget elementor-widget-portfolio\" data-id=\"7b273eeb\" data-element_type=\"widget\" data-settings=\"{&quot;row_gap&quot;:{&quot;unit&quot;:&quot;px&quot;,&quot;size&quot;:10,&quot;sizes&quot;:[]},&quot;columns&quot;:&quot;3&quot;,&quot;columns_tablet&quot;:&quot;2&quot;,&quot;columns_mobile&quot;:&quot;1&quot;,&quot;item_ratio&quot;:{&quot;unit&quot;:&quot;px&quot;,&quot;size&quot;:0.66,&quot;sizes&quot;:[]},&quot;item_gap&quot;:{&quot;unit&quot;:&quot;px&quot;,&quot;size&quot;:&quot;&quot;,&quot;sizes&quot;:[]}}\" data-widget_type=\"portfolio.default\">\n\t\t\t\t<div class=\"elementor-widget-container\">\n\t\t\t<link rel=\"stylesheet\" href=\"https:\/\/ateca.cl\/wp-content\/plugins\/elementor-pro\/assets\/css\/widget-posts.min.css\">\t\t<div class=\"elementor-portfolio elementor-grid elementor-posts-container\">\n\t\t\t\t<article class=\"elementor-portfolio-item elementor-post  post-4707 post type-post status-publish format-standard has-post-thumbnail hentry category-teatro-de-la-calle ciudad-santiago obra-ay-que-puzzle ano-130 ano-68 procedencia-ana-maria-montane codigo-ateca_01_01_01 escenario-huerfanos\">\n\t\t\t<a class=\"elementor-post__thumbnail__link\" href=\"https:\/\/ateca.cl\/index.php\/2022\/11\/14\/cuadro-pedro-y-maruja\/\">\n\t\t\t\t<div class=\"elementor-portfolio-item__img elementor-post__thumbnail\">\n\t\t\t<img loading=\"lazy\" decoding=\"async\" width=\"768\" height=\"959\" src=\"https:\/\/ateca.cl\/wp-content\/uploads\/2022\/11\/ATECA_07_01_01-768x959.jpg\" class=\"attachment-medium_large size-medium_large wp-image-4714\" alt=\"\" srcset=\"https:\/\/ateca.cl\/wp-content\/uploads\/2022\/11\/ATECA_07_01_01-768x959.jpg 768w, https:\/\/ateca.cl\/wp-content\/uploads\/2022\/11\/ATECA_07_01_01-240x300.jpg 240w, https:\/\/ateca.cl\/wp-content\/uploads\/2022\/11\/ATECA_07_01_01-820x1024.jpg 820w, https:\/\/ateca.cl\/wp-content\/uploads\/2022\/11\/ATECA_07_01_01.jpg 1151w\" sizes=\"auto, (max-width: 768px) 100vw, 768px\" \/>\t\t<\/div>\n\t\t\t\t<div class=\"elementor-portfolio-item__overlay\">\n\t\t\t\t<h3 class=\"elementor-portfolio-item__title\">\n\t\tCuadro Pedro y Maruja\t\t<\/h3>\n\t\t\t\t<\/div>\n\t\t\t\t<\/a>\n\t\t<\/article>\n\t\t\t\t<\/div>\n\t\t\t\t<\/div>\n\t\t\t\t<\/div>\n\t\t\t\t\t<\/div>\n\t\t<\/div>\n\t\t\t\t\t\t\t<\/div>\n\t\t<\/section>\n\t\t\t\t<section class=\"elementor-section elementor-top-section elementor-element elementor-element-10b40d80 elementor-section-boxed elementor-section-height-default elementor-section-height-default\" data-id=\"10b40d80\" data-element_type=\"section\">\n\t\t\t\t\t\t<div class=\"elementor-container elementor-column-gap-default\">\n\t\t\t\t\t<div class=\"elementor-column elementor-col-100 elementor-top-column elementor-element elementor-element-581a0044\" data-id=\"581a0044\" data-element_type=\"column\">\n\t\t\t<div class=\"elementor-widget-wrap elementor-element-populated\">\n\t\t\t\t\t\t\t\t<div class=\"elementor-element elementor-element-5e3718ff elementor-widget elementor-widget-heading\" data-id=\"5e3718ff\" data-element_type=\"widget\" data-widget_type=\"heading.default\">\n\t\t\t\t<div class=\"elementor-widget-container\">\n\t\t\t<h2 class=\"elementor-heading-title elementor-size-default\">Documentos <\/h2>\t\t<\/div>\n\t\t\t\t<\/div>\n\t\t\t\t<div class=\"elementor-element elementor-element-3996348f elementor-grid-3 elementor-grid-tablet-2 elementor-grid-mobile-1 elementor-widget elementor-widget-portfolio\" data-id=\"3996348f\" data-element_type=\"widget\" data-settings=\"{&quot;row_gap&quot;:{&quot;unit&quot;:&quot;px&quot;,&quot;size&quot;:10,&quot;sizes&quot;:[]},&quot;columns&quot;:&quot;3&quot;,&quot;columns_tablet&quot;:&quot;2&quot;,&quot;columns_mobile&quot;:&quot;1&quot;,&quot;item_ratio&quot;:{&quot;unit&quot;:&quot;px&quot;,&quot;size&quot;:0.66,&quot;sizes&quot;:[]},&quot;item_gap&quot;:{&quot;unit&quot;:&quot;px&quot;,&quot;size&quot;:&quot;&quot;,&quot;sizes&quot;:[]}}\" data-widget_type=\"portfolio.default\">\n\t\t\t\t<div class=\"elementor-widget-container\">\n\t\t\t\t\t<div class=\"elementor-portfolio elementor-grid elementor-posts-container\">\n\t\t\t\t<article class=\"elementor-portfolio-item elementor-post  post-4740 post type-post status-publish format-standard has-post-thumbnail hentry category-teatro-de-la-calle tag-prensa ciudad-calama obra-ay-que-puzzle ano-144 credito-ana-maria-montane procedencia-ana-maria-montane codigo-ateca_01_01_01\">\n\t\t\t<a class=\"elementor-post__thumbnail__link\" href=\"https:\/\/ateca.cl\/index.php\/2022\/11\/14\/canto-urbano-y-el-teatro-callejero-gusto-a-loinos\/\">\n\t\t\t\t<div class=\"elementor-portfolio-item__img elementor-post__thumbnail\">\n\t\t\t<img loading=\"lazy\" decoding=\"async\" width=\"768\" height=\"1761\" src=\"https:\/\/ateca.cl\/wp-content\/uploads\/2022\/11\/ATECA_07_01_04-768x1761.jpg\" class=\"attachment-medium_large size-medium_large wp-image-4741\" alt=\"\" srcset=\"https:\/\/ateca.cl\/wp-content\/uploads\/2022\/11\/ATECA_07_01_04-768x1761.jpg 768w, https:\/\/ateca.cl\/wp-content\/uploads\/2022\/11\/ATECA_07_01_04-131x300.jpg 131w, https:\/\/ateca.cl\/wp-content\/uploads\/2022\/11\/ATECA_07_01_04-447x1024.jpg 447w, https:\/\/ateca.cl\/wp-content\/uploads\/2022\/11\/ATECA_07_01_04-670x1536.jpg 670w, https:\/\/ateca.cl\/wp-content\/uploads\/2022\/11\/ATECA_07_01_04-893x2048.jpg 893w, https:\/\/ateca.cl\/wp-content\/uploads\/2022\/11\/ATECA_07_01_04.jpg 1116w\" sizes=\"auto, (max-width: 768px) 100vw, 768px\" \/>\t\t<\/div>\n\t\t\t\t<div class=\"elementor-portfolio-item__overlay\">\n\t\t\t\t<h3 class=\"elementor-portfolio-item__title\">\n\t\tCanto urbano y el teatro callejero gust\u00f3 a lo\u00ednos\t\t<\/h3>\n\t\t\t\t<\/div>\n\t\t\t\t<\/a>\n\t\t<\/article>\n\t\t\t\t<article class=\"elementor-portfolio-item elementor-post  post-4744 post type-post status-publish format-standard has-post-thumbnail hentry category-teatro-de-la-calle tag-prensa ciudad-santiago obra-ay-que-puzzle ano-130 credito-ana-maria-montane procedencia-ana-maria-montane codigo-ateca_01_01_01 escenario-bomba-espana\">\n\t\t\t<a class=\"elementor-post__thumbnail__link\" href=\"https:\/\/ateca.cl\/index.php\/2022\/11\/14\/fuerte-burla-a-los-absurdos-del-diario-vivir-en-un-cafe-concert\/\">\n\t\t\t\t<div class=\"elementor-portfolio-item__img elementor-post__thumbnail\">\n\t\t\t<img loading=\"lazy\" decoding=\"async\" width=\"768\" height=\"513\" src=\"https:\/\/ateca.cl\/wp-content\/uploads\/2022\/11\/ATECA_07_01_05-768x513.jpg\" class=\"attachment-medium_large size-medium_large wp-image-4745\" alt=\"\" srcset=\"https:\/\/ateca.cl\/wp-content\/uploads\/2022\/11\/ATECA_07_01_05-768x513.jpg 768w, https:\/\/ateca.cl\/wp-content\/uploads\/2022\/11\/ATECA_07_01_05-300x201.jpg 300w, https:\/\/ateca.cl\/wp-content\/uploads\/2022\/11\/ATECA_07_01_05-1024x684.jpg 1024w, https:\/\/ateca.cl\/wp-content\/uploads\/2022\/11\/ATECA_07_01_05-1536x1027.jpg 1536w, https:\/\/ateca.cl\/wp-content\/uploads\/2022\/11\/ATECA_07_01_05-2048x1369.jpg 2048w\" sizes=\"auto, (max-width: 768px) 100vw, 768px\" \/>\t\t<\/div>\n\t\t\t\t<div class=\"elementor-portfolio-item__overlay\">\n\t\t\t\t<h3 class=\"elementor-portfolio-item__title\">\n\t\tFuerte burla a los absurdos del diario vivir en un caf\u00e9 concert\t\t<\/h3>\n\t\t\t\t<\/div>\n\t\t\t\t<\/a>\n\t\t<\/article>\n\t\t\t\t<article class=\"elementor-portfolio-item elementor-post  post-4762 post type-post status-publish format-standard has-post-thumbnail hentry category-teatro-de-la-calle tag-prensa ciudad-santiago obra-ay-que-puzzle ano-130 credito-ana-maria-montane procedencia-ana-maria-montane codigo-ateca_01_01_01\">\n\t\t\t<a class=\"elementor-post__thumbnail__link\" href=\"https:\/\/ateca.cl\/index.php\/2022\/11\/14\/nos-han-visto-2800000-personas-mameluco-y-su-teatro-de-la-calle\/\">\n\t\t\t\t<div class=\"elementor-portfolio-item__img elementor-post__thumbnail\">\n\t\t\t<img loading=\"lazy\" decoding=\"async\" width=\"768\" height=\"555\" src=\"https:\/\/ateca.cl\/wp-content\/uploads\/2022\/11\/ATECA_07_01_09-768x555.jpg\" class=\"attachment-medium_large size-medium_large wp-image-4772\" alt=\"\" srcset=\"https:\/\/ateca.cl\/wp-content\/uploads\/2022\/11\/ATECA_07_01_09-768x555.jpg 768w, https:\/\/ateca.cl\/wp-content\/uploads\/2022\/11\/ATECA_07_01_09-300x217.jpg 300w, https:\/\/ateca.cl\/wp-content\/uploads\/2022\/11\/ATECA_07_01_09-1024x740.jpg 1024w, https:\/\/ateca.cl\/wp-content\/uploads\/2022\/11\/ATECA_07_01_09-1536x1109.jpg 1536w, https:\/\/ateca.cl\/wp-content\/uploads\/2022\/11\/ATECA_07_01_09-2048x1479.jpg 2048w\" sizes=\"auto, (max-width: 768px) 100vw, 768px\" \/>\t\t<\/div>\n\t\t\t\t<div class=\"elementor-portfolio-item__overlay\">\n\t\t\t\t<h3 class=\"elementor-portfolio-item__title\">\n\t\tNos han visto 2,800,000 personas: Mameluco y su \u00abTeatro de la Calle\u00bb\t\t<\/h3>\n\t\t\t\t<\/div>\n\t\t\t\t<\/a>\n\t\t<\/article>\n\t\t\t\t<article class=\"elementor-portfolio-item elementor-post  post-4787 post type-post status-publish format-standard has-post-thumbnail hentry category-teatro-de-la-calle tag-pdf ciudad-antofagasta obra-ay-que-puzzle ano-130 credito-ana-maria-montane procedencia-ana-maria-montane codigo-ateca_01_01_01\">\n\t\t\t<a class=\"elementor-post__thumbnail__link\" href=\"https:\/\/ateca.cl\/index.php\/2022\/11\/14\/programa-de-mano-ay-que-puzzle\/\">\n\t\t\t\t<div class=\"elementor-portfolio-item__img elementor-post__thumbnail\">\n\t\t\t<img loading=\"lazy\" decoding=\"async\" width=\"768\" height=\"808\" src=\"https:\/\/ateca.cl\/wp-content\/uploads\/2022\/11\/ayquepuzzle-768x808.jpg\" class=\"attachment-medium_large size-medium_large wp-image-4788\" alt=\"\" srcset=\"https:\/\/ateca.cl\/wp-content\/uploads\/2022\/11\/ayquepuzzle-768x808.jpg 768w, https:\/\/ateca.cl\/wp-content\/uploads\/2022\/11\/ayquepuzzle-285x300.jpg 285w, https:\/\/ateca.cl\/wp-content\/uploads\/2022\/11\/ayquepuzzle-973x1024.jpg 973w, https:\/\/ateca.cl\/wp-content\/uploads\/2022\/11\/ayquepuzzle.jpg 1404w\" sizes=\"auto, (max-width: 768px) 100vw, 768px\" \/>\t\t<\/div>\n\t\t\t\t<div class=\"elementor-portfolio-item__overlay\">\n\t\t\t\t<h3 class=\"elementor-portfolio-item__title\">\n\t\tPrograma de mano Ay qu\u00e9 puzzle\t\t<\/h3>\n\t\t\t\t<\/div>\n\t\t\t\t<\/a>\n\t\t<\/article>\n\t\t\t\t<article class=\"elementor-portfolio-item elementor-post  post-4775 post type-post status-publish format-standard has-post-thumbnail hentry category-teatro-de-la-calle tag-pdf ciudad-santiago obra-ay-que-puzzle ano-130 credito-ana-maria-montane procedencia-ana-maria-montane codigo-ateca_01_01_01\">\n\t\t\t<a class=\"elementor-post__thumbnail__link\" href=\"https:\/\/ateca.cl\/index.php\/2022\/11\/14\/ay-que-puzzle-presentan-por-ultima-vez-los-de-la-calle\/\">\n\t\t\t\t<div class=\"elementor-portfolio-item__img elementor-post__thumbnail\">\n\t\t\t<img loading=\"lazy\" decoding=\"async\" width=\"768\" height=\"801\" src=\"https:\/\/ateca.cl\/wp-content\/uploads\/2022\/11\/ATECA_07_01_11-768x801.jpg\" class=\"attachment-medium_large size-medium_large wp-image-4785\" alt=\"\" srcset=\"https:\/\/ateca.cl\/wp-content\/uploads\/2022\/11\/ATECA_07_01_11-768x801.jpg 768w, https:\/\/ateca.cl\/wp-content\/uploads\/2022\/11\/ATECA_07_01_11-288x300.jpg 288w, https:\/\/ateca.cl\/wp-content\/uploads\/2022\/11\/ATECA_07_01_11-981x1024.jpg 981w, https:\/\/ateca.cl\/wp-content\/uploads\/2022\/11\/ATECA_07_01_11-1472x1536.jpg 1472w, https:\/\/ateca.cl\/wp-content\/uploads\/2022\/11\/ATECA_07_01_11.jpg 1476w\" sizes=\"auto, (max-width: 768px) 100vw, 768px\" \/>\t\t<\/div>\n\t\t\t\t<div class=\"elementor-portfolio-item__overlay\">\n\t\t\t\t<h3 class=\"elementor-portfolio-item__title\">\n\t\tRecibo de dinero\t\t<\/h3>\n\t\t\t\t<\/div>\n\t\t\t\t<\/a>\n\t\t<\/article>\n\t\t\t\t<article class=\"elementor-portfolio-item elementor-post  post-4731 post type-post status-publish format-standard has-post-thumbnail hentry category-teatro-de-la-calle tag-prensa ciudad-antofagasta obra-ay-que-puzzle ano-144 credito-ana-maria-montane procedencia-ana-maria-montane codigo-ateca_01_01_01 escenario-huerfanos\">\n\t\t\t<a class=\"elementor-post__thumbnail__link\" href=\"https:\/\/ateca.cl\/index.php\/2022\/11\/14\/teatro-callejero-2\/\">\n\t\t\t\t<div class=\"elementor-portfolio-item__img elementor-post__thumbnail\">\n\t\t\t<img loading=\"lazy\" decoding=\"async\" width=\"768\" height=\"671\" src=\"https:\/\/ateca.cl\/wp-content\/uploads\/2022\/11\/ATECA_07_01_03-768x671.jpg\" class=\"attachment-medium_large size-medium_large wp-image-4732\" alt=\"\" srcset=\"https:\/\/ateca.cl\/wp-content\/uploads\/2022\/11\/ATECA_07_01_03-768x671.jpg 768w, https:\/\/ateca.cl\/wp-content\/uploads\/2022\/11\/ATECA_07_01_03-300x262.jpg 300w, https:\/\/ateca.cl\/wp-content\/uploads\/2022\/11\/ATECA_07_01_03-1024x895.jpg 1024w, https:\/\/ateca.cl\/wp-content\/uploads\/2022\/11\/ATECA_07_01_03.jpg 1401w\" sizes=\"auto, (max-width: 768px) 100vw, 768px\" \/>\t\t<\/div>\n\t\t\t\t<div class=\"elementor-portfolio-item__overlay\">\n\t\t\t\t<h3 class=\"elementor-portfolio-item__title\">\n\t\tTeatro callejero\t\t<\/h3>\n\t\t\t\t<\/div>\n\t\t\t\t<\/a>\n\t\t<\/article>\n\t\t\t\t<article class=\"elementor-portfolio-item elementor-post  post-4720 post type-post status-publish format-standard has-post-thumbnail hentry category-teatro-de-la-calle tag-prensa ciudad-santiago obra-ay-que-puzzle ano-130 ano-68 credito-ana-maria-montane procedencia-ana-maria-montane codigo-ateca_01_01_01 escenario-huerfanos\">\n\t\t\t<a class=\"elementor-post__thumbnail__link\" href=\"https:\/\/ateca.cl\/index.php\/2022\/11\/14\/teatro-de-la-calle-un-lenguaje-nuevo\/\">\n\t\t\t\t<div class=\"elementor-portfolio-item__img elementor-post__thumbnail\">\n\t\t\t<img loading=\"lazy\" decoding=\"async\" width=\"768\" height=\"401\" src=\"https:\/\/ateca.cl\/wp-content\/uploads\/2022\/11\/ATECA_07_01_02-768x401.jpg\" class=\"attachment-medium_large size-medium_large wp-image-4721\" alt=\"\" srcset=\"https:\/\/ateca.cl\/wp-content\/uploads\/2022\/11\/ATECA_07_01_02-768x401.jpg 768w, https:\/\/ateca.cl\/wp-content\/uploads\/2022\/11\/ATECA_07_01_02-300x157.jpg 300w, https:\/\/ateca.cl\/wp-content\/uploads\/2022\/11\/ATECA_07_01_02-1024x535.jpg 1024w, https:\/\/ateca.cl\/wp-content\/uploads\/2022\/11\/ATECA_07_01_02-1536x802.jpg 1536w, https:\/\/ateca.cl\/wp-content\/uploads\/2022\/11\/ATECA_07_01_02-2048x1069.jpg 2048w\" sizes=\"auto, (max-width: 768px) 100vw, 768px\" \/>\t\t<\/div>\n\t\t\t\t<div class=\"elementor-portfolio-item__overlay\">\n\t\t\t\t<h3 class=\"elementor-portfolio-item__title\">\n\t\tTeatro de la calle: un lenguaje nuevo\t\t<\/h3>\n\t\t\t\t<\/div>\n\t\t\t\t<\/a>\n\t\t<\/article>\n\t\t\t\t<article class=\"elementor-portfolio-item elementor-post  post-4747 post type-post status-publish format-standard has-post-thumbnail hentry category-teatro-de-la-calle tag-prensa ciudad-santiago ciudad-valparaiso obra-ay-que-puzzle ano-144 credito-ana-maria-montane procedencia-ana-maria-montane codigo-ateca_01_01_01\">\n\t\t\t<a class=\"elementor-post__thumbnail__link\" href=\"https:\/\/ateca.cl\/index.php\/2022\/11\/14\/un-verdadero-cafe-concert-se-presenta-hoy-y-manana\/\">\n\t\t\t\t<div class=\"elementor-portfolio-item__img elementor-post__thumbnail\">\n\t\t\t<img loading=\"lazy\" decoding=\"async\" width=\"768\" height=\"438\" src=\"https:\/\/ateca.cl\/wp-content\/uploads\/2022\/11\/ATECA_07_01_07-1-768x438.jpg\" class=\"attachment-medium_large size-medium_large wp-image-4760\" alt=\"\" srcset=\"https:\/\/ateca.cl\/wp-content\/uploads\/2022\/11\/ATECA_07_01_07-1-768x438.jpg 768w, https:\/\/ateca.cl\/wp-content\/uploads\/2022\/11\/ATECA_07_01_07-1-300x171.jpg 300w, https:\/\/ateca.cl\/wp-content\/uploads\/2022\/11\/ATECA_07_01_07-1-1024x584.jpg 1024w, https:\/\/ateca.cl\/wp-content\/uploads\/2022\/11\/ATECA_07_01_07-1-1536x875.jpg 1536w, https:\/\/ateca.cl\/wp-content\/uploads\/2022\/11\/ATECA_07_01_07-1-2048x1167.jpg 2048w\" sizes=\"auto, (max-width: 768px) 100vw, 768px\" \/>\t\t<\/div>\n\t\t\t\t<div class=\"elementor-portfolio-item__overlay\">\n\t\t\t\t<h3 class=\"elementor-portfolio-item__title\">\n\t\tTev\u00e9 quiere al Teatro de la Calle\t\t<\/h3>\n\t\t\t\t<\/div>\n\t\t\t\t<\/a>\n\t\t<\/article>\n\t\t\t\t<article class=\"elementor-portfolio-item elementor-post  post-4765 post type-post status-publish format-standard has-post-thumbnail hentry category-teatro-de-la-calle tag-prensa ciudad-santiago obra-ay-que-puzzle ano-130 credito-ana-maria-montane procedencia-ana-maria-montane codigo-ateca_01_01_01 escenario-bomba-espana\">\n\t\t\t<a class=\"elementor-post__thumbnail__link\" href=\"https:\/\/ateca.cl\/index.php\/2022\/11\/14\/teve-quiere-al-teatro-de-la-calle\/\">\n\t\t\t\t<div class=\"elementor-portfolio-item__img elementor-post__thumbnail\">\n\t\t\t<img loading=\"lazy\" decoding=\"async\" width=\"768\" height=\"1198\" src=\"https:\/\/ateca.cl\/wp-content\/uploads\/2022\/11\/ATECA_07_01_08-1-768x1198.jpg\" class=\"attachment-medium_large size-medium_large wp-image-4763\" alt=\"\" srcset=\"https:\/\/ateca.cl\/wp-content\/uploads\/2022\/11\/ATECA_07_01_08-1-768x1198.jpg 768w, https:\/\/ateca.cl\/wp-content\/uploads\/2022\/11\/ATECA_07_01_08-1-192x300.jpg 192w, https:\/\/ateca.cl\/wp-content\/uploads\/2022\/11\/ATECA_07_01_08-1-657x1024.jpg 657w, https:\/\/ateca.cl\/wp-content\/uploads\/2022\/11\/ATECA_07_01_08-1-985x1536.jpg 985w, https:\/\/ateca.cl\/wp-content\/uploads\/2022\/11\/ATECA_07_01_08-1-1313x2048.jpg 1313w, https:\/\/ateca.cl\/wp-content\/uploads\/2022\/11\/ATECA_07_01_08-1.jpg 1462w\" sizes=\"auto, (max-width: 768px) 100vw, 768px\" \/>\t\t<\/div>\n\t\t\t\t<div class=\"elementor-portfolio-item__overlay\">\n\t\t\t\t<h3 class=\"elementor-portfolio-item__title\">\n\t\tTev\u00e9 quiere al Teatro de la Calle\t\t<\/h3>\n\t\t\t\t<\/div>\n\t\t\t\t<\/a>\n\t\t<\/article>\n\t\t\t\t<article class=\"elementor-portfolio-item elementor-post  post-5368 post type-post status-publish format-standard has-post-thumbnail hentry category-teatro-de-la-calle tag-prensa ciudad-copiapo obra-ay-que-puzzle ano-130 procedencia-ana-maria-montane codigo-ateca_01_01_01 escenario-villa-rapalo\">\n\t\t\t<a class=\"elementor-post__thumbnail__link\" href=\"https:\/\/ateca.cl\/index.php\/2022\/12\/16\/un-verdadero-cafe-concert-se-presenta-hoy-y-manana-2\/\">\n\t\t\t\t<div class=\"elementor-portfolio-item__img elementor-post__thumbnail\">\n\t\t\t<img loading=\"lazy\" decoding=\"async\" width=\"768\" height=\"511\" src=\"https:\/\/ateca.cl\/wp-content\/uploads\/2022\/11\/ATECA_07_01_06-768x511.jpg\" class=\"attachment-medium_large size-medium_large wp-image-4751\" alt=\"\" srcset=\"https:\/\/ateca.cl\/wp-content\/uploads\/2022\/11\/ATECA_07_01_06-768x511.jpg 768w, https:\/\/ateca.cl\/wp-content\/uploads\/2022\/11\/ATECA_07_01_06-300x200.jpg 300w, https:\/\/ateca.cl\/wp-content\/uploads\/2022\/11\/ATECA_07_01_06-1024x682.jpg 1024w, https:\/\/ateca.cl\/wp-content\/uploads\/2022\/11\/ATECA_07_01_06-1536x1022.jpg 1536w, https:\/\/ateca.cl\/wp-content\/uploads\/2022\/11\/ATECA_07_01_06-2048x1363.jpg 2048w\" sizes=\"auto, (max-width: 768px) 100vw, 768px\" \/>\t\t<\/div>\n\t\t\t\t<div class=\"elementor-portfolio-item__overlay\">\n\t\t\t\t<h3 class=\"elementor-portfolio-item__title\">\n\t\tUn verdadero \u00abcaf\u00e9 concert\u00bb se presenta hoy y ma\u00f1ana\t\t<\/h3>\n\t\t\t\t<\/div>\n\t\t\t\t<\/a>\n\t\t<\/article>\n\t\t\t\t<\/div>\n\t\t\t\t<\/div>\n\t\t\t\t<\/div>\n\t\t\t\t\t<\/div>\n\t\t<\/div>\n\t\t\t\t\t\t\t<\/div>\n\t\t<\/section>\n\t\t\t\t\t\t\t<\/div>\n\t\t","protected":false},"excerpt":{"rendered":"<p>Teatristas: Juan Manuel S\u00e1nchez, Ana Mar\u00eda Montan\u00e9 Registros fotogr\u00e1ficos Documentos<\/p>\n","protected":false},"author":1,"featured_media":2932,"parent":56,"menu_order":0,"comment_status":"closed","ping_status":"closed","template":"elementor_header_footer","meta":{"_acf_changed":false,"footnotes":""},"categories":[46],"tags":[],"ciudad":[272,208,54],"obra":[],"ano":[144,130],"credito":[],"procedencia":[],"codigo":[],"escenario":[],"class_list":["post-2924","page","type-page","status-publish","has-post-thumbnail","hentry","category-teatro-de-la-calle","ciudad-antofagasta","ciudad-calama","ciudad-santiago","ano-144","ano-130"],"acf":[],"_links":{"self":[{"href":"https:\/\/ateca.cl\/index.php\/wp-json\/wp\/v2\/pages\/2924","targetHints":{"allow":["GET"]}}],"collection":[{"href":"https:\/\/ateca.cl\/index.php\/wp-json\/wp\/v2\/pages"}],"about":[{"href":"https:\/\/ateca.cl\/index.php\/wp-json\/wp\/v2\/types\/page"}],"author":[{"embeddable":true,"href":"https:\/\/ateca.cl\/index.php\/wp-json\/wp\/v2\/users\/1"}],"replies":[{"embeddable":true,"href":"https:\/\/ateca.cl\/index.php\/wp-json\/wp\/v2\/comments?post=2924"}],"version-history":[{"count":22,"href":"https:\/\/ateca.cl\/index.php\/wp-json\/wp\/v2\/pages\/2924\/revisions"}],"predecessor-version":[{"id":4802,"href":"https:\/\/ateca.cl\/index.php\/wp-json\/wp\/v2\/pages\/2924\/revisions\/4802"}],"up":[{"embeddable":true,"href":"https:\/\/ateca.cl\/index.php\/wp-json\/wp\/v2\/pages\/56"}],"wp:featuredmedia":[{"embeddable":true,"href":"https:\/\/ateca.cl\/index.php\/wp-json\/wp\/v2\/media\/2932"}],"wp:attachment":[{"href":"https:\/\/ateca.cl\/index.php\/wp-json\/wp\/v2\/media?parent=2924"}],"wp:term":[{"taxonomy":"category","embeddable":true,"href":"https:\/\/ateca.cl\/index.php\/wp-json\/wp\/v2\/categories?post=2924"},{"taxonomy":"post_tag","embeddable":true,"href":"https:\/\/ateca.cl\/index.php\/wp-json\/wp\/v2\/tags?post=2924"},{"taxonomy":"ciudad","embeddable":true,"href":"https:\/\/ateca.cl\/index.php\/wp-json\/wp\/v2\/ciudad?post=2924"},{"taxonomy":"obra","embeddable":true,"href":"https:\/\/ateca.cl\/index.php\/wp-json\/wp\/v2\/obra?post=2924"},{"taxonomy":"ano","embeddable":true,"href":"https:\/\/ateca.cl\/index.php\/wp-json\/wp\/v2\/ano?post=2924"},{"taxonomy":"credito","embeddable":true,"href":"https:\/\/ateca.cl\/index.php\/wp-json\/wp\/v2\/credito?post=2924"},{"taxonomy":"procedencia","embeddable":true,"href":"https:\/\/ateca.cl\/index.php\/wp-json\/wp\/v2\/procedencia?post=2924"},{"taxonomy":"codigo","embeddable":true,"href":"https:\/\/ateca.cl\/index.php\/wp-json\/wp\/v2\/codigo?post=2924"},{"taxonomy":"escenario","embeddable":true,"href":"https:\/\/ateca.cl\/index.php\/wp-json\/wp\/v2\/escenario?post=2924"}],"curies":[{"name":"wp","href":"https:\/\/api.w.org\/{rel}","templated":true}]}}