{"id":3694,"date":"2022-10-26T13:33:23","date_gmt":"2022-10-26T13:33:23","guid":{"rendered":"https:\/\/ateca.cl\/?page_id=3694"},"modified":"2022-12-17T11:04:39","modified_gmt":"2022-12-17T11:04:39","slug":"transfusion","status":"publish","type":"page","link":"https:\/\/ateca.cl\/index.php\/companias\/teatro-del-silencio\/transfusion\/","title":{"rendered":"Transfusi\u00f3n"},"content":{"rendered":"\t\t<div data-elementor-type=\"wp-page\" data-elementor-id=\"3694\" class=\"elementor elementor-3694\">\n\t\t\t\t\t\t\t\t\t<section class=\"elementor-section elementor-top-section elementor-element elementor-element-c76daa elementor-section-boxed elementor-section-height-default elementor-section-height-default\" data-id=\"c76daa\" data-element_type=\"section\">\n\t\t\t\t\t\t<div class=\"elementor-container elementor-column-gap-default\">\n\t\t\t\t\t<div class=\"elementor-column elementor-col-50 elementor-top-column elementor-element elementor-element-24199b63\" data-id=\"24199b63\" data-element_type=\"column\">\n\t\t\t<div class=\"elementor-widget-wrap elementor-element-populated\">\n\t\t\t\t\t\t\t\t<div class=\"elementor-element elementor-element-dd6fbf2 elementor-widget elementor-widget-spacer\" data-id=\"dd6fbf2\" data-element_type=\"widget\" data-widget_type=\"spacer.default\">\n\t\t\t\t<div class=\"elementor-widget-container\">\n\t\t\t<style>\/*! elementor - v3.10.1 - 17-01-2023 *\/\n.elementor-column .elementor-spacer-inner{height:var(--spacer-size)}.e-con{--container-widget-width:100%}.e-con-inner>.elementor-widget-spacer,.e-con>.elementor-widget-spacer{width:var(--container-widget-width,var(--spacer-size));--align-self:var(--container-widget-align-self,initial);--flex-shrink:0}.e-con-inner>.elementor-widget-spacer>.elementor-widget-container,.e-con-inner>.elementor-widget-spacer>.elementor-widget-container>.elementor-spacer,.e-con>.elementor-widget-spacer>.elementor-widget-container,.e-con>.elementor-widget-spacer>.elementor-widget-container>.elementor-spacer{height:100%}.e-con-inner>.elementor-widget-spacer>.elementor-widget-container>.elementor-spacer>.elementor-spacer-inner,.e-con>.elementor-widget-spacer>.elementor-widget-container>.elementor-spacer>.elementor-spacer-inner{height:var(--container-widget-height,var(--spacer-size))}<\/style>\t\t<div class=\"elementor-spacer\">\n\t\t\t<div class=\"elementor-spacer-inner\"><\/div>\n\t\t<\/div>\n\t\t\t\t<\/div>\n\t\t\t\t<\/div>\n\t\t\t\t<div class=\"elementor-element elementor-element-145ec015 elementor-widget elementor-widget-theme-post-title elementor-page-title elementor-widget-heading\" data-id=\"145ec015\" data-element_type=\"widget\" data-widget_type=\"theme-post-title.default\">\n\t\t\t\t<div class=\"elementor-widget-container\">\n\t\t\t<style>\/*! elementor - v3.10.1 - 17-01-2023 *\/\n.elementor-heading-title{padding:0;margin:0;line-height:1}.elementor-widget-heading .elementor-heading-title[class*=elementor-size-]>a{color:inherit;font-size:inherit;line-height:inherit}.elementor-widget-heading .elementor-heading-title.elementor-size-small{font-size:15px}.elementor-widget-heading .elementor-heading-title.elementor-size-medium{font-size:19px}.elementor-widget-heading .elementor-heading-title.elementor-size-large{font-size:29px}.elementor-widget-heading .elementor-heading-title.elementor-size-xl{font-size:39px}.elementor-widget-heading .elementor-heading-title.elementor-size-xxl{font-size:59px}<\/style><h1 class=\"elementor-heading-title elementor-size-default\">Transfusi\u00f3n<\/h1>\t\t<\/div>\n\t\t\t\t<\/div>\n\t\t\t\t<div class=\"elementor-element elementor-element-8e03f64 elementor-widget elementor-widget-text-editor\" data-id=\"8e03f64\" data-element_type=\"widget\" data-widget_type=\"text-editor.default\">\n\t\t\t\t<div class=\"elementor-widget-container\">\n\t\t\t<style>\/*! elementor - v3.10.1 - 17-01-2023 *\/\n.elementor-widget-text-editor.elementor-drop-cap-view-stacked .elementor-drop-cap{background-color:#818a91;color:#fff}.elementor-widget-text-editor.elementor-drop-cap-view-framed .elementor-drop-cap{color:#818a91;border:3px solid;background-color:transparent}.elementor-widget-text-editor:not(.elementor-drop-cap-view-default) .elementor-drop-cap{margin-top:8px}.elementor-widget-text-editor:not(.elementor-drop-cap-view-default) .elementor-drop-cap-letter{width:1em;height:1em}.elementor-widget-text-editor .elementor-drop-cap{float:left;text-align:center;line-height:1;font-size:50px}.elementor-widget-text-editor .elementor-drop-cap-letter{display:inline-block}<\/style>\t\t\t\t<p><strong>Direcci\u00f3n:<\/strong> Mauricio Celed\u00f3n; Ayudante Claire Joinet<\/p><p><strong>Teatristas:<\/strong> Bernardita Aguayo, Francisco Araya, Daniel Arellano, Renzo Brice\u00f1o, Sandra Briones, Alejandro C\u00e1ceres, Julio Cattani, Roxana Campos, Lilly Coronado, Margarita Cortez, Felipe Durand, Lilian Fuentes, Carolina Fuentealba, Soledad Guti\u00e9rrez, Luis Hormazabal, Felipe Jofre, Paola Lazen, Agust\u00edn Letelier, Gonzalo Mu\u00f1oz, Ricardo Piera, Eduardo Saez, Juan Crist\u00f3bal Soto, Claudia Verdejo, Jessica Walker. Con la participaci\u00f3n del hombre p\u00e1jaro Lorenzo Aiyapan. M\u00fasicos Emanuel Becerra, Paulina Gonz\u00e1lez, Alejandro N\u00fa\u00f1ez, Jos\u00e9 Rajevic, Carlos Rojas, Nelson Rojas<\/p>\t\t\t\t\t\t<\/div>\n\t\t\t\t<\/div>\n\t\t\t\t\t<\/div>\n\t\t<\/div>\n\t\t\t\t<div class=\"elementor-column elementor-col-50 elementor-top-column elementor-element elementor-element-29d6ee11\" data-id=\"29d6ee11\" data-element_type=\"column\">\n\t\t\t<div class=\"elementor-widget-wrap\">\n\t\t\t\t\t\t\t\t\t<\/div>\n\t\t<\/div>\n\t\t\t\t\t\t\t<\/div>\n\t\t<\/section>\n\t\t\t\t<section class=\"elementor-section elementor-top-section elementor-element elementor-element-c7e07dd elementor-section-boxed elementor-section-height-default elementor-section-height-default\" data-id=\"c7e07dd\" data-element_type=\"section\">\n\t\t\t\t\t\t<div class=\"elementor-container elementor-column-gap-default\">\n\t\t\t\t\t<div class=\"elementor-column elementor-col-100 elementor-top-column elementor-element elementor-element-3cf39ff\" data-id=\"3cf39ff\" data-element_type=\"column\">\n\t\t\t<div class=\"elementor-widget-wrap elementor-element-populated\">\n\t\t\t\t\t\t\t\t<div class=\"elementor-element elementor-element-29f18db4 elementor-widget elementor-widget-heading\" data-id=\"29f18db4\" data-element_type=\"widget\" data-widget_type=\"heading.default\">\n\t\t\t\t<div class=\"elementor-widget-container\">\n\t\t\t<h2 class=\"elementor-heading-title elementor-size-default\">Video<\/h2>\t\t<\/div>\n\t\t\t\t<\/div>\n\t\t\t\t<div class=\"elementor-element elementor-element-46aff4c elementor-grid-2 elementor-grid-tablet-2 elementor-grid-mobile-1 elementor-widget elementor-widget-portfolio\" data-id=\"46aff4c\" data-element_type=\"widget\" data-settings=\"{&quot;columns&quot;:&quot;2&quot;,&quot;row_gap&quot;:{&quot;unit&quot;:&quot;px&quot;,&quot;size&quot;:20,&quot;sizes&quot;:[]},&quot;columns_tablet&quot;:&quot;2&quot;,&quot;columns_mobile&quot;:&quot;1&quot;,&quot;item_ratio&quot;:{&quot;unit&quot;:&quot;px&quot;,&quot;size&quot;:0.66,&quot;sizes&quot;:[]},&quot;item_gap&quot;:{&quot;unit&quot;:&quot;px&quot;,&quot;size&quot;:&quot;&quot;,&quot;sizes&quot;:[]}}\" data-widget_type=\"portfolio.default\">\n\t\t\t\t<div class=\"elementor-widget-container\">\n\t\t\t<link rel=\"stylesheet\" href=\"https:\/\/ateca.cl\/wp-content\/plugins\/elementor-pro\/assets\/css\/widget-posts.min.css\">\t\t<div class=\"elementor-portfolio elementor-grid elementor-posts-container\">\n\t\t\t\t<article class=\"elementor-portfolio-item elementor-post  post-3114 post type-post status-publish format-standard has-post-thumbnail hentry category-teatro-del-silencio tag-video ciudad-santiago obra-transfusion ano-113 procedencia-renzo-briceno escenario-plaza-de-armas\">\n\t\t\t<a class=\"elementor-post__thumbnail__link\" href=\"https:\/\/ateca.cl\/index.php\/2022\/10\/24\/registro-audiovisual-transfusion-2\/\">\n\t\t\t\t<div class=\"elementor-portfolio-item__img elementor-post__thumbnail\">\n\t\t\t<img loading=\"lazy\" decoding=\"async\" width=\"768\" height=\"630\" src=\"https:\/\/ateca.cl\/wp-content\/uploads\/2022\/10\/transfusion2-768x630.jpg\" class=\"attachment-medium_large size-medium_large wp-image-3124\" alt=\"\" srcset=\"https:\/\/ateca.cl\/wp-content\/uploads\/2022\/10\/transfusion2-768x630.jpg 768w, https:\/\/ateca.cl\/wp-content\/uploads\/2022\/10\/transfusion2-300x246.jpg 300w, https:\/\/ateca.cl\/wp-content\/uploads\/2022\/10\/transfusion2-1024x840.jpg 1024w, https:\/\/ateca.cl\/wp-content\/uploads\/2022\/10\/transfusion2.jpg 1316w\" sizes=\"auto, (max-width: 768px) 100vw, 768px\" \/>\t\t<\/div>\n\t\t\t\t<div class=\"elementor-portfolio-item__overlay\">\n\t\t\t\t<h3 class=\"elementor-portfolio-item__title\">\n\t\tRegistro audiovisual Transfusi\u00f3n 2\t\t<\/h3>\n\t\t\t\t<\/div>\n\t\t\t\t<\/a>\n\t\t<\/article>\n\t\t\t\t<article class=\"elementor-portfolio-item elementor-post  post-3109 post type-post status-publish format-standard has-post-thumbnail hentry category-teatro-del-silencio tag-video ciudad-santiago obra-transfusion ano-113 procedencia-renzo-briceno escenario-plaza-de-armas\">\n\t\t\t<a class=\"elementor-post__thumbnail__link\" href=\"https:\/\/ateca.cl\/index.php\/2022\/10\/24\/registro-audiovisual-transfusion-1\/\">\n\t\t\t\t<div class=\"elementor-portfolio-item__img elementor-post__thumbnail\">\n\t\t\t<img loading=\"lazy\" decoding=\"async\" width=\"768\" height=\"631\" src=\"https:\/\/ateca.cl\/wp-content\/uploads\/2022\/10\/transfusion1-768x631.jpg\" class=\"attachment-medium_large size-medium_large wp-image-3120\" alt=\"\" srcset=\"https:\/\/ateca.cl\/wp-content\/uploads\/2022\/10\/transfusion1-768x631.jpg 768w, https:\/\/ateca.cl\/wp-content\/uploads\/2022\/10\/transfusion1-300x246.jpg 300w, https:\/\/ateca.cl\/wp-content\/uploads\/2022\/10\/transfusion1-1024x841.jpg 1024w, https:\/\/ateca.cl\/wp-content\/uploads\/2022\/10\/transfusion1.jpg 1315w\" sizes=\"auto, (max-width: 768px) 100vw, 768px\" \/>\t\t<\/div>\n\t\t\t\t<div class=\"elementor-portfolio-item__overlay\">\n\t\t\t\t<h3 class=\"elementor-portfolio-item__title\">\n\t\tRegistro audiovisual Transfusi\u00f3n 1\t\t<\/h3>\n\t\t\t\t<\/div>\n\t\t\t\t<\/a>\n\t\t<\/article>\n\t\t\t\t<article class=\"elementor-portfolio-item elementor-post  post-3095 post type-post status-publish format-standard has-post-thumbnail hentry category-teatro-del-silencio tag-video ciudad-santiago obra-transfusion ano-113 procedencia-claire-joinet-y-mauricio-celedon\">\n\t\t\t<a class=\"elementor-post__thumbnail__link\" href=\"https:\/\/ateca.cl\/index.php\/2022\/10\/24\/registro-audiovisual-transfusion-4\/\">\n\t\t\t\t<div class=\"elementor-portfolio-item__img elementor-post__thumbnail\">\n\t\t\t<img loading=\"lazy\" decoding=\"async\" width=\"768\" height=\"588\" src=\"https:\/\/ateca.cl\/wp-content\/uploads\/2022\/10\/transfusion4-768x588.jpg\" class=\"attachment-medium_large size-medium_large wp-image-3233\" alt=\"\" srcset=\"https:\/\/ateca.cl\/wp-content\/uploads\/2022\/10\/transfusion4-768x588.jpg 768w, https:\/\/ateca.cl\/wp-content\/uploads\/2022\/10\/transfusion4-300x230.jpg 300w, https:\/\/ateca.cl\/wp-content\/uploads\/2022\/10\/transfusion4-1024x784.jpg 1024w, https:\/\/ateca.cl\/wp-content\/uploads\/2022\/10\/transfusion4.jpg 1411w\" sizes=\"auto, (max-width: 768px) 100vw, 768px\" \/>\t\t<\/div>\n\t\t\t\t<div class=\"elementor-portfolio-item__overlay\">\n\t\t\t\t<h3 class=\"elementor-portfolio-item__title\">\n\t\tRegistro audiovisual Transfusi\u00f3n 4\t\t<\/h3>\n\t\t\t\t<\/div>\n\t\t\t\t<\/a>\n\t\t<\/article>\n\t\t\t\t<article class=\"elementor-portfolio-item elementor-post  post-3089 post type-post status-publish format-standard has-post-thumbnail hentry category-teatro-del-silencio tag-video ciudad-santiago obra-transfusion ano-113 credito-francisco-salas-camara-y-edicion procedencia-mauricio-celedon-claire-joinet\">\n\t\t\t<a class=\"elementor-post__thumbnail__link\" href=\"https:\/\/ateca.cl\/index.php\/2022\/10\/24\/registro-audiovisual-transfusion-3\/\">\n\t\t\t\t<div class=\"elementor-portfolio-item__img elementor-post__thumbnail\">\n\t\t\t<img loading=\"lazy\" decoding=\"async\" width=\"768\" height=\"519\" src=\"https:\/\/ateca.cl\/wp-content\/uploads\/2022\/10\/transfusion3-768x519.jpg\" class=\"attachment-medium_large size-medium_large wp-image-3105\" alt=\"\" srcset=\"https:\/\/ateca.cl\/wp-content\/uploads\/2022\/10\/transfusion3-768x519.jpg 768w, https:\/\/ateca.cl\/wp-content\/uploads\/2022\/10\/transfusion3-300x203.jpg 300w, https:\/\/ateca.cl\/wp-content\/uploads\/2022\/10\/transfusion3-1024x692.jpg 1024w, https:\/\/ateca.cl\/wp-content\/uploads\/2022\/10\/transfusion3-1536x1038.jpg 1536w, https:\/\/ateca.cl\/wp-content\/uploads\/2022\/10\/transfusion3.jpg 1597w\" sizes=\"auto, (max-width: 768px) 100vw, 768px\" \/>\t\t<\/div>\n\t\t\t\t<div class=\"elementor-portfolio-item__overlay\">\n\t\t\t\t<h3 class=\"elementor-portfolio-item__title\">\n\t\tRegistro audiovisual Transfusi\u00f3n 3\t\t<\/h3>\n\t\t\t\t<\/div>\n\t\t\t\t<\/a>\n\t\t<\/article>\n\t\t\t\t<article class=\"elementor-portfolio-item elementor-post  post-3075 post type-post status-publish format-standard has-post-thumbnail hentry category-teatro-del-silencio tag-video obra-transfusion ano-113 procedencia-renzo-briceno\">\n\t\t\t<a class=\"elementor-post__thumbnail__link\" href=\"https:\/\/ateca.cl\/index.php\/2022\/10\/24\/teatro-del-silencio-el-retorno-de-la-pantomima-a-chile\/\">\n\t\t\t\t<div class=\"elementor-portfolio-item__img elementor-post__thumbnail\">\n\t\t\t<img loading=\"lazy\" decoding=\"async\" width=\"768\" height=\"563\" src=\"https:\/\/ateca.cl\/wp-content\/uploads\/2022\/10\/bienaventuranzas-video-768x563.jpg\" class=\"attachment-medium_large size-medium_large wp-image-3065\" alt=\"\" srcset=\"https:\/\/ateca.cl\/wp-content\/uploads\/2022\/10\/bienaventuranzas-video-768x563.jpg 768w, https:\/\/ateca.cl\/wp-content\/uploads\/2022\/10\/bienaventuranzas-video-300x220.jpg 300w, https:\/\/ateca.cl\/wp-content\/uploads\/2022\/10\/bienaventuranzas-video-1024x751.jpg 1024w, https:\/\/ateca.cl\/wp-content\/uploads\/2022\/10\/bienaventuranzas-video.jpg 1472w\" sizes=\"auto, (max-width: 768px) 100vw, 768px\" \/>\t\t<\/div>\n\t\t\t\t<div class=\"elementor-portfolio-item__overlay\">\n\t\t\t\t<h3 class=\"elementor-portfolio-item__title\">\n\t\tTeatro del silencio el retorno de la pantomima a Chile\t\t<\/h3>\n\t\t\t\t<\/div>\n\t\t\t\t<\/a>\n\t\t<\/article>\n\t\t\t\t<\/div>\n\t\t\t\t<\/div>\n\t\t\t\t<\/div>\n\t\t\t\t\t<\/div>\n\t\t<\/div>\n\t\t\t\t\t\t\t<\/div>\n\t\t<\/section>\n\t\t\t\t<section class=\"elementor-section elementor-top-section elementor-element elementor-element-66f4b656 elementor-section-boxed elementor-section-height-default elementor-section-height-default\" data-id=\"66f4b656\" data-element_type=\"section\">\n\t\t\t\t\t\t<div class=\"elementor-container elementor-column-gap-default\">\n\t\t\t\t\t<div class=\"elementor-column elementor-col-100 elementor-top-column elementor-element elementor-element-7e3b307e\" data-id=\"7e3b307e\" data-element_type=\"column\">\n\t\t\t<div class=\"elementor-widget-wrap elementor-element-populated\">\n\t\t\t\t\t\t\t\t<div class=\"elementor-element elementor-element-6358ba8 elementor-widget elementor-widget-heading\" data-id=\"6358ba8\" data-element_type=\"widget\" data-widget_type=\"heading.default\">\n\t\t\t\t<div class=\"elementor-widget-container\">\n\t\t\t<h2 class=\"elementor-heading-title elementor-size-default\">Galer\u00eda<\/h2>\t\t<\/div>\n\t\t\t\t<\/div>\n\t\t\t\t<div class=\"elementor-element elementor-element-3e816f9f elementor-grid-4 elementor-grid-tablet-2 elementor-grid-mobile-1 elementor-widget elementor-widget-portfolio\" data-id=\"3e816f9f\" data-element_type=\"widget\" data-settings=\"{&quot;row_gap&quot;:{&quot;unit&quot;:&quot;px&quot;,&quot;size&quot;:10,&quot;sizes&quot;:[]},&quot;columns&quot;:&quot;4&quot;,&quot;item_ratio&quot;:{&quot;unit&quot;:&quot;px&quot;,&quot;size&quot;:1.11,&quot;sizes&quot;:[]},&quot;columns_tablet&quot;:&quot;2&quot;,&quot;columns_mobile&quot;:&quot;1&quot;,&quot;item_gap&quot;:{&quot;unit&quot;:&quot;px&quot;,&quot;size&quot;:&quot;&quot;,&quot;sizes&quot;:[]}}\" data-widget_type=\"portfolio.default\">\n\t\t\t\t<div class=\"elementor-widget-container\">\n\t\t\t\t\t<div class=\"elementor-portfolio elementor-grid elementor-posts-container\">\n\t\t\t\t<article class=\"elementor-portfolio-item elementor-post  post-3289 post type-post status-publish format-standard has-post-thumbnail hentry category-teatro-del-silencio ciudad-valparaiso ciudad-vina-del-mar obra-transfusion ano-113 credito-teatro-del-silencio\">\n\t\t\t<a class=\"elementor-post__thumbnail__link\" href=\"https:\/\/ateca.cl\/index.php\/2022\/10\/24\/fotografia-de-transfusion-24\/\">\n\t\t\t\t<div class=\"elementor-portfolio-item__img elementor-post__thumbnail\">\n\t\t\t<img loading=\"lazy\" decoding=\"async\" width=\"768\" height=\"1123\" src=\"https:\/\/ateca.cl\/wp-content\/uploads\/2022\/10\/ATECA_09_03_24-768x1123.jpeg\" class=\"attachment-medium_large size-medium_large wp-image-3146\" alt=\"\" srcset=\"https:\/\/ateca.cl\/wp-content\/uploads\/2022\/10\/ATECA_09_03_24-768x1123.jpeg 768w, https:\/\/ateca.cl\/wp-content\/uploads\/2022\/10\/ATECA_09_03_24-205x300.jpeg 205w, https:\/\/ateca.cl\/wp-content\/uploads\/2022\/10\/ATECA_09_03_24-700x1024.jpeg 700w, https:\/\/ateca.cl\/wp-content\/uploads\/2022\/10\/ATECA_09_03_24-1051x1536.jpeg 1051w, https:\/\/ateca.cl\/wp-content\/uploads\/2022\/10\/ATECA_09_03_24-1401x2048.jpeg 1401w, https:\/\/ateca.cl\/wp-content\/uploads\/2022\/10\/ATECA_09_03_24-scaled.jpeg 1751w\" sizes=\"auto, (max-width: 768px) 100vw, 768px\" \/>\t\t<\/div>\n\t\t\t\t<div class=\"elementor-portfolio-item__overlay\">\n\t\t\t\t<h3 class=\"elementor-portfolio-item__title\">\n\t\tAfiche 1\t\t<\/h3>\n\t\t\t\t<\/div>\n\t\t\t\t<\/a>\n\t\t<\/article>\n\t\t\t\t<article class=\"elementor-portfolio-item elementor-post  post-3297 post type-post status-publish format-standard has-post-thumbnail hentry category-teatro-del-silencio ciudad-santiago obra-transfusion ano-113 credito-teatro-del-silencio procedencia-claire-joinet-y-mauricio-celedon escenario-garage-matucana-19\">\n\t\t\t<a class=\"elementor-post__thumbnail__link\" href=\"https:\/\/ateca.cl\/index.php\/2022\/10\/24\/fotografia-de-transfusion-25\/\">\n\t\t\t\t<div class=\"elementor-portfolio-item__img elementor-post__thumbnail\">\n\t\t\t<img loading=\"lazy\" decoding=\"async\" width=\"768\" height=\"1060\" src=\"https:\/\/ateca.cl\/wp-content\/uploads\/2022\/10\/ATECA_09_03_25-768x1060.jpeg\" class=\"attachment-medium_large size-medium_large wp-image-3147\" alt=\"\" srcset=\"https:\/\/ateca.cl\/wp-content\/uploads\/2022\/10\/ATECA_09_03_25-768x1060.jpeg 768w, https:\/\/ateca.cl\/wp-content\/uploads\/2022\/10\/ATECA_09_03_25-217x300.jpeg 217w, https:\/\/ateca.cl\/wp-content\/uploads\/2022\/10\/ATECA_09_03_25-742x1024.jpeg 742w, https:\/\/ateca.cl\/wp-content\/uploads\/2022\/10\/ATECA_09_03_25-1113x1536.jpeg 1113w, https:\/\/ateca.cl\/wp-content\/uploads\/2022\/10\/ATECA_09_03_25-1484x2048.jpeg 1484w, https:\/\/ateca.cl\/wp-content\/uploads\/2022\/10\/ATECA_09_03_25-scaled.jpeg 1855w\" sizes=\"auto, (max-width: 768px) 100vw, 768px\" \/>\t\t<\/div>\n\t\t\t\t<div class=\"elementor-portfolio-item__overlay\">\n\t\t\t\t<h3 class=\"elementor-portfolio-item__title\">\n\t\tAfiche 3\t\t<\/h3>\n\t\t\t\t<\/div>\n\t\t\t\t<\/a>\n\t\t<\/article>\n\t\t\t\t<article class=\"elementor-portfolio-item elementor-post  post-3302 post type-post status-publish format-standard has-post-thumbnail hentry category-teatro-del-silencio ciudad-santiago obra-transfusion ano-113 credito-teatro-del-silencio procedencia-claire-joinet-y-mauricio-celedon escenario-jardines-plaza-mayor-de-renca\">\n\t\t\t<a class=\"elementor-post__thumbnail__link\" href=\"https:\/\/ateca.cl\/index.php\/2022\/10\/24\/fotografia-de-transfusion-26\/\">\n\t\t\t\t<div class=\"elementor-portfolio-item__img elementor-post__thumbnail\">\n\t\t\t<img loading=\"lazy\" decoding=\"async\" width=\"768\" height=\"1174\" src=\"https:\/\/ateca.cl\/wp-content\/uploads\/2022\/10\/ATECA_09_03_26-768x1174.jpg\" class=\"attachment-medium_large size-medium_large wp-image-3148\" alt=\"\" srcset=\"https:\/\/ateca.cl\/wp-content\/uploads\/2022\/10\/ATECA_09_03_26-768x1174.jpg 768w, https:\/\/ateca.cl\/wp-content\/uploads\/2022\/10\/ATECA_09_03_26-196x300.jpg 196w, https:\/\/ateca.cl\/wp-content\/uploads\/2022\/10\/ATECA_09_03_26-670x1024.jpg 670w, https:\/\/ateca.cl\/wp-content\/uploads\/2022\/10\/ATECA_09_03_26-1005x1536.jpg 1005w, https:\/\/ateca.cl\/wp-content\/uploads\/2022\/10\/ATECA_09_03_26-1339x2048.jpg 1339w, https:\/\/ateca.cl\/wp-content\/uploads\/2022\/10\/ATECA_09_03_26-scaled.jpg 1674w\" sizes=\"auto, (max-width: 768px) 100vw, 768px\" \/>\t\t<\/div>\n\t\t\t\t<div class=\"elementor-portfolio-item__overlay\">\n\t\t\t\t<h3 class=\"elementor-portfolio-item__title\">\n\t\tAfiche 3\t\t<\/h3>\n\t\t\t\t<\/div>\n\t\t\t\t<\/a>\n\t\t<\/article>\n\t\t\t\t<article class=\"elementor-portfolio-item elementor-post  post-5420 post type-post status-publish format-standard has-post-thumbnail hentry category-teatro-del-silencio obra-transfusion ano-113 procedencia-renzo-briceno\">\n\t\t\t<a class=\"elementor-post__thumbnail__link\" href=\"https:\/\/ateca.cl\/index.php\/2022\/12\/17\/fotocopia-de-fotografia-transfusion\/\">\n\t\t\t\t<div class=\"elementor-portfolio-item__img elementor-post__thumbnail\">\n\t\t\t<img loading=\"lazy\" decoding=\"async\" width=\"768\" height=\"1031\" src=\"https:\/\/ateca.cl\/wp-content\/uploads\/2022\/10\/ATECA_09_03_31-768x1031.jpg\" class=\"attachment-medium_large size-medium_large wp-image-3150\" alt=\"\" srcset=\"https:\/\/ateca.cl\/wp-content\/uploads\/2022\/10\/ATECA_09_03_31-768x1031.jpg 768w, https:\/\/ateca.cl\/wp-content\/uploads\/2022\/10\/ATECA_09_03_31-223x300.jpg 223w, https:\/\/ateca.cl\/wp-content\/uploads\/2022\/10\/ATECA_09_03_31-763x1024.jpg 763w, https:\/\/ateca.cl\/wp-content\/uploads\/2022\/10\/ATECA_09_03_31-1144x1536.jpg 1144w, https:\/\/ateca.cl\/wp-content\/uploads\/2022\/10\/ATECA_09_03_31.jpg 1353w\" sizes=\"auto, (max-width: 768px) 100vw, 768px\" \/>\t\t<\/div>\n\t\t\t\t<div class=\"elementor-portfolio-item__overlay\">\n\t\t\t\t<h3 class=\"elementor-portfolio-item__title\">\n\t\tFotocopia de fotograf\u00eda Transfusi\u00f3n\t\t<\/h3>\n\t\t\t\t<\/div>\n\t\t\t\t<\/a>\n\t\t<\/article>\n\t\t\t\t<article class=\"elementor-portfolio-item elementor-post  post-3127 post type-post status-publish format-standard has-post-thumbnail hentry category-teatro-del-silencio ciudad-santiago obra-transfusion ano-113 procedencia-claire-joinet-y-mauricio-celedon\">\n\t\t\t<a class=\"elementor-post__thumbnail__link\" href=\"https:\/\/ateca.cl\/index.php\/2022\/10\/24\/fotografia-de-transfusion1\/\">\n\t\t\t\t<div class=\"elementor-portfolio-item__img elementor-post__thumbnail\">\n\t\t\t<img loading=\"lazy\" decoding=\"async\" width=\"768\" height=\"820\" src=\"https:\/\/ateca.cl\/wp-content\/uploads\/2022\/10\/ATECA_09_03_12-768x820.jpg\" class=\"attachment-medium_large size-medium_large wp-image-3139\" alt=\"\" srcset=\"https:\/\/ateca.cl\/wp-content\/uploads\/2022\/10\/ATECA_09_03_12-768x820.jpg 768w, https:\/\/ateca.cl\/wp-content\/uploads\/2022\/10\/ATECA_09_03_12-281x300.jpg 281w, https:\/\/ateca.cl\/wp-content\/uploads\/2022\/10\/ATECA_09_03_12-960x1024.jpg 960w, https:\/\/ateca.cl\/wp-content\/uploads\/2022\/10\/ATECA_09_03_12.jpg 1312w\" sizes=\"auto, (max-width: 768px) 100vw, 768px\" \/>\t\t<\/div>\n\t\t\t\t<div class=\"elementor-portfolio-item__overlay\">\n\t\t\t\t<h3 class=\"elementor-portfolio-item__title\">\n\t\tFotograf\u00eda de Transfusi\u00f3n 1\t\t<\/h3>\n\t\t\t\t<\/div>\n\t\t\t\t<\/a>\n\t\t<\/article>\n\t\t\t\t<article class=\"elementor-portfolio-item elementor-post  post-3237 post type-post status-publish format-standard has-post-thumbnail hentry category-teatro-del-silencio ciudad-valparaiso obra-transfusion ano-113 procedencia-renzo-briceno\">\n\t\t\t<a class=\"elementor-post__thumbnail__link\" href=\"https:\/\/ateca.cl\/index.php\/2022\/10\/24\/fotografia-de-transfusion-10\/\">\n\t\t\t\t<div class=\"elementor-portfolio-item__img elementor-post__thumbnail\">\n\t\t\t<img loading=\"lazy\" decoding=\"async\" width=\"403\" height=\"604\" src=\"https:\/\/ateca.cl\/wp-content\/uploads\/2022\/10\/ATECA_09_03_10.jpg\" class=\"attachment-medium_large size-medium_large wp-image-3137\" alt=\"\" srcset=\"https:\/\/ateca.cl\/wp-content\/uploads\/2022\/10\/ATECA_09_03_10.jpg 403w, https:\/\/ateca.cl\/wp-content\/uploads\/2022\/10\/ATECA_09_03_10-200x300.jpg 200w\" sizes=\"auto, (max-width: 403px) 100vw, 403px\" \/>\t\t<\/div>\n\t\t\t\t<div class=\"elementor-portfolio-item__overlay\">\n\t\t\t\t<h3 class=\"elementor-portfolio-item__title\">\n\t\tFotograf\u00eda de Transfusi\u00f3n 10\t\t<\/h3>\n\t\t\t\t<\/div>\n\t\t\t\t<\/a>\n\t\t<\/article>\n\t\t\t\t<article class=\"elementor-portfolio-item elementor-post  post-3239 post type-post status-publish format-standard has-post-thumbnail hentry category-teatro-del-silencio ciudad-valparaiso obra-transfusion ano-113 procedencia-renzo-briceno\">\n\t\t\t<a class=\"elementor-post__thumbnail__link\" href=\"https:\/\/ateca.cl\/index.php\/2022\/10\/24\/fotografia-de-transfusion-11\/\">\n\t\t\t\t<div class=\"elementor-portfolio-item__img elementor-post__thumbnail\">\n\t\t\t<img loading=\"lazy\" decoding=\"async\" width=\"445\" height=\"604\" src=\"https:\/\/ateca.cl\/wp-content\/uploads\/2022\/10\/ATECA_09_03_11.jpg\" class=\"attachment-medium_large size-medium_large wp-image-3138\" alt=\"\" srcset=\"https:\/\/ateca.cl\/wp-content\/uploads\/2022\/10\/ATECA_09_03_11.jpg 445w, https:\/\/ateca.cl\/wp-content\/uploads\/2022\/10\/ATECA_09_03_11-221x300.jpg 221w\" sizes=\"auto, (max-width: 445px) 100vw, 445px\" \/>\t\t<\/div>\n\t\t\t\t<div class=\"elementor-portfolio-item__overlay\">\n\t\t\t\t<h3 class=\"elementor-portfolio-item__title\">\n\t\tFotograf\u00eda de Transfusi\u00f3n 11\t\t<\/h3>\n\t\t\t\t<\/div>\n\t\t\t\t<\/a>\n\t\t<\/article>\n\t\t\t\t<article class=\"elementor-portfolio-item elementor-post  post-3248 post type-post status-publish format-standard has-post-thumbnail hentry category-teatro-del-silencio obra-transfusion ano-113 procedencia-renzo-briceno\">\n\t\t\t<a class=\"elementor-post__thumbnail__link\" href=\"https:\/\/ateca.cl\/index.php\/2022\/10\/24\/fotografia-de-transfusion-12\/\">\n\t\t\t\t<div class=\"elementor-portfolio-item__img elementor-post__thumbnail\">\n\t\t\t<img loading=\"lazy\" decoding=\"async\" width=\"768\" height=\"820\" src=\"https:\/\/ateca.cl\/wp-content\/uploads\/2022\/10\/ATECA_09_03_12-768x820.jpg\" class=\"attachment-medium_large size-medium_large wp-image-3139\" alt=\"\" srcset=\"https:\/\/ateca.cl\/wp-content\/uploads\/2022\/10\/ATECA_09_03_12-768x820.jpg 768w, https:\/\/ateca.cl\/wp-content\/uploads\/2022\/10\/ATECA_09_03_12-281x300.jpg 281w, https:\/\/ateca.cl\/wp-content\/uploads\/2022\/10\/ATECA_09_03_12-960x1024.jpg 960w, https:\/\/ateca.cl\/wp-content\/uploads\/2022\/10\/ATECA_09_03_12.jpg 1312w\" sizes=\"auto, (max-width: 768px) 100vw, 768px\" \/>\t\t<\/div>\n\t\t\t\t<div class=\"elementor-portfolio-item__overlay\">\n\t\t\t\t<h3 class=\"elementor-portfolio-item__title\">\n\t\tFotograf\u00eda de Transfusi\u00f3n 12\t\t<\/h3>\n\t\t\t\t<\/div>\n\t\t\t\t<\/a>\n\t\t<\/article>\n\t\t\t\t<article class=\"elementor-portfolio-item elementor-post  post-3259 post type-post status-publish format-standard has-post-thumbnail hentry category-teatro-del-silencio ciudad-santiago obra-transfusion ano-113 procedencia-renzo-briceno escenario-parque-ohiggins\">\n\t\t\t<a class=\"elementor-post__thumbnail__link\" href=\"https:\/\/ateca.cl\/index.php\/2022\/10\/24\/fotografia-de-transfusion-13\/\">\n\t\t\t\t<div class=\"elementor-portfolio-item__img elementor-post__thumbnail\">\n\t\t\t<img loading=\"lazy\" decoding=\"async\" width=\"768\" height=\"553\" src=\"https:\/\/ateca.cl\/wp-content\/uploads\/2022\/10\/ATECA_09_03_13-768x553.jpg\" class=\"attachment-medium_large size-medium_large wp-image-3140\" alt=\"\" srcset=\"https:\/\/ateca.cl\/wp-content\/uploads\/2022\/10\/ATECA_09_03_13-768x553.jpg 768w, https:\/\/ateca.cl\/wp-content\/uploads\/2022\/10\/ATECA_09_03_13-300x216.jpg 300w, https:\/\/ateca.cl\/wp-content\/uploads\/2022\/10\/ATECA_09_03_13-1024x738.jpg 1024w, https:\/\/ateca.cl\/wp-content\/uploads\/2022\/10\/ATECA_09_03_13.jpg 1280w\" sizes=\"auto, (max-width: 768px) 100vw, 768px\" \/>\t\t<\/div>\n\t\t\t\t<div class=\"elementor-portfolio-item__overlay\">\n\t\t\t\t<h3 class=\"elementor-portfolio-item__title\">\n\t\tFotograf\u00eda de Transfusi\u00f3n 13\t\t<\/h3>\n\t\t\t\t<\/div>\n\t\t\t\t<\/a>\n\t\t<\/article>\n\t\t\t\t<article class=\"elementor-portfolio-item elementor-post  post-3261 post type-post status-publish format-standard has-post-thumbnail hentry category-teatro-del-silencio ciudad-valparaiso obra-transfusion ano-113 procedencia-renzo-briceno\">\n\t\t\t<a class=\"elementor-post__thumbnail__link\" href=\"https:\/\/ateca.cl\/index.php\/2022\/10\/24\/fotografia-de-transfusion-13-2\/\">\n\t\t\t\t<div class=\"elementor-portfolio-item__img elementor-post__thumbnail\">\n\t\t\t<img loading=\"lazy\" decoding=\"async\" width=\"735\" height=\"516\" src=\"https:\/\/ateca.cl\/wp-content\/uploads\/2022\/10\/ATECA_09_03_14.jpg\" class=\"attachment-medium_large size-medium_large wp-image-3141\" alt=\"\" srcset=\"https:\/\/ateca.cl\/wp-content\/uploads\/2022\/10\/ATECA_09_03_14.jpg 735w, https:\/\/ateca.cl\/wp-content\/uploads\/2022\/10\/ATECA_09_03_14-300x211.jpg 300w\" sizes=\"auto, (max-width: 735px) 100vw, 735px\" \/>\t\t<\/div>\n\t\t\t\t<div class=\"elementor-portfolio-item__overlay\">\n\t\t\t\t<h3 class=\"elementor-portfolio-item__title\">\n\t\tFotograf\u00eda de Transfusi\u00f3n 14\t\t<\/h3>\n\t\t\t\t<\/div>\n\t\t\t\t<\/a>\n\t\t<\/article>\n\t\t\t\t<article class=\"elementor-portfolio-item elementor-post  post-3266 post type-post status-publish format-standard has-post-thumbnail hentry category-teatro-del-silencio ciudad-valparaiso obra-transfusion ano-113 procedencia-renzo-briceno escenario-parque-ohiggins\">\n\t\t\t<a class=\"elementor-post__thumbnail__link\" href=\"https:\/\/ateca.cl\/index.php\/2022\/10\/24\/fotografia-de-transfusion-15\/\">\n\t\t\t\t<div class=\"elementor-portfolio-item__img elementor-post__thumbnail\">\n\t\t\t<img loading=\"lazy\" decoding=\"async\" width=\"768\" height=\"536\" src=\"https:\/\/ateca.cl\/wp-content\/uploads\/2022\/10\/ATECA_09_03_15-768x536.jpg\" class=\"attachment-medium_large size-medium_large wp-image-3142\" alt=\"\" srcset=\"https:\/\/ateca.cl\/wp-content\/uploads\/2022\/10\/ATECA_09_03_15-768x536.jpg 768w, https:\/\/ateca.cl\/wp-content\/uploads\/2022\/10\/ATECA_09_03_15-300x209.jpg 300w, https:\/\/ateca.cl\/wp-content\/uploads\/2022\/10\/ATECA_09_03_15.jpg 972w\" sizes=\"auto, (max-width: 768px) 100vw, 768px\" \/>\t\t<\/div>\n\t\t\t\t<div class=\"elementor-portfolio-item__overlay\">\n\t\t\t\t<h3 class=\"elementor-portfolio-item__title\">\n\t\tFotograf\u00eda de Transfusi\u00f3n 15\t\t<\/h3>\n\t\t\t\t<\/div>\n\t\t\t\t<\/a>\n\t\t<\/article>\n\t\t\t\t<article class=\"elementor-portfolio-item elementor-post  post-3271 post type-post status-publish format-standard has-post-thumbnail hentry category-teatro-del-silencio ciudad-santiago obra-transfusion ano-113 procedencia-renzo-briceno escenario-estacion-central\">\n\t\t\t<a class=\"elementor-post__thumbnail__link\" href=\"https:\/\/ateca.cl\/index.php\/2022\/10\/24\/fotografia-de-transfusion-16\/\">\n\t\t\t\t<div class=\"elementor-portfolio-item__img elementor-post__thumbnail\">\n\t\t\t<img loading=\"lazy\" decoding=\"async\" width=\"573\" height=\"362\" src=\"https:\/\/ateca.cl\/wp-content\/uploads\/2022\/10\/ATECA_09_03_16.jpg\" class=\"attachment-medium_large size-medium_large wp-image-3143\" alt=\"\" srcset=\"https:\/\/ateca.cl\/wp-content\/uploads\/2022\/10\/ATECA_09_03_16.jpg 573w, https:\/\/ateca.cl\/wp-content\/uploads\/2022\/10\/ATECA_09_03_16-300x190.jpg 300w\" sizes=\"auto, (max-width: 573px) 100vw, 573px\" \/>\t\t<\/div>\n\t\t\t\t<div class=\"elementor-portfolio-item__overlay\">\n\t\t\t\t<h3 class=\"elementor-portfolio-item__title\">\n\t\tFotograf\u00eda de Transfusi\u00f3n 16\t\t<\/h3>\n\t\t\t\t<\/div>\n\t\t\t\t<\/a>\n\t\t<\/article>\n\t\t\t\t<article class=\"elementor-portfolio-item elementor-post  post-3273 post type-post status-publish format-standard has-post-thumbnail hentry category-teatro-del-silencio ciudad-vina-del-mar obra-transfusion ano-113 procedencia-renzo-briceno escenario-marga-marga\">\n\t\t\t<a class=\"elementor-post__thumbnail__link\" href=\"https:\/\/ateca.cl\/index.php\/2022\/10\/24\/fotografia-de-transfusion-17\/\">\n\t\t\t\t<div class=\"elementor-portfolio-item__img elementor-post__thumbnail\">\n\t\t\t<img loading=\"lazy\" decoding=\"async\" width=\"510\" height=\"412\" src=\"https:\/\/ateca.cl\/wp-content\/uploads\/2022\/10\/ATECA_09_03_17.jpg\" class=\"attachment-medium_large size-medium_large wp-image-3144\" alt=\"\" srcset=\"https:\/\/ateca.cl\/wp-content\/uploads\/2022\/10\/ATECA_09_03_17.jpg 510w, https:\/\/ateca.cl\/wp-content\/uploads\/2022\/10\/ATECA_09_03_17-300x242.jpg 300w\" sizes=\"auto, (max-width: 510px) 100vw, 510px\" \/>\t\t<\/div>\n\t\t\t\t<div class=\"elementor-portfolio-item__overlay\">\n\t\t\t\t<h3 class=\"elementor-portfolio-item__title\">\n\t\tFotograf\u00eda de Transfusi\u00f3n 17\t\t<\/h3>\n\t\t\t\t<\/div>\n\t\t\t\t<\/a>\n\t\t<\/article>\n\t\t\t\t<article class=\"elementor-portfolio-item elementor-post  post-3281 post type-post status-publish format-standard has-post-thumbnail hentry category-teatro-del-silencio ciudad-vina-del-mar obra-transfusion ano-113 procedencia-renzo-briceno escenario-marga-marga\">\n\t\t\t<a class=\"elementor-post__thumbnail__link\" href=\"https:\/\/ateca.cl\/index.php\/2022\/10\/24\/fotografia-de-transfusion-18\/\">\n\t\t\t\t<div class=\"elementor-portfolio-item__img elementor-post__thumbnail\">\n\t\t\t<img loading=\"lazy\" decoding=\"async\" width=\"768\" height=\"530\" src=\"https:\/\/ateca.cl\/wp-content\/uploads\/2022\/10\/ATECA_09_03_18-768x530.jpg\" class=\"attachment-medium_large size-medium_large wp-image-3145\" alt=\"\" srcset=\"https:\/\/ateca.cl\/wp-content\/uploads\/2022\/10\/ATECA_09_03_18-768x530.jpg 768w, https:\/\/ateca.cl\/wp-content\/uploads\/2022\/10\/ATECA_09_03_18-300x207.jpg 300w, https:\/\/ateca.cl\/wp-content\/uploads\/2022\/10\/ATECA_09_03_18-1024x707.jpg 1024w, https:\/\/ateca.cl\/wp-content\/uploads\/2022\/10\/ATECA_09_03_18.jpg 1345w\" sizes=\"auto, (max-width: 768px) 100vw, 768px\" \/>\t\t<\/div>\n\t\t\t\t<div class=\"elementor-portfolio-item__overlay\">\n\t\t\t\t<h3 class=\"elementor-portfolio-item__title\">\n\t\tFotograf\u00eda de Transfusi\u00f3n 18\t\t<\/h3>\n\t\t\t\t<\/div>\n\t\t\t\t<\/a>\n\t\t<\/article>\n\t\t\t\t<article class=\"elementor-portfolio-item elementor-post  post-3193 post type-post status-publish format-standard has-post-thumbnail hentry category-teatro-del-silencio ciudad-santiago obra-transfusion ano-113 procedencia-claire-joinet-y-mauricio-celedon escenario-matucana\">\n\t\t\t<a class=\"elementor-post__thumbnail__link\" href=\"https:\/\/ateca.cl\/index.php\/2022\/10\/24\/fotografia-de-transfusion-2\/\">\n\t\t\t\t<div class=\"elementor-portfolio-item__img elementor-post__thumbnail\">\n\t\t\t<img loading=\"lazy\" decoding=\"async\" width=\"746\" height=\"1024\" src=\"https:\/\/ateca.cl\/wp-content\/uploads\/2022\/10\/ATECA_09_03_02.jpg\" class=\"attachment-medium_large size-medium_large wp-image-3130\" alt=\"\" srcset=\"https:\/\/ateca.cl\/wp-content\/uploads\/2022\/10\/ATECA_09_03_02.jpg 746w, https:\/\/ateca.cl\/wp-content\/uploads\/2022\/10\/ATECA_09_03_02-219x300.jpg 219w\" sizes=\"auto, (max-width: 746px) 100vw, 746px\" \/>\t\t<\/div>\n\t\t\t\t<div class=\"elementor-portfolio-item__overlay\">\n\t\t\t\t<h3 class=\"elementor-portfolio-item__title\">\n\t\tFotograf\u00eda de Transfusi\u00f3n 2\t\t<\/h3>\n\t\t\t\t<\/div>\n\t\t\t\t<\/a>\n\t\t<\/article>\n\t\t\t\t<article class=\"elementor-portfolio-item elementor-post  post-3198 post type-post status-publish format-standard has-post-thumbnail hentry category-teatro-del-silencio ciudad-santiago obra-transfusion ano-113 credito-fortin-mapocho procedencia-claire-joinet-y-mauricio-celedon escenario-plaza-de-la-constitucion\">\n\t\t\t<a class=\"elementor-post__thumbnail__link\" href=\"https:\/\/ateca.cl\/index.php\/2022\/10\/24\/fotografia-de-transfusion-3\/\">\n\t\t\t\t<div class=\"elementor-portfolio-item__img elementor-post__thumbnail\">\n\t\t\t<img loading=\"lazy\" decoding=\"async\" width=\"768\" height=\"474\" src=\"https:\/\/ateca.cl\/wp-content\/uploads\/2022\/10\/ATECA_09_03_03-768x474.jpg\" class=\"attachment-medium_large size-medium_large wp-image-3131\" alt=\"\" srcset=\"https:\/\/ateca.cl\/wp-content\/uploads\/2022\/10\/ATECA_09_03_03-768x474.jpg 768w, https:\/\/ateca.cl\/wp-content\/uploads\/2022\/10\/ATECA_09_03_03-300x185.jpg 300w, https:\/\/ateca.cl\/wp-content\/uploads\/2022\/10\/ATECA_09_03_03.jpg 900w\" sizes=\"auto, (max-width: 768px) 100vw, 768px\" \/>\t\t<\/div>\n\t\t\t\t<div class=\"elementor-portfolio-item__overlay\">\n\t\t\t\t<h3 class=\"elementor-portfolio-item__title\">\n\t\tFotograf\u00eda de Transfusi\u00f3n 3\t\t<\/h3>\n\t\t\t\t<\/div>\n\t\t\t\t<\/a>\n\t\t<\/article>\n\t\t\t\t<article class=\"elementor-portfolio-item elementor-post  post-3200 post type-post status-publish format-standard has-post-thumbnail hentry category-teatro-del-silencio ciudad-santiago obra-transfusion ano-113 procedencia-renzo-briceno\">\n\t\t\t<a class=\"elementor-post__thumbnail__link\" href=\"https:\/\/ateca.cl\/index.php\/2022\/10\/24\/fotografia-de-transfusion-4\/\">\n\t\t\t\t<div class=\"elementor-portfolio-item__img elementor-post__thumbnail\">\n\t\t\t<img loading=\"lazy\" decoding=\"async\" width=\"423\" height=\"286\" src=\"https:\/\/ateca.cl\/wp-content\/uploads\/2022\/10\/ATECA_09_03_04.jpg\" class=\"attachment-medium_large size-medium_large wp-image-3132\" alt=\"\" srcset=\"https:\/\/ateca.cl\/wp-content\/uploads\/2022\/10\/ATECA_09_03_04.jpg 423w, https:\/\/ateca.cl\/wp-content\/uploads\/2022\/10\/ATECA_09_03_04-300x203.jpg 300w\" sizes=\"auto, (max-width: 423px) 100vw, 423px\" \/>\t\t<\/div>\n\t\t\t\t<div class=\"elementor-portfolio-item__overlay\">\n\t\t\t\t<h3 class=\"elementor-portfolio-item__title\">\n\t\tFotograf\u00eda de Transfusi\u00f3n 4\t\t<\/h3>\n\t\t\t\t<\/div>\n\t\t\t\t<\/a>\n\t\t<\/article>\n\t\t\t\t<article class=\"elementor-portfolio-item elementor-post  post-3205 post type-post status-publish format-standard has-post-thumbnail hentry category-teatro-del-silencio ciudad-santiago obra-transfusion ano-113 procedencia-renzo-briceno escenario-parque-ohiggins\">\n\t\t\t<a class=\"elementor-post__thumbnail__link\" href=\"https:\/\/ateca.cl\/index.php\/2022\/10\/24\/fotografia-de-transfusion-5\/\">\n\t\t\t\t<div class=\"elementor-portfolio-item__img elementor-post__thumbnail\">\n\t\t\t<img loading=\"lazy\" decoding=\"async\" width=\"768\" height=\"832\" src=\"https:\/\/ateca.cl\/wp-content\/uploads\/2022\/10\/ATECA_09_03_05-768x832.jpg\" class=\"attachment-medium_large size-medium_large wp-image-3133\" alt=\"\" srcset=\"https:\/\/ateca.cl\/wp-content\/uploads\/2022\/10\/ATECA_09_03_05-768x832.jpg 768w, https:\/\/ateca.cl\/wp-content\/uploads\/2022\/10\/ATECA_09_03_05-277x300.jpg 277w, https:\/\/ateca.cl\/wp-content\/uploads\/2022\/10\/ATECA_09_03_05-945x1024.jpg 945w, https:\/\/ateca.cl\/wp-content\/uploads\/2022\/10\/ATECA_09_03_05.jpg 1196w\" sizes=\"auto, (max-width: 768px) 100vw, 768px\" \/>\t\t<\/div>\n\t\t\t\t<div class=\"elementor-portfolio-item__overlay\">\n\t\t\t\t<h3 class=\"elementor-portfolio-item__title\">\n\t\tFotograf\u00eda de Transfusi\u00f3n 5\t\t<\/h3>\n\t\t\t\t<\/div>\n\t\t\t\t<\/a>\n\t\t<\/article>\n\t\t\t\t<article class=\"elementor-portfolio-item elementor-post  post-3210 post type-post status-publish format-standard has-post-thumbnail hentry category-teatro-del-silencio ciudad-santiago obra-transfusion ano-113 escenario-plaza-de-la-constitucion\">\n\t\t\t<a class=\"elementor-post__thumbnail__link\" href=\"https:\/\/ateca.cl\/index.php\/2022\/10\/24\/fotografia-de-transfusion-6\/\">\n\t\t\t\t<div class=\"elementor-portfolio-item__img elementor-post__thumbnail\">\n\t\t\t<img loading=\"lazy\" decoding=\"async\" width=\"768\" height=\"507\" src=\"https:\/\/ateca.cl\/wp-content\/uploads\/2022\/10\/ATECA_09_03_06-768x507.jpg\" class=\"attachment-medium_large size-medium_large wp-image-3134\" alt=\"\" srcset=\"https:\/\/ateca.cl\/wp-content\/uploads\/2022\/10\/ATECA_09_03_06-768x507.jpg 768w, https:\/\/ateca.cl\/wp-content\/uploads\/2022\/10\/ATECA_09_03_06-300x198.jpg 300w, https:\/\/ateca.cl\/wp-content\/uploads\/2022\/10\/ATECA_09_03_06-1024x677.jpg 1024w, https:\/\/ateca.cl\/wp-content\/uploads\/2022\/10\/ATECA_09_03_06.jpg 1223w\" sizes=\"auto, (max-width: 768px) 100vw, 768px\" \/>\t\t<\/div>\n\t\t\t\t<div class=\"elementor-portfolio-item__overlay\">\n\t\t\t\t<h3 class=\"elementor-portfolio-item__title\">\n\t\tFotograf\u00eda de Transfusi\u00f3n 6\t\t<\/h3>\n\t\t\t\t<\/div>\n\t\t\t\t<\/a>\n\t\t<\/article>\n\t\t\t\t<article class=\"elementor-portfolio-item elementor-post  post-3215 post type-post status-publish format-standard has-post-thumbnail hentry category-teatro-del-silencio ciudad-santiago obra-transfusion ano-113 procedencia-renzo-briceno escenario-matucana-19\">\n\t\t\t<a class=\"elementor-post__thumbnail__link\" href=\"https:\/\/ateca.cl\/index.php\/2022\/10\/24\/fotografia-de-transfusion-7\/\">\n\t\t\t\t<div class=\"elementor-portfolio-item__img elementor-post__thumbnail\">\n\t\t\t<img loading=\"lazy\" decoding=\"async\" width=\"768\" height=\"569\" src=\"https:\/\/ateca.cl\/wp-content\/uploads\/2022\/10\/ATECA_09_03_07-768x569.jpg\" class=\"attachment-medium_large size-medium_large wp-image-3135\" alt=\"\" srcset=\"https:\/\/ateca.cl\/wp-content\/uploads\/2022\/10\/ATECA_09_03_07-768x569.jpg 768w, https:\/\/ateca.cl\/wp-content\/uploads\/2022\/10\/ATECA_09_03_07-300x222.jpg 300w, https:\/\/ateca.cl\/wp-content\/uploads\/2022\/10\/ATECA_09_03_07-1024x758.jpg 1024w, https:\/\/ateca.cl\/wp-content\/uploads\/2022\/10\/ATECA_09_03_07-1536x1137.jpg 1536w, https:\/\/ateca.cl\/wp-content\/uploads\/2022\/10\/ATECA_09_03_07.jpg 1675w\" sizes=\"auto, (max-width: 768px) 100vw, 768px\" \/>\t\t<\/div>\n\t\t\t\t<div class=\"elementor-portfolio-item__overlay\">\n\t\t\t\t<h3 class=\"elementor-portfolio-item__title\">\n\t\tFotograf\u00eda de Transfusi\u00f3n 7\t\t<\/h3>\n\t\t\t\t<\/div>\n\t\t\t\t<\/a>\n\t\t<\/article>\n\t\t\t\t<article class=\"elementor-portfolio-item elementor-post  post-3235 post type-post status-publish format-standard has-post-thumbnail hentry category-teatro-del-silencio ciudad-santiago obra-transfusion ano-113 procedencia-renzo-briceno escenario-frente-a-iglesia-san-francisco\">\n\t\t\t<a class=\"elementor-post__thumbnail__link\" href=\"https:\/\/ateca.cl\/index.php\/2022\/10\/24\/fotografia-de-transfusion-8\/\">\n\t\t\t\t<div class=\"elementor-portfolio-item__img elementor-post__thumbnail\">\n\t\t\t<img loading=\"lazy\" decoding=\"async\" width=\"416\" height=\"604\" src=\"https:\/\/ateca.cl\/wp-content\/uploads\/2022\/10\/ATECA_09_03_08.jpg\" class=\"attachment-medium_large size-medium_large wp-image-3136\" alt=\"\" srcset=\"https:\/\/ateca.cl\/wp-content\/uploads\/2022\/10\/ATECA_09_03_08.jpg 416w, https:\/\/ateca.cl\/wp-content\/uploads\/2022\/10\/ATECA_09_03_08-207x300.jpg 207w\" sizes=\"auto, (max-width: 416px) 100vw, 416px\" \/>\t\t<\/div>\n\t\t\t\t<div class=\"elementor-portfolio-item__overlay\">\n\t\t\t\t<h3 class=\"elementor-portfolio-item__title\">\n\t\tFotograf\u00eda de Transfusi\u00f3n 8\t\t<\/h3>\n\t\t\t\t<\/div>\n\t\t\t\t<\/a>\n\t\t<\/article>\n\t\t\t\t<article class=\"elementor-portfolio-item elementor-post  post-3220 post type-post status-publish format-standard has-post-thumbnail hentry category-teatro-del-silencio ciudad-santiago obra-transfusion ano-113 procedencia-renzo-briceno escenario-parque-ohiggins\">\n\t\t\t<a class=\"elementor-post__thumbnail__link\" href=\"https:\/\/ateca.cl\/index.php\/2022\/10\/24\/fotografia-de-transfusion-9\/\">\n\t\t\t\t<div class=\"elementor-portfolio-item__img elementor-post__thumbnail\">\n\t\t\t<img loading=\"lazy\" decoding=\"async\" width=\"604\" height=\"419\" src=\"https:\/\/ateca.cl\/wp-content\/uploads\/2022\/10\/ATECA_09_03_09.png\" class=\"attachment-medium_large size-medium_large wp-image-3257\" alt=\"\" srcset=\"https:\/\/ateca.cl\/wp-content\/uploads\/2022\/10\/ATECA_09_03_09.png 604w, https:\/\/ateca.cl\/wp-content\/uploads\/2022\/10\/ATECA_09_03_09-300x208.png 300w\" sizes=\"auto, (max-width: 604px) 100vw, 604px\" \/>\t\t<\/div>\n\t\t\t\t<div class=\"elementor-portfolio-item__overlay\">\n\t\t\t\t<h3 class=\"elementor-portfolio-item__title\">\n\t\tFotograf\u00eda de Transfusi\u00f3n 9\t\t<\/h3>\n\t\t\t\t<\/div>\n\t\t\t\t<\/a>\n\t\t<\/article>\n\t\t\t\t<\/div>\n\t\t\t\t<\/div>\n\t\t\t\t<\/div>\n\t\t\t\t\t<\/div>\n\t\t<\/div>\n\t\t\t\t\t\t\t<\/div>\n\t\t<\/section>\n\t\t\t\t<section class=\"elementor-section elementor-top-section elementor-element elementor-element-595746b elementor-section-boxed elementor-section-height-default elementor-section-height-default\" data-id=\"595746b\" data-element_type=\"section\">\n\t\t\t\t\t\t<div class=\"elementor-container elementor-column-gap-default\">\n\t\t\t\t\t<div class=\"elementor-column elementor-col-100 elementor-top-column elementor-element elementor-element-a3b1c1a\" data-id=\"a3b1c1a\" data-element_type=\"column\">\n\t\t\t<div class=\"elementor-widget-wrap elementor-element-populated\">\n\t\t\t\t\t\t\t\t<div class=\"elementor-element elementor-element-76faf0e elementor-widget elementor-widget-heading\" data-id=\"76faf0e\" data-element_type=\"widget\" data-widget_type=\"heading.default\">\n\t\t\t\t<div class=\"elementor-widget-container\">\n\t\t\t<h2 class=\"elementor-heading-title elementor-size-default\">documentos<\/h2>\t\t<\/div>\n\t\t\t\t<\/div>\n\t\t\t\t<div class=\"elementor-element elementor-element-25a6c75 elementor-grid-4 elementor-grid-tablet-2 elementor-grid-mobile-1 elementor-widget elementor-widget-portfolio\" data-id=\"25a6c75\" data-element_type=\"widget\" data-settings=\"{&quot;row_gap&quot;:{&quot;unit&quot;:&quot;px&quot;,&quot;size&quot;:10,&quot;sizes&quot;:[]},&quot;columns&quot;:&quot;4&quot;,&quot;masonry&quot;:&quot;yes&quot;,&quot;columns_tablet&quot;:&quot;2&quot;,&quot;columns_mobile&quot;:&quot;1&quot;,&quot;item_gap&quot;:{&quot;unit&quot;:&quot;px&quot;,&quot;size&quot;:&quot;&quot;,&quot;sizes&quot;:[]}}\" data-widget_type=\"portfolio.default\">\n\t\t\t\t<div class=\"elementor-widget-container\">\n\t\t\t\t\t<div class=\"elementor-portfolio elementor-grid elementor-posts-container\">\n\t\t\t\t<article class=\"elementor-portfolio-item elementor-post  post-3371 post type-post status-publish format-standard has-post-thumbnail hentry category-teatro-del-silencio tag-prensa obra-transfusion ano-113 credito-fortin-mapocho procedencia-claire-joinet-y-mauricio-celedon\">\n\t\t\t<a class=\"elementor-post__thumbnail__link\" href=\"https:\/\/ateca.cl\/index.php\/2022\/10\/24\/transfusion-en-la-uc\/\">\n\t\t\t\t<div class=\"elementor-portfolio-item__img elementor-post__thumbnail\">\n\t\t\t<img loading=\"lazy\" decoding=\"async\" width=\"576\" height=\"440\" src=\"https:\/\/ateca.cl\/wp-content\/uploads\/2022\/10\/ATECA_09_03_37.jpg\" class=\"attachment-medium_large size-medium_large wp-image-3155\" alt=\"\" srcset=\"https:\/\/ateca.cl\/wp-content\/uploads\/2022\/10\/ATECA_09_03_37.jpg 576w, https:\/\/ateca.cl\/wp-content\/uploads\/2022\/10\/ATECA_09_03_37-300x229.jpg 300w\" sizes=\"auto, (max-width: 576px) 100vw, 576px\" \/>\t\t<\/div>\n\t\t\t\t<div class=\"elementor-portfolio-item__overlay\">\n\t\t\t\t<h3 class=\"elementor-portfolio-item__title\">\n\t\t\u00abTransfusi\u00f3n\u00bb en la UC\t\t<\/h3>\n\t\t\t\t<\/div>\n\t\t\t\t<\/a>\n\t\t<\/article>\n\t\t\t\t<article class=\"elementor-portfolio-item elementor-post  post-3485 post type-post status-publish format-standard has-post-thumbnail hentry category-teatro-del-silencio tag-prensa ciudad-santiago obra-transfusion ano-113 credito-fortin-mapocho procedencia-claire-joinet-y-mauricio-celedon\">\n\t\t\t<a class=\"elementor-post__thumbnail__link\" href=\"https:\/\/ateca.cl\/index.php\/2022\/10\/24\/a-lomo-de-carreton-llega-mimodrama-con-historia\/\">\n\t\t\t\t<div class=\"elementor-portfolio-item__img elementor-post__thumbnail\">\n\t\t\t<img loading=\"lazy\" decoding=\"async\" width=\"741\" height=\"967\" src=\"https:\/\/ateca.cl\/wp-content\/uploads\/2022\/10\/ATECA_09_03_60.jpg\" class=\"attachment-medium_large size-medium_large wp-image-3175\" alt=\"\" srcset=\"https:\/\/ateca.cl\/wp-content\/uploads\/2022\/10\/ATECA_09_03_60.jpg 741w, https:\/\/ateca.cl\/wp-content\/uploads\/2022\/10\/ATECA_09_03_60-230x300.jpg 230w\" sizes=\"auto, (max-width: 741px) 100vw, 741px\" \/>\t\t<\/div>\n\t\t\t\t<div class=\"elementor-portfolio-item__overlay\">\n\t\t\t\t<h3 class=\"elementor-portfolio-item__title\">\n\t\tA lomo de carret\u00f3n llega mimodrama con historia\t\t<\/h3>\n\t\t\t\t<\/div>\n\t\t\t\t<\/a>\n\t\t<\/article>\n\t\t\t\t<article class=\"elementor-portfolio-item elementor-post  post-3393 post type-post status-publish format-standard has-post-thumbnail hentry category-teatro-del-silencio tag-prensa obra-transfusion ano-113 credito-fortin-mapocho procedencia-claire-joinet-y-mauricio-celedon\">\n\t\t\t<a class=\"elementor-post__thumbnail__link\" href=\"https:\/\/ateca.cl\/index.php\/2022\/10\/24\/actuan-sin-temor-a-la-represion\/\">\n\t\t\t\t<div class=\"elementor-portfolio-item__img elementor-post__thumbnail\">\n\t\t\t<img loading=\"lazy\" decoding=\"async\" width=\"768\" height=\"284\" src=\"https:\/\/ateca.cl\/wp-content\/uploads\/2022\/10\/ATECA_09_03_41-768x284.jpg\" class=\"attachment-medium_large size-medium_large wp-image-3159\" alt=\"\" srcset=\"https:\/\/ateca.cl\/wp-content\/uploads\/2022\/10\/ATECA_09_03_41-768x284.jpg 768w, https:\/\/ateca.cl\/wp-content\/uploads\/2022\/10\/ATECA_09_03_41-300x111.jpg 300w, https:\/\/ateca.cl\/wp-content\/uploads\/2022\/10\/ATECA_09_03_41.jpg 782w\" sizes=\"auto, (max-width: 768px) 100vw, 768px\" \/>\t\t<\/div>\n\t\t\t\t<div class=\"elementor-portfolio-item__overlay\">\n\t\t\t\t<h3 class=\"elementor-portfolio-item__title\">\n\t\tAct\u00faan sin temor a la represi\u00f3n\t\t<\/h3>\n\t\t\t\t<\/div>\n\t\t\t\t<\/a>\n\t\t<\/article>\n\t\t\t\t<article class=\"elementor-portfolio-item elementor-post  post-3381 post type-post status-publish format-standard has-post-thumbnail hentry category-teatro-del-silencio tag-prensa obra-transfusion ano-113 credito-solidaridad procedencia-claire-joinet-y-mauricio-celedon\">\n\t\t\t<a class=\"elementor-post__thumbnail__link\" href=\"https:\/\/ateca.cl\/index.php\/2022\/10\/24\/america-en-imagenes\/\">\n\t\t\t\t<div class=\"elementor-portfolio-item__img elementor-post__thumbnail\">\n\t\t\t<img loading=\"lazy\" decoding=\"async\" width=\"407\" height=\"569\" src=\"https:\/\/ateca.cl\/wp-content\/uploads\/2022\/10\/ATECA_09_03_38.jpg\" class=\"attachment-medium_large size-medium_large wp-image-3156\" alt=\"\" srcset=\"https:\/\/ateca.cl\/wp-content\/uploads\/2022\/10\/ATECA_09_03_38.jpg 407w, https:\/\/ateca.cl\/wp-content\/uploads\/2022\/10\/ATECA_09_03_38-215x300.jpg 215w\" sizes=\"auto, (max-width: 407px) 100vw, 407px\" \/>\t\t<\/div>\n\t\t\t\t<div class=\"elementor-portfolio-item__overlay\">\n\t\t\t\t<h3 class=\"elementor-portfolio-item__title\">\n\t\tAm\u00e9rica en im\u00e1genes\t\t<\/h3>\n\t\t\t\t<\/div>\n\t\t\t\t<\/a>\n\t\t<\/article>\n\t\t\t\t<article class=\"elementor-portfolio-item elementor-post  post-3398 post type-post status-publish format-standard has-post-thumbnail hentry category-teatro-del-silencio tag-prensa obra-transfusion ano-19-de-marzo ano-113 credito-el-mercurio procedencia-claire-joinet-y-mauricio-celedon\">\n\t\t\t<a class=\"elementor-post__thumbnail__link\" href=\"https:\/\/ateca.cl\/index.php\/2022\/10\/24\/transfusion\/\">\n\t\t\t\t<div class=\"elementor-portfolio-item__img elementor-post__thumbnail\">\n\t\t\t<img loading=\"lazy\" decoding=\"async\" width=\"480\" height=\"907\" src=\"https:\/\/ateca.cl\/wp-content\/uploads\/2022\/10\/ATECA_09_03_43.jpg\" class=\"attachment-medium_large size-medium_large wp-image-3161\" alt=\"\" srcset=\"https:\/\/ateca.cl\/wp-content\/uploads\/2022\/10\/ATECA_09_03_43.jpg 480w, https:\/\/ateca.cl\/wp-content\/uploads\/2022\/10\/ATECA_09_03_43-159x300.jpg 159w\" sizes=\"auto, (max-width: 480px) 100vw, 480px\" \/>\t\t<\/div>\n\t\t\t\t<div class=\"elementor-portfolio-item__overlay\">\n\t\t\t\t<h3 class=\"elementor-portfolio-item__title\">\n\t\tCr\u00edtica de teatro: Transfusi\u00f3n\t\t<\/h3>\n\t\t\t\t<\/div>\n\t\t\t\t<\/a>\n\t\t<\/article>\n\t\t\t\t<article class=\"elementor-portfolio-item elementor-post  post-3419 post type-post status-publish format-standard has-post-thumbnail hentry category-teatro-del-silencio tag-prensa obra-transfusion ano-19-de-marzo ano-113 credito-caras procedencia-claire-joinet-y-mauricio-celedon\">\n\t\t\t<a class=\"elementor-post__thumbnail__link\" href=\"https:\/\/ateca.cl\/index.php\/2022\/10\/24\/transfusion3\/\">\n\t\t\t\t<div class=\"elementor-portfolio-item__img elementor-post__thumbnail\">\n\t\t\t<img loading=\"lazy\" decoding=\"async\" width=\"475\" height=\"848\" src=\"https:\/\/ateca.cl\/wp-content\/uploads\/2022\/10\/ATECA_09_03_46.jpg\" class=\"attachment-medium_large size-medium_large wp-image-3163\" alt=\"\" srcset=\"https:\/\/ateca.cl\/wp-content\/uploads\/2022\/10\/ATECA_09_03_46.jpg 475w, https:\/\/ateca.cl\/wp-content\/uploads\/2022\/10\/ATECA_09_03_46-168x300.jpg 168w\" sizes=\"auto, (max-width: 475px) 100vw, 475px\" \/>\t\t<\/div>\n\t\t\t\t<div class=\"elementor-portfolio-item__overlay\">\n\t\t\t\t<h3 class=\"elementor-portfolio-item__title\">\n\t\tCr\u00edtica de teatro: Transfusi\u00f3n\t\t<\/h3>\n\t\t\t\t<\/div>\n\t\t\t\t<\/a>\n\t\t<\/article>\n\t\t\t\t<article class=\"elementor-portfolio-item elementor-post  post-3545 post type-post status-publish format-standard has-post-thumbnail hentry category-teatro-del-silencio tag-pdf ciudad-santiago obra-transfusion ano-113 credito-caras procedencia-claire-joinet-y-mauricio-celedon escenario-parque-ohiggins\">\n\t\t\t<a class=\"elementor-post__thumbnail__link\" href=\"https:\/\/ateca.cl\/index.php\/2022\/10\/24\/documento-de-prensa-transfusion\/\">\n\t\t\t\t<div class=\"elementor-portfolio-item__img elementor-post__thumbnail\">\n\t\t\t<img loading=\"lazy\" decoding=\"async\" width=\"690\" height=\"808\" src=\"https:\/\/ateca.cl\/wp-content\/uploads\/2022\/10\/44.jpg\" class=\"attachment-medium_large size-medium_large wp-image-3547\" alt=\"\" srcset=\"https:\/\/ateca.cl\/wp-content\/uploads\/2022\/10\/44.jpg 690w, https:\/\/ateca.cl\/wp-content\/uploads\/2022\/10\/44-256x300.jpg 256w\" sizes=\"auto, (max-width: 690px) 100vw, 690px\" \/>\t\t<\/div>\n\t\t\t\t<div class=\"elementor-portfolio-item__overlay\">\n\t\t\t\t<h3 class=\"elementor-portfolio-item__title\">\n\t\tDocumento de prensa Transfusi\u00f3n\t\t<\/h3>\n\t\t\t\t<\/div>\n\t\t\t\t<\/a>\n\t\t<\/article>\n\t\t\t\t<article class=\"elementor-portfolio-item elementor-post  post-3519 post type-post status-publish format-standard has-post-thumbnail hentry category-teatro-del-silencio tag-prensa ciudad-santiago obra-transfusion ano-113 credito-la-tercera procedencia-claire-joinet-y-mauricio-celedon\">\n\t\t\t<a class=\"elementor-post__thumbnail__link\" href=\"https:\/\/ateca.cl\/index.php\/2022\/10\/24\/el-teatro-anima-el-verano\/\">\n\t\t\t\t<div class=\"elementor-portfolio-item__img elementor-post__thumbnail\">\n\t\t\t<img loading=\"lazy\" decoding=\"async\" width=\"455\" height=\"629\" src=\"https:\/\/ateca.cl\/wp-content\/uploads\/2022\/10\/ATECA_09_03_66.jpg\" class=\"attachment-medium_large size-medium_large wp-image-3181\" alt=\"\" srcset=\"https:\/\/ateca.cl\/wp-content\/uploads\/2022\/10\/ATECA_09_03_66.jpg 455w, https:\/\/ateca.cl\/wp-content\/uploads\/2022\/10\/ATECA_09_03_66-217x300.jpg 217w\" sizes=\"auto, (max-width: 455px) 100vw, 455px\" \/>\t\t<\/div>\n\t\t\t\t<div class=\"elementor-portfolio-item__overlay\">\n\t\t\t\t<h3 class=\"elementor-portfolio-item__title\">\n\t\tEl teatro anima el verano\t\t<\/h3>\n\t\t\t\t<\/div>\n\t\t\t\t<\/a>\n\t\t<\/article>\n\t\t\t\t<article class=\"elementor-portfolio-item elementor-post  post-3504 post type-post status-publish format-standard has-post-thumbnail hentry category-teatro-del-silencio tag-prensa ciudad-santiago obra-transfusion ano-113 credito-la-segunda procedencia-claire-joinet-y-mauricio-celedon\">\n\t\t\t<a class=\"elementor-post__thumbnail__link\" href=\"https:\/\/ateca.cl\/index.php\/2022\/10\/24\/en-el-frontis-de-estacion-central-se-estrena-mimodrama-transfusion\/\">\n\t\t\t\t<div class=\"elementor-portfolio-item__img elementor-post__thumbnail\">\n\t\t\t<img loading=\"lazy\" decoding=\"async\" width=\"691\" height=\"617\" src=\"https:\/\/ateca.cl\/wp-content\/uploads\/2022\/10\/ATECA_09_03_63.jpg\" class=\"attachment-medium_large size-medium_large wp-image-3178\" alt=\"\" srcset=\"https:\/\/ateca.cl\/wp-content\/uploads\/2022\/10\/ATECA_09_03_63.jpg 691w, https:\/\/ateca.cl\/wp-content\/uploads\/2022\/10\/ATECA_09_03_63-300x268.jpg 300w\" sizes=\"auto, (max-width: 691px) 100vw, 691px\" \/>\t\t<\/div>\n\t\t\t\t<div class=\"elementor-portfolio-item__overlay\">\n\t\t\t\t<h3 class=\"elementor-portfolio-item__title\">\n\t\tEn el frontis de Estaci\u00f3n Central se estrena mimodrama Transfusi\u00f3n\t\t<\/h3>\n\t\t\t\t<\/div>\n\t\t\t\t<\/a>\n\t\t<\/article>\n\t\t\t\t<article class=\"elementor-portfolio-item elementor-post  post-3388 post type-post status-publish format-standard has-post-thumbnail hentry category-teatro-del-silencio tag-prensa obra-transfusion ano-113 procedencia-claire-joinet-y-mauricio-celedon\">\n\t\t\t<a class=\"elementor-post__thumbnail__link\" href=\"https:\/\/ateca.cl\/index.php\/2022\/10\/24\/espectaculo-frente-a-la-moneda\/\">\n\t\t\t\t<div class=\"elementor-portfolio-item__img elementor-post__thumbnail\">\n\t\t\t<img loading=\"lazy\" decoding=\"async\" width=\"470\" height=\"448\" src=\"https:\/\/ateca.cl\/wp-content\/uploads\/2022\/10\/ATECA_09_03_40.jpg\" class=\"attachment-medium_large size-medium_large wp-image-3158\" alt=\"\" srcset=\"https:\/\/ateca.cl\/wp-content\/uploads\/2022\/10\/ATECA_09_03_40.jpg 470w, https:\/\/ateca.cl\/wp-content\/uploads\/2022\/10\/ATECA_09_03_40-300x286.jpg 300w\" sizes=\"auto, (max-width: 470px) 100vw, 470px\" \/>\t\t<\/div>\n\t\t\t\t<div class=\"elementor-portfolio-item__overlay\">\n\t\t\t\t<h3 class=\"elementor-portfolio-item__title\">\n\t\tEspect\u00e1culo frente a La Moneda\t\t<\/h3>\n\t\t\t\t<\/div>\n\t\t\t\t<\/a>\n\t\t<\/article>\n\t\t\t\t<article class=\"elementor-portfolio-item elementor-post  post-3536 post type-post status-publish format-standard has-post-thumbnail hentry category-teatro-del-silencio tag-pdf obra-transfusion ano-113 procedencia-claire-joinet-y-mauricio-celedon\">\n\t\t\t<a class=\"elementor-post__thumbnail__link\" href=\"https:\/\/ateca.cl\/index.php\/2022\/10\/24\/transfusion-obra-que-llega-con-los-aires-de-la-democracia\/\">\n\t\t\t\t<div class=\"elementor-portfolio-item__img elementor-post__thumbnail\">\n\t\t\t<img loading=\"lazy\" decoding=\"async\" width=\"747\" height=\"641\" src=\"https:\/\/ateca.cl\/wp-content\/uploads\/2022\/10\/32.jpg\" class=\"attachment-medium_large size-medium_large wp-image-3541\" alt=\"\" srcset=\"https:\/\/ateca.cl\/wp-content\/uploads\/2022\/10\/32.jpg 747w, https:\/\/ateca.cl\/wp-content\/uploads\/2022\/10\/32-300x257.jpg 300w\" sizes=\"auto, (max-width: 747px) 100vw, 747px\" \/>\t\t<\/div>\n\t\t\t\t<div class=\"elementor-portfolio-item__overlay\">\n\t\t\t\t<h3 class=\"elementor-portfolio-item__title\">\n\t\tFicha de transporte carretones Transfusi\u00f3n\t\t<\/h3>\n\t\t\t\t<\/div>\n\t\t\t\t<\/a>\n\t\t<\/article>\n\t\t\t\t<article class=\"elementor-portfolio-item elementor-post  post-3364 post type-post status-publish format-standard has-post-thumbnail hentry category-teatro-del-silencio tag-prensa obra-transfusion ano-113 credito-la-cuarta procedencia-claire-joinet-y-mauricio-celedon\">\n\t\t\t<a class=\"elementor-post__thumbnail__link\" href=\"https:\/\/ateca.cl\/index.php\/2022\/10\/24\/flor-de-mimodrama-presenta-centro-de-extension-de-la-uc\/\">\n\t\t\t\t<div class=\"elementor-portfolio-item__img elementor-post__thumbnail\">\n\t\t\t<img loading=\"lazy\" decoding=\"async\" width=\"526\" height=\"500\" src=\"https:\/\/ateca.cl\/wp-content\/uploads\/2022\/10\/ATECA_09_03_36.jpg\" class=\"attachment-medium_large size-medium_large wp-image-3154\" alt=\"\" srcset=\"https:\/\/ateca.cl\/wp-content\/uploads\/2022\/10\/ATECA_09_03_36.jpg 526w, https:\/\/ateca.cl\/wp-content\/uploads\/2022\/10\/ATECA_09_03_36-300x285.jpg 300w\" sizes=\"auto, (max-width: 526px) 100vw, 526px\" \/>\t\t<\/div>\n\t\t\t\t<div class=\"elementor-portfolio-item__overlay\">\n\t\t\t\t<h3 class=\"elementor-portfolio-item__title\">\n\t\tFlor de mimodrama presenta centro de extensi\u00f3n de la UC\t\t<\/h3>\n\t\t\t\t<\/div>\n\t\t\t\t<\/a>\n\t\t<\/article>\n\t\t\t\t<article class=\"elementor-portfolio-item elementor-post  post-3527 post type-post status-publish format-standard has-post-thumbnail hentry category-teatro-del-silencio tag-prensa ciudad-santiago obra-transfusion ano-113 procedencia-claire-joinet-y-mauricio-celedon\">\n\t\t\t<a class=\"elementor-post__thumbnail__link\" href=\"https:\/\/ateca.cl\/index.php\/2022\/10\/24\/hemos-reencontrado-una-expresion-artistica\/\">\n\t\t\t\t<div class=\"elementor-portfolio-item__img elementor-post__thumbnail\">\n\t\t\t<img loading=\"lazy\" decoding=\"async\" width=\"395\" height=\"1030\" src=\"https:\/\/ateca.cl\/wp-content\/uploads\/2022\/10\/ATECA_09_03_67.jpg\" class=\"attachment-medium_large size-medium_large wp-image-3182\" alt=\"\" srcset=\"https:\/\/ateca.cl\/wp-content\/uploads\/2022\/10\/ATECA_09_03_67.jpg 395w, https:\/\/ateca.cl\/wp-content\/uploads\/2022\/10\/ATECA_09_03_67-115x300.jpg 115w, https:\/\/ateca.cl\/wp-content\/uploads\/2022\/10\/ATECA_09_03_67-393x1024.jpg 393w\" sizes=\"auto, (max-width: 395px) 100vw, 395px\" \/>\t\t<\/div>\n\t\t\t\t<div class=\"elementor-portfolio-item__overlay\">\n\t\t\t\t<h3 class=\"elementor-portfolio-item__title\">\n\t\tHemos reencontrado una expresi\u00f3n art\u00edstica\t\t<\/h3>\n\t\t\t\t<\/div>\n\t\t\t\t<\/a>\n\t\t<\/article>\n\t\t\t\t<article class=\"elementor-portfolio-item elementor-post  post-3480 post type-post status-publish format-standard has-post-thumbnail hentry category-teatro-del-silencio tag-prensa ciudad-santiago obra-transfusion ano-113 credito-la-epoca procedencia-claire-joinet-y-mauricio-celedon\">\n\t\t\t<a class=\"elementor-post__thumbnail__link\" href=\"https:\/\/ateca.cl\/index.php\/2022\/10\/24\/historia-de-latinoamerica-en-teatro-callejero\/\">\n\t\t\t\t<div class=\"elementor-portfolio-item__img elementor-post__thumbnail\">\n\t\t\t<img loading=\"lazy\" decoding=\"async\" width=\"733\" height=\"1048\" src=\"https:\/\/ateca.cl\/wp-content\/uploads\/2022\/10\/ATECA_09_03_59.jpg\" class=\"attachment-medium_large size-medium_large wp-image-3174\" alt=\"\" srcset=\"https:\/\/ateca.cl\/wp-content\/uploads\/2022\/10\/ATECA_09_03_59.jpg 733w, https:\/\/ateca.cl\/wp-content\/uploads\/2022\/10\/ATECA_09_03_59-210x300.jpg 210w, https:\/\/ateca.cl\/wp-content\/uploads\/2022\/10\/ATECA_09_03_59-716x1024.jpg 716w\" sizes=\"auto, (max-width: 733px) 100vw, 733px\" \/>\t\t<\/div>\n\t\t\t\t<div class=\"elementor-portfolio-item__overlay\">\n\t\t\t\t<h3 class=\"elementor-portfolio-item__title\">\n\t\tHistoria de latinoam\u00e9rica en teatro callejero\t\t<\/h3>\n\t\t\t\t<\/div>\n\t\t\t\t<\/a>\n\t\t<\/article>\n\t\t\t\t<article class=\"elementor-portfolio-item elementor-post  post-3362 post type-post status-publish format-standard has-post-thumbnail hentry category-teatro-del-silencio tag-prensa obra-transfusion ano-113 credito-el-mercurio procedencia-claire-joinet-y-mauricio-celedon\">\n\t\t\t<a class=\"elementor-post__thumbnail__link\" href=\"https:\/\/ateca.cl\/index.php\/2022\/10\/24\/imagenes-de-impacto-y-gestos-para-recrear-nuestra-historia-2\/\">\n\t\t\t\t<div class=\"elementor-portfolio-item__img elementor-post__thumbnail\">\n\t\t\t<img loading=\"lazy\" decoding=\"async\" width=\"723\" height=\"975\" src=\"https:\/\/ateca.cl\/wp-content\/uploads\/2022\/10\/ATECA_09_03_34.jpg\" class=\"attachment-medium_large size-medium_large wp-image-3152\" alt=\"\" srcset=\"https:\/\/ateca.cl\/wp-content\/uploads\/2022\/10\/ATECA_09_03_34.jpg 723w, https:\/\/ateca.cl\/wp-content\/uploads\/2022\/10\/ATECA_09_03_34-222x300.jpg 222w\" sizes=\"auto, (max-width: 723px) 100vw, 723px\" \/>\t\t<\/div>\n\t\t\t\t<div class=\"elementor-portfolio-item__overlay\">\n\t\t\t\t<h3 class=\"elementor-portfolio-item__title\">\n\t\tIm\u00e1genes de impacto y gestos para recrear nuestra historia\t\t<\/h3>\n\t\t\t\t<\/div>\n\t\t\t\t<\/a>\n\t\t<\/article>\n\t\t\t\t<article class=\"elementor-portfolio-item elementor-post  post-3386 post type-post status-publish format-standard has-post-thumbnail hentry category-teatro-del-silencio tag-prensa obra-transfusion ano-113 credito-pluma-y-pincel procedencia-claire-joinet-y-mauricio-celedon\">\n\t\t\t<a class=\"elementor-post__thumbnail__link\" href=\"https:\/\/ateca.cl\/index.php\/2022\/10\/24\/la-magia-del-silencio\/\">\n\t\t\t\t<div class=\"elementor-portfolio-item__img elementor-post__thumbnail\">\n\t\t\t<img loading=\"lazy\" decoding=\"async\" width=\"696\" height=\"853\" src=\"https:\/\/ateca.cl\/wp-content\/uploads\/2022\/10\/ATECA_09_03_39.jpg\" class=\"attachment-medium_large size-medium_large wp-image-3157\" alt=\"\" srcset=\"https:\/\/ateca.cl\/wp-content\/uploads\/2022\/10\/ATECA_09_03_39.jpg 696w, https:\/\/ateca.cl\/wp-content\/uploads\/2022\/10\/ATECA_09_03_39-245x300.jpg 245w\" sizes=\"auto, (max-width: 696px) 100vw, 696px\" \/>\t\t<\/div>\n\t\t\t\t<div class=\"elementor-portfolio-item__overlay\">\n\t\t\t\t<h3 class=\"elementor-portfolio-item__title\">\n\t\tLa magia del silencio\t\t<\/h3>\n\t\t\t\t<\/div>\n\t\t\t\t<\/a>\n\t\t<\/article>\n\t\t\t\t<article class=\"elementor-portfolio-item elementor-post  post-3475 post type-post status-publish format-standard has-post-thumbnail hentry category-teatro-del-silencio tag-prensa ciudad-santiago obra-transfusion ano-113 credito-el-mercurio procedencia-claire-joinet-y-mauricio-celedon\">\n\t\t\t<a class=\"elementor-post__thumbnail__link\" href=\"https:\/\/ateca.cl\/index.php\/2022\/10\/24\/llevan-mimodrama-a-la-plaza-de-armas\/\">\n\t\t\t\t<div class=\"elementor-portfolio-item__img elementor-post__thumbnail\">\n\t\t\t<img loading=\"lazy\" decoding=\"async\" width=\"493\" height=\"823\" src=\"https:\/\/ateca.cl\/wp-content\/uploads\/2022\/10\/ATECA_09_03_57.jpg\" class=\"attachment-medium_large size-medium_large wp-image-3173\" alt=\"\" srcset=\"https:\/\/ateca.cl\/wp-content\/uploads\/2022\/10\/ATECA_09_03_57.jpg 493w, https:\/\/ateca.cl\/wp-content\/uploads\/2022\/10\/ATECA_09_03_57-180x300.jpg 180w\" sizes=\"auto, (max-width: 493px) 100vw, 493px\" \/>\t\t<\/div>\n\t\t\t\t<div class=\"elementor-portfolio-item__overlay\">\n\t\t\t\t<h3 class=\"elementor-portfolio-item__title\">\n\t\tLlevan mimodrama a la Plaza de Armas\t\t<\/h3>\n\t\t\t\t<\/div>\n\t\t\t\t<\/a>\n\t\t<\/article>\n\t\t\t\t<article class=\"elementor-portfolio-item elementor-post  post-3455 post type-post status-publish format-standard has-post-thumbnail hentry category-teatro-del-silencio tag-prensa ciudad-santiago obra-transfusion ano-113 credito-la-tercera procedencia-claire-joinet-y-mauricio-celedon\">\n\t\t\t<a class=\"elementor-post__thumbnail__link\" href=\"https:\/\/ateca.cl\/index.php\/2022\/10\/24\/manifestacion-en-favor-de-los-presos-politicos\/\">\n\t\t\t\t<div class=\"elementor-portfolio-item__img elementor-post__thumbnail\">\n\t\t\t<img loading=\"lazy\" decoding=\"async\" width=\"534\" height=\"679\" src=\"https:\/\/ateca.cl\/wp-content\/uploads\/2022\/10\/ATECA_09_03_53.jpg\" class=\"attachment-medium_large size-medium_large wp-image-3169\" alt=\"\" srcset=\"https:\/\/ateca.cl\/wp-content\/uploads\/2022\/10\/ATECA_09_03_53.jpg 534w, https:\/\/ateca.cl\/wp-content\/uploads\/2022\/10\/ATECA_09_03_53-236x300.jpg 236w\" sizes=\"auto, (max-width: 534px) 100vw, 534px\" \/>\t\t<\/div>\n\t\t\t\t<div class=\"elementor-portfolio-item__overlay\">\n\t\t\t\t<h3 class=\"elementor-portfolio-item__title\">\n\t\tManifestaci\u00f3n en favor de los presos pol\u00edticos\t\t<\/h3>\n\t\t\t\t<\/div>\n\t\t\t\t<\/a>\n\t\t<\/article>\n\t\t\t\t<article class=\"elementor-portfolio-item elementor-post  post-3562 post type-post status-publish format-standard has-post-thumbnail hentry category-teatro-del-silencio tag-pdf ciudad-santiago obra-transfusion ano-113 credito-el-mercurio credito-wiken procedencia-claire-joinet-y-mauricio-celedon\">\n\t\t\t<a class=\"elementor-post__thumbnail__link\" href=\"https:\/\/ateca.cl\/index.php\/2022\/10\/24\/me-atrae-la-melodia-que-hay-en-el-silencio-2\/\">\n\t\t\t\t<div class=\"elementor-portfolio-item__img elementor-post__thumbnail\">\n\t\t\t<img loading=\"lazy\" decoding=\"async\" width=\"768\" height=\"1046\" src=\"https:\/\/ateca.cl\/wp-content\/uploads\/2022\/12\/melodiadelcslencio-768x1046.jpg\" class=\"attachment-medium_large size-medium_large wp-image-5453\" alt=\"\" srcset=\"https:\/\/ateca.cl\/wp-content\/uploads\/2022\/12\/melodiadelcslencio-768x1046.jpg 768w, https:\/\/ateca.cl\/wp-content\/uploads\/2022\/12\/melodiadelcslencio-220x300.jpg 220w, https:\/\/ateca.cl\/wp-content\/uploads\/2022\/12\/melodiadelcslencio-752x1024.jpg 752w, https:\/\/ateca.cl\/wp-content\/uploads\/2022\/12\/melodiadelcslencio-1128x1536.jpg 1128w, https:\/\/ateca.cl\/wp-content\/uploads\/2022\/12\/melodiadelcslencio.jpg 1408w\" sizes=\"auto, (max-width: 768px) 100vw, 768px\" \/>\t\t<\/div>\n\t\t\t\t<div class=\"elementor-portfolio-item__overlay\">\n\t\t\t\t<h3 class=\"elementor-portfolio-item__title\">\n\t\tMe atrae la melod\u00eda que hay en el silencio\t\t<\/h3>\n\t\t\t\t<\/div>\n\t\t\t\t<\/a>\n\t\t<\/article>\n\t\t\t\t<article class=\"elementor-portfolio-item elementor-post  post-3517 post type-post status-publish format-standard has-post-thumbnail hentry category-teatro-del-silencio tag-prensa ciudad-santiago obra-transfusion ano-113 credito-el-mercurio procedencia-claire-joinet-y-mauricio-celedon\">\n\t\t\t<a class=\"elementor-post__thumbnail__link\" href=\"https:\/\/ateca.cl\/index.php\/2022\/10\/24\/mimodrama-callejero-en-estacion-central-2\/\">\n\t\t\t\t<div class=\"elementor-portfolio-item__img elementor-post__thumbnail\">\n\t\t\t<img loading=\"lazy\" decoding=\"async\" width=\"456\" height=\"482\" src=\"https:\/\/ateca.cl\/wp-content\/uploads\/2022\/10\/ATECA_09_03_65.jpg\" class=\"attachment-medium_large size-medium_large wp-image-3180\" alt=\"\" srcset=\"https:\/\/ateca.cl\/wp-content\/uploads\/2022\/10\/ATECA_09_03_65.jpg 456w, https:\/\/ateca.cl\/wp-content\/uploads\/2022\/10\/ATECA_09_03_65-284x300.jpg 284w\" sizes=\"auto, (max-width: 456px) 100vw, 456px\" \/>\t\t<\/div>\n\t\t\t\t<div class=\"elementor-portfolio-item__overlay\">\n\t\t\t\t<h3 class=\"elementor-portfolio-item__title\">\n\t\tMimodrama callejero en Estaci\u00f3n Central. El Mercurio\t\t<\/h3>\n\t\t\t\t<\/div>\n\t\t\t\t<\/a>\n\t\t<\/article>\n\t\t\t\t<article class=\"elementor-portfolio-item elementor-post  post-3509 post type-post status-publish format-standard has-post-thumbnail hentry category-teatro-del-silencio tag-prensa ciudad-santiago obra-transfusion ano-113 credito-la-tercera procedencia-claire-joinet-y-mauricio-celedon\">\n\t\t\t<a class=\"elementor-post__thumbnail__link\" href=\"https:\/\/ateca.cl\/index.php\/2022\/10\/24\/mimodrama-callejero-en-estacion-central\/\">\n\t\t\t\t<div class=\"elementor-portfolio-item__img elementor-post__thumbnail\">\n\t\t\t<img loading=\"lazy\" decoding=\"async\" width=\"345\" height=\"463\" src=\"https:\/\/ateca.cl\/wp-content\/uploads\/2022\/10\/ATECA_09_03_64.jpg\" class=\"attachment-medium_large size-medium_large wp-image-3179\" alt=\"\" srcset=\"https:\/\/ateca.cl\/wp-content\/uploads\/2022\/10\/ATECA_09_03_64.jpg 345w, https:\/\/ateca.cl\/wp-content\/uploads\/2022\/10\/ATECA_09_03_64-224x300.jpg 224w\" sizes=\"auto, (max-width: 345px) 100vw, 345px\" \/>\t\t<\/div>\n\t\t\t\t<div class=\"elementor-portfolio-item__overlay\">\n\t\t\t\t<h3 class=\"elementor-portfolio-item__title\">\n\t\tMimodrama callejero en Estaci\u00f3n Central. La Tercera\t\t<\/h3>\n\t\t\t\t<\/div>\n\t\t\t\t<\/a>\n\t\t<\/article>\n\t\t\t\t<article class=\"elementor-portfolio-item elementor-post  post-3445 post type-post status-publish format-standard has-post-thumbnail hentry category-teatro-del-silencio tag-prensa ciudad-santiago obra-transfusion ano-113 credito-las-ultimas-noticias procedencia-claire-joinet-y-mauricio-celedon\">\n\t\t\t<a class=\"elementor-post__thumbnail__link\" href=\"https:\/\/ateca.cl\/index.php\/2022\/10\/24\/mimodrama-en-matucana\/\">\n\t\t\t\t<div class=\"elementor-portfolio-item__img elementor-post__thumbnail\">\n\t\t\t<img loading=\"lazy\" decoding=\"async\" width=\"221\" height=\"810\" src=\"https:\/\/ateca.cl\/wp-content\/uploads\/2022\/10\/ATECA_09_03_51.jpg\" class=\"attachment-medium_large size-medium_large wp-image-3168\" alt=\"\" srcset=\"https:\/\/ateca.cl\/wp-content\/uploads\/2022\/10\/ATECA_09_03_51.jpg 221w, https:\/\/ateca.cl\/wp-content\/uploads\/2022\/10\/ATECA_09_03_51-82x300.jpg 82w\" sizes=\"auto, (max-width: 221px) 100vw, 221px\" \/>\t\t<\/div>\n\t\t\t\t<div class=\"elementor-portfolio-item__overlay\">\n\t\t\t\t<h3 class=\"elementor-portfolio-item__title\">\n\t\tMimodrama en Matucana\t\t<\/h3>\n\t\t\t\t<\/div>\n\t\t\t\t<\/a>\n\t\t<\/article>\n\t\t\t\t<article class=\"elementor-portfolio-item elementor-post  post-3495 post type-post status-publish format-standard has-post-thumbnail hentry category-teatro-del-silencio tag-prensa ciudad-santiago obra-transfusion ano-113 credito-la-segunda procedencia-claire-joinet-y-mauricio-celedon\">\n\t\t\t<a class=\"elementor-post__thumbnail__link\" href=\"https:\/\/ateca.cl\/index.php\/2022\/10\/24\/mimos-regresan-a-las-plazas-de-santiago-2\/\">\n\t\t\t\t<div class=\"elementor-portfolio-item__img elementor-post__thumbnail\">\n\t\t\t<img loading=\"lazy\" decoding=\"async\" width=\"768\" height=\"513\" src=\"https:\/\/ateca.cl\/wp-content\/uploads\/2022\/10\/ATECA_09_03_62-768x513.jpg\" class=\"attachment-medium_large size-medium_large wp-image-3177\" alt=\"\" srcset=\"https:\/\/ateca.cl\/wp-content\/uploads\/2022\/10\/ATECA_09_03_62-768x513.jpg 768w, https:\/\/ateca.cl\/wp-content\/uploads\/2022\/10\/ATECA_09_03_62-300x200.jpg 300w, https:\/\/ateca.cl\/wp-content\/uploads\/2022\/10\/ATECA_09_03_62-1024x684.jpg 1024w, https:\/\/ateca.cl\/wp-content\/uploads\/2022\/10\/ATECA_09_03_62.jpg 1078w\" sizes=\"auto, (max-width: 768px) 100vw, 768px\" \/>\t\t<\/div>\n\t\t\t\t<div class=\"elementor-portfolio-item__overlay\">\n\t\t\t\t<h3 class=\"elementor-portfolio-item__title\">\n\t\tMimodrama Transfusi\u00f3n recorrer\u00e1 las calles de Santiago\t\t<\/h3>\n\t\t\t\t<\/div>\n\t\t\t\t<\/a>\n\t\t<\/article>\n\t\t\t\t<article class=\"elementor-portfolio-item elementor-post  post-3434 post type-post status-publish format-standard has-post-thumbnail hentry category-teatro-del-silencio tag-prensa ciudad-santiago obra-transfusion ano-113 credito-la-tercera procedencia-claire-joinet-y-mauricio-celedon\">\n\t\t\t<a class=\"elementor-post__thumbnail__link\" href=\"https:\/\/ateca.cl\/index.php\/2022\/10\/24\/con-un-melodrama-se-despide-matucana\/\">\n\t\t\t\t<div class=\"elementor-portfolio-item__img elementor-post__thumbnail\">\n\t\t\t<img loading=\"lazy\" decoding=\"async\" width=\"336\" height=\"551\" src=\"https:\/\/ateca.cl\/wp-content\/uploads\/2022\/10\/ATECA_09_03_50.jpg\" class=\"attachment-medium_large size-medium_large wp-image-3167\" alt=\"\" srcset=\"https:\/\/ateca.cl\/wp-content\/uploads\/2022\/10\/ATECA_09_03_50.jpg 336w, https:\/\/ateca.cl\/wp-content\/uploads\/2022\/10\/ATECA_09_03_50-183x300.jpg 183w\" sizes=\"auto, (max-width: 336px) 100vw, 336px\" \/>\t\t<\/div>\n\t\t\t\t<div class=\"elementor-portfolio-item__overlay\">\n\t\t\t\t<h3 class=\"elementor-portfolio-item__title\">\n\t\tMimos comparten escena con una opereta mapuche\t\t<\/h3>\n\t\t\t\t<\/div>\n\t\t\t\t<\/a>\n\t\t<\/article>\n\t\t\t\t<article class=\"elementor-portfolio-item elementor-post  post-3493 post type-post status-publish format-standard has-post-thumbnail hentry category-teatro-del-silencio tag-prensa ciudad-santiago obra-transfusion ano-179 credito-el-mercurio procedencia-claire-joinet-y-mauricio-celedon\">\n\t\t\t<a class=\"elementor-post__thumbnail__link\" href=\"https:\/\/ateca.cl\/index.php\/2022\/10\/24\/mimos-regresan-a-las-plazas-de-santiago\/\">\n\t\t\t\t<div class=\"elementor-portfolio-item__img elementor-post__thumbnail\">\n\t\t\t<img loading=\"lazy\" decoding=\"async\" width=\"517\" height=\"477\" src=\"https:\/\/ateca.cl\/wp-content\/uploads\/2022\/10\/ATECA_09_03_61.jpg\" class=\"attachment-medium_large size-medium_large wp-image-3176\" alt=\"\" srcset=\"https:\/\/ateca.cl\/wp-content\/uploads\/2022\/10\/ATECA_09_03_61.jpg 517w, https:\/\/ateca.cl\/wp-content\/uploads\/2022\/10\/ATECA_09_03_61-300x277.jpg 300w\" sizes=\"auto, (max-width: 517px) 100vw, 517px\" \/>\t\t<\/div>\n\t\t\t\t<div class=\"elementor-portfolio-item__overlay\">\n\t\t\t\t<h3 class=\"elementor-portfolio-item__title\">\n\t\tMimos regresan a las plazas de Santiago\t\t<\/h3>\n\t\t\t\t<\/div>\n\t\t\t\t<\/a>\n\t\t<\/article>\n\t\t\t\t<article class=\"elementor-portfolio-item elementor-post  post-3458 post type-post status-publish format-standard has-post-thumbnail hentry category-teatro-del-silencio tag-prensa ciudad-santiago obra-transfusion ano-113 credito-fortin-mapocho procedencia-claire-joinet-y-mauricio-celedon\">\n\t\t\t<a class=\"elementor-post__thumbnail__link\" href=\"https:\/\/ateca.cl\/index.php\/2022\/10\/24\/mundo-artistico-cultural-saludo-a-presos-politicos\/\">\n\t\t\t\t<div class=\"elementor-portfolio-item__img elementor-post__thumbnail\">\n\t\t\t<img loading=\"lazy\" decoding=\"async\" width=\"685\" height=\"659\" src=\"https:\/\/ateca.cl\/wp-content\/uploads\/2022\/10\/ATECA_09_03_54.jpg\" class=\"attachment-medium_large size-medium_large wp-image-3170\" alt=\"\" srcset=\"https:\/\/ateca.cl\/wp-content\/uploads\/2022\/10\/ATECA_09_03_54.jpg 685w, https:\/\/ateca.cl\/wp-content\/uploads\/2022\/10\/ATECA_09_03_54-300x289.jpg 300w\" sizes=\"auto, (max-width: 685px) 100vw, 685px\" \/>\t\t<\/div>\n\t\t\t\t<div class=\"elementor-portfolio-item__overlay\">\n\t\t\t\t<h3 class=\"elementor-portfolio-item__title\">\n\t\tMundo art\u00edstico cultural salud\u00f3 a presos pol\u00edticos\t\t<\/h3>\n\t\t\t\t<\/div>\n\t\t\t\t<\/a>\n\t\t<\/article>\n\t\t\t\t<article class=\"elementor-portfolio-item elementor-post  post-3395 post type-post status-publish format-standard has-post-thumbnail hentry category-teatro-del-silencio tag-prensa obra-transfusion ano-113 credito-la-nacion procedencia-claire-joinet-y-mauricio-celedon\">\n\t\t\t<a class=\"elementor-post__thumbnail__link\" href=\"https:\/\/ateca.cl\/index.php\/2022\/10\/24\/nuestra-america-en-las-calles\/\">\n\t\t\t\t<div class=\"elementor-portfolio-item__img elementor-post__thumbnail\">\n\t\t\t<img loading=\"lazy\" decoding=\"async\" width=\"738\" height=\"998\" src=\"https:\/\/ateca.cl\/wp-content\/uploads\/2022\/10\/ATECA_09_03_42.jpg\" class=\"attachment-medium_large size-medium_large wp-image-3160\" alt=\"\" srcset=\"https:\/\/ateca.cl\/wp-content\/uploads\/2022\/10\/ATECA_09_03_42.jpg 738w, https:\/\/ateca.cl\/wp-content\/uploads\/2022\/10\/ATECA_09_03_42-222x300.jpg 222w\" sizes=\"auto, (max-width: 738px) 100vw, 738px\" \/>\t\t<\/div>\n\t\t\t\t<div class=\"elementor-portfolio-item__overlay\">\n\t\t\t\t<h3 class=\"elementor-portfolio-item__title\">\n\t\tNuestra Am\u00e9rica en las calles\t\t<\/h3>\n\t\t\t\t<\/div>\n\t\t\t\t<\/a>\n\t\t<\/article>\n\t\t\t\t<article class=\"elementor-portfolio-item elementor-post  post-3341 post type-post status-publish format-standard has-post-thumbnail hentry category-teatro-del-silencio tag-prensa obra-transfusion ano-113 credito-juan-oblinovic procedencia-renzo-briceno\">\n\t\t\t<a class=\"elementor-post__thumbnail__link\" href=\"https:\/\/ateca.cl\/index.php\/2022\/10\/24\/plantilla-grafica-transfusion\/\">\n\t\t\t\t<div class=\"elementor-portfolio-item__img elementor-post__thumbnail\">\n\t\t\t<img loading=\"lazy\" decoding=\"async\" width=\"619\" height=\"414\" src=\"https:\/\/ateca.cl\/wp-content\/uploads\/2022\/10\/ATECA_09_03_30.jpg\" class=\"attachment-medium_large size-medium_large wp-image-3149\" alt=\"\" srcset=\"https:\/\/ateca.cl\/wp-content\/uploads\/2022\/10\/ATECA_09_03_30.jpg 619w, https:\/\/ateca.cl\/wp-content\/uploads\/2022\/10\/ATECA_09_03_30-300x201.jpg 300w\" sizes=\"auto, (max-width: 619px) 100vw, 619px\" \/>\t\t<\/div>\n\t\t\t\t<div class=\"elementor-portfolio-item__overlay\">\n\t\t\t\t<h3 class=\"elementor-portfolio-item__title\">\n\t\tPlantilla gr\u00e1fica Transfusi\u00f3n\t\t<\/h3>\n\t\t\t\t<\/div>\n\t\t\t\t<\/a>\n\t\t<\/article>\n\t\t\t\t<article class=\"elementor-portfolio-item elementor-post  post-3335 post type-post status-publish format-standard has-post-thumbnail hentry category-teatro-del-silencio tag-pdf tag-prensa obra-transfusion ano-113 credito-teatro-del-silencio procedencia-claire-joinet-y-mauricio-celedon\">\n\t\t\t<a class=\"elementor-post__thumbnail__link\" href=\"https:\/\/ateca.cl\/index.php\/2022\/10\/24\/programa-de-mano-transfusion\/\">\n\t\t\t\t<div class=\"elementor-portfolio-item__img elementor-post__thumbnail\">\n\t\t\t<img loading=\"lazy\" decoding=\"async\" width=\"642\" height=\"963\" src=\"https:\/\/ateca.cl\/wp-content\/uploads\/2022\/10\/29.jpg\" class=\"attachment-medium_large size-medium_large wp-image-3336\" alt=\"\" srcset=\"https:\/\/ateca.cl\/wp-content\/uploads\/2022\/10\/29.jpg 642w, https:\/\/ateca.cl\/wp-content\/uploads\/2022\/10\/29-200x300.jpg 200w\" sizes=\"auto, (max-width: 642px) 100vw, 642px\" \/>\t\t<\/div>\n\t\t\t\t<div class=\"elementor-portfolio-item__overlay\">\n\t\t\t\t<h3 class=\"elementor-portfolio-item__title\">\n\t\tPrograma de mano Transfusi\u00f3n\t\t<\/h3>\n\t\t\t\t<\/div>\n\t\t\t\t<\/a>\n\t\t<\/article>\n\t\t\t\t<article class=\"elementor-portfolio-item elementor-post  post-3323 post type-post status-publish format-standard has-post-thumbnail hentry category-teatro-del-silencio tag-pdf tag-prensa ciudad-santiago obra-transfusion ano-113 credito-teatro-del-silencio procedencia-claire-joinet-y-mauricio-celedon escenario-estacion-central\">\n\t\t\t<a class=\"elementor-post__thumbnail__link\" href=\"https:\/\/ateca.cl\/index.php\/2022\/10\/24\/programa-de-mano-transfusion-estacion-central\/\">\n\t\t\t\t<div class=\"elementor-portfolio-item__img elementor-post__thumbnail\">\n\t\t\t<img loading=\"lazy\" decoding=\"async\" width=\"768\" height=\"499\" src=\"https:\/\/ateca.cl\/wp-content\/uploads\/2022\/10\/28-768x499.jpg\" class=\"attachment-medium_large size-medium_large wp-image-3325\" alt=\"\" srcset=\"https:\/\/ateca.cl\/wp-content\/uploads\/2022\/10\/28-768x499.jpg 768w, https:\/\/ateca.cl\/wp-content\/uploads\/2022\/10\/28-300x195.jpg 300w, https:\/\/ateca.cl\/wp-content\/uploads\/2022\/10\/28-1024x666.jpg 1024w, https:\/\/ateca.cl\/wp-content\/uploads\/2022\/10\/28.jpg 1338w\" sizes=\"auto, (max-width: 768px) 100vw, 768px\" \/>\t\t<\/div>\n\t\t\t\t<div class=\"elementor-portfolio-item__overlay\">\n\t\t\t\t<h3 class=\"elementor-portfolio-item__title\">\n\t\tPrograma de mano Transfusi\u00f3n Estaci\u00f3n Central\t\t<\/h3>\n\t\t\t\t<\/div>\n\t\t\t\t<\/a>\n\t\t<\/article>\n\t\t\t\t<article class=\"elementor-portfolio-item elementor-post  post-3310 post type-post status-publish format-standard has-post-thumbnail hentry category-teatro-del-silencio tag-pdf tag-prensa ciudad-santiago obra-transfusion ano-113 credito-teatro-del-silencio procedencia-claire-joinet-y-mauricio-celedon escenario-parque-ohiggins\">\n\t\t\t<a class=\"elementor-post__thumbnail__link\" href=\"https:\/\/ateca.cl\/index.php\/2022\/10\/24\/programa-de-mano-transfusion-parque-ohiggins\/\">\n\t\t\t\t<div class=\"elementor-portfolio-item__img elementor-post__thumbnail\">\n\t\t\t<img loading=\"lazy\" decoding=\"async\" width=\"768\" height=\"496\" src=\"https:\/\/ateca.cl\/wp-content\/uploads\/2022\/10\/27-768x496.jpg\" class=\"attachment-medium_large size-medium_large wp-image-3317\" alt=\"\" srcset=\"https:\/\/ateca.cl\/wp-content\/uploads\/2022\/10\/27-768x496.jpg 768w, https:\/\/ateca.cl\/wp-content\/uploads\/2022\/10\/27-300x194.jpg 300w, https:\/\/ateca.cl\/wp-content\/uploads\/2022\/10\/27-1024x661.jpg 1024w, https:\/\/ateca.cl\/wp-content\/uploads\/2022\/10\/27.jpg 1171w\" sizes=\"auto, (max-width: 768px) 100vw, 768px\" \/>\t\t<\/div>\n\t\t\t\t<div class=\"elementor-portfolio-item__overlay\">\n\t\t\t\t<h3 class=\"elementor-portfolio-item__title\">\n\t\tPrograma de mano Transfusi\u00f3n Parque O&#8217;Higgins\t\t<\/h3>\n\t\t\t\t<\/div>\n\t\t\t\t<\/a>\n\t\t<\/article>\n\t\t\t\t<article class=\"elementor-portfolio-item elementor-post  post-3467 post type-post status-publish format-standard has-post-thumbnail hentry category-teatro-del-silencio tag-prensa ciudad-santiago obra-transfusion ano-113 credito-analisis procedencia-claire-joinet-y-mauricio-celedon\">\n\t\t\t<a class=\"elementor-post__thumbnail__link\" href=\"https:\/\/ateca.cl\/index.php\/2022\/10\/24\/transfusion-a-la-calle-2\/\">\n\t\t\t\t<div class=\"elementor-portfolio-item__img elementor-post__thumbnail\">\n\t\t\t<img loading=\"lazy\" decoding=\"async\" width=\"352\" height=\"505\" src=\"https:\/\/ateca.cl\/wp-content\/uploads\/2022\/10\/ATECA_09_03_56.jpg\" class=\"attachment-medium_large size-medium_large wp-image-3172\" alt=\"\" srcset=\"https:\/\/ateca.cl\/wp-content\/uploads\/2022\/10\/ATECA_09_03_56.jpg 352w, https:\/\/ateca.cl\/wp-content\/uploads\/2022\/10\/ATECA_09_03_56-209x300.jpg 209w\" sizes=\"auto, (max-width: 352px) 100vw, 352px\" \/>\t\t<\/div>\n\t\t\t\t<div class=\"elementor-portfolio-item__overlay\">\n\t\t\t\t<h3 class=\"elementor-portfolio-item__title\">\n\t\tTeatro callejero\t\t<\/h3>\n\t\t\t\t<\/div>\n\t\t\t\t<\/a>\n\t\t<\/article>\n\t\t\t\t<article class=\"elementor-portfolio-item elementor-post  post-3450 post type-post status-publish format-standard has-post-thumbnail hentry category-teatro-del-silencio tag-prensa ciudad-santiago obra-transfusion ano-113 credito-la-tercera procedencia-claire-joinet-y-mauricio-celedon\">\n\t\t\t<a class=\"elementor-post__thumbnail__link\" href=\"https:\/\/ateca.cl\/index.php\/2022\/10\/24\/teatro-frente-a-ex-carcel-publica\/\">\n\t\t\t\t<div class=\"elementor-portfolio-item__img elementor-post__thumbnail\">\n\t\t\t<img loading=\"lazy\" decoding=\"async\" width=\"534\" height=\"679\" src=\"https:\/\/ateca.cl\/wp-content\/uploads\/2022\/10\/ATECA_09_03_53.jpg\" class=\"attachment-medium_large size-medium_large wp-image-3169\" alt=\"\" srcset=\"https:\/\/ateca.cl\/wp-content\/uploads\/2022\/10\/ATECA_09_03_53.jpg 534w, https:\/\/ateca.cl\/wp-content\/uploads\/2022\/10\/ATECA_09_03_53-236x300.jpg 236w\" sizes=\"auto, (max-width: 534px) 100vw, 534px\" \/>\t\t<\/div>\n\t\t\t\t<div class=\"elementor-portfolio-item__overlay\">\n\t\t\t\t<h3 class=\"elementor-portfolio-item__title\">\n\t\tTeatro frente a ex carcel p\u00fablica\t\t<\/h3>\n\t\t\t\t<\/div>\n\t\t\t\t<\/a>\n\t\t<\/article>\n\t\t\t\t<article class=\"elementor-portfolio-item elementor-post  post-3550 post type-post status-publish format-standard has-post-thumbnail hentry category-teatro-del-silencio tag-pdf ciudad-santiago obra-transfusion ano-113 credito-la-tercera procedencia-claire-joinet-y-mauricio-celedon escenario-parque-ohiggins\">\n\t\t\t<a class=\"elementor-post__thumbnail__link\" href=\"https:\/\/ateca.cl\/index.php\/2022\/10\/24\/teatro-frente-a-ex-carcel-publica-2\/\">\n\t\t\t\t<div class=\"elementor-portfolio-item__img elementor-post__thumbnail\">\n\t\t\t<img loading=\"lazy\" decoding=\"async\" width=\"749\" height=\"611\" src=\"https:\/\/ateca.cl\/wp-content\/uploads\/2022\/10\/52.jpg\" class=\"attachment-medium_large size-medium_large wp-image-3551\" alt=\"\" srcset=\"https:\/\/ateca.cl\/wp-content\/uploads\/2022\/10\/52.jpg 749w, https:\/\/ateca.cl\/wp-content\/uploads\/2022\/10\/52-300x245.jpg 300w\" sizes=\"auto, (max-width: 749px) 100vw, 749px\" \/>\t\t<\/div>\n\t\t\t\t<div class=\"elementor-portfolio-item__overlay\">\n\t\t\t\t<h3 class=\"elementor-portfolio-item__title\">\n\t\tTeatro frente a ex carcel p\u00fablica\t\t<\/h3>\n\t\t\t\t<\/div>\n\t\t\t\t<\/a>\n\t\t<\/article>\n\t\t\t\t<article class=\"elementor-portfolio-item elementor-post  post-3466 post type-post status-publish format-standard has-post-thumbnail hentry category-teatro-del-silencio tag-prensa ciudad-santiago obra-transfusion ano-113 credito-apsi procedencia-claire-joinet-y-mauricio-celedon\">\n\t\t\t<a class=\"elementor-post__thumbnail__link\" href=\"https:\/\/ateca.cl\/index.php\/2022\/10\/26\/transfusion-a-la-calle-3\/\">\n\t\t\t\t<div class=\"elementor-portfolio-item__img elementor-post__thumbnail\">\n\t\t\t<img loading=\"lazy\" decoding=\"async\" width=\"427\" height=\"526\" src=\"https:\/\/ateca.cl\/wp-content\/uploads\/2022\/10\/ATECA_09_03_55.jpg\" class=\"attachment-medium_large size-medium_large wp-image-3171\" alt=\"\" srcset=\"https:\/\/ateca.cl\/wp-content\/uploads\/2022\/10\/ATECA_09_03_55.jpg 427w, https:\/\/ateca.cl\/wp-content\/uploads\/2022\/10\/ATECA_09_03_55-244x300.jpg 244w\" sizes=\"auto, (max-width: 427px) 100vw, 427px\" \/>\t\t<\/div>\n\t\t\t\t<div class=\"elementor-portfolio-item__overlay\">\n\t\t\t\t<h3 class=\"elementor-portfolio-item__title\">\n\t\tTransfusi\u00f3n a la calle\t\t<\/h3>\n\t\t\t\t<\/div>\n\t\t\t\t<\/a>\n\t\t<\/article>\n\t\t\t\t<article class=\"elementor-portfolio-item elementor-post  post-3349 post type-post status-publish format-standard has-post-thumbnail hentry category-teatro-del-silencio tag-prensa obra-transfusion ano-113 credito-pagina-abierta procedencia-claire-joinet-y-mauricio-celedon\">\n\t\t\t<a class=\"elementor-post__thumbnail__link\" href=\"https:\/\/ateca.cl\/index.php\/2022\/10\/24\/transfusion-en-la-calle\/\">\n\t\t\t\t<div class=\"elementor-portfolio-item__img elementor-post__thumbnail\">\n\t\t\t<img loading=\"lazy\" decoding=\"async\" width=\"600\" height=\"433\" src=\"https:\/\/ateca.cl\/wp-content\/uploads\/2022\/10\/ATECA_09_03_33.jpg\" class=\"attachment-medium_large size-medium_large wp-image-3151\" alt=\"\" srcset=\"https:\/\/ateca.cl\/wp-content\/uploads\/2022\/10\/ATECA_09_03_33.jpg 600w, https:\/\/ateca.cl\/wp-content\/uploads\/2022\/10\/ATECA_09_03_33-300x217.jpg 300w\" sizes=\"auto, (max-width: 600px) 100vw, 600px\" \/>\t\t<\/div>\n\t\t\t\t<div class=\"elementor-portfolio-item__overlay\">\n\t\t\t\t<h3 class=\"elementor-portfolio-item__title\">\n\t\tTransfusi\u00f3n en la calle\t\t<\/h3>\n\t\t\t\t<\/div>\n\t\t\t\t<\/a>\n\t\t<\/article>\n\t\t\t\t<article class=\"elementor-portfolio-item elementor-post  post-3428 post type-post status-publish format-standard has-post-thumbnail hentry category-teatro-del-silencio tag-prensa ciudad-la-ligua obra-transfusion ano-113 credito-la-ligua procedencia-claire-joinet-y-mauricio-celedon\">\n\t\t\t<a class=\"elementor-post__thumbnail__link\" href=\"https:\/\/ateca.cl\/index.php\/2022\/10\/24\/transfusion-homenaje-a-charly-nelson-y-una-excelente-gestion-municipal-2\/\">\n\t\t\t\t<div class=\"elementor-portfolio-item__img elementor-post__thumbnail\">\n\t\t\t<img loading=\"lazy\" decoding=\"async\" width=\"768\" height=\"605\" src=\"https:\/\/ateca.cl\/wp-content\/uploads\/2022\/10\/ATECA_09_03_48-768x605.jpg\" class=\"attachment-medium_large size-medium_large wp-image-3165\" alt=\"\" srcset=\"https:\/\/ateca.cl\/wp-content\/uploads\/2022\/10\/ATECA_09_03_48-768x605.jpg 768w, https:\/\/ateca.cl\/wp-content\/uploads\/2022\/10\/ATECA_09_03_48-300x236.jpg 300w, https:\/\/ateca.cl\/wp-content\/uploads\/2022\/10\/ATECA_09_03_48.jpg 993w\" sizes=\"auto, (max-width: 768px) 100vw, 768px\" \/>\t\t<\/div>\n\t\t\t\t<div class=\"elementor-portfolio-item__overlay\">\n\t\t\t\t<h3 class=\"elementor-portfolio-item__title\">\n\t\tTransfusi\u00f3n homenaje a Charly Nelson y una excelente gesti\u00f3n municipal\t\t<\/h3>\n\t\t\t\t<\/div>\n\t\t\t\t<\/a>\n\t\t<\/article>\n\t\t\t\t<article class=\"elementor-portfolio-item elementor-post  post-3421 post type-post status-publish format-standard has-post-thumbnail hentry category-teatro-del-silencio tag-prensa obra-transfusion ano-113 credito-pluma-y-pincel procedencia-claire-joinet-y-mauricio-celedon\">\n\t\t\t<a class=\"elementor-post__thumbnail__link\" href=\"https:\/\/ateca.cl\/index.php\/2022\/10\/24\/transfusion-3\/\">\n\t\t\t\t<div class=\"elementor-portfolio-item__img elementor-post__thumbnail\">\n\t\t\t<img loading=\"lazy\" decoding=\"async\" width=\"657\" height=\"917\" src=\"https:\/\/ateca.cl\/wp-content\/uploads\/2022\/10\/ATECA_09_03_47.jpg\" class=\"attachment-medium_large size-medium_large wp-image-3164\" alt=\"\" srcset=\"https:\/\/ateca.cl\/wp-content\/uploads\/2022\/10\/ATECA_09_03_47.jpg 657w, https:\/\/ateca.cl\/wp-content\/uploads\/2022\/10\/ATECA_09_03_47-215x300.jpg 215w\" sizes=\"auto, (max-width: 657px) 100vw, 657px\" \/>\t\t<\/div>\n\t\t\t\t<div class=\"elementor-portfolio-item__overlay\">\n\t\t\t\t<h3 class=\"elementor-portfolio-item__title\">\n\t\tTransfusi\u00f3n: Aprender a escuchar\t\t<\/h3>\n\t\t\t\t<\/div>\n\t\t\t\t<\/a>\n\t\t<\/article>\n\t\t\t\t<article class=\"elementor-portfolio-item elementor-post  post-3403 post type-post status-publish format-standard has-post-thumbnail hentry category-teatro-del-silencio tag-prensa obra-transfusion ano-113 credito-pluma-y-pincel procedencia-claire-joinet-y-mauricio-celedon\">\n\t\t\t<a class=\"elementor-post__thumbnail__link\" href=\"https:\/\/ateca.cl\/index.php\/2022\/10\/24\/transfusion-2\/\">\n\t\t\t\t<div class=\"elementor-portfolio-item__img elementor-post__thumbnail\">\n\t\t\t<img loading=\"lazy\" decoding=\"async\" width=\"475\" height=\"848\" src=\"https:\/\/ateca.cl\/wp-content\/uploads\/2022\/10\/ATECA_09_03_46.jpg\" class=\"attachment-medium_large size-medium_large wp-image-3163\" alt=\"\" srcset=\"https:\/\/ateca.cl\/wp-content\/uploads\/2022\/10\/ATECA_09_03_46.jpg 475w, https:\/\/ateca.cl\/wp-content\/uploads\/2022\/10\/ATECA_09_03_46-168x300.jpg 168w\" sizes=\"auto, (max-width: 475px) 100vw, 475px\" \/>\t\t<\/div>\n\t\t\t\t<div class=\"elementor-portfolio-item__overlay\">\n\t\t\t\t<h3 class=\"elementor-portfolio-item__title\">\n\t\tTransfusi\u00f3n: Fuerza desmitificadora\t\t<\/h3>\n\t\t\t\t<\/div>\n\t\t\t\t<\/a>\n\t\t<\/article>\n\t\t\t\t<article class=\"elementor-portfolio-item elementor-post  post-3353 post type-post status-publish format-standard has-post-thumbnail hentry category-teatro-del-silencio tag-prensa obra-transfusion ano-113 credito-la-nacion procedencia-claire-joinet-y-mauricio-celedon\">\n\t\t\t<a class=\"elementor-post__thumbnail__link\" href=\"https:\/\/ateca.cl\/index.php\/2022\/10\/24\/imagenes-de-impacto-y-gestos-para-recrear-nuestra-historia\/\">\n\t\t\t\t<div class=\"elementor-portfolio-item__img elementor-post__thumbnail\">\n\t\t\t<img loading=\"lazy\" decoding=\"async\" width=\"448\" height=\"955\" src=\"https:\/\/ateca.cl\/wp-content\/uploads\/2022\/10\/ATECA_09_03_35.jpg\" class=\"attachment-medium_large size-medium_large wp-image-3153\" alt=\"\" srcset=\"https:\/\/ateca.cl\/wp-content\/uploads\/2022\/10\/ATECA_09_03_35.jpg 448w, https:\/\/ateca.cl\/wp-content\/uploads\/2022\/10\/ATECA_09_03_35-141x300.jpg 141w\" sizes=\"auto, (max-width: 448px) 100vw, 448px\" \/>\t\t<\/div>\n\t\t\t\t<div class=\"elementor-portfolio-item__overlay\">\n\t\t\t\t<h3 class=\"elementor-portfolio-item__title\">\n\t\tTransfusi\u00f3n: Homenaje a Enrique Noisvander\t\t<\/h3>\n\t\t\t\t<\/div>\n\t\t\t\t<\/a>\n\t\t<\/article>\n\t\t\t\t<\/div>\n\t\t\t\t<\/div>\n\t\t\t\t<\/div>\n\t\t\t\t\t<\/div>\n\t\t<\/div>\n\t\t\t\t\t\t\t<\/div>\n\t\t<\/section>\n\t\t\t\t\t\t\t<\/div>\n\t\t","protected":false},"excerpt":{"rendered":"<p>Direcci\u00f3n: Mauricio Celed\u00f3n; Ayudante Claire Joinet Teatristas: Bernardita Aguayo, Francisco Araya, Daniel Arellano, Renzo Brice\u00f1o, Sandra Briones, Alejandro C\u00e1ceres, Julio Cattani, Roxana Campos, Lilly Coronado, Margarita Cortez, Felipe Durand, Lilian Fuentes, Carolina Fuentealba, Soledad Guti\u00e9rrez, Luis Hormazabal, Felipe Jofre, Paola Lazen, Agust\u00edn Letelier, Gonzalo Mu\u00f1oz, Ricardo Piera, Eduardo Saez, Juan Crist\u00f3bal Soto, Claudia Verdejo, Jessica [&hellip;]<\/p>\n","protected":false},"author":1,"featured_media":3136,"parent":58,"menu_order":0,"comment_status":"closed","ping_status":"closed","template":"","meta":{"_acf_changed":false,"footnotes":""},"categories":[48],"tags":[],"ciudad":[],"obra":[220],"ano":[174],"credito":[],"procedencia":[170],"codigo":[],"escenario":[],"class_list":["post-3694","page","type-page","status-publish","has-post-thumbnail","hentry","category-teatro-del-silencio","obra-transfusion","ano-174","procedencia-claire-joinet-y-mauricio-celedon"],"acf":[],"_links":{"self":[{"href":"https:\/\/ateca.cl\/index.php\/wp-json\/wp\/v2\/pages\/3694","targetHints":{"allow":["GET"]}}],"collection":[{"href":"https:\/\/ateca.cl\/index.php\/wp-json\/wp\/v2\/pages"}],"about":[{"href":"https:\/\/ateca.cl\/index.php\/wp-json\/wp\/v2\/types\/page"}],"author":[{"embeddable":true,"href":"https:\/\/ateca.cl\/index.php\/wp-json\/wp\/v2\/users\/1"}],"replies":[{"embeddable":true,"href":"https:\/\/ateca.cl\/index.php\/wp-json\/wp\/v2\/comments?post=3694"}],"version-history":[{"count":59,"href":"https:\/\/ateca.cl\/index.php\/wp-json\/wp\/v2\/pages\/3694\/revisions"}],"predecessor-version":[{"id":5446,"href":"https:\/\/ateca.cl\/index.php\/wp-json\/wp\/v2\/pages\/3694\/revisions\/5446"}],"up":[{"embeddable":true,"href":"https:\/\/ateca.cl\/index.php\/wp-json\/wp\/v2\/pages\/58"}],"wp:featuredmedia":[{"embeddable":true,"href":"https:\/\/ateca.cl\/index.php\/wp-json\/wp\/v2\/media\/3136"}],"wp:attachment":[{"href":"https:\/\/ateca.cl\/index.php\/wp-json\/wp\/v2\/media?parent=3694"}],"wp:term":[{"taxonomy":"category","embeddable":true,"href":"https:\/\/ateca.cl\/index.php\/wp-json\/wp\/v2\/categories?post=3694"},{"taxonomy":"post_tag","embeddable":true,"href":"https:\/\/ateca.cl\/index.php\/wp-json\/wp\/v2\/tags?post=3694"},{"taxonomy":"ciudad","embeddable":true,"href":"https:\/\/ateca.cl\/index.php\/wp-json\/wp\/v2\/ciudad?post=3694"},{"taxonomy":"obra","embeddable":true,"href":"https:\/\/ateca.cl\/index.php\/wp-json\/wp\/v2\/obra?post=3694"},{"taxonomy":"ano","embeddable":true,"href":"https:\/\/ateca.cl\/index.php\/wp-json\/wp\/v2\/ano?post=3694"},{"taxonomy":"credito","embeddable":true,"href":"https:\/\/ateca.cl\/index.php\/wp-json\/wp\/v2\/credito?post=3694"},{"taxonomy":"procedencia","embeddable":true,"href":"https:\/\/ateca.cl\/index.php\/wp-json\/wp\/v2\/procedencia?post=3694"},{"taxonomy":"codigo","embeddable":true,"href":"https:\/\/ateca.cl\/index.php\/wp-json\/wp\/v2\/codigo?post=3694"},{"taxonomy":"escenario","embeddable":true,"href":"https:\/\/ateca.cl\/index.php\/wp-json\/wp\/v2\/escenario?post=3694"}],"curies":[{"name":"wp","href":"https:\/\/api.w.org\/{rel}","templated":true}]}}