{"id":4224,"date":"2022-11-03T23:21:42","date_gmt":"2022-11-03T23:21:42","guid":{"rendered":"https:\/\/ateca.cl\/?page_id=4224"},"modified":"2022-11-14T19:17:02","modified_gmt":"2022-11-14T19:17:02","slug":"a-tablero-vuelto","status":"publish","type":"page","link":"https:\/\/ateca.cl\/index.php\/companias\/teatro-de-la-calle\/a-tablero-vuelto\/","title":{"rendered":"A tablero vuelto"},"content":{"rendered":"\t\t<div data-elementor-type=\"wp-page\" data-elementor-id=\"4224\" class=\"elementor elementor-4224\">\n\t\t\t\t\t\t\t\t\t<section class=\"elementor-section elementor-top-section elementor-element elementor-element-6faabb25 elementor-section-full_width elementor-section-height-default elementor-section-height-default\" data-id=\"6faabb25\" data-element_type=\"section\">\n\t\t\t\t\t\t<div class=\"elementor-container elementor-column-gap-default\">\n\t\t\t\t\t<div class=\"elementor-column elementor-col-100 elementor-top-column elementor-element elementor-element-eeccd20\" data-id=\"eeccd20\" data-element_type=\"column\">\n\t\t\t<div class=\"elementor-widget-wrap\">\n\t\t\t\t\t\t\t\t\t<\/div>\n\t\t<\/div>\n\t\t\t\t\t\t\t<\/div>\n\t\t<\/section>\n\t\t\t\t<section class=\"elementor-section elementor-top-section elementor-element elementor-element-5b9b15c6 elementor-section-boxed elementor-section-height-default elementor-section-height-default\" data-id=\"5b9b15c6\" data-element_type=\"section\">\n\t\t\t\t\t\t<div class=\"elementor-container elementor-column-gap-default\">\n\t\t\t\t\t<div class=\"elementor-column elementor-col-50 elementor-top-column elementor-element elementor-element-38179485\" data-id=\"38179485\" data-element_type=\"column\">\n\t\t\t<div class=\"elementor-widget-wrap elementor-element-populated\">\n\t\t\t\t\t\t\t\t<div class=\"elementor-element elementor-element-42fa0e54 elementor-widget elementor-widget-theme-post-title elementor-page-title elementor-widget-heading\" data-id=\"42fa0e54\" data-element_type=\"widget\" data-widget_type=\"theme-post-title.default\">\n\t\t\t\t<div class=\"elementor-widget-container\">\n\t\t\t<style>\/*! elementor - v3.10.1 - 17-01-2023 *\/\n.elementor-heading-title{padding:0;margin:0;line-height:1}.elementor-widget-heading .elementor-heading-title[class*=elementor-size-]>a{color:inherit;font-size:inherit;line-height:inherit}.elementor-widget-heading .elementor-heading-title.elementor-size-small{font-size:15px}.elementor-widget-heading .elementor-heading-title.elementor-size-medium{font-size:19px}.elementor-widget-heading .elementor-heading-title.elementor-size-large{font-size:29px}.elementor-widget-heading .elementor-heading-title.elementor-size-xl{font-size:39px}.elementor-widget-heading .elementor-heading-title.elementor-size-xxl{font-size:59px}<\/style><h1 class=\"elementor-heading-title elementor-size-default\">A tablero vuelto<\/h1>\t\t<\/div>\n\t\t\t\t<\/div>\n\t\t\t\t<div class=\"elementor-element elementor-element-31b538cc elementor-widget elementor-widget-text-editor\" data-id=\"31b538cc\" data-element_type=\"widget\" data-widget_type=\"text-editor.default\">\n\t\t\t\t<div class=\"elementor-widget-container\">\n\t\t\t<style>\/*! elementor - v3.10.1 - 17-01-2023 *\/\n.elementor-widget-text-editor.elementor-drop-cap-view-stacked .elementor-drop-cap{background-color:#818a91;color:#fff}.elementor-widget-text-editor.elementor-drop-cap-view-framed .elementor-drop-cap{color:#818a91;border:3px solid;background-color:transparent}.elementor-widget-text-editor:not(.elementor-drop-cap-view-default) .elementor-drop-cap{margin-top:8px}.elementor-widget-text-editor:not(.elementor-drop-cap-view-default) .elementor-drop-cap-letter{width:1em;height:1em}.elementor-widget-text-editor .elementor-drop-cap{float:left;text-align:center;line-height:1;font-size:50px}.elementor-widget-text-editor .elementor-drop-cap-letter{display:inline-block}<\/style>\t\t\t\t<p><strong>Teatristas:<\/strong> Juan Manuel S\u00e1nchez, Ana Mar\u00eda Montan\u00e9<\/p>\t\t\t\t\t\t<\/div>\n\t\t\t\t<\/div>\n\t\t\t\t\t<\/div>\n\t\t<\/div>\n\t\t\t\t<div class=\"elementor-column elementor-col-50 elementor-top-column elementor-element elementor-element-7b068c84\" data-id=\"7b068c84\" data-element_type=\"column\">\n\t\t\t<div class=\"elementor-widget-wrap\">\n\t\t\t\t\t\t\t\t\t<\/div>\n\t\t<\/div>\n\t\t\t\t\t\t\t<\/div>\n\t\t<\/section>\n\t\t\t\t<section class=\"elementor-section elementor-top-section elementor-element elementor-element-34a7cc76 elementor-section-boxed elementor-section-height-default elementor-section-height-default\" data-id=\"34a7cc76\" data-element_type=\"section\">\n\t\t\t\t\t\t<div class=\"elementor-container elementor-column-gap-default\">\n\t\t\t\t\t<div class=\"elementor-column elementor-col-100 elementor-top-column elementor-element elementor-element-19c4480e\" data-id=\"19c4480e\" data-element_type=\"column\">\n\t\t\t<div class=\"elementor-widget-wrap elementor-element-populated\">\n\t\t\t\t\t\t\t\t<div class=\"elementor-element elementor-element-1c5a972b elementor-widget elementor-widget-heading\" data-id=\"1c5a972b\" data-element_type=\"widget\" data-widget_type=\"heading.default\">\n\t\t\t\t<div class=\"elementor-widget-container\">\n\t\t\t<h2 class=\"elementor-heading-title elementor-size-default\">documentos<\/h2>\t\t<\/div>\n\t\t\t\t<\/div>\n\t\t\t\t<div class=\"elementor-element elementor-element-7b273eeb elementor-grid-3 elementor-grid-tablet-2 elementor-grid-mobile-1 elementor-widget elementor-widget-portfolio\" data-id=\"7b273eeb\" data-element_type=\"widget\" data-settings=\"{&quot;row_gap&quot;:{&quot;unit&quot;:&quot;px&quot;,&quot;size&quot;:10,&quot;sizes&quot;:[]},&quot;columns&quot;:&quot;3&quot;,&quot;columns_tablet&quot;:&quot;2&quot;,&quot;columns_mobile&quot;:&quot;1&quot;,&quot;item_ratio&quot;:{&quot;unit&quot;:&quot;px&quot;,&quot;size&quot;:0.66,&quot;sizes&quot;:[]},&quot;item_gap&quot;:{&quot;unit&quot;:&quot;px&quot;,&quot;size&quot;:&quot;&quot;,&quot;sizes&quot;:[]}}\" data-widget_type=\"portfolio.default\">\n\t\t\t\t<div class=\"elementor-widget-container\">\n\t\t\t<link rel=\"stylesheet\" href=\"https:\/\/ateca.cl\/wp-content\/plugins\/elementor-pro\/assets\/css\/widget-posts.min.css\">\t\t<div class=\"elementor-portfolio elementor-grid elementor-posts-container\">\n\t\t\t\t<article class=\"elementor-portfolio-item elementor-post  post-4815 post type-post status-publish format-standard has-post-thumbnail hentry category-teatro-de-la-calle tag-prensa ciudad-copiapo obra-a-tablero-vuelto ano-130 ano-31-de-marzo procedencia-ana-maria-montane codigo-ateca_01_01_01\">\n\t\t\t<a class=\"elementor-post__thumbnail__link\" href=\"https:\/\/ateca.cl\/index.php\/2022\/11\/14\/a-tablero-vuelto-se-presenta-teatro-de-la-calle\/\">\n\t\t\t\t<div class=\"elementor-portfolio-item__img elementor-post__thumbnail\">\n\t\t\t<img loading=\"lazy\" decoding=\"async\" width=\"768\" height=\"1135\" src=\"https:\/\/ateca.cl\/wp-content\/uploads\/2022\/11\/ATECA_07_02_02-768x1135.jpg\" class=\"attachment-medium_large size-medium_large wp-image-4820\" alt=\"\" srcset=\"https:\/\/ateca.cl\/wp-content\/uploads\/2022\/11\/ATECA_07_02_02-768x1135.jpg 768w, https:\/\/ateca.cl\/wp-content\/uploads\/2022\/11\/ATECA_07_02_02-203x300.jpg 203w, https:\/\/ateca.cl\/wp-content\/uploads\/2022\/11\/ATECA_07_02_02-693x1024.jpg 693w, https:\/\/ateca.cl\/wp-content\/uploads\/2022\/11\/ATECA_07_02_02-1039x1536.jpg 1039w, https:\/\/ateca.cl\/wp-content\/uploads\/2022\/11\/ATECA_07_02_02-1385x2048.jpg 1385w, https:\/\/ateca.cl\/wp-content\/uploads\/2022\/11\/ATECA_07_02_02-scaled.jpg 1732w\" sizes=\"auto, (max-width: 768px) 100vw, 768px\" \/>\t\t<\/div>\n\t\t\t\t<div class=\"elementor-portfolio-item__overlay\">\n\t\t\t\t<h3 class=\"elementor-portfolio-item__title\">\n\t\t\u00abA tablero vuelto\u00bb se presenta Teatro de la Calle\t\t<\/h3>\n\t\t\t\t<\/div>\n\t\t\t\t<\/a>\n\t\t<\/article>\n\t\t\t\t<article class=\"elementor-portfolio-item elementor-post  post-4805 post type-post status-publish format-standard has-post-thumbnail hentry category-teatro-de-la-calle tag-prensa ciudad-santiago obra-a-tablero-vuelto ano-130 procedencia-ana-maria-montane codigo-ateca_01_01_01\">\n\t\t\t<a class=\"elementor-post__thumbnail__link\" href=\"https:\/\/ateca.cl\/index.php\/2022\/11\/14\/a-tablero-vuelto-actuaran-artistas-callejeros\/\">\n\t\t\t\t<div class=\"elementor-portfolio-item__img elementor-post__thumbnail\">\n\t\t\t<img loading=\"lazy\" decoding=\"async\" width=\"768\" height=\"1029\" src=\"https:\/\/ateca.cl\/wp-content\/uploads\/2022\/11\/ATECA_07_02_01-768x1029.jpg\" class=\"attachment-medium_large size-medium_large wp-image-4807\" alt=\"\" srcset=\"https:\/\/ateca.cl\/wp-content\/uploads\/2022\/11\/ATECA_07_02_01-768x1029.jpg 768w, https:\/\/ateca.cl\/wp-content\/uploads\/2022\/11\/ATECA_07_02_01-224x300.jpg 224w, https:\/\/ateca.cl\/wp-content\/uploads\/2022\/11\/ATECA_07_02_01-764x1024.jpg 764w, https:\/\/ateca.cl\/wp-content\/uploads\/2022\/11\/ATECA_07_02_01-1146x1536.jpg 1146w, https:\/\/ateca.cl\/wp-content\/uploads\/2022\/11\/ATECA_07_02_01-1528x2048.jpg 1528w, https:\/\/ateca.cl\/wp-content\/uploads\/2022\/11\/ATECA_07_02_01.jpg 1599w\" sizes=\"auto, (max-width: 768px) 100vw, 768px\" \/>\t\t<\/div>\n\t\t\t\t<div class=\"elementor-portfolio-item__overlay\">\n\t\t\t\t<h3 class=\"elementor-portfolio-item__title\">\n\t\tA \u00abtablero vuelto\u00bb actuar\u00e1n artistas callejeros\t\t<\/h3>\n\t\t\t\t<\/div>\n\t\t\t\t<\/a>\n\t\t<\/article>\n\t\t\t\t<\/div>\n\t\t\t\t<\/div>\n\t\t\t\t<\/div>\n\t\t\t\t\t<\/div>\n\t\t<\/div>\n\t\t\t\t\t\t\t<\/div>\n\t\t<\/section>\n\t\t\t\t<section class=\"elementor-section elementor-top-section elementor-element elementor-element-10b40d80 elementor-section-boxed elementor-section-height-default elementor-section-height-default\" data-id=\"10b40d80\" data-element_type=\"section\">\n\t\t\t\t\t\t<div class=\"elementor-container elementor-column-gap-default\">\n\t\t\t\t\t<div class=\"elementor-column elementor-col-100 elementor-top-column elementor-element elementor-element-581a0044\" data-id=\"581a0044\" data-element_type=\"column\">\n\t\t\t<div class=\"elementor-widget-wrap elementor-element-populated\">\n\t\t\t\t\t\t\t\t<div class=\"elementor-element elementor-element-5e3718ff elementor-widget elementor-widget-heading\" data-id=\"5e3718ff\" data-element_type=\"widget\" data-widget_type=\"heading.default\">\n\t\t\t\t<div class=\"elementor-widget-container\">\n\t\t\t<h2 class=\"elementor-heading-title elementor-size-default\">Documentos <\/h2>\t\t<\/div>\n\t\t\t\t<\/div>\n\t\t\t\t<div class=\"elementor-element elementor-element-3996348f elementor-grid-3 elementor-grid-tablet-2 elementor-grid-mobile-1 elementor-widget elementor-widget-portfolio\" data-id=\"3996348f\" data-element_type=\"widget\" data-settings=\"{&quot;row_gap&quot;:{&quot;unit&quot;:&quot;px&quot;,&quot;size&quot;:10,&quot;sizes&quot;:[]},&quot;columns&quot;:&quot;3&quot;,&quot;columns_tablet&quot;:&quot;2&quot;,&quot;columns_mobile&quot;:&quot;1&quot;,&quot;item_ratio&quot;:{&quot;unit&quot;:&quot;px&quot;,&quot;size&quot;:0.66,&quot;sizes&quot;:[]},&quot;item_gap&quot;:{&quot;unit&quot;:&quot;px&quot;,&quot;size&quot;:&quot;&quot;,&quot;sizes&quot;:[]}}\" data-widget_type=\"portfolio.default\">\n\t\t\t\t<div class=\"elementor-widget-container\">\n\t\t\t\t\t<div class=\"elementor-portfolio elementor-grid elementor-posts-container\">\n\t\t\t\t<article class=\"elementor-portfolio-item elementor-post  post-274 post type-post status-publish format-standard has-post-thumbnail hentry category-teuco tag-pdf ciudad-santiago obra-acto-sin-palabras ano-144 credito-revista-apsis procedencia-memoria-chilena codigo-ateca_01_01_04 escenario-paseo-las-palmas\">\n\t\t\t<a class=\"elementor-post__thumbnail__link\" href=\"https:\/\/ateca.cl\/index.php\/2022\/10\/10\/acto-sin-palabras-04\/\">\n\t\t\t\t<div class=\"elementor-portfolio-item__img elementor-post__thumbnail\">\n\t\t\t<img loading=\"lazy\" decoding=\"async\" width=\"630\" height=\"523\" src=\"https:\/\/ateca.cl\/wp-content\/uploads\/2022\/10\/01-01-04.png\" class=\"attachment-medium_large size-medium_large wp-image-410\" alt=\"\" srcset=\"https:\/\/ateca.cl\/wp-content\/uploads\/2022\/10\/01-01-04.png 630w, https:\/\/ateca.cl\/wp-content\/uploads\/2022\/10\/01-01-04-300x249.png 300w\" sizes=\"auto, (max-width: 630px) 100vw, 630px\" \/>\t\t<\/div>\n\t\t\t\t<div class=\"elementor-portfolio-item__overlay\">\n\t\t\t\t<h3 class=\"elementor-portfolio-item__title\">\n\t\tDocumento Acto sin palabras 04\t\t<\/h3>\n\t\t\t\t<\/div>\n\t\t\t\t<\/a>\n\t\t<\/article>\n\t\t\t\t<article class=\"elementor-portfolio-item elementor-post  post-411 post type-post status-publish format-standard has-post-thumbnail hentry category-teuco tag-pdf ciudad-santiago obra-acto-sin-palabras ano-144 credito-revista-la-bicicleta procedencia-memoria-chilena codigo-ateca_01_01_05 escenario-paseo-las-palmas\">\n\t\t\t<a class=\"elementor-post__thumbnail__link\" href=\"https:\/\/ateca.cl\/index.php\/2022\/10\/10\/acto-sin-palabras-05\/\">\n\t\t\t\t<div class=\"elementor-portfolio-item__img elementor-post__thumbnail\">\n\t\t\t<img loading=\"lazy\" decoding=\"async\" width=\"760\" height=\"567\" src=\"https:\/\/ateca.cl\/wp-content\/uploads\/2022\/10\/acto-sin-bibicleta.jpg\" class=\"attachment-medium_large size-medium_large wp-image-1897\" alt=\"\" srcset=\"https:\/\/ateca.cl\/wp-content\/uploads\/2022\/10\/acto-sin-bibicleta.jpg 760w, https:\/\/ateca.cl\/wp-content\/uploads\/2022\/10\/acto-sin-bibicleta-300x224.jpg 300w\" sizes=\"auto, (max-width: 760px) 100vw, 760px\" \/>\t\t<\/div>\n\t\t\t\t<div class=\"elementor-portfolio-item__overlay\">\n\t\t\t\t<h3 class=\"elementor-portfolio-item__title\">\n\t\tdocumento Acto sin palabras 05\t\t<\/h3>\n\t\t\t\t<\/div>\n\t\t\t\t<\/a>\n\t\t<\/article>\n\t\t\t\t<\/div>\n\t\t\t\t<\/div>\n\t\t\t\t<\/div>\n\t\t\t\t\t<\/div>\n\t\t<\/div>\n\t\t\t\t\t\t\t<\/div>\n\t\t<\/section>\n\t\t\t\t\t\t\t<\/div>\n\t\t","protected":false},"excerpt":{"rendered":"<p>Teatristas: Juan Manuel S\u00e1nchez, Ana Mar\u00eda Montan\u00e9 documentos Documentos<\/p>\n","protected":false},"author":1,"featured_media":4225,"parent":56,"menu_order":0,"comment_status":"closed","ping_status":"closed","template":"elementor_header_footer","meta":{"_acf_changed":false,"footnotes":""},"categories":[46],"tags":[],"ciudad":[272,269,270,271,54],"obra":[],"ano":[130],"credito":[],"procedencia":[],"codigo":[],"escenario":[],"class_list":["post-4224","page","type-page","status-publish","has-post-thumbnail","hentry","category-teatro-de-la-calle","ciudad-antofagasta","ciudad-arica","ciudad-la-serena","ciudad-pozo-almonte","ciudad-santiago","ano-130"],"acf":[],"_links":{"self":[{"href":"https:\/\/ateca.cl\/index.php\/wp-json\/wp\/v2\/pages\/4224","targetHints":{"allow":["GET"]}}],"collection":[{"href":"https:\/\/ateca.cl\/index.php\/wp-json\/wp\/v2\/pages"}],"about":[{"href":"https:\/\/ateca.cl\/index.php\/wp-json\/wp\/v2\/types\/page"}],"author":[{"embeddable":true,"href":"https:\/\/ateca.cl\/index.php\/wp-json\/wp\/v2\/users\/1"}],"replies":[{"embeddable":true,"href":"https:\/\/ateca.cl\/index.php\/wp-json\/wp\/v2\/comments?post=4224"}],"version-history":[{"count":9,"href":"https:\/\/ateca.cl\/index.php\/wp-json\/wp\/v2\/pages\/4224\/revisions"}],"predecessor-version":[{"id":4819,"href":"https:\/\/ateca.cl\/index.php\/wp-json\/wp\/v2\/pages\/4224\/revisions\/4819"}],"up":[{"embeddable":true,"href":"https:\/\/ateca.cl\/index.php\/wp-json\/wp\/v2\/pages\/56"}],"wp:featuredmedia":[{"embeddable":true,"href":"https:\/\/ateca.cl\/index.php\/wp-json\/wp\/v2\/media\/4225"}],"wp:attachment":[{"href":"https:\/\/ateca.cl\/index.php\/wp-json\/wp\/v2\/media?parent=4224"}],"wp:term":[{"taxonomy":"category","embeddable":true,"href":"https:\/\/ateca.cl\/index.php\/wp-json\/wp\/v2\/categories?post=4224"},{"taxonomy":"post_tag","embeddable":true,"href":"https:\/\/ateca.cl\/index.php\/wp-json\/wp\/v2\/tags?post=4224"},{"taxonomy":"ciudad","embeddable":true,"href":"https:\/\/ateca.cl\/index.php\/wp-json\/wp\/v2\/ciudad?post=4224"},{"taxonomy":"obra","embeddable":true,"href":"https:\/\/ateca.cl\/index.php\/wp-json\/wp\/v2\/obra?post=4224"},{"taxonomy":"ano","embeddable":true,"href":"https:\/\/ateca.cl\/index.php\/wp-json\/wp\/v2\/ano?post=4224"},{"taxonomy":"credito","embeddable":true,"href":"https:\/\/ateca.cl\/index.php\/wp-json\/wp\/v2\/credito?post=4224"},{"taxonomy":"procedencia","embeddable":true,"href":"https:\/\/ateca.cl\/index.php\/wp-json\/wp\/v2\/procedencia?post=4224"},{"taxonomy":"codigo","embeddable":true,"href":"https:\/\/ateca.cl\/index.php\/wp-json\/wp\/v2\/codigo?post=4224"},{"taxonomy":"escenario","embeddable":true,"href":"https:\/\/ateca.cl\/index.php\/wp-json\/wp\/v2\/escenario?post=4224"}],"curies":[{"name":"wp","href":"https:\/\/api.w.org\/{rel}","templated":true}]}}