{"id":4251,"date":"2022-11-03T23:32:32","date_gmt":"2022-11-03T23:32:32","guid":{"rendered":"https:\/\/ateca.cl\/?page_id=4251"},"modified":"2022-11-15T02:23:22","modified_gmt":"2022-11-15T02:23:22","slug":"todos-estos-anos","status":"publish","type":"page","link":"https:\/\/ateca.cl\/index.php\/companias\/teatro-callejero\/todos-estos-anos\/","title":{"rendered":"Todos estos a\u00f1os"},"content":{"rendered":"\t\t<div data-elementor-type=\"wp-page\" data-elementor-id=\"4251\" class=\"elementor elementor-4251\">\n\t\t\t\t\t\t\t\t\t<section class=\"elementor-section elementor-top-section elementor-element elementor-element-c76daa elementor-section-boxed elementor-section-height-default elementor-section-height-default\" data-id=\"c76daa\" data-element_type=\"section\">\n\t\t\t\t\t\t<div class=\"elementor-container elementor-column-gap-default\">\n\t\t\t\t\t<div class=\"elementor-column elementor-col-50 elementor-top-column elementor-element elementor-element-24199b63\" data-id=\"24199b63\" data-element_type=\"column\">\n\t\t\t<div class=\"elementor-widget-wrap elementor-element-populated\">\n\t\t\t\t\t\t\t\t<div class=\"elementor-element elementor-element-145ec015 elementor-widget elementor-widget-theme-post-title elementor-page-title elementor-widget-heading\" data-id=\"145ec015\" data-element_type=\"widget\" data-widget_type=\"theme-post-title.default\">\n\t\t\t\t<div class=\"elementor-widget-container\">\n\t\t\t<style>\/*! elementor - v3.10.1 - 17-01-2023 *\/\n.elementor-heading-title{padding:0;margin:0;line-height:1}.elementor-widget-heading .elementor-heading-title[class*=elementor-size-]>a{color:inherit;font-size:inherit;line-height:inherit}.elementor-widget-heading .elementor-heading-title.elementor-size-small{font-size:15px}.elementor-widget-heading .elementor-heading-title.elementor-size-medium{font-size:19px}.elementor-widget-heading .elementor-heading-title.elementor-size-large{font-size:29px}.elementor-widget-heading .elementor-heading-title.elementor-size-xl{font-size:39px}.elementor-widget-heading .elementor-heading-title.elementor-size-xxl{font-size:59px}<\/style><h1 class=\"elementor-heading-title elementor-size-default\">Todos estos a\u00f1os<\/h1>\t\t<\/div>\n\t\t\t\t<\/div>\n\t\t\t\t<div class=\"elementor-element elementor-element-8e03f64 elementor-widget elementor-widget-text-editor\" data-id=\"8e03f64\" data-element_type=\"widget\" data-widget_type=\"text-editor.default\">\n\t\t\t\t<div class=\"elementor-widget-container\">\n\t\t\t<style>\/*! elementor - v3.10.1 - 17-01-2023 *\/\n.elementor-widget-text-editor.elementor-drop-cap-view-stacked .elementor-drop-cap{background-color:#818a91;color:#fff}.elementor-widget-text-editor.elementor-drop-cap-view-framed .elementor-drop-cap{color:#818a91;border:3px solid;background-color:transparent}.elementor-widget-text-editor:not(.elementor-drop-cap-view-default) .elementor-drop-cap{margin-top:8px}.elementor-widget-text-editor:not(.elementor-drop-cap-view-default) .elementor-drop-cap-letter{width:1em;height:1em}.elementor-widget-text-editor .elementor-drop-cap{float:left;text-align:center;line-height:1;font-size:50px}.elementor-widget-text-editor .elementor-drop-cap-letter{display:inline-block}<\/style>\t\t\t\t<p><strong>Creaci\u00f3n colectiva<\/strong><\/p><p><strong>Direcci\u00f3n:<\/strong> Andr\u00e9s P\u00e9rez<\/p><p><strong>Teatristas:<\/strong> Mar\u00eda Izquierdo, Guillermo Semler, Aldo Parodi, Tito Bustamante, Roxana Campos, Andrea Gaete, Ximena Rivas, Rodolfo Pulgar, Francisco Reyes, Jaime Lorca; Equipo creativo (dise\u00f1o, m\u00e1scaras y mu\u00f1ecos): Maya Mora; Producci\u00f3n: Carmen Romero<\/p>\t\t\t\t\t\t<\/div>\n\t\t\t\t<\/div>\n\t\t\t\t\t<\/div>\n\t\t<\/div>\n\t\t\t\t<div class=\"elementor-column elementor-col-50 elementor-top-column elementor-element elementor-element-29d6ee11\" data-id=\"29d6ee11\" data-element_type=\"column\">\n\t\t\t<div class=\"elementor-widget-wrap\">\n\t\t\t\t\t\t\t\t\t<\/div>\n\t\t<\/div>\n\t\t\t\t\t\t\t<\/div>\n\t\t<\/section>\n\t\t\t\t<section class=\"elementor-section elementor-top-section elementor-element elementor-element-c7e07dd elementor-section-boxed elementor-section-height-default elementor-section-height-default\" data-id=\"c7e07dd\" data-element_type=\"section\">\n\t\t\t\t\t\t<div class=\"elementor-container elementor-column-gap-default\">\n\t\t\t\t\t<div class=\"elementor-column elementor-col-100 elementor-top-column elementor-element elementor-element-3cf39ff\" data-id=\"3cf39ff\" data-element_type=\"column\">\n\t\t\t<div class=\"elementor-widget-wrap elementor-element-populated\">\n\t\t\t\t\t\t\t\t<div class=\"elementor-element elementor-element-29f18db4 elementor-widget elementor-widget-heading\" data-id=\"29f18db4\" data-element_type=\"widget\" data-widget_type=\"heading.default\">\n\t\t\t\t<div class=\"elementor-widget-container\">\n\t\t\t<h2 class=\"elementor-heading-title elementor-size-default\">Registros Fotogr\u00e1ficos<\/h2>\t\t<\/div>\n\t\t\t\t<\/div>\n\t\t\t\t<div class=\"elementor-element elementor-element-46aff4c elementor-grid-3 elementor-grid-tablet-2 elementor-grid-mobile-1 elementor-widget elementor-widget-portfolio\" data-id=\"46aff4c\" data-element_type=\"widget\" data-settings=\"{&quot;columns&quot;:&quot;3&quot;,&quot;columns_tablet&quot;:&quot;2&quot;,&quot;columns_mobile&quot;:&quot;1&quot;,&quot;item_ratio&quot;:{&quot;unit&quot;:&quot;px&quot;,&quot;size&quot;:0.66,&quot;sizes&quot;:[]},&quot;item_gap&quot;:{&quot;unit&quot;:&quot;px&quot;,&quot;size&quot;:&quot;&quot;,&quot;sizes&quot;:[]},&quot;row_gap&quot;:{&quot;unit&quot;:&quot;px&quot;,&quot;size&quot;:&quot;&quot;,&quot;sizes&quot;:[]}}\" data-widget_type=\"portfolio.default\">\n\t\t\t\t<div class=\"elementor-widget-container\">\n\t\t\t<link rel=\"stylesheet\" href=\"https:\/\/ateca.cl\/wp-content\/plugins\/elementor-pro\/assets\/css\/widget-posts.min.css\">\t\t<div class=\"elementor-portfolio elementor-grid elementor-posts-container\">\n\t\t\t\t<article class=\"elementor-portfolio-item elementor-post  post-5052 post type-post status-publish format-standard has-post-thumbnail hentry category-teatro-callejero ciudad-santiago obra-todos-estos-anos ano-127 procedencia-rodolfo-pulgar\">\n\t\t\t<a class=\"elementor-post__thumbnail__link\" href=\"https:\/\/ateca.cl\/index.php\/2022\/11\/15\/fotografia-de-todos-estos-anos\/\">\n\t\t\t\t<div class=\"elementor-portfolio-item__img elementor-post__thumbnail\">\n\t\t\t<img loading=\"lazy\" decoding=\"async\" width=\"300\" height=\"240\" src=\"https:\/\/ateca.cl\/wp-content\/uploads\/2022\/11\/ATECA_11_02_01-1-300x240.jpg\" class=\"attachment-medium size-medium wp-image-5054\" alt=\"\" srcset=\"https:\/\/ateca.cl\/wp-content\/uploads\/2022\/11\/ATECA_11_02_01-1-300x240.jpg 300w, https:\/\/ateca.cl\/wp-content\/uploads\/2022\/11\/ATECA_11_02_01-1-1024x819.jpg 1024w, https:\/\/ateca.cl\/wp-content\/uploads\/2022\/11\/ATECA_11_02_01-1-768x614.jpg 768w, https:\/\/ateca.cl\/wp-content\/uploads\/2022\/11\/ATECA_11_02_01-1.jpg 1500w\" sizes=\"auto, (max-width: 300px) 100vw, 300px\" \/>\t\t<\/div>\n\t\t\t\t<div class=\"elementor-portfolio-item__overlay\">\n\t\t\t\t<h3 class=\"elementor-portfolio-item__title\">\n\t\tFotograf\u00eda de Todos estos a\u00f1os\t\t<\/h3>\n\t\t\t\t<\/div>\n\t\t\t\t<\/a>\n\t\t<\/article>\n\t\t\t\t<\/div>\n\t\t\t\t<\/div>\n\t\t\t\t<\/div>\n\t\t\t\t\t<\/div>\n\t\t<\/div>\n\t\t\t\t\t\t\t<\/div>\n\t\t<\/section>\n\t\t\t\t<section class=\"elementor-section elementor-top-section elementor-element elementor-element-66f4b656 elementor-section-boxed elementor-section-height-default elementor-section-height-default\" data-id=\"66f4b656\" data-element_type=\"section\">\n\t\t\t\t\t\t<div class=\"elementor-container elementor-column-gap-default\">\n\t\t\t\t\t<div class=\"elementor-column elementor-col-100 elementor-top-column elementor-element elementor-element-7e3b307e\" data-id=\"7e3b307e\" data-element_type=\"column\">\n\t\t\t<div class=\"elementor-widget-wrap elementor-element-populated\">\n\t\t\t\t\t\t\t\t<div class=\"elementor-element elementor-element-6358ba8 elementor-widget elementor-widget-heading\" data-id=\"6358ba8\" data-element_type=\"widget\" data-widget_type=\"heading.default\">\n\t\t\t\t<div class=\"elementor-widget-container\">\n\t\t\t<h2 class=\"elementor-heading-title elementor-size-default\">documentos<\/h2>\t\t<\/div>\n\t\t\t\t<\/div>\n\t\t\t\t<div class=\"elementor-element elementor-element-3e816f9f elementor-grid-3 elementor-grid-tablet-2 elementor-grid-mobile-1 elementor-widget elementor-widget-portfolio\" data-id=\"3e816f9f\" data-element_type=\"widget\" data-settings=\"{&quot;row_gap&quot;:{&quot;unit&quot;:&quot;px&quot;,&quot;size&quot;:10,&quot;sizes&quot;:[]},&quot;columns&quot;:&quot;3&quot;,&quot;columns_tablet&quot;:&quot;2&quot;,&quot;columns_mobile&quot;:&quot;1&quot;,&quot;item_ratio&quot;:{&quot;unit&quot;:&quot;px&quot;,&quot;size&quot;:0.66,&quot;sizes&quot;:[]},&quot;item_gap&quot;:{&quot;unit&quot;:&quot;px&quot;,&quot;size&quot;:&quot;&quot;,&quot;sizes&quot;:[]}}\" data-widget_type=\"portfolio.default\">\n\t\t\t\t<div class=\"elementor-widget-container\">\n\t\t\t\t\t<div class=\"elementor-portfolio elementor-grid elementor-posts-container\">\n\t\t\t\t<article class=\"elementor-portfolio-item elementor-post  post-5063 post type-post status-publish format-standard has-post-thumbnail hentry category-teatro-callejero tag-prensa ciudad-santiago obra-todos-estos-anos ano-127 procedencia-rodolfo-pulgar\">\n\t\t\t<a class=\"elementor-post__thumbnail__link\" href=\"https:\/\/ateca.cl\/index.php\/2022\/11\/15\/andres-perez-volvio-con-su-teatro-callejero\/\">\n\t\t\t\t<div class=\"elementor-portfolio-item__img elementor-post__thumbnail\">\n\t\t\t<img loading=\"lazy\" decoding=\"async\" width=\"768\" height=\"320\" src=\"https:\/\/ateca.cl\/wp-content\/uploads\/2022\/11\/ATECA_11_02_02-768x320.jpg\" class=\"attachment-medium_large size-medium_large wp-image-5064\" alt=\"\" srcset=\"https:\/\/ateca.cl\/wp-content\/uploads\/2022\/11\/ATECA_11_02_02-768x320.jpg 768w, https:\/\/ateca.cl\/wp-content\/uploads\/2022\/11\/ATECA_11_02_02-300x125.jpg 300w, https:\/\/ateca.cl\/wp-content\/uploads\/2022\/11\/ATECA_11_02_02-1024x427.jpg 1024w, https:\/\/ateca.cl\/wp-content\/uploads\/2022\/11\/ATECA_11_02_02-1536x641.jpg 1536w, https:\/\/ateca.cl\/wp-content\/uploads\/2022\/11\/ATECA_11_02_02-2048x855.jpg 2048w\" sizes=\"auto, (max-width: 768px) 100vw, 768px\" \/>\t\t<\/div>\n\t\t\t\t<div class=\"elementor-portfolio-item__overlay\">\n\t\t\t\t<h3 class=\"elementor-portfolio-item__title\">\n\t\tAndr\u00e9s P\u00e9rez volvi\u00f3 con su teatro callejero\t\t<\/h3>\n\t\t\t\t<\/div>\n\t\t\t\t<\/a>\n\t\t<\/article>\n\t\t\t\t<article class=\"elementor-portfolio-item elementor-post  post-5088 post type-post status-publish format-standard has-post-thumbnail hentry category-teatro-callejero tag-pdf tag-prensa ciudad-santiago obra-todos-estos-anos ano-127 credito-revista-apsis procedencia-memoria-chilena\">\n\t\t\t<a class=\"elementor-post__thumbnail__link\" href=\"https:\/\/ateca.cl\/index.php\/2022\/11\/15\/perez-el-aglutinador\/\">\n\t\t\t\t<div class=\"elementor-portfolio-item__img elementor-post__thumbnail\">\n\t\t\t<img loading=\"lazy\" decoding=\"async\" width=\"768\" height=\"645\" src=\"https:\/\/ateca.cl\/wp-content\/uploads\/2022\/11\/perez-768x645.jpg\" class=\"attachment-medium_large size-medium_large wp-image-5089\" alt=\"\" srcset=\"https:\/\/ateca.cl\/wp-content\/uploads\/2022\/11\/perez-768x645.jpg 768w, https:\/\/ateca.cl\/wp-content\/uploads\/2022\/11\/perez-300x252.jpg 300w, https:\/\/ateca.cl\/wp-content\/uploads\/2022\/11\/perez-1024x860.jpg 1024w, https:\/\/ateca.cl\/wp-content\/uploads\/2022\/11\/perez.jpg 1350w\" sizes=\"auto, (max-width: 768px) 100vw, 768px\" \/>\t\t<\/div>\n\t\t\t\t<div class=\"elementor-portfolio-item__overlay\">\n\t\t\t\t<h3 class=\"elementor-portfolio-item__title\">\n\t\tP\u00e9rez el aglutinador\t\t<\/h3>\n\t\t\t\t<\/div>\n\t\t\t\t<\/a>\n\t\t<\/article>\n\t\t\t\t<article class=\"elementor-portfolio-item elementor-post  post-5075 post type-post status-publish format-standard has-post-thumbnail hentry category-teatro-callejero tag-prensa ciudad-santiago obra-todos-estos-anos ano-127 procedencia-rodolfo-pulgar\">\n\t\t\t<a class=\"elementor-post__thumbnail__link\" href=\"https:\/\/ateca.cl\/index.php\/2022\/11\/15\/sorpresa-teatral-callejera-en-el-parque\/\">\n\t\t\t\t<div class=\"elementor-portfolio-item__img elementor-post__thumbnail\">\n\t\t\t<img loading=\"lazy\" decoding=\"async\" width=\"768\" height=\"909\" src=\"https:\/\/ateca.cl\/wp-content\/uploads\/2022\/11\/ATECA_11_02_04-768x909.jpg\" class=\"attachment-medium_large size-medium_large wp-image-5079\" alt=\"\" srcset=\"https:\/\/ateca.cl\/wp-content\/uploads\/2022\/11\/ATECA_11_02_04-768x909.jpg 768w, https:\/\/ateca.cl\/wp-content\/uploads\/2022\/11\/ATECA_11_02_04-253x300.jpg 253w, https:\/\/ateca.cl\/wp-content\/uploads\/2022\/11\/ATECA_11_02_04-865x1024.jpg 865w, https:\/\/ateca.cl\/wp-content\/uploads\/2022\/11\/ATECA_11_02_04-1298x1536.jpg 1298w, https:\/\/ateca.cl\/wp-content\/uploads\/2022\/11\/ATECA_11_02_04-1730x2048.jpg 1730w\" sizes=\"auto, (max-width: 768px) 100vw, 768px\" \/>\t\t<\/div>\n\t\t\t\t<div class=\"elementor-portfolio-item__overlay\">\n\t\t\t\t<h3 class=\"elementor-portfolio-item__title\">\n\t\tSorpresa teatral callejera en el parque\t\t<\/h3>\n\t\t\t\t<\/div>\n\t\t\t\t<\/a>\n\t\t<\/article>\n\t\t\t\t<article class=\"elementor-portfolio-item elementor-post  post-5072 post type-post status-publish format-standard has-post-thumbnail hentry category-teatro-callejero tag-prensa ciudad-santiago obra-todos-estos-anos ano-127 procedencia-rodolfo-pulgar\">\n\t\t\t<a class=\"elementor-post__thumbnail__link\" href=\"https:\/\/ateca.cl\/index.php\/2022\/11\/15\/vuelve-el-teatro-callejero\/\">\n\t\t\t\t<div class=\"elementor-portfolio-item__img elementor-post__thumbnail\">\n\t\t\t<img loading=\"lazy\" decoding=\"async\" width=\"768\" height=\"1290\" src=\"https:\/\/ateca.cl\/wp-content\/uploads\/2022\/11\/ATECA_11_02_03-768x1290.jpg\" class=\"attachment-medium_large size-medium_large wp-image-5073\" alt=\"\" srcset=\"https:\/\/ateca.cl\/wp-content\/uploads\/2022\/11\/ATECA_11_02_03-768x1290.jpg 768w, https:\/\/ateca.cl\/wp-content\/uploads\/2022\/11\/ATECA_11_02_03-179x300.jpg 179w, https:\/\/ateca.cl\/wp-content\/uploads\/2022\/11\/ATECA_11_02_03-609x1024.jpg 609w, https:\/\/ateca.cl\/wp-content\/uploads\/2022\/11\/ATECA_11_02_03-914x1536.jpg 914w, https:\/\/ateca.cl\/wp-content\/uploads\/2022\/11\/ATECA_11_02_03-1219x2048.jpg 1219w, https:\/\/ateca.cl\/wp-content\/uploads\/2022\/11\/ATECA_11_02_03-scaled.jpg 1524w\" sizes=\"auto, (max-width: 768px) 100vw, 768px\" \/>\t\t<\/div>\n\t\t\t\t<div class=\"elementor-portfolio-item__overlay\">\n\t\t\t\t<h3 class=\"elementor-portfolio-item__title\">\n\t\tVuelve el teatro callejero\t\t<\/h3>\n\t\t\t\t<\/div>\n\t\t\t\t<\/a>\n\t\t<\/article>\n\t\t\t\t<\/div>\n\t\t\t\t<\/div>\n\t\t\t\t<\/div>\n\t\t\t\t\t<\/div>\n\t\t<\/div>\n\t\t\t\t\t\t\t<\/div>\n\t\t<\/section>\n\t\t\t\t\t\t\t<\/div>\n\t\t","protected":false},"excerpt":{"rendered":"<p>Creaci\u00f3n colectiva Direcci\u00f3n: Andr\u00e9s P\u00e9rez Teatristas: Mar\u00eda Izquierdo, Guillermo Semler, Aldo Parodi, Tito Bustamante, Roxana Campos, Andrea Gaete, Ximena Rivas, Rodolfo Pulgar, Francisco Reyes, Jaime Lorca; Equipo creativo (dise\u00f1o, m\u00e1scaras y mu\u00f1ecos): Maya Mora; Producci\u00f3n: Carmen Romero Registros Fotogr\u00e1ficos documentos<\/p>\n","protected":false},"author":1,"featured_media":5050,"parent":51,"menu_order":0,"comment_status":"closed","ping_status":"closed","template":"","meta":{"_acf_changed":false,"footnotes":""},"categories":[50],"tags":[],"ciudad":[54],"obra":[],"ano":[127],"credito":[],"procedencia":[],"codigo":[],"escenario":[280,275,281,157,283,284,282,279],"class_list":["post-4251","page","type-page","status-publish","has-post-thumbnail","hentry","category-teatro-callejero","ciudad-santiago","ano-127","escenario-festival-de-bellavista","escenario-parque-bustamante","escenario-parque-forestal","escenario-plaza-de-armas","escenario-plaza-mulato-gil","escenario-plazoleta-cerro-san-cristobal","escenario-poblacion-la-bandera","escenario-poblacion-la-victoria"],"acf":[],"_links":{"self":[{"href":"https:\/\/ateca.cl\/index.php\/wp-json\/wp\/v2\/pages\/4251","targetHints":{"allow":["GET"]}}],"collection":[{"href":"https:\/\/ateca.cl\/index.php\/wp-json\/wp\/v2\/pages"}],"about":[{"href":"https:\/\/ateca.cl\/index.php\/wp-json\/wp\/v2\/types\/page"}],"author":[{"embeddable":true,"href":"https:\/\/ateca.cl\/index.php\/wp-json\/wp\/v2\/users\/1"}],"replies":[{"embeddable":true,"href":"https:\/\/ateca.cl\/index.php\/wp-json\/wp\/v2\/comments?post=4251"}],"version-history":[{"count":15,"href":"https:\/\/ateca.cl\/index.php\/wp-json\/wp\/v2\/pages\/4251\/revisions"}],"predecessor-version":[{"id":5068,"href":"https:\/\/ateca.cl\/index.php\/wp-json\/wp\/v2\/pages\/4251\/revisions\/5068"}],"up":[{"embeddable":true,"href":"https:\/\/ateca.cl\/index.php\/wp-json\/wp\/v2\/pages\/51"}],"wp:featuredmedia":[{"embeddable":true,"href":"https:\/\/ateca.cl\/index.php\/wp-json\/wp\/v2\/media\/5050"}],"wp:attachment":[{"href":"https:\/\/ateca.cl\/index.php\/wp-json\/wp\/v2\/media?parent=4251"}],"wp:term":[{"taxonomy":"category","embeddable":true,"href":"https:\/\/ateca.cl\/index.php\/wp-json\/wp\/v2\/categories?post=4251"},{"taxonomy":"post_tag","embeddable":true,"href":"https:\/\/ateca.cl\/index.php\/wp-json\/wp\/v2\/tags?post=4251"},{"taxonomy":"ciudad","embeddable":true,"href":"https:\/\/ateca.cl\/index.php\/wp-json\/wp\/v2\/ciudad?post=4251"},{"taxonomy":"obra","embeddable":true,"href":"https:\/\/ateca.cl\/index.php\/wp-json\/wp\/v2\/obra?post=4251"},{"taxonomy":"ano","embeddable":true,"href":"https:\/\/ateca.cl\/index.php\/wp-json\/wp\/v2\/ano?post=4251"},{"taxonomy":"credito","embeddable":true,"href":"https:\/\/ateca.cl\/index.php\/wp-json\/wp\/v2\/credito?post=4251"},{"taxonomy":"procedencia","embeddable":true,"href":"https:\/\/ateca.cl\/index.php\/wp-json\/wp\/v2\/procedencia?post=4251"},{"taxonomy":"codigo","embeddable":true,"href":"https:\/\/ateca.cl\/index.php\/wp-json\/wp\/v2\/codigo?post=4251"},{"taxonomy":"escenario","embeddable":true,"href":"https:\/\/ateca.cl\/index.php\/wp-json\/wp\/v2\/escenario?post=4251"}],"curies":[{"name":"wp","href":"https:\/\/api.w.org\/{rel}","templated":true}]}}