{"id":53,"date":"2022-10-06T16:20:46","date_gmt":"2022-10-06T16:20:46","guid":{"rendered":"https:\/\/ateca.cl\/?page_id=53"},"modified":"2022-12-16T15:47:26","modified_gmt":"2022-12-16T15:47:26","slug":"teatro-de-feria","status":"publish","type":"page","link":"https:\/\/ateca.cl\/index.php\/companias\/teatro-de-feria\/","title":{"rendered":"Teatro de Feria"},"content":{"rendered":"\t\t<div data-elementor-type=\"wp-page\" data-elementor-id=\"53\" class=\"elementor elementor-53\">\n\t\t\t\t\t\t\t\t\t<section class=\"elementor-section elementor-top-section elementor-element elementor-element-3b07a533 elementor-section-boxed elementor-section-height-default elementor-section-height-default\" data-id=\"3b07a533\" data-element_type=\"section\">\n\t\t\t\t\t\t<div class=\"elementor-container elementor-column-gap-default\">\n\t\t\t\t\t<div class=\"elementor-column elementor-col-100 elementor-top-column elementor-element elementor-element-6afd11bd\" data-id=\"6afd11bd\" data-element_type=\"column\">\n\t\t\t<div class=\"elementor-widget-wrap elementor-element-populated\">\n\t\t\t\t\t\t\t\t<div class=\"elementor-element elementor-element-2f1935d5 elementor-widget elementor-widget-theme-post-title elementor-page-title elementor-widget-heading\" data-id=\"2f1935d5\" data-element_type=\"widget\" data-widget_type=\"theme-post-title.default\">\n\t\t\t\t<div class=\"elementor-widget-container\">\n\t\t\t<style>\/*! elementor - v3.10.1 - 17-01-2023 *\/\n.elementor-heading-title{padding:0;margin:0;line-height:1}.elementor-widget-heading .elementor-heading-title[class*=elementor-size-]>a{color:inherit;font-size:inherit;line-height:inherit}.elementor-widget-heading .elementor-heading-title.elementor-size-small{font-size:15px}.elementor-widget-heading .elementor-heading-title.elementor-size-medium{font-size:19px}.elementor-widget-heading .elementor-heading-title.elementor-size-large{font-size:29px}.elementor-widget-heading .elementor-heading-title.elementor-size-xl{font-size:39px}.elementor-widget-heading .elementor-heading-title.elementor-size-xxl{font-size:59px}<\/style><h1 class=\"elementor-heading-title elementor-size-default\">Teatro de Feria<\/h1>\t\t<\/div>\n\t\t\t\t<\/div>\n\t\t\t\t\t<\/div>\n\t\t<\/div>\n\t\t\t\t\t\t\t<\/div>\n\t\t<\/section>\n\t\t\t\t<section class=\"elementor-section elementor-top-section elementor-element elementor-element-278367c2 elementor-section-boxed elementor-section-height-default elementor-section-height-default\" data-id=\"278367c2\" data-element_type=\"section\">\n\t\t\t\t\t\t<div class=\"elementor-container elementor-column-gap-default\">\n\t\t\t\t\t<div class=\"elementor-column elementor-col-100 elementor-top-column elementor-element elementor-element-3616edba\" data-id=\"3616edba\" data-element_type=\"column\">\n\t\t\t<div class=\"elementor-widget-wrap elementor-element-populated\">\n\t\t\t\t\t\t\t\t<div class=\"elementor-element elementor-element-640b12ba elementor-widget elementor-widget-image\" data-id=\"640b12ba\" data-element_type=\"widget\" data-widget_type=\"image.default\">\n\t\t\t\t<div class=\"elementor-widget-container\">\n\t\t\t<style>\/*! elementor - v3.10.1 - 17-01-2023 *\/\n.elementor-widget-image{text-align:center}.elementor-widget-image a{display:inline-block}.elementor-widget-image a img[src$=\".svg\"]{width:48px}.elementor-widget-image img{vertical-align:middle;display:inline-block}<\/style>\t\t\t\t\t\t\t\t\t\t\t\t<img decoding=\"async\" src=\"https:\/\/ateca.cl\/wp-content\/uploads\/elementor\/thumbs\/teatro-deferia-scaled-pw3lqg2hbhh44wkaokpm9v4ooik3vkgr9zwe1qwoes.jpg\" title=\"teatro-deferia\" alt=\"teatro-deferia\" loading=\"lazy\" \/>\t\t\t\t\t\t\t\t\t\t\t\t\t\t\t<\/div>\n\t\t\t\t<\/div>\n\t\t\t\t<section class=\"elementor-section elementor-inner-section elementor-element elementor-element-325d3150 elementor-section-boxed elementor-section-height-default elementor-section-height-default\" data-id=\"325d3150\" data-element_type=\"section\">\n\t\t\t\t\t\t<div class=\"elementor-container elementor-column-gap-default\">\n\t\t\t\t\t<div class=\"elementor-column elementor-col-50 elementor-inner-column elementor-element elementor-element-641487f5\" data-id=\"641487f5\" data-element_type=\"column\">\n\t\t\t<div class=\"elementor-widget-wrap elementor-element-populated\">\n\t\t\t\t\t\t\t\t<div class=\"elementor-element elementor-element-5a99bf3f elementor-widget elementor-widget-text-editor\" data-id=\"5a99bf3f\" data-element_type=\"widget\" data-widget_type=\"text-editor.default\">\n\t\t\t\t<div class=\"elementor-widget-container\">\n\t\t\t<style>\/*! elementor - v3.10.1 - 17-01-2023 *\/\n.elementor-widget-text-editor.elementor-drop-cap-view-stacked .elementor-drop-cap{background-color:#818a91;color:#fff}.elementor-widget-text-editor.elementor-drop-cap-view-framed .elementor-drop-cap{color:#818a91;border:3px solid;background-color:transparent}.elementor-widget-text-editor:not(.elementor-drop-cap-view-default) .elementor-drop-cap{margin-top:8px}.elementor-widget-text-editor:not(.elementor-drop-cap-view-default) .elementor-drop-cap-letter{width:1em;height:1em}.elementor-widget-text-editor .elementor-drop-cap{float:left;text-align:center;line-height:1;font-size:50px}.elementor-widget-text-editor .elementor-drop-cap-letter{display:inline-block}<\/style>\t\t\t\t<p>El Teatro de Feria nace en Temuco de la mano de Andr\u00e9s Pavez. All\u00ed conoce a Esm\u00e9rita Huili\u00f1ir, Luis Germ\u00e1n y David Absalom, con quienes act\u00faa por alg\u00fan tiempo en el ex Paseo Bulnes de la ciudad sure\u00f1a.<\/p>\n<p>Junto a Esm\u00e9rita Huili\u00f1ir recorre diversos lugares del pa\u00eds haciendo teatro callejero, caf\u00e9 concert y teatro para colegios.&nbsp;<\/p>\n<p>M\u00e1s tarde, motivado por Isidora Aguirre, Andr\u00e9s Pavez se marcha a Santiago, all\u00ed continu\u00f3 la compa\u00f1\u00eda haciendo primero montajes en solitario, y luego con otrxs compa\u00f1erxs; entre lxs que destaca Rosa Oxi, a quien conoce gracias al casting realizado en el Centro Cultural Mapocho para trabajar en <i>La que fue a convencer y sali\u00f3 convencida<\/i>, escrita por Isidora Aguirre y dirigida por el mismo Andr\u00e9s, esto en el contexto del plebiscito de 1988.&nbsp;<\/p>\n<p>Si participaste o tienes informaci\u00f3n respecto a la compa\u00f1\u00eda y obra, escr\u00edbenos a <a href=\"mailto:archivo.ateca@gmail.com\">archivo.ateca@gmail.com<\/a> .De antemano, mil gracias.<\/p>\t\t\t\t\t\t<\/div>\n\t\t\t\t<\/div>\n\t\t\t\t\t<\/div>\n\t\t<\/div>\n\t\t\t\t<div class=\"elementor-column elementor-col-50 elementor-inner-column elementor-element elementor-element-5e67a6c8\" data-id=\"5e67a6c8\" data-element_type=\"column\">\n\t\t\t<div class=\"elementor-widget-wrap elementor-element-populated\">\n\t\t\t\t\t\t\t\t<div class=\"elementor-element elementor-element-5bd9262 elementor-widget elementor-widget-text-editor\" data-id=\"5bd9262\" data-element_type=\"widget\" data-widget_type=\"text-editor.default\">\n\t\t\t\t<div class=\"elementor-widget-container\">\n\t\t\t\t\t\t\t<p><b>Obras catastrada:<\/b><\/p><p><i>Venus<\/i> (1982); <i>\u00bfQui\u00e9n tuvo la culpa de la muerte de Mar\u00eda Gonz\u00e1lez?<\/i> (1983); <i>El queso y el salchich\u00f3n<\/i> (1984); <i>La que fue a convencer y sali\u00f3 convencida<\/i> (1988); <i>Bruja Dorotea <\/i>(finales 80&#8217;s); <i>Marta y Mamerto <\/i>(s.f.)<\/p><p><b>Etiquetas:<\/b><\/p><p><b><a href=\"https:\/\/ateca.cl\/index.php\/teatristas\/andres-pavez\/\">Andr\u00e9s Pavez<\/a>\u00a0 &#8211; <a href=\"https:\/\/ateca.cl\/index.php\/teatristas\/rosa-oxi-fernandez-gallegos\/\">Rosa (Oxi) Fern\u00e1ndez<\/a> &#8211; <a href=\"https:\/\/ateca.cl\/index.php\/teatristas\/esmerita-huilinir-painemal\/\">Esm\u00e9rita Huili\u00f1ir<\/a><\/b><\/p>\t\t\t\t\t\t<\/div>\n\t\t\t\t<\/div>\n\t\t\t\t\t<\/div>\n\t\t<\/div>\n\t\t\t\t\t\t\t<\/div>\n\t\t<\/section>\n\t\t\t\t\t<\/div>\n\t\t<\/div>\n\t\t\t\t\t\t\t<\/div>\n\t\t<\/section>\n\t\t\t\t<section class=\"elementor-section elementor-top-section elementor-element elementor-element-13f6c6b6 elementor-section-boxed elementor-section-height-default elementor-section-height-default\" data-id=\"13f6c6b6\" data-element_type=\"section\">\n\t\t\t\t\t\t<div class=\"elementor-container elementor-column-gap-default\">\n\t\t\t\t\t<div class=\"elementor-column elementor-col-100 elementor-top-column elementor-element elementor-element-8942d51\" data-id=\"8942d51\" data-element_type=\"column\">\n\t\t\t<div class=\"elementor-widget-wrap elementor-element-populated\">\n\t\t\t\t\t\t\t\t<div class=\"elementor-element elementor-element-2bd2dcf1 elementor-widget elementor-widget-heading\" data-id=\"2bd2dcf1\" data-element_type=\"widget\" data-widget_type=\"heading.default\">\n\t\t\t\t<div class=\"elementor-widget-container\">\n\t\t\t<h2 class=\"elementor-heading-title elementor-size-default\">Obras<\/h2>\t\t<\/div>\n\t\t\t\t<\/div>\n\t\t\t\t\t<\/div>\n\t\t<\/div>\n\t\t\t\t\t\t\t<\/div>\n\t\t<\/section>\n\t\t\t\t<section class=\"elementor-section elementor-top-section elementor-element elementor-element-453b0b69 elementor-section-boxed elementor-section-height-default elementor-section-height-default\" data-id=\"453b0b69\" data-element_type=\"section\">\n\t\t\t\t\t\t<div class=\"elementor-container elementor-column-gap-default\">\n\t\t\t\t\t<div class=\"elementor-column elementor-col-100 elementor-top-column elementor-element elementor-element-51ab7cc6\" data-id=\"51ab7cc6\" data-element_type=\"column\">\n\t\t\t<div class=\"elementor-widget-wrap elementor-element-populated\">\n\t\t\t\t\t\t\t\t<div class=\"elementor-element elementor-element-606991c8 elementor-grid-3 elementor-grid-tablet-2 elementor-grid-mobile-1 elementor-widget elementor-widget-portfolio\" data-id=\"606991c8\" data-element_type=\"widget\" data-settings=\"{&quot;row_gap&quot;:{&quot;unit&quot;:&quot;px&quot;,&quot;size&quot;:10,&quot;sizes&quot;:[]},&quot;columns&quot;:&quot;3&quot;,&quot;columns_tablet&quot;:&quot;2&quot;,&quot;columns_mobile&quot;:&quot;1&quot;,&quot;item_ratio&quot;:{&quot;unit&quot;:&quot;px&quot;,&quot;size&quot;:0.66,&quot;sizes&quot;:[]},&quot;item_gap&quot;:{&quot;unit&quot;:&quot;px&quot;,&quot;size&quot;:&quot;&quot;,&quot;sizes&quot;:[]}}\" data-widget_type=\"portfolio.default\">\n\t\t\t\t<div class=\"elementor-widget-container\">\n\t\t\t<link rel=\"stylesheet\" href=\"https:\/\/ateca.cl\/wp-content\/plugins\/elementor-pro\/assets\/css\/widget-posts.min.css\">\t\t<div class=\"elementor-portfolio elementor-grid elementor-posts-container\">\n\t\t\t\t<article class=\"elementor-portfolio-item elementor-post  post-4165 page type-page status-publish has-post-thumbnail hentry category-teatro-de-feria tag-obra ano-130\">\n\t\t\t<a class=\"elementor-post__thumbnail__link\" href=\"https:\/\/ateca.cl\/index.php\/companias\/teatro-de-feria\/marta-y-mamerto\/\">\n\t\t\t\t<div class=\"elementor-portfolio-item__img elementor-post__thumbnail\">\n\t\t\t<img loading=\"lazy\" decoding=\"async\" width=\"768\" height=\"707\" src=\"https:\/\/ateca.cl\/wp-content\/uploads\/2022\/11\/mata-mamerto-768x707.jpg\" class=\"attachment-medium_large size-medium_large wp-image-4523\" alt=\"\" srcset=\"https:\/\/ateca.cl\/wp-content\/uploads\/2022\/11\/mata-mamerto-768x707.jpg 768w, https:\/\/ateca.cl\/wp-content\/uploads\/2022\/11\/mata-mamerto-300x276.jpg 300w, https:\/\/ateca.cl\/wp-content\/uploads\/2022\/11\/mata-mamerto-1024x943.jpg 1024w, https:\/\/ateca.cl\/wp-content\/uploads\/2022\/11\/mata-mamerto.jpg 1314w\" sizes=\"auto, (max-width: 768px) 100vw, 768px\" \/>\t\t<\/div>\n\t\t\t\t<div class=\"elementor-portfolio-item__overlay\">\n\t\t\t\t<h3 class=\"elementor-portfolio-item__title\">\n\t\tMarta y Mamerto\t\t<\/h3>\n\t\t\t\t<\/div>\n\t\t\t\t<\/a>\n\t\t<\/article>\n\t\t\t\t<article class=\"elementor-portfolio-item elementor-post  post-4164 page type-page status-publish has-post-thumbnail hentry category-teatro-de-feria tag-obra ciudad-temuco ano-179\">\n\t\t\t<a class=\"elementor-post__thumbnail__link\" href=\"https:\/\/ateca.cl\/index.php\/companias\/teatro-de-feria\/bruja-dorotea\/\">\n\t\t\t\t<div class=\"elementor-portfolio-item__img elementor-post__thumbnail\">\n\t\t\t<img loading=\"lazy\" decoding=\"async\" width=\"768\" height=\"545\" src=\"https:\/\/ateca.cl\/wp-content\/uploads\/2022\/11\/ATECA_03_06_01-768x545.png\" class=\"attachment-medium_large size-medium_large wp-image-4505\" alt=\"\" srcset=\"https:\/\/ateca.cl\/wp-content\/uploads\/2022\/11\/ATECA_03_06_01-768x545.png 768w, https:\/\/ateca.cl\/wp-content\/uploads\/2022\/11\/ATECA_03_06_01-300x213.png 300w, https:\/\/ateca.cl\/wp-content\/uploads\/2022\/11\/ATECA_03_06_01-1024x726.png 1024w, https:\/\/ateca.cl\/wp-content\/uploads\/2022\/11\/ATECA_03_06_01.png 1464w\" sizes=\"auto, (max-width: 768px) 100vw, 768px\" \/>\t\t<\/div>\n\t\t\t\t<div class=\"elementor-portfolio-item__overlay\">\n\t\t\t\t<h3 class=\"elementor-portfolio-item__title\">\n\t\tBruja Dorotea\t\t<\/h3>\n\t\t\t\t<\/div>\n\t\t\t\t<\/a>\n\t\t<\/article>\n\t\t\t\t<article class=\"elementor-portfolio-item elementor-post  post-4162 page type-page status-publish has-post-thumbnail hentry category-teatro-de-feria tag-obra ciudad-temuco ano-130\">\n\t\t\t<a class=\"elementor-post__thumbnail__link\" href=\"https:\/\/ateca.cl\/index.php\/companias\/teatro-de-feria\/quien-tuvo-la-culpa-de-la-muerte-de-maria-gonzalez\/\">\n\t\t\t\t<div class=\"elementor-portfolio-item__img elementor-post__thumbnail\">\n\t\t\t<img loading=\"lazy\" decoding=\"async\" width=\"768\" height=\"594\" src=\"https:\/\/ateca.cl\/wp-content\/uploads\/2022\/11\/la-muerte-de-maria-768x594.jpg\" class=\"attachment-medium_large size-medium_large wp-image-4135\" alt=\"\" srcset=\"https:\/\/ateca.cl\/wp-content\/uploads\/2022\/11\/la-muerte-de-maria-768x594.jpg 768w, https:\/\/ateca.cl\/wp-content\/uploads\/2022\/11\/la-muerte-de-maria-300x232.jpg 300w, https:\/\/ateca.cl\/wp-content\/uploads\/2022\/11\/la-muerte-de-maria-1024x792.jpg 1024w, https:\/\/ateca.cl\/wp-content\/uploads\/2022\/11\/la-muerte-de-maria-1536x1188.jpg 1536w, https:\/\/ateca.cl\/wp-content\/uploads\/2022\/11\/la-muerte-de-maria.jpg 1554w\" sizes=\"auto, (max-width: 768px) 100vw, 768px\" \/>\t\t<\/div>\n\t\t\t\t<div class=\"elementor-portfolio-item__overlay\">\n\t\t\t\t<h3 class=\"elementor-portfolio-item__title\">\n\t\t\u00bfQui\u00e9n tuvo la culpa de la muerte de Mar\u00eda Gonz\u00e1lez?\t\t<\/h3>\n\t\t\t\t<\/div>\n\t\t\t\t<\/a>\n\t\t<\/article>\n\t\t\t\t<article class=\"elementor-portfolio-item elementor-post  post-4160 page type-page status-publish has-post-thumbnail hentry category-teatro-de-feria tag-obra ciudad-temuco ano-179\">\n\t\t\t<a class=\"elementor-post__thumbnail__link\" href=\"https:\/\/ateca.cl\/index.php\/companias\/teatro-de-feria\/la-que-fue-a-convencer-y-salio-convencida\/\">\n\t\t\t\t<div class=\"elementor-portfolio-item__img elementor-post__thumbnail\">\n\t\t\t<img loading=\"lazy\" decoding=\"async\" width=\"768\" height=\"510\" src=\"https:\/\/ateca.cl\/wp-content\/uploads\/2022\/11\/ATECA_03_05_01-1-768x510.png\" class=\"attachment-medium_large size-medium_large wp-image-4494\" alt=\"\" srcset=\"https:\/\/ateca.cl\/wp-content\/uploads\/2022\/11\/ATECA_03_05_01-1-768x510.png 768w, https:\/\/ateca.cl\/wp-content\/uploads\/2022\/11\/ATECA_03_05_01-1-300x199.png 300w, https:\/\/ateca.cl\/wp-content\/uploads\/2022\/11\/ATECA_03_05_01-1-1024x680.png 1024w, https:\/\/ateca.cl\/wp-content\/uploads\/2022\/11\/ATECA_03_05_01-1-1536x1020.png 1536w, https:\/\/ateca.cl\/wp-content\/uploads\/2022\/11\/ATECA_03_05_01-1.png 1773w\" sizes=\"auto, (max-width: 768px) 100vw, 768px\" \/>\t\t<\/div>\n\t\t\t\t<div class=\"elementor-portfolio-item__overlay\">\n\t\t\t\t<h3 class=\"elementor-portfolio-item__title\">\n\t\tLa que fue a convencer y sali\u00f3 convencida\t\t<\/h3>\n\t\t\t\t<\/div>\n\t\t\t\t<\/a>\n\t\t<\/article>\n\t\t\t\t<article class=\"elementor-portfolio-item elementor-post  post-4134 page type-page status-publish has-post-thumbnail hentry category-teatro-de-feria tag-obra ciudad-temuco ano-68\">\n\t\t\t<a class=\"elementor-post__thumbnail__link\" href=\"https:\/\/ateca.cl\/index.php\/companias\/teatro-de-feria\/el-queso-y-el-salchichon\/\">\n\t\t\t\t<div class=\"elementor-portfolio-item__img elementor-post__thumbnail\">\n\t\t\t<img loading=\"lazy\" decoding=\"async\" width=\"524\" height=\"388\" src=\"https:\/\/ateca.cl\/wp-content\/uploads\/2022\/11\/ATECA_03_04_01.jpg\" class=\"attachment-medium_large size-medium_large wp-image-4441\" alt=\"\" srcset=\"https:\/\/ateca.cl\/wp-content\/uploads\/2022\/11\/ATECA_03_04_01.jpg 524w, https:\/\/ateca.cl\/wp-content\/uploads\/2022\/11\/ATECA_03_04_01-300x222.jpg 300w\" sizes=\"auto, (max-width: 524px) 100vw, 524px\" \/>\t\t<\/div>\n\t\t\t\t<div class=\"elementor-portfolio-item__overlay\">\n\t\t\t\t<h3 class=\"elementor-portfolio-item__title\">\n\t\tEl queso y el salchich\u00f3n\t\t<\/h3>\n\t\t\t\t<\/div>\n\t\t\t\t<\/a>\n\t\t<\/article>\n\t\t\t\t<article class=\"elementor-portfolio-item elementor-post  post-2710 page type-page status-publish has-post-thumbnail hentry category-teatro-de-feria ano-144\">\n\t\t\t<a class=\"elementor-post__thumbnail__link\" href=\"https:\/\/ateca.cl\/index.php\/companias\/teatro-de-feria\/venus\/\">\n\t\t\t\t<div class=\"elementor-portfolio-item__img elementor-post__thumbnail\">\n\t\t\t<img loading=\"lazy\" decoding=\"async\" width=\"332\" height=\"434\" src=\"https:\/\/ateca.cl\/wp-content\/uploads\/2022\/10\/ATECA_03_01_01.jpg\" class=\"attachment-medium_large size-medium_large wp-image-2699\" alt=\"\" srcset=\"https:\/\/ateca.cl\/wp-content\/uploads\/2022\/10\/ATECA_03_01_01.jpg 332w, https:\/\/ateca.cl\/wp-content\/uploads\/2022\/10\/ATECA_03_01_01-229x300.jpg 229w\" sizes=\"auto, (max-width: 332px) 100vw, 332px\" \/>\t\t<\/div>\n\t\t\t\t<div class=\"elementor-portfolio-item__overlay\">\n\t\t\t\t<h3 class=\"elementor-portfolio-item__title\">\n\t\tVenus\t\t<\/h3>\n\t\t\t\t<\/div>\n\t\t\t\t<\/a>\n\t\t<\/article>\n\t\t\t\t<\/div>\n\t\t\t\t<\/div>\n\t\t\t\t<\/div>\n\t\t\t\t\t<\/div>\n\t\t<\/div>\n\t\t\t\t\t\t\t<\/div>\n\t\t<\/section>\n\t\t\t\t<section class=\"elementor-section elementor-top-section elementor-element elementor-element-785385c3 elementor-section-boxed elementor-section-height-default elementor-section-height-default\" data-id=\"785385c3\" data-element_type=\"section\">\n\t\t\t\t\t\t<div class=\"elementor-container elementor-column-gap-default\">\n\t\t\t\t\t<div class=\"elementor-column elementor-col-100 elementor-top-column elementor-element elementor-element-7da87493\" data-id=\"7da87493\" data-element_type=\"column\">\n\t\t\t<div class=\"elementor-widget-wrap elementor-element-populated\">\n\t\t\t\t\t\t\t\t<div class=\"elementor-element elementor-element-d6907f6 elementor-widget elementor-widget-spacer\" data-id=\"d6907f6\" data-element_type=\"widget\" data-widget_type=\"spacer.default\">\n\t\t\t\t<div class=\"elementor-widget-container\">\n\t\t\t<style>\/*! elementor - v3.10.1 - 17-01-2023 *\/\n.elementor-column .elementor-spacer-inner{height:var(--spacer-size)}.e-con{--container-widget-width:100%}.e-con-inner>.elementor-widget-spacer,.e-con>.elementor-widget-spacer{width:var(--container-widget-width,var(--spacer-size));--align-self:var(--container-widget-align-self,initial);--flex-shrink:0}.e-con-inner>.elementor-widget-spacer>.elementor-widget-container,.e-con-inner>.elementor-widget-spacer>.elementor-widget-container>.elementor-spacer,.e-con>.elementor-widget-spacer>.elementor-widget-container,.e-con>.elementor-widget-spacer>.elementor-widget-container>.elementor-spacer{height:100%}.e-con-inner>.elementor-widget-spacer>.elementor-widget-container>.elementor-spacer>.elementor-spacer-inner,.e-con>.elementor-widget-spacer>.elementor-widget-container>.elementor-spacer>.elementor-spacer-inner{height:var(--container-widget-height,var(--spacer-size))}<\/style>\t\t<div class=\"elementor-spacer\">\n\t\t\t<div class=\"elementor-spacer-inner\"><\/div>\n\t\t<\/div>\n\t\t\t\t<\/div>\n\t\t\t\t<\/div>\n\t\t\t\t<div class=\"elementor-element elementor-element-24ce30d6 elementor-widget elementor-widget-heading\" data-id=\"24ce30d6\" data-element_type=\"widget\" data-widget_type=\"heading.default\">\n\t\t\t\t<div class=\"elementor-widget-container\">\n\t\t\t<h2 class=\"elementor-heading-title elementor-size-default\">Galer\u00eda<\/h2>\t\t<\/div>\n\t\t\t\t<\/div>\n\t\t\t\t<div class=\"elementor-element elementor-element-5c7dcd7d elementor-widget elementor-widget-gallery\" data-id=\"5c7dcd7d\" data-element_type=\"widget\" data-settings=\"{&quot;overlay_description&quot;:&quot;description&quot;,&quot;columns&quot;:3,&quot;overlay_title&quot;:&quot;caption&quot;,&quot;lazyload&quot;:&quot;yes&quot;,&quot;gallery_layout&quot;:&quot;grid&quot;,&quot;columns_tablet&quot;:2,&quot;columns_mobile&quot;:1,&quot;gap&quot;:{&quot;unit&quot;:&quot;px&quot;,&quot;size&quot;:10,&quot;sizes&quot;:[]},&quot;gap_tablet&quot;:{&quot;unit&quot;:&quot;px&quot;,&quot;size&quot;:10,&quot;sizes&quot;:[]},&quot;gap_mobile&quot;:{&quot;unit&quot;:&quot;px&quot;,&quot;size&quot;:10,&quot;sizes&quot;:[]},&quot;link_to&quot;:&quot;file&quot;,&quot;aspect_ratio&quot;:&quot;3:2&quot;,&quot;overlay_background&quot;:&quot;yes&quot;,&quot;content_hover_animation&quot;:&quot;fade-in&quot;}\" data-widget_type=\"gallery.default\">\n\t\t\t\t<div class=\"elementor-widget-container\">\n\t\t\t<style>\/*! elementor-pro - v3.10.2 - 17-01-2023 *\/\n.elementor-gallery__container{min-height:1px}.elementor-gallery-item{position:relative;overflow:hidden;display:block;text-decoration:none;border:solid var(--image-border-width) var(--image-border-color);border-radius:var(--image-border-radius)}.elementor-gallery-item__content,.elementor-gallery-item__overlay{height:100%;width:100%;position:absolute;top:0;left:0}.elementor-gallery-item__overlay{mix-blend-mode:var(--overlay-mix-blend-mode);transition-duration:var(--overlay-transition-duration);transition-property:mix-blend-mode,transform,opacity,background-color}.elementor-gallery-item__image.e-gallery-image{transition-duration:var(--image-transition-duration);transition-property:filter,transform}.elementor-gallery-item__content{display:flex;flex-direction:column;justify-content:var(--content-justify-content,center);align-items:center;text-align:var(--content-text-align);padding:var(--content-padding)}.elementor-gallery-item__content>div{transition-duration:var(--content-transition-duration)}.elementor-gallery-item__content.elementor-gallery--sequenced-animation>div:nth-child(2){transition-delay:calc(var(--content-transition-delay) \/ 3)}.elementor-gallery-item__content.elementor-gallery--sequenced-animation>div:nth-child(3){transition-delay:calc(var(--content-transition-delay) \/ 3 * 2)}.elementor-gallery-item__content.elementor-gallery--sequenced-animation>div:nth-child(4){transition-delay:calc(var(--content-transition-delay) \/ 3 * 3)}.elementor-gallery-item__description{color:var(--description-text-color,#fff);width:100%}.elementor-gallery-item__title{color:var(--title-text-color,#fff);font-weight:700;width:100%}.elementor-gallery__titles-container{display:flex;flex-wrap:wrap;justify-content:var(--titles-container-justify-content,center);margin-bottom:20px}.elementor-gallery__titles-container:not(.e--pointer-framed) .elementor-item:after,.elementor-gallery__titles-container:not(.e--pointer-framed) .elementor-item:before{background-color:var(--galleries-pointer-bg-color-hover)}.elementor-gallery__titles-container:not(.e--pointer-framed) .elementor-item.elementor-item-active:after,.elementor-gallery__titles-container:not(.e--pointer-framed) .elementor-item.elementor-item-active:before{background-color:var(--galleries-pointer-bg-color-active)}.elementor-gallery__titles-container.e--pointer-framed .elementor-item:before{border-color:var(--galleries-pointer-bg-color-hover);border-width:var(--galleries-pointer-border-width)}.elementor-gallery__titles-container.e--pointer-framed .elementor-item:after{border-color:var(--galleries-pointer-bg-color-hover)}.elementor-gallery__titles-container.e--pointer-framed .elementor-item.elementor-item-active:after,.elementor-gallery__titles-container.e--pointer-framed .elementor-item.elementor-item-active:before{border-color:var(--galleries-pointer-bg-color-active)}.elementor-gallery__titles-container.e--pointer-framed.e--animation-draw .elementor-item:before{border-left-width:var(--galleries-pointer-border-width);border-bottom-width:var(--galleries-pointer-border-width);border-right-width:0;border-top-width:0}.elementor-gallery__titles-container.e--pointer-framed.e--animation-draw .elementor-item:after{border-left-width:0;border-bottom-width:0;border-right-width:var(--galleries-pointer-border-width);border-top-width:var(--galleries-pointer-border-width)}.elementor-gallery__titles-container.e--pointer-framed.e--animation-corners .elementor-item:before{border-left-width:var(--galleries-pointer-border-width);border-bottom-width:0;border-right-width:0;border-top-width:var(--galleries-pointer-border-width)}.elementor-gallery__titles-container.e--pointer-framed.e--animation-corners .elementor-item:after{border-left-width:0;border-bottom-width:var(--galleries-pointer-border-width);border-right-width:var(--galleries-pointer-border-width);border-top-width:0}.elementor-gallery__titles-container .e--pointer-double-line .elementor-item:after,.elementor-gallery__titles-container .e--pointer-double-line .elementor-item:before,.elementor-gallery__titles-container .e--pointer-overline .elementor-item:before,.elementor-gallery__titles-container .e--pointer-underline .elementor-item:after{height:var(--galleries-pointer-border-width)}.elementor-gallery-title{--space-between:10px;cursor:pointer;color:#6d7882;font-weight:500;position:relative;padding:7px 14px;transition:all .3s}.elementor-gallery-title--active{color:#495157}.elementor-gallery-title:not(:last-child){margin-right:var(--space-between)}.elementor-gallery-item__title+.elementor-gallery-item__description{margin-top:var(--description-margin-top)}.e-gallery-item.elementor-gallery-item{transition-property:all}.e-gallery-item.elementor-animated-content .elementor-animated-item--enter-from-bottom,.e-gallery-item.elementor-animated-content .elementor-animated-item--enter-from-left,.e-gallery-item.elementor-animated-content .elementor-animated-item--enter-from-right,.e-gallery-item.elementor-animated-content .elementor-animated-item--enter-from-top,.e-gallery-item:hover .elementor-gallery__item-overlay-bg,.e-gallery-item:hover .elementor-gallery__item-overlay-content,.e-gallery-item:hover .elementor-gallery__item-overlay-content__description,.e-gallery-item:hover .elementor-gallery__item-overlay-content__title{opacity:1}a.elementor-item.elementor-gallery-title{color:var(--galleries-title-color-normal)}a.elementor-item.elementor-gallery-title.elementor-item-active,a.elementor-item.elementor-gallery-title.highlighted,a.elementor-item.elementor-gallery-title:focus,a.elementor-item.elementor-gallery-title:hover{color:var(--galleries-title-color-hover)}a.elementor-item.elementor-gallery-title.elementor-item-active{color:var(--gallery-title-color-active)}.e-con-inner>.elementor-widget-gallery,.e-con>.elementor-widget-gallery{width:var(--container-widget-width);--flex-grow:var(--container-widget-flex-grow)}<\/style>\t\t<div class=\"elementor-gallery__container\">\n\t\t\t\t\t\t\t<a class=\"e-gallery-item elementor-gallery-item elementor-animated-content\" href=\"https:\/\/ateca.cl\/wp-content\/uploads\/2022\/10\/COMPAN\u0303IA_01_01.png\" data-elementor-open-lightbox=\"yes\" data-elementor-lightbox-slideshow=\"all-5c7dcd7d\" data-elementor-lightbox-title=\"La Calle un escenario para el arte (recto)\" data-elementor-lightbox-description=\"Procedencia: Rosa Oxi Fern\u00e1ndez\" e-action-hash=\"#elementor-action%3Aaction%3Dlightbox%26settings%3DeyJpZCI6MTI0NCwidXJsIjoiaHR0cHM6XC9cL2F0ZWNhLmNsXC93cC1jb250ZW50XC91cGxvYWRzXC8yMDIyXC8xMFwvQ09NUEFOXHUwMzAzSUFfMDFfMDEucG5nIiwic2xpZGVzaG93IjoiYWxsLTVjN2RjZDdkIn0%3D\">\n\t\t\t\t\t<div class=\"e-gallery-image elementor-gallery-item__image\" data-thumbnail=\"https:\/\/ateca.cl\/wp-content\/uploads\/2022\/10\/COMPAN\u0303IA_01_01-768x534.png\" data-width=\"768\" data-height=\"534\" alt=\"\" ><\/div>\n\t\t\t\t\t\t\t\t\t\t\t<div class=\"elementor-gallery-item__overlay\"><\/div>\n\t\t\t\t\t\t\t\t\t\t\t\t\t\t\t<div class=\"elementor-gallery-item__content\">\n\t\t\t\t\t\t\t\t\t\t\t\t\t\t<div class=\"elementor-gallery-item__title\">\n\t\t\t\t\t\t\t\t\t\t\t\t\t\t\t\t\t\tPermiso Municipal obtenido por Andr\u00e9s Pavez para actuar en la Plaza Vicu\u00f1a Mackena, en Santiago. \t\t\t\t\t\t\t\t<\/div>\n\t\t\t\t\t\t\t\t\t\t\t\t\t\t\t<div class=\"elementor-gallery-item__description\">\n\t\t\t\t\t\t\t\t\t\t\t\t\t\t\t\t\t\tProcedencia: Rosa Oxi Fern\u00e1ndez\t\t\t\t\t\t\t\t<\/div>\n\t\t\t\t\t\t\t\t\t\t\t\t<\/div>\n\t\t\t\t\t\t\t\t\t<\/a>\n\t\t\t\t\t\t\t<a class=\"e-gallery-item elementor-gallery-item elementor-animated-content\" href=\"https:\/\/ateca.cl\/wp-content\/uploads\/2022\/10\/COMPAN\u0303IA_01_02.png\" data-elementor-open-lightbox=\"yes\" data-elementor-lightbox-slideshow=\"all-5c7dcd7d\" data-elementor-lightbox-title=\"La Calle un escenario para el arte (verso)\" data-elementor-lightbox-description=\"Procedencia: Rosa Oxi Fern\u00e1ndez\" e-action-hash=\"#elementor-action%3Aaction%3Dlightbox%26settings%3DeyJpZCI6MTI0NSwidXJsIjoiaHR0cHM6XC9cL2F0ZWNhLmNsXC93cC1jb250ZW50XC91cGxvYWRzXC8yMDIyXC8xMFwvQ09NUEFOXHUwMzAzSUFfMDFfMDIucG5nIiwic2xpZGVzaG93IjoiYWxsLTVjN2RjZDdkIn0%3D\">\n\t\t\t\t\t<div class=\"e-gallery-image elementor-gallery-item__image\" data-thumbnail=\"https:\/\/ateca.cl\/wp-content\/uploads\/2022\/10\/COMPAN\u0303IA_01_02-768x540.png\" data-width=\"768\" data-height=\"540\" alt=\"\" ><\/div>\n\t\t\t\t\t\t\t\t\t\t\t<div class=\"elementor-gallery-item__overlay\"><\/div>\n\t\t\t\t\t\t\t\t\t\t\t\t\t\t\t<div class=\"elementor-gallery-item__content\">\n\t\t\t\t\t\t\t\t\t\t\t\t\t\t<div class=\"elementor-gallery-item__title\">\n\t\t\t\t\t\t\t\t\t\t\t\t\t\t\t\t\t\tPermiso Municipal obtenido por Andr\u00e9s Pavez para actuar en la Plaza Vicu\u00f1a Mackena, en Santiago. \t\t\t\t\t\t\t\t<\/div>\n\t\t\t\t\t\t\t\t\t\t\t\t\t\t\t<div class=\"elementor-gallery-item__description\">\n\t\t\t\t\t\t\t\t\t\t\t\t\t\t\t\t\t\tProcedencia: Rosa Oxi Fern\u00e1ndez\t\t\t\t\t\t\t\t<\/div>\n\t\t\t\t\t\t\t\t\t\t\t\t<\/div>\n\t\t\t\t\t\t\t\t\t<\/a>\n\t\t\t\t\t\t\t<a class=\"e-gallery-item elementor-gallery-item elementor-animated-content\" href=\"https:\/\/ateca.cl\/wp-content\/uploads\/2022\/10\/COMPAN\u0303IA_01_03.png\" data-elementor-open-lightbox=\"yes\" data-elementor-lightbox-slideshow=\"all-5c7dcd7d\" data-elementor-lightbox-title=\"Retrato de Andr\u00e9s Pavez 1\" data-elementor-lightbox-description=\"Procedencia: Rosa Oxi Fern\u00e1ndez\" e-action-hash=\"#elementor-action%3Aaction%3Dlightbox%26settings%3DeyJpZCI6MTI0NiwidXJsIjoiaHR0cHM6XC9cL2F0ZWNhLmNsXC93cC1jb250ZW50XC91cGxvYWRzXC8yMDIyXC8xMFwvQ09NUEFOXHUwMzAzSUFfMDFfMDMucG5nIiwic2xpZGVzaG93IjoiYWxsLTVjN2RjZDdkIn0%3D\">\n\t\t\t\t\t<div class=\"e-gallery-image elementor-gallery-item__image\" data-thumbnail=\"https:\/\/ateca.cl\/wp-content\/uploads\/2022\/10\/COMPAN\u0303IA_01_03-768x532.png\" data-width=\"768\" data-height=\"532\" alt=\"\" ><\/div>\n\t\t\t\t\t\t\t\t\t\t\t<div class=\"elementor-gallery-item__overlay\"><\/div>\n\t\t\t\t\t\t\t\t\t\t\t\t\t\t\t<div class=\"elementor-gallery-item__content\">\n\t\t\t\t\t\t\t\t\t\t\t\t\t\t<div class=\"elementor-gallery-item__title\">\n\t\t\t\t\t\t\t\t\t\t\t\t\t\t\t\t\t\tRetrato de Andr\u00e9s Pavez, fundador de la compa\u00f1\u00eda\t\t\t\t\t\t\t\t<\/div>\n\t\t\t\t\t\t\t\t\t\t\t\t\t\t\t<div class=\"elementor-gallery-item__description\">\n\t\t\t\t\t\t\t\t\t\t\t\t\t\t\t\t\t\tProcedencia: Rosa Oxi Fern\u00e1ndez\t\t\t\t\t\t\t\t<\/div>\n\t\t\t\t\t\t\t\t\t\t\t\t<\/div>\n\t\t\t\t\t\t\t\t\t<\/a>\n\t\t\t\t\t\t\t<a class=\"e-gallery-item elementor-gallery-item elementor-animated-content\" href=\"https:\/\/ateca.cl\/wp-content\/uploads\/2022\/10\/COMPAN\u0303IA_01_04.png\" data-elementor-open-lightbox=\"yes\" data-elementor-lightbox-slideshow=\"all-5c7dcd7d\" data-elementor-lightbox-title=\"Retrato de Andr\u00e9s Pavez 2\" data-elementor-lightbox-description=\"Procedencia: Rosa Oxi Fern\u00e1ndez\" e-action-hash=\"#elementor-action%3Aaction%3Dlightbox%26settings%3DeyJpZCI6MTI0NywidXJsIjoiaHR0cHM6XC9cL2F0ZWNhLmNsXC93cC1jb250ZW50XC91cGxvYWRzXC8yMDIyXC8xMFwvQ09NUEFOXHUwMzAzSUFfMDFfMDQucG5nIiwic2xpZGVzaG93IjoiYWxsLTVjN2RjZDdkIn0%3D\">\n\t\t\t\t\t<div class=\"e-gallery-image elementor-gallery-item__image\" data-thumbnail=\"https:\/\/ateca.cl\/wp-content\/uploads\/2022\/10\/COMPAN\u0303IA_01_04-768x528.png\" data-width=\"768\" data-height=\"528\" alt=\"\" ><\/div>\n\t\t\t\t\t\t\t\t\t\t\t<div class=\"elementor-gallery-item__overlay\"><\/div>\n\t\t\t\t\t\t\t\t\t\t\t\t\t\t\t<div class=\"elementor-gallery-item__content\">\n\t\t\t\t\t\t\t\t\t\t\t\t\t\t<div class=\"elementor-gallery-item__title\">\n\t\t\t\t\t\t\t\t\t\t\t\t\t\t\t\t\t\tRetrato de Andr\u00e9s Pavez, fundador de la compa\u00f1\u00eda\t\t\t\t\t\t\t\t<\/div>\n\t\t\t\t\t\t\t\t\t\t\t\t\t\t\t<div class=\"elementor-gallery-item__description\">\n\t\t\t\t\t\t\t\t\t\t\t\t\t\t\t\t\t\tProcedencia: Rosa Oxi Fern\u00e1ndez\t\t\t\t\t\t\t\t<\/div>\n\t\t\t\t\t\t\t\t\t\t\t\t<\/div>\n\t\t\t\t\t\t\t\t\t<\/a>\n\t\t\t\t\t\t\t<a class=\"e-gallery-item elementor-gallery-item elementor-animated-content\" href=\"https:\/\/ateca.cl\/wp-content\/uploads\/2022\/10\/COMPAN\u0303IA_01_05.jpeg\" data-elementor-open-lightbox=\"yes\" data-elementor-lightbox-slideshow=\"all-5c7dcd7d\" data-elementor-lightbox-title=\"Fotograf\u00eda de la compa\u00f1\u00eda\" data-elementor-lightbox-description=\"Procedencia: Esmerita Huilinir\" e-action-hash=\"#elementor-action%3Aaction%3Dlightbox%26settings%3DeyJpZCI6MTI0OCwidXJsIjoiaHR0cHM6XC9cL2F0ZWNhLmNsXC93cC1jb250ZW50XC91cGxvYWRzXC8yMDIyXC8xMFwvQ09NUEFOXHUwMzAzSUFfMDFfMDUuanBlZyIsInNsaWRlc2hvdyI6ImFsbC01YzdkY2Q3ZCJ9\">\n\t\t\t\t\t<div class=\"e-gallery-image elementor-gallery-item__image\" data-thumbnail=\"https:\/\/ateca.cl\/wp-content\/uploads\/2022\/10\/COMPAN\u0303IA_01_05-768x831.jpeg\" data-width=\"768\" data-height=\"831\" alt=\"\" ><\/div>\n\t\t\t\t\t\t\t\t\t\t\t<div class=\"elementor-gallery-item__overlay\"><\/div>\n\t\t\t\t\t\t\t\t\t\t\t\t\t\t\t<div class=\"elementor-gallery-item__content\">\n\t\t\t\t\t\t\t\t\t\t\t\t\t\t<div class=\"elementor-gallery-item__title\">\n\t\t\t\t\t\t\t\t\t\t\t\t\t\t\t\t\t\tFotograf\u00eda de la compa\u00f1\u00eda de Temuco: Esm\u00e9rita Huili\u00f1ir, Sandra Menz, Andr\u00e9s Pavez\t\t\t\t\t\t\t\t<\/div>\n\t\t\t\t\t\t\t\t\t\t\t\t\t\t\t<div class=\"elementor-gallery-item__description\">\n\t\t\t\t\t\t\t\t\t\t\t\t\t\t\t\t\t\tProcedencia: Esmerita Huilinir\t\t\t\t\t\t\t\t<\/div>\n\t\t\t\t\t\t\t\t\t\t\t\t<\/div>\n\t\t\t\t\t\t\t\t\t<\/a>\n\t\t\t\t\t<\/div>\n\t\t\t<\/div>\n\t\t\t\t<\/div>\n\t\t\t\t\t<\/div>\n\t\t<\/div>\n\t\t\t\t\t\t\t<\/div>\n\t\t<\/section>\n\t\t\t\t<section class=\"elementor-section elementor-top-section elementor-element elementor-element-cb651b1 elementor-section-boxed elementor-section-height-default elementor-section-height-default\" data-id=\"cb651b1\" data-element_type=\"section\">\n\t\t\t\t\t\t<div class=\"elementor-container elementor-column-gap-default\">\n\t\t\t\t\t<div class=\"elementor-column elementor-col-100 elementor-top-column elementor-element elementor-element-1b2669e\" data-id=\"1b2669e\" data-element_type=\"column\">\n\t\t\t<div class=\"elementor-widget-wrap elementor-element-populated\">\n\t\t\t\t\t\t\t\t<div class=\"elementor-element elementor-element-bd3e21d elementor-widget elementor-widget-spacer\" data-id=\"bd3e21d\" data-element_type=\"widget\" data-widget_type=\"spacer.default\">\n\t\t\t\t<div class=\"elementor-widget-container\">\n\t\t\t\t\t<div class=\"elementor-spacer\">\n\t\t\t<div class=\"elementor-spacer-inner\"><\/div>\n\t\t<\/div>\n\t\t\t\t<\/div>\n\t\t\t\t<\/div>\n\t\t\t\t<div class=\"elementor-element elementor-element-a6119b1 elementor-widget elementor-widget-heading\" data-id=\"a6119b1\" data-element_type=\"widget\" data-widget_type=\"heading.default\">\n\t\t\t\t<div class=\"elementor-widget-container\">\n\t\t\t<h2 class=\"elementor-heading-title elementor-size-default\">Documentos<\/h2>\t\t<\/div>\n\t\t\t\t<\/div>\n\t\t\t\t<div class=\"elementor-element elementor-element-1f39c79 elementor-grid-3 elementor-grid-tablet-2 elementor-grid-mobile-1 elementor-widget elementor-widget-portfolio\" data-id=\"1f39c79\" data-element_type=\"widget\" data-settings=\"{&quot;row_gap&quot;:{&quot;unit&quot;:&quot;px&quot;,&quot;size&quot;:10,&quot;sizes&quot;:[]},&quot;columns&quot;:&quot;3&quot;,&quot;columns_tablet&quot;:&quot;2&quot;,&quot;columns_mobile&quot;:&quot;1&quot;,&quot;item_ratio&quot;:{&quot;unit&quot;:&quot;px&quot;,&quot;size&quot;:0.66,&quot;sizes&quot;:[]},&quot;item_gap&quot;:{&quot;unit&quot;:&quot;px&quot;,&quot;size&quot;:&quot;&quot;,&quot;sizes&quot;:[]}}\" data-widget_type=\"portfolio.default\">\n\t\t\t\t<div class=\"elementor-widget-container\">\n\t\t\t\t\t<div class=\"elementor-portfolio elementor-grid elementor-posts-container\">\n\t\t\t\t<article class=\"elementor-portfolio-item elementor-post  post-5302 post type-post status-publish format-standard has-post-thumbnail hentry category-teatro-de-feria tag-pdf ciudad-temuco ano-68 ano-30-de-enero credito-esmerita-huilinir-2 procedencia-esmerita-huilinir-3\">\n\t\t\t<a class=\"elementor-post__thumbnail__link\" href=\"https:\/\/ateca.cl\/index.php\/2022\/12\/16\/prensa-rostro-del-dia-2\/\">\n\t\t\t\t<div class=\"elementor-portfolio-item__img elementor-post__thumbnail\">\n\t\t\t<img loading=\"lazy\" decoding=\"async\" width=\"552\" height=\"526\" src=\"https:\/\/ateca.cl\/wp-content\/uploads\/2022\/10\/rostrodeldia.jpg\" class=\"attachment-medium_large size-medium_large wp-image-1267\" alt=\"\" srcset=\"https:\/\/ateca.cl\/wp-content\/uploads\/2022\/10\/rostrodeldia.jpg 552w, https:\/\/ateca.cl\/wp-content\/uploads\/2022\/10\/rostrodeldia-300x286.jpg 300w\" sizes=\"auto, (max-width: 552px) 100vw, 552px\" \/>\t\t<\/div>\n\t\t\t\t<div class=\"elementor-portfolio-item__overlay\">\n\t\t\t\t<h3 class=\"elementor-portfolio-item__title\">\n\t\tPrensa: Rostro del d\u00eda\t\t<\/h3>\n\t\t\t\t<\/div>\n\t\t\t\t<\/a>\n\t\t<\/article>\n\t\t\t\t<article class=\"elementor-portfolio-item elementor-post  post-4526 post type-post status-publish format-standard has-post-thumbnail hentry category-teatro-de-feria tag-pdf obra-marta-y-mamerto procedencia-rosa-oxi-fernandez escenario-bulnes\">\n\t\t\t<a class=\"elementor-post__thumbnail__link\" href=\"https:\/\/ateca.cl\/index.php\/2022\/11\/14\/guion-de-marta-y-mamerto\/\">\n\t\t\t\t<div class=\"elementor-portfolio-item__img elementor-post__thumbnail\">\n\t\t\t<img loading=\"lazy\" decoding=\"async\" width=\"768\" height=\"707\" src=\"https:\/\/ateca.cl\/wp-content\/uploads\/2022\/11\/mata-mamerto-1-768x707.jpg\" class=\"attachment-medium_large size-medium_large wp-image-4528\" alt=\"\" srcset=\"https:\/\/ateca.cl\/wp-content\/uploads\/2022\/11\/mata-mamerto-1-768x707.jpg 768w, https:\/\/ateca.cl\/wp-content\/uploads\/2022\/11\/mata-mamerto-1-300x276.jpg 300w, https:\/\/ateca.cl\/wp-content\/uploads\/2022\/11\/mata-mamerto-1-1024x943.jpg 1024w, https:\/\/ateca.cl\/wp-content\/uploads\/2022\/11\/mata-mamerto-1.jpg 1314w\" sizes=\"auto, (max-width: 768px) 100vw, 768px\" \/>\t\t<\/div>\n\t\t\t\t<div class=\"elementor-portfolio-item__overlay\">\n\t\t\t\t<h3 class=\"elementor-portfolio-item__title\">\n\t\tGui\u00f3n de Marta y Mamerto\t\t<\/h3>\n\t\t\t\t<\/div>\n\t\t\t\t<\/a>\n\t\t<\/article>\n\t\t\t\t<article class=\"elementor-portfolio-item elementor-post  post-4477 post type-post status-publish format-standard has-post-thumbnail hentry category-teatro-de-feria tag-pdf obra-la-que-fue-a-convencer-y-salio-convencida ano-179 procedencia-rosa-oxi-fernandez\">\n\t\t\t<a class=\"elementor-post__thumbnail__link\" href=\"https:\/\/ateca.cl\/index.php\/2022\/11\/14\/guion-de-la-que-se-fue-a-convencer-y-salio-convencida\/\">\n\t\t\t\t<div class=\"elementor-portfolio-item__img elementor-post__thumbnail\">\n\t\t\t<img loading=\"lazy\" decoding=\"async\" width=\"768\" height=\"670\" src=\"https:\/\/ateca.cl\/wp-content\/uploads\/2022\/11\/laquefue-768x670.jpg\" class=\"attachment-medium_large size-medium_large wp-image-4485\" alt=\"\" srcset=\"https:\/\/ateca.cl\/wp-content\/uploads\/2022\/11\/laquefue-768x670.jpg 768w, https:\/\/ateca.cl\/wp-content\/uploads\/2022\/11\/laquefue-300x262.jpg 300w, https:\/\/ateca.cl\/wp-content\/uploads\/2022\/11\/laquefue-1024x894.jpg 1024w, https:\/\/ateca.cl\/wp-content\/uploads\/2022\/11\/laquefue.jpg 1322w\" sizes=\"auto, (max-width: 768px) 100vw, 768px\" \/>\t\t<\/div>\n\t\t\t\t<div class=\"elementor-portfolio-item__overlay\">\n\t\t\t\t<h3 class=\"elementor-portfolio-item__title\">\n\t\tGui\u00f3n de La que se fue a convencer y sali\u00f3 convencida\t\t<\/h3>\n\t\t\t\t<\/div>\n\t\t\t\t<\/a>\n\t\t<\/article>\n\t\t\t\t<article class=\"elementor-portfolio-item elementor-post  post-1275 post type-post status-publish format-standard has-post-thumbnail hentry category-teatro-de-feria tag-pdf ciudad-temuco ano-68 credito-esmerita-huilinir-2 procedencia-esmerita-huilinir-3\">\n\t\t\t<a class=\"elementor-post__thumbnail__link\" href=\"https:\/\/ateca.cl\/index.php\/2022\/10\/18\/prensa-teatro-de-feria\/\">\n\t\t\t\t<div class=\"elementor-portfolio-item__img elementor-post__thumbnail\">\n\t\t\t<img loading=\"lazy\" decoding=\"async\" width=\"747\" height=\"797\" src=\"https:\/\/ateca.cl\/wp-content\/uploads\/2022\/10\/teatro-de-feriapdf.jpg\" class=\"attachment-medium_large size-medium_large wp-image-1268\" alt=\"\" srcset=\"https:\/\/ateca.cl\/wp-content\/uploads\/2022\/10\/teatro-de-feriapdf.jpg 747w, https:\/\/ateca.cl\/wp-content\/uploads\/2022\/10\/teatro-de-feriapdf-281x300.jpg 281w\" sizes=\"auto, (max-width: 747px) 100vw, 747px\" \/>\t\t<\/div>\n\t\t\t\t<div class=\"elementor-portfolio-item__overlay\">\n\t\t\t\t<h3 class=\"elementor-portfolio-item__title\">\n\t\tPrensa: Teatro de Feria\t\t<\/h3>\n\t\t\t\t<\/div>\n\t\t\t\t<\/a>\n\t\t<\/article>\n\t\t\t\t<article class=\"elementor-portfolio-item elementor-post  post-1258 post type-post status-publish format-standard has-post-thumbnail hentry category-teatro-de-feria tag-pdf ciudad-temuco ano-68 credito-esmerita-huilinir-2 procedencia-esmerita-huilinir-3\">\n\t\t\t<a class=\"elementor-post__thumbnail__link\" href=\"https:\/\/ateca.cl\/index.php\/2022\/10\/18\/prensa-rostro-del-dia\/\">\n\t\t\t\t<div class=\"elementor-portfolio-item__img elementor-post__thumbnail\">\n\t\t\t<img loading=\"lazy\" decoding=\"async\" width=\"552\" height=\"526\" src=\"https:\/\/ateca.cl\/wp-content\/uploads\/2022\/10\/rostrodeldia.jpg\" class=\"attachment-medium_large size-medium_large wp-image-1267\" alt=\"\" srcset=\"https:\/\/ateca.cl\/wp-content\/uploads\/2022\/10\/rostrodeldia.jpg 552w, https:\/\/ateca.cl\/wp-content\/uploads\/2022\/10\/rostrodeldia-300x286.jpg 300w\" sizes=\"auto, (max-width: 552px) 100vw, 552px\" \/>\t\t<\/div>\n\t\t\t\t<div class=\"elementor-portfolio-item__overlay\">\n\t\t\t\t<h3 class=\"elementor-portfolio-item__title\">\n\t\tPrensa: Rostro del d\u00eda\t\t<\/h3>\n\t\t\t\t<\/div>\n\t\t\t\t<\/a>\n\t\t<\/article>\n\t\t\t\t<\/div>\n\t\t\t\t<\/div>\n\t\t\t\t<\/div>\n\t\t\t\t\t<\/div>\n\t\t<\/div>\n\t\t\t\t\t\t\t<\/div>\n\t\t<\/section>\n\t\t\t\t\t\t\t<\/div>\n\t\t","protected":false},"excerpt":{"rendered":"<p>El Teatro de Feria nace en Temuco de la mano de Andr\u00e9s Pavez. All\u00ed conoce a Esm\u00e9rita Huili\u00f1ir, Luis Germ\u00e1n y David Absalom, con quienes act\u00faa por alg\u00fan tiempo en el ex Paseo Bulnes de la ciudad sure\u00f1a. Junto a Esm\u00e9rita Huili\u00f1ir recorre diversos lugares del pa\u00eds haciendo teatro callejero, caf\u00e9 concert y teatro para [&hellip;]<\/p>\n","protected":false},"author":1,"featured_media":601,"parent":101,"menu_order":3,"comment_status":"closed","ping_status":"closed","template":"elementor_theme","meta":{"_acf_changed":false,"footnotes":""},"categories":[],"tags":[],"ciudad":[],"obra":[],"ano":[],"credito":[],"procedencia":[],"codigo":[],"escenario":[],"class_list":["post-53","page","type-page","status-publish","has-post-thumbnail","hentry"],"acf":[],"_links":{"self":[{"href":"https:\/\/ateca.cl\/index.php\/wp-json\/wp\/v2\/pages\/53","targetHints":{"allow":["GET"]}}],"collection":[{"href":"https:\/\/ateca.cl\/index.php\/wp-json\/wp\/v2\/pages"}],"about":[{"href":"https:\/\/ateca.cl\/index.php\/wp-json\/wp\/v2\/types\/page"}],"author":[{"embeddable":true,"href":"https:\/\/ateca.cl\/index.php\/wp-json\/wp\/v2\/users\/1"}],"replies":[{"embeddable":true,"href":"https:\/\/ateca.cl\/index.php\/wp-json\/wp\/v2\/comments?post=53"}],"version-history":[{"count":48,"href":"https:\/\/ateca.cl\/index.php\/wp-json\/wp\/v2\/pages\/53\/revisions"}],"predecessor-version":[{"id":5301,"href":"https:\/\/ateca.cl\/index.php\/wp-json\/wp\/v2\/pages\/53\/revisions\/5301"}],"up":[{"embeddable":true,"href":"https:\/\/ateca.cl\/index.php\/wp-json\/wp\/v2\/pages\/101"}],"wp:featuredmedia":[{"embeddable":true,"href":"https:\/\/ateca.cl\/index.php\/wp-json\/wp\/v2\/media\/601"}],"wp:attachment":[{"href":"https:\/\/ateca.cl\/index.php\/wp-json\/wp\/v2\/media?parent=53"}],"wp:term":[{"taxonomy":"category","embeddable":true,"href":"https:\/\/ateca.cl\/index.php\/wp-json\/wp\/v2\/categories?post=53"},{"taxonomy":"post_tag","embeddable":true,"href":"https:\/\/ateca.cl\/index.php\/wp-json\/wp\/v2\/tags?post=53"},{"taxonomy":"ciudad","embeddable":true,"href":"https:\/\/ateca.cl\/index.php\/wp-json\/wp\/v2\/ciudad?post=53"},{"taxonomy":"obra","embeddable":true,"href":"https:\/\/ateca.cl\/index.php\/wp-json\/wp\/v2\/obra?post=53"},{"taxonomy":"ano","embeddable":true,"href":"https:\/\/ateca.cl\/index.php\/wp-json\/wp\/v2\/ano?post=53"},{"taxonomy":"credito","embeddable":true,"href":"https:\/\/ateca.cl\/index.php\/wp-json\/wp\/v2\/credito?post=53"},{"taxonomy":"procedencia","embeddable":true,"href":"https:\/\/ateca.cl\/index.php\/wp-json\/wp\/v2\/procedencia?post=53"},{"taxonomy":"codigo","embeddable":true,"href":"https:\/\/ateca.cl\/index.php\/wp-json\/wp\/v2\/codigo?post=53"},{"taxonomy":"escenario","embeddable":true,"href":"https:\/\/ateca.cl\/index.php\/wp-json\/wp\/v2\/escenario?post=53"}],"curies":[{"name":"wp","href":"https:\/\/api.w.org\/{rel}","templated":true}]}}