{"id":58,"date":"2022-10-06T16:22:51","date_gmt":"2022-10-06T16:22:51","guid":{"rendered":"https:\/\/ateca.cl\/?page_id=58"},"modified":"2022-10-26T15:12:21","modified_gmt":"2022-10-26T15:12:21","slug":"teatro-del-silencio","status":"publish","type":"page","link":"https:\/\/ateca.cl\/index.php\/companias\/teatro-del-silencio\/","title":{"rendered":"Teatro del Silencio"},"content":{"rendered":"\t\t<div data-elementor-type=\"wp-page\" data-elementor-id=\"58\" class=\"elementor elementor-58\">\n\t\t\t\t\t\t\t\t\t<section class=\"elementor-section elementor-top-section elementor-element elementor-element-6191c88 elementor-section-boxed elementor-section-height-default elementor-section-height-default\" data-id=\"6191c88\" data-element_type=\"section\">\n\t\t\t\t\t\t<div class=\"elementor-container elementor-column-gap-default\">\n\t\t\t\t\t<div class=\"elementor-column elementor-col-100 elementor-top-column elementor-element elementor-element-1b6fd0bb\" data-id=\"1b6fd0bb\" data-element_type=\"column\">\n\t\t\t<div class=\"elementor-widget-wrap elementor-element-populated\">\n\t\t\t\t\t\t\t\t<div class=\"elementor-element elementor-element-67111851 elementor-widget elementor-widget-theme-post-title elementor-page-title elementor-widget-heading\" data-id=\"67111851\" data-element_type=\"widget\" data-widget_type=\"theme-post-title.default\">\n\t\t\t\t<div class=\"elementor-widget-container\">\n\t\t\t<style>\/*! elementor - v3.10.1 - 17-01-2023 *\/\n.elementor-heading-title{padding:0;margin:0;line-height:1}.elementor-widget-heading .elementor-heading-title[class*=elementor-size-]>a{color:inherit;font-size:inherit;line-height:inherit}.elementor-widget-heading .elementor-heading-title.elementor-size-small{font-size:15px}.elementor-widget-heading .elementor-heading-title.elementor-size-medium{font-size:19px}.elementor-widget-heading .elementor-heading-title.elementor-size-large{font-size:29px}.elementor-widget-heading .elementor-heading-title.elementor-size-xl{font-size:39px}.elementor-widget-heading .elementor-heading-title.elementor-size-xxl{font-size:59px}<\/style><h1 class=\"elementor-heading-title elementor-size-default\">Teatro del Silencio<\/h1>\t\t<\/div>\n\t\t\t\t<\/div>\n\t\t\t\t\t<\/div>\n\t\t<\/div>\n\t\t\t\t\t\t\t<\/div>\n\t\t<\/section>\n\t\t\t\t<section class=\"elementor-section elementor-top-section elementor-element elementor-element-1a79b038 elementor-section-boxed elementor-section-height-default elementor-section-height-default\" data-id=\"1a79b038\" data-element_type=\"section\">\n\t\t\t\t\t\t<div class=\"elementor-container elementor-column-gap-default\">\n\t\t\t\t\t<div class=\"elementor-column elementor-col-100 elementor-top-column elementor-element elementor-element-7d3b4af1\" data-id=\"7d3b4af1\" data-element_type=\"column\">\n\t\t\t<div class=\"elementor-widget-wrap elementor-element-populated\">\n\t\t\t\t\t\t\t\t<div class=\"elementor-element elementor-element-1af4ceb4 elementor-widget elementor-widget-image\" data-id=\"1af4ceb4\" data-element_type=\"widget\" data-widget_type=\"image.default\">\n\t\t\t\t<div class=\"elementor-widget-container\">\n\t\t\t<style>\/*! elementor - v3.10.1 - 17-01-2023 *\/\n.elementor-widget-image{text-align:center}.elementor-widget-image a{display:inline-block}.elementor-widget-image a img[src$=\".svg\"]{width:48px}.elementor-widget-image img{vertical-align:middle;display:inline-block}<\/style>\t\t\t\t\t\t\t\t\t\t\t\t<img decoding=\"async\" src=\"https:\/\/ateca.cl\/wp-content\/uploads\/elementor\/thumbs\/teatro-delsilencio-scaled-pw3miiizedwctpsjs7hk8a579q7oq6w7gx7cy7aglw.jpg\" title=\"teatro-delsilencio\" alt=\"teatro-delsilencio\" loading=\"lazy\" \/>\t\t\t\t\t\t\t\t\t\t\t\t\t\t\t<\/div>\n\t\t\t\t<\/div>\n\t\t\t\t<section class=\"elementor-section elementor-inner-section elementor-element elementor-element-6f3b2b4c elementor-section-boxed elementor-section-height-default elementor-section-height-default\" data-id=\"6f3b2b4c\" data-element_type=\"section\">\n\t\t\t\t\t\t<div class=\"elementor-container elementor-column-gap-default\">\n\t\t\t\t\t<div class=\"elementor-column elementor-col-50 elementor-inner-column elementor-element elementor-element-a25d343\" data-id=\"a25d343\" data-element_type=\"column\">\n\t\t\t<div class=\"elementor-widget-wrap elementor-element-populated\">\n\t\t\t\t\t\t\t\t<div class=\"elementor-element elementor-element-2b7a2421 elementor-widget elementor-widget-text-editor\" data-id=\"2b7a2421\" data-element_type=\"widget\" data-widget_type=\"text-editor.default\">\n\t\t\t\t<div class=\"elementor-widget-container\">\n\t\t\t<style>\/*! elementor - v3.10.1 - 17-01-2023 *\/\n.elementor-widget-text-editor.elementor-drop-cap-view-stacked .elementor-drop-cap{background-color:#818a91;color:#fff}.elementor-widget-text-editor.elementor-drop-cap-view-framed .elementor-drop-cap{color:#818a91;border:3px solid;background-color:transparent}.elementor-widget-text-editor:not(.elementor-drop-cap-view-default) .elementor-drop-cap{margin-top:8px}.elementor-widget-text-editor:not(.elementor-drop-cap-view-default) .elementor-drop-cap-letter{width:1em;height:1em}.elementor-widget-text-editor .elementor-drop-cap{float:left;text-align:center;line-height:1;font-size:50px}.elementor-widget-text-editor .elementor-drop-cap-letter{display:inline-block}<\/style>\t\t\t\t<p>Los inicios de la compa\u00f1\u00eda datan de 1986 en Valpara\u00edso, esto gracias a una residencia impulsada por el Instituto Chileno &#8211; Franc\u00e9s de Cultura. En esta instancia Mauricio Celed\u00f3n realiz\u00f3 talleres a estudiantes y profesores de la ciudad de Valpara\u00edso y Santiago. Luego de semanas de trabajos se ejecut\u00f3 una <i>performance<\/i> callejera titulada <i>Barrer, barrer, hasta barrerlos<\/i>. La pieza consideraba a un grupo de personajes vestidos y maquillados de blanco, los cuales comenzaban su recorrido en la casa del poeta Enrique Moro, descendiendo por las escaleras hasta los inicios de la subida Ecuador.\u00a0<\/p><p>A\u00f1os m\u00e1s tarde, tambi\u00e9n en Valpara\u00edso, y\u00a0 como resultado de un taller realizado por Mauricio, se ejecut\u00f3 <i>Gargant\u00faa<\/i>, mimodrama en un acto, inspirado en la novela francesa de Rabelais. Lo primordial de esta pieza callejera era el trabajo del actor, el que era apoyado por una marioneta dise\u00f1ada por Joaqu\u00edn Cordua.\u00a0<\/p><p>Por otro lado, esta segunda instancia signific\u00f3 tambi\u00e9n el reencuentro con parte de los integrantes del taller anterior, comenzando una trayectoria que se consolida unos a\u00f1os m\u00e1s tarde con la creaci\u00f3n de <i>Transfusi\u00f3n<\/i>, obra desarrollada gracias a un nuevo taller realizado esta vez en Santiago, en el ex Pedag\u00f3gico. Sin embargo, esta pieza requiri\u00f3 gran despliegue t\u00e9cnico, raz\u00f3n por la que tuvo que trasladarse a Matucana 19, propiedad de Rosa y Jordi Lloret. En ese espacio la compa\u00f1\u00eda residir\u00e1 hasta terminar <i>Transfusi\u00f3n<\/i> y crear <i>Ocho Horas <\/i>(1991).<\/p><p>Es con <i>Transfusi\u00f3n<\/i> cuando la compa\u00f1\u00eda toma el nombre del Teatro del Silencio, sin embargo, tal como explica Mauricio Celed\u00f3n, no se puede olvidar que el nacimiento de la agrupaci\u00f3n se debe al trabajo realizado anteriormente en la ciudad de Valpara\u00edso, por esta raz\u00f3n, \u00e9l cree que los or\u00edgenes de la compa\u00f1\u00eda se deben pensar desde all\u00ed (comunicaci\u00f3n personal, 8 de abril de 2022).<\/p><p>Por otra parte, es importante se\u00f1alar que estos talleres son los que dan comienzo a una b\u00fasqueda est\u00e9tica multidisciplinar. A trav\u00e9s de la incorporaci\u00f3n de bailarines, m\u00fasicos, acr\u00f3batas, actores, constructores, etc., se fue creando un lenguaje esc\u00e9nico innovador y particular, en el que el cuerpo, sus gestos y emociones tomaron gran protagonismo, teniendo como resultado una escena de gran atractivo para transe\u00fantes y espectadorxs.\u00a0<\/p><p>De esta forma, y gracias a una vasta trayectoria, la agrupaci\u00f3n teatral se ha consolidado como una de las m\u00e1s importantes e influyentes del pa\u00eds.<\/p><p>\u00a0<\/p><p>Si participaste o tienes informaci\u00f3n respecto a la compa\u00f1\u00eda y obra, escr\u00edbenos a <a href=\"mailto:archivo.ateca@gmail.com\">archivo.ateca@gmail.com<\/a>.<\/p><p>De antemano, mil gracias.<\/p>\t\t\t\t\t\t<\/div>\n\t\t\t\t<\/div>\n\t\t\t\t\t<\/div>\n\t\t<\/div>\n\t\t\t\t<div class=\"elementor-column elementor-col-50 elementor-inner-column elementor-element elementor-element-36306c0b\" data-id=\"36306c0b\" data-element_type=\"column\">\n\t\t\t<div class=\"elementor-widget-wrap elementor-element-populated\">\n\t\t\t\t\t\t\t\t<div class=\"elementor-element elementor-element-4c4dece elementor-widget elementor-widget-text-editor\" data-id=\"4c4dece\" data-element_type=\"widget\" data-widget_type=\"text-editor.default\">\n\t\t\t\t<div class=\"elementor-widget-container\">\n\t\t\t\t\t\t\t<p><b>Obras catastrada:<br \/><\/b><i>Barrer, barrer, hasta barrerlos<\/i> (1986); <i>Gargant\u00faa <\/i>(1988); <i>Transfusi\u00f3n<\/i> (1990)<\/p><p><b>Etiquetas:<br \/><\/b><b>Mauricio Celed\u00f3n &#8211; Claire Joinet &#8211; Valpara\u00edso &#8211; Santiago<\/b><\/p>\t\t\t\t\t\t<\/div>\n\t\t\t\t<\/div>\n\t\t\t\t\t<\/div>\n\t\t<\/div>\n\t\t\t\t\t\t\t<\/div>\n\t\t<\/section>\n\t\t\t\t\t<\/div>\n\t\t<\/div>\n\t\t\t\t\t\t\t<\/div>\n\t\t<\/section>\n\t\t\t\t<section class=\"elementor-section elementor-top-section elementor-element elementor-element-440c9b84 elementor-section-boxed elementor-section-height-default elementor-section-height-default\" data-id=\"440c9b84\" data-element_type=\"section\">\n\t\t\t\t\t\t<div class=\"elementor-container elementor-column-gap-default\">\n\t\t\t\t\t<div class=\"elementor-column elementor-col-100 elementor-top-column elementor-element elementor-element-43132701\" data-id=\"43132701\" data-element_type=\"column\">\n\t\t\t<div class=\"elementor-widget-wrap elementor-element-populated\">\n\t\t\t\t\t\t\t\t<div class=\"elementor-element elementor-element-20cd052 elementor-widget elementor-widget-heading\" data-id=\"20cd052\" data-element_type=\"widget\" data-widget_type=\"heading.default\">\n\t\t\t\t<div class=\"elementor-widget-container\">\n\t\t\t<h2 class=\"elementor-heading-title elementor-size-default\">Obras<\/h2>\t\t<\/div>\n\t\t\t\t<\/div>\n\t\t\t\t\t<\/div>\n\t\t<\/div>\n\t\t\t\t\t\t\t<\/div>\n\t\t<\/section>\n\t\t\t\t<section class=\"elementor-section elementor-top-section elementor-element elementor-element-4785cbb8 elementor-section-boxed elementor-section-height-default elementor-section-height-default\" data-id=\"4785cbb8\" data-element_type=\"section\">\n\t\t\t\t\t\t<div class=\"elementor-container elementor-column-gap-default\">\n\t\t\t\t\t<div class=\"elementor-column elementor-col-100 elementor-top-column elementor-element elementor-element-4d7df328\" data-id=\"4d7df328\" data-element_type=\"column\">\n\t\t\t<div class=\"elementor-widget-wrap elementor-element-populated\">\n\t\t\t\t\t\t\t\t<div class=\"elementor-element elementor-element-4357690e elementor-grid-3 elementor-grid-tablet-2 elementor-grid-mobile-1 elementor-widget elementor-widget-portfolio\" data-id=\"4357690e\" data-element_type=\"widget\" data-settings=\"{&quot;row_gap&quot;:{&quot;unit&quot;:&quot;px&quot;,&quot;size&quot;:10,&quot;sizes&quot;:[]},&quot;columns&quot;:&quot;3&quot;,&quot;columns_tablet&quot;:&quot;2&quot;,&quot;columns_mobile&quot;:&quot;1&quot;,&quot;item_ratio&quot;:{&quot;unit&quot;:&quot;px&quot;,&quot;size&quot;:0.66,&quot;sizes&quot;:[]},&quot;item_gap&quot;:{&quot;unit&quot;:&quot;px&quot;,&quot;size&quot;:&quot;&quot;,&quot;sizes&quot;:[]}}\" data-widget_type=\"portfolio.default\">\n\t\t\t\t<div class=\"elementor-widget-container\">\n\t\t\t<link rel=\"stylesheet\" href=\"https:\/\/ateca.cl\/wp-content\/plugins\/elementor-pro\/assets\/css\/widget-posts.min.css\">\t\t<div class=\"elementor-portfolio elementor-grid elementor-posts-container\">\n\t\t\t\t<article class=\"elementor-portfolio-item elementor-post  post-3694 page type-page status-publish has-post-thumbnail hentry category-teatro-del-silencio obra-transfusion ano-174 procedencia-claire-joinet-y-mauricio-celedon\">\n\t\t\t<a class=\"elementor-post__thumbnail__link\" href=\"https:\/\/ateca.cl\/index.php\/companias\/teatro-del-silencio\/transfusion\/\">\n\t\t\t\t<div class=\"elementor-portfolio-item__img elementor-post__thumbnail\">\n\t\t\t<img loading=\"lazy\" decoding=\"async\" width=\"416\" height=\"604\" src=\"https:\/\/ateca.cl\/wp-content\/uploads\/2022\/10\/ATECA_09_03_08.jpg\" class=\"attachment-medium_large size-medium_large wp-image-3136\" alt=\"\" srcset=\"https:\/\/ateca.cl\/wp-content\/uploads\/2022\/10\/ATECA_09_03_08.jpg 416w, https:\/\/ateca.cl\/wp-content\/uploads\/2022\/10\/ATECA_09_03_08-207x300.jpg 207w\" sizes=\"auto, (max-width: 416px) 100vw, 416px\" \/>\t\t<\/div>\n\t\t\t\t<div class=\"elementor-portfolio-item__overlay\">\n\t\t\t\t<h3 class=\"elementor-portfolio-item__title\">\n\t\tTransfusi\u00f3n\t\t<\/h3>\n\t\t\t\t<\/div>\n\t\t\t\t<\/a>\n\t\t<\/article>\n\t\t\t\t<article class=\"elementor-portfolio-item elementor-post  post-2588 page type-page status-publish has-post-thumbnail hentry category-teatro-del-silencio ano-174 procedencia-claire-joinet-y-mauricio-celedon\">\n\t\t\t<a class=\"elementor-post__thumbnail__link\" href=\"https:\/\/ateca.cl\/index.php\/companias\/teatro-del-silencio\/gargantua\/\">\n\t\t\t\t<div class=\"elementor-portfolio-item__img elementor-post__thumbnail\">\n\t\t\t<img loading=\"lazy\" decoding=\"async\" width=\"768\" height=\"525\" src=\"https:\/\/ateca.cl\/wp-content\/uploads\/2022\/10\/gargantua-768x525.jpg\" class=\"attachment-medium_large size-medium_large wp-image-2541\" alt=\"\" srcset=\"https:\/\/ateca.cl\/wp-content\/uploads\/2022\/10\/gargantua-768x525.jpg 768w, https:\/\/ateca.cl\/wp-content\/uploads\/2022\/10\/gargantua-300x205.jpg 300w, https:\/\/ateca.cl\/wp-content\/uploads\/2022\/10\/gargantua-1024x700.jpg 1024w, https:\/\/ateca.cl\/wp-content\/uploads\/2022\/10\/gargantua-1536x1049.jpg 1536w, https:\/\/ateca.cl\/wp-content\/uploads\/2022\/10\/gargantua-2048x1399.jpg 2048w\" sizes=\"auto, (max-width: 768px) 100vw, 768px\" \/>\t\t<\/div>\n\t\t\t\t<div class=\"elementor-portfolio-item__overlay\">\n\t\t\t\t<h3 class=\"elementor-portfolio-item__title\">\n\t\tGargant\u00faa\t\t<\/h3>\n\t\t\t\t<\/div>\n\t\t\t\t<\/a>\n\t\t<\/article>\n\t\t\t\t<article class=\"elementor-portfolio-item elementor-post  post-2446 page type-page status-publish has-post-thumbnail hentry category-teatro-del-silencio\">\n\t\t\t<a class=\"elementor-post__thumbnail__link\" href=\"https:\/\/ateca.cl\/index.php\/companias\/teatro-del-silencio\/taller-de-mimos\/\">\n\t\t\t\t<div class=\"elementor-portfolio-item__img elementor-post__thumbnail\">\n\t\t\t<img loading=\"lazy\" decoding=\"async\" width=\"768\" height=\"677\" src=\"https:\/\/ateca.cl\/wp-content\/uploads\/2022\/10\/mimos-768x677.jpg\" class=\"attachment-medium_large size-medium_large wp-image-2456\" alt=\"\" srcset=\"https:\/\/ateca.cl\/wp-content\/uploads\/2022\/10\/mimos-768x677.jpg 768w, https:\/\/ateca.cl\/wp-content\/uploads\/2022\/10\/mimos-300x264.jpg 300w, https:\/\/ateca.cl\/wp-content\/uploads\/2022\/10\/mimos.jpg 901w\" sizes=\"auto, (max-width: 768px) 100vw, 768px\" \/>\t\t<\/div>\n\t\t\t\t<div class=\"elementor-portfolio-item__overlay\">\n\t\t\t\t<h3 class=\"elementor-portfolio-item__title\">\n\t\tTaller de mimos\t\t<\/h3>\n\t\t\t\t<\/div>\n\t\t\t\t<\/a>\n\t\t<\/article>\n\t\t\t\t<\/div>\n\t\t\t\t<\/div>\n\t\t\t\t<\/div>\n\t\t\t\t\t<\/div>\n\t\t<\/div>\n\t\t\t\t\t\t\t<\/div>\n\t\t<\/section>\n\t\t\t\t<section class=\"elementor-section elementor-top-section elementor-element elementor-element-5c51d3c1 elementor-section-boxed elementor-section-height-default elementor-section-height-default\" data-id=\"5c51d3c1\" data-element_type=\"section\">\n\t\t\t\t\t\t<div class=\"elementor-container elementor-column-gap-default\">\n\t\t\t\t\t<div class=\"elementor-column elementor-col-100 elementor-top-column elementor-element elementor-element-27a1b813\" data-id=\"27a1b813\" data-element_type=\"column\">\n\t\t\t<div class=\"elementor-widget-wrap elementor-element-populated\">\n\t\t\t\t\t\t\t\t<div class=\"elementor-element elementor-element-16fe897c elementor-widget elementor-widget-spacer\" data-id=\"16fe897c\" data-element_type=\"widget\" data-widget_type=\"spacer.default\">\n\t\t\t\t<div class=\"elementor-widget-container\">\n\t\t\t<style>\/*! elementor - v3.10.1 - 17-01-2023 *\/\n.elementor-column .elementor-spacer-inner{height:var(--spacer-size)}.e-con{--container-widget-width:100%}.e-con-inner>.elementor-widget-spacer,.e-con>.elementor-widget-spacer{width:var(--container-widget-width,var(--spacer-size));--align-self:var(--container-widget-align-self,initial);--flex-shrink:0}.e-con-inner>.elementor-widget-spacer>.elementor-widget-container,.e-con-inner>.elementor-widget-spacer>.elementor-widget-container>.elementor-spacer,.e-con>.elementor-widget-spacer>.elementor-widget-container,.e-con>.elementor-widget-spacer>.elementor-widget-container>.elementor-spacer{height:100%}.e-con-inner>.elementor-widget-spacer>.elementor-widget-container>.elementor-spacer>.elementor-spacer-inner,.e-con>.elementor-widget-spacer>.elementor-widget-container>.elementor-spacer>.elementor-spacer-inner{height:var(--container-widget-height,var(--spacer-size))}<\/style>\t\t<div class=\"elementor-spacer\">\n\t\t\t<div class=\"elementor-spacer-inner\"><\/div>\n\t\t<\/div>\n\t\t\t\t<\/div>\n\t\t\t\t<\/div>\n\t\t\t\t<div class=\"elementor-element elementor-element-1f8b291 elementor-widget elementor-widget-heading\" data-id=\"1f8b291\" data-element_type=\"widget\" data-widget_type=\"heading.default\">\n\t\t\t\t<div class=\"elementor-widget-container\">\n\t\t\t<h2 class=\"elementor-heading-title elementor-size-default\">Documentos<\/h2>\t\t<\/div>\n\t\t\t\t<\/div>\n\t\t\t\t<div class=\"elementor-element elementor-element-9430bb2 elementor-grid-3 elementor-grid-tablet-2 elementor-grid-mobile-1 elementor-widget elementor-widget-portfolio\" data-id=\"9430bb2\" data-element_type=\"widget\" data-settings=\"{&quot;row_gap&quot;:{&quot;unit&quot;:&quot;px&quot;,&quot;size&quot;:10,&quot;sizes&quot;:[]},&quot;columns&quot;:&quot;3&quot;,&quot;columns_tablet&quot;:&quot;2&quot;,&quot;columns_mobile&quot;:&quot;1&quot;,&quot;item_ratio&quot;:{&quot;unit&quot;:&quot;px&quot;,&quot;size&quot;:0.66,&quot;sizes&quot;:[]},&quot;item_gap&quot;:{&quot;unit&quot;:&quot;px&quot;,&quot;size&quot;:&quot;&quot;,&quot;sizes&quot;:[]}}\" data-widget_type=\"portfolio.default\">\n\t\t\t\t<div class=\"elementor-widget-container\">\n\t\t\t\t\t<div class=\"elementor-portfolio elementor-grid elementor-posts-container\">\n\t\t\t\t<article class=\"elementor-portfolio-item elementor-post  post-3562 post type-post status-publish format-standard has-post-thumbnail hentry category-teatro-del-silencio tag-pdf ciudad-santiago obra-transfusion ano-113 credito-el-mercurio credito-wiken procedencia-claire-joinet-y-mauricio-celedon\">\n\t\t\t<a class=\"elementor-post__thumbnail__link\" href=\"https:\/\/ateca.cl\/index.php\/2022\/10\/24\/me-atrae-la-melodia-que-hay-en-el-silencio-2\/\">\n\t\t\t\t<div class=\"elementor-portfolio-item__img elementor-post__thumbnail\">\n\t\t\t<img loading=\"lazy\" decoding=\"async\" width=\"768\" height=\"1046\" src=\"https:\/\/ateca.cl\/wp-content\/uploads\/2022\/12\/melodiadelcslencio-768x1046.jpg\" class=\"attachment-medium_large size-medium_large wp-image-5453\" alt=\"\" srcset=\"https:\/\/ateca.cl\/wp-content\/uploads\/2022\/12\/melodiadelcslencio-768x1046.jpg 768w, https:\/\/ateca.cl\/wp-content\/uploads\/2022\/12\/melodiadelcslencio-220x300.jpg 220w, https:\/\/ateca.cl\/wp-content\/uploads\/2022\/12\/melodiadelcslencio-752x1024.jpg 752w, https:\/\/ateca.cl\/wp-content\/uploads\/2022\/12\/melodiadelcslencio-1128x1536.jpg 1128w, https:\/\/ateca.cl\/wp-content\/uploads\/2022\/12\/melodiadelcslencio.jpg 1408w\" sizes=\"auto, (max-width: 768px) 100vw, 768px\" \/>\t\t<\/div>\n\t\t\t\t<div class=\"elementor-portfolio-item__overlay\">\n\t\t\t\t<h3 class=\"elementor-portfolio-item__title\">\n\t\tMe atrae la melod\u00eda que hay en el silencio\t\t<\/h3>\n\t\t\t\t<\/div>\n\t\t\t\t<\/a>\n\t\t<\/article>\n\t\t\t\t<article class=\"elementor-portfolio-item elementor-post  post-3550 post type-post status-publish format-standard has-post-thumbnail hentry category-teatro-del-silencio tag-pdf ciudad-santiago obra-transfusion ano-113 credito-la-tercera procedencia-claire-joinet-y-mauricio-celedon escenario-parque-ohiggins\">\n\t\t\t<a class=\"elementor-post__thumbnail__link\" href=\"https:\/\/ateca.cl\/index.php\/2022\/10\/24\/teatro-frente-a-ex-carcel-publica-2\/\">\n\t\t\t\t<div class=\"elementor-portfolio-item__img elementor-post__thumbnail\">\n\t\t\t<img loading=\"lazy\" decoding=\"async\" width=\"749\" height=\"611\" src=\"https:\/\/ateca.cl\/wp-content\/uploads\/2022\/10\/52.jpg\" class=\"attachment-medium_large size-medium_large wp-image-3551\" alt=\"\" srcset=\"https:\/\/ateca.cl\/wp-content\/uploads\/2022\/10\/52.jpg 749w, https:\/\/ateca.cl\/wp-content\/uploads\/2022\/10\/52-300x245.jpg 300w\" sizes=\"auto, (max-width: 749px) 100vw, 749px\" \/>\t\t<\/div>\n\t\t\t\t<div class=\"elementor-portfolio-item__overlay\">\n\t\t\t\t<h3 class=\"elementor-portfolio-item__title\">\n\t\tTeatro frente a ex carcel p\u00fablica\t\t<\/h3>\n\t\t\t\t<\/div>\n\t\t\t\t<\/a>\n\t\t<\/article>\n\t\t\t\t<article class=\"elementor-portfolio-item elementor-post  post-3545 post type-post status-publish format-standard has-post-thumbnail hentry category-teatro-del-silencio tag-pdf ciudad-santiago obra-transfusion ano-113 credito-caras procedencia-claire-joinet-y-mauricio-celedon escenario-parque-ohiggins\">\n\t\t\t<a class=\"elementor-post__thumbnail__link\" href=\"https:\/\/ateca.cl\/index.php\/2022\/10\/24\/documento-de-prensa-transfusion\/\">\n\t\t\t\t<div class=\"elementor-portfolio-item__img elementor-post__thumbnail\">\n\t\t\t<img loading=\"lazy\" decoding=\"async\" width=\"690\" height=\"808\" src=\"https:\/\/ateca.cl\/wp-content\/uploads\/2022\/10\/44.jpg\" class=\"attachment-medium_large size-medium_large wp-image-3547\" alt=\"\" srcset=\"https:\/\/ateca.cl\/wp-content\/uploads\/2022\/10\/44.jpg 690w, https:\/\/ateca.cl\/wp-content\/uploads\/2022\/10\/44-256x300.jpg 256w\" sizes=\"auto, (max-width: 690px) 100vw, 690px\" \/>\t\t<\/div>\n\t\t\t\t<div class=\"elementor-portfolio-item__overlay\">\n\t\t\t\t<h3 class=\"elementor-portfolio-item__title\">\n\t\tDocumento de prensa Transfusi\u00f3n\t\t<\/h3>\n\t\t\t\t<\/div>\n\t\t\t\t<\/a>\n\t\t<\/article>\n\t\t\t\t<article class=\"elementor-portfolio-item elementor-post  post-3536 post type-post status-publish format-standard has-post-thumbnail hentry category-teatro-del-silencio tag-pdf obra-transfusion ano-113 procedencia-claire-joinet-y-mauricio-celedon\">\n\t\t\t<a class=\"elementor-post__thumbnail__link\" href=\"https:\/\/ateca.cl\/index.php\/2022\/10\/24\/transfusion-obra-que-llega-con-los-aires-de-la-democracia\/\">\n\t\t\t\t<div class=\"elementor-portfolio-item__img elementor-post__thumbnail\">\n\t\t\t<img loading=\"lazy\" decoding=\"async\" width=\"747\" height=\"641\" src=\"https:\/\/ateca.cl\/wp-content\/uploads\/2022\/10\/32.jpg\" class=\"attachment-medium_large size-medium_large wp-image-3541\" alt=\"\" srcset=\"https:\/\/ateca.cl\/wp-content\/uploads\/2022\/10\/32.jpg 747w, https:\/\/ateca.cl\/wp-content\/uploads\/2022\/10\/32-300x257.jpg 300w\" sizes=\"auto, (max-width: 747px) 100vw, 747px\" \/>\t\t<\/div>\n\t\t\t\t<div class=\"elementor-portfolio-item__overlay\">\n\t\t\t\t<h3 class=\"elementor-portfolio-item__title\">\n\t\tFicha de transporte carretones Transfusi\u00f3n\t\t<\/h3>\n\t\t\t\t<\/div>\n\t\t\t\t<\/a>\n\t\t<\/article>\n\t\t\t\t<article class=\"elementor-portfolio-item elementor-post  post-3335 post type-post status-publish format-standard has-post-thumbnail hentry category-teatro-del-silencio tag-pdf tag-prensa obra-transfusion ano-113 credito-teatro-del-silencio procedencia-claire-joinet-y-mauricio-celedon\">\n\t\t\t<a class=\"elementor-post__thumbnail__link\" href=\"https:\/\/ateca.cl\/index.php\/2022\/10\/24\/programa-de-mano-transfusion\/\">\n\t\t\t\t<div class=\"elementor-portfolio-item__img elementor-post__thumbnail\">\n\t\t\t<img loading=\"lazy\" decoding=\"async\" width=\"642\" height=\"963\" src=\"https:\/\/ateca.cl\/wp-content\/uploads\/2022\/10\/29.jpg\" class=\"attachment-medium_large size-medium_large wp-image-3336\" alt=\"\" srcset=\"https:\/\/ateca.cl\/wp-content\/uploads\/2022\/10\/29.jpg 642w, https:\/\/ateca.cl\/wp-content\/uploads\/2022\/10\/29-200x300.jpg 200w\" sizes=\"auto, (max-width: 642px) 100vw, 642px\" \/>\t\t<\/div>\n\t\t\t\t<div class=\"elementor-portfolio-item__overlay\">\n\t\t\t\t<h3 class=\"elementor-portfolio-item__title\">\n\t\tPrograma de mano Transfusi\u00f3n\t\t<\/h3>\n\t\t\t\t<\/div>\n\t\t\t\t<\/a>\n\t\t<\/article>\n\t\t\t\t<article class=\"elementor-portfolio-item elementor-post  post-3323 post type-post status-publish format-standard has-post-thumbnail hentry category-teatro-del-silencio tag-pdf tag-prensa ciudad-santiago obra-transfusion ano-113 credito-teatro-del-silencio procedencia-claire-joinet-y-mauricio-celedon escenario-estacion-central\">\n\t\t\t<a class=\"elementor-post__thumbnail__link\" href=\"https:\/\/ateca.cl\/index.php\/2022\/10\/24\/programa-de-mano-transfusion-estacion-central\/\">\n\t\t\t\t<div class=\"elementor-portfolio-item__img elementor-post__thumbnail\">\n\t\t\t<img loading=\"lazy\" decoding=\"async\" width=\"768\" height=\"499\" src=\"https:\/\/ateca.cl\/wp-content\/uploads\/2022\/10\/28-768x499.jpg\" class=\"attachment-medium_large size-medium_large wp-image-3325\" alt=\"\" srcset=\"https:\/\/ateca.cl\/wp-content\/uploads\/2022\/10\/28-768x499.jpg 768w, https:\/\/ateca.cl\/wp-content\/uploads\/2022\/10\/28-300x195.jpg 300w, https:\/\/ateca.cl\/wp-content\/uploads\/2022\/10\/28-1024x666.jpg 1024w, https:\/\/ateca.cl\/wp-content\/uploads\/2022\/10\/28.jpg 1338w\" sizes=\"auto, (max-width: 768px) 100vw, 768px\" \/>\t\t<\/div>\n\t\t\t\t<div class=\"elementor-portfolio-item__overlay\">\n\t\t\t\t<h3 class=\"elementor-portfolio-item__title\">\n\t\tPrograma de mano Transfusi\u00f3n Estaci\u00f3n Central\t\t<\/h3>\n\t\t\t\t<\/div>\n\t\t\t\t<\/a>\n\t\t<\/article>\n\t\t\t\t<\/div>\n\t\t\t\t<\/div>\n\t\t\t\t<\/div>\n\t\t\t\t\t<\/div>\n\t\t<\/div>\n\t\t\t\t\t\t\t<\/div>\n\t\t<\/section>\n\t\t\t\t\t\t\t<\/div>\n\t\t","protected":false},"excerpt":{"rendered":"<p>Los inicios de la compa\u00f1\u00eda datan de 1986 en Valpara\u00edso, esto gracias a una residencia impulsada por el Instituto Chileno &#8211; Franc\u00e9s de Cultura. En esta instancia Mauricio Celed\u00f3n realiz\u00f3 talleres a estudiantes y profesores de la ciudad de Valpara\u00edso y Santiago. Luego de semanas de trabajos se ejecut\u00f3 una performance callejera titulada Barrer, barrer, [&hellip;]<\/p>\n","protected":false},"author":1,"featured_media":606,"parent":101,"menu_order":0,"comment_status":"closed","ping_status":"closed","template":"elementor_theme","meta":{"_acf_changed":false,"footnotes":""},"categories":[],"tags":[],"ciudad":[],"obra":[],"ano":[],"credito":[],"procedencia":[],"codigo":[],"escenario":[],"class_list":["post-58","page","type-page","status-publish","has-post-thumbnail","hentry"],"acf":[],"_links":{"self":[{"href":"https:\/\/ateca.cl\/index.php\/wp-json\/wp\/v2\/pages\/58","targetHints":{"allow":["GET"]}}],"collection":[{"href":"https:\/\/ateca.cl\/index.php\/wp-json\/wp\/v2\/pages"}],"about":[{"href":"https:\/\/ateca.cl\/index.php\/wp-json\/wp\/v2\/types\/page"}],"author":[{"embeddable":true,"href":"https:\/\/ateca.cl\/index.php\/wp-json\/wp\/v2\/users\/1"}],"replies":[{"embeddable":true,"href":"https:\/\/ateca.cl\/index.php\/wp-json\/wp\/v2\/comments?post=58"}],"version-history":[{"count":46,"href":"https:\/\/ateca.cl\/index.php\/wp-json\/wp\/v2\/pages\/58\/revisions"}],"predecessor-version":[{"id":3815,"href":"https:\/\/ateca.cl\/index.php\/wp-json\/wp\/v2\/pages\/58\/revisions\/3815"}],"up":[{"embeddable":true,"href":"https:\/\/ateca.cl\/index.php\/wp-json\/wp\/v2\/pages\/101"}],"wp:featuredmedia":[{"embeddable":true,"href":"https:\/\/ateca.cl\/index.php\/wp-json\/wp\/v2\/media\/606"}],"wp:attachment":[{"href":"https:\/\/ateca.cl\/index.php\/wp-json\/wp\/v2\/media?parent=58"}],"wp:term":[{"taxonomy":"category","embeddable":true,"href":"https:\/\/ateca.cl\/index.php\/wp-json\/wp\/v2\/categories?post=58"},{"taxonomy":"post_tag","embeddable":true,"href":"https:\/\/ateca.cl\/index.php\/wp-json\/wp\/v2\/tags?post=58"},{"taxonomy":"ciudad","embeddable":true,"href":"https:\/\/ateca.cl\/index.php\/wp-json\/wp\/v2\/ciudad?post=58"},{"taxonomy":"obra","embeddable":true,"href":"https:\/\/ateca.cl\/index.php\/wp-json\/wp\/v2\/obra?post=58"},{"taxonomy":"ano","embeddable":true,"href":"https:\/\/ateca.cl\/index.php\/wp-json\/wp\/v2\/ano?post=58"},{"taxonomy":"credito","embeddable":true,"href":"https:\/\/ateca.cl\/index.php\/wp-json\/wp\/v2\/credito?post=58"},{"taxonomy":"procedencia","embeddable":true,"href":"https:\/\/ateca.cl\/index.php\/wp-json\/wp\/v2\/procedencia?post=58"},{"taxonomy":"codigo","embeddable":true,"href":"https:\/\/ateca.cl\/index.php\/wp-json\/wp\/v2\/codigo?post=58"},{"taxonomy":"escenario","embeddable":true,"href":"https:\/\/ateca.cl\/index.php\/wp-json\/wp\/v2\/escenario?post=58"}],"curies":[{"name":"wp","href":"https:\/\/api.w.org\/{rel}","templated":true}]}}