{"id":64,"date":"2022-10-06T16:23:47","date_gmt":"2022-10-06T16:23:47","guid":{"rendered":"https:\/\/ateca.cl\/?page_id=64"},"modified":"2022-12-16T18:20:22","modified_gmt":"2022-12-16T18:20:22","slug":"teatro-provisorio","status":"publish","type":"page","link":"https:\/\/ateca.cl\/index.php\/companias\/teatro-provisorio\/","title":{"rendered":"Teatro Provisorio"},"content":{"rendered":"\t\t<div data-elementor-type=\"wp-page\" data-elementor-id=\"64\" class=\"elementor elementor-64\">\n\t\t\t\t\t\t\t\t\t<section class=\"elementor-section elementor-top-section elementor-element elementor-element-71296295 elementor-section-boxed elementor-section-height-default elementor-section-height-default\" data-id=\"71296295\" data-element_type=\"section\">\n\t\t\t\t\t\t<div class=\"elementor-container elementor-column-gap-default\">\n\t\t\t\t\t<div class=\"elementor-column elementor-col-100 elementor-top-column elementor-element elementor-element-1545531d\" data-id=\"1545531d\" data-element_type=\"column\">\n\t\t\t<div class=\"elementor-widget-wrap elementor-element-populated\">\n\t\t\t\t\t\t\t\t<div class=\"elementor-element elementor-element-33fd6c6e elementor-widget elementor-widget-theme-post-title elementor-page-title elementor-widget-heading\" data-id=\"33fd6c6e\" data-element_type=\"widget\" data-widget_type=\"theme-post-title.default\">\n\t\t\t\t<div class=\"elementor-widget-container\">\n\t\t\t<style>\/*! elementor - v3.10.1 - 17-01-2023 *\/\n.elementor-heading-title{padding:0;margin:0;line-height:1}.elementor-widget-heading .elementor-heading-title[class*=elementor-size-]>a{color:inherit;font-size:inherit;line-height:inherit}.elementor-widget-heading .elementor-heading-title.elementor-size-small{font-size:15px}.elementor-widget-heading .elementor-heading-title.elementor-size-medium{font-size:19px}.elementor-widget-heading .elementor-heading-title.elementor-size-large{font-size:29px}.elementor-widget-heading .elementor-heading-title.elementor-size-xl{font-size:39px}.elementor-widget-heading .elementor-heading-title.elementor-size-xxl{font-size:59px}<\/style><h1 class=\"elementor-heading-title elementor-size-default\">Teatro Provisorio<\/h1>\t\t<\/div>\n\t\t\t\t<\/div>\n\t\t\t\t\t<\/div>\n\t\t<\/div>\n\t\t\t\t\t\t\t<\/div>\n\t\t<\/section>\n\t\t\t\t<section class=\"elementor-section elementor-top-section elementor-element elementor-element-4e6f391b elementor-section-boxed elementor-section-height-default elementor-section-height-default\" data-id=\"4e6f391b\" data-element_type=\"section\">\n\t\t\t\t\t\t<div class=\"elementor-container elementor-column-gap-default\">\n\t\t\t\t\t<div class=\"elementor-column elementor-col-100 elementor-top-column elementor-element elementor-element-bada5d1\" data-id=\"bada5d1\" data-element_type=\"column\">\n\t\t\t<div class=\"elementor-widget-wrap elementor-element-populated\">\n\t\t\t\t\t\t\t\t<div class=\"elementor-element elementor-element-12d081ac elementor-widget elementor-widget-image\" data-id=\"12d081ac\" data-element_type=\"widget\" data-widget_type=\"image.default\">\n\t\t\t\t<div class=\"elementor-widget-container\">\n\t\t\t<style>\/*! elementor - v3.10.1 - 17-01-2023 *\/\n.elementor-widget-image{text-align:center}.elementor-widget-image a{display:inline-block}.elementor-widget-image a img[src$=\".svg\"]{width:48px}.elementor-widget-image img{vertical-align:middle;display:inline-block}<\/style>\t\t\t\t\t\t\t\t\t\t\t\t<img decoding=\"async\" src=\"https:\/\/ateca.cl\/wp-content\/uploads\/elementor\/thumbs\/teatro-provisorio-scaled-pw3c8sob8bs67atuoe8bhku7poi94350mzjxg3h40k.jpg\" title=\"teatro-provisorio\" alt=\"teatro-provisorio\" loading=\"lazy\" \/>\t\t\t\t\t\t\t\t\t\t\t\t\t\t\t<\/div>\n\t\t\t\t<\/div>\n\t\t\t\t<section class=\"elementor-section elementor-inner-section elementor-element elementor-element-4b6c3d82 elementor-section-boxed elementor-section-height-default elementor-section-height-default\" data-id=\"4b6c3d82\" data-element_type=\"section\">\n\t\t\t\t\t\t<div class=\"elementor-container elementor-column-gap-default\">\n\t\t\t\t\t<div class=\"elementor-column elementor-col-50 elementor-inner-column elementor-element elementor-element-9a92b51\" data-id=\"9a92b51\" data-element_type=\"column\">\n\t\t\t<div class=\"elementor-widget-wrap elementor-element-populated\">\n\t\t\t\t\t\t\t\t<div class=\"elementor-element elementor-element-253cf857 elementor-widget elementor-widget-text-editor\" data-id=\"253cf857\" data-element_type=\"widget\" data-widget_type=\"text-editor.default\">\n\t\t\t\t<div class=\"elementor-widget-container\">\n\t\t\t<style>\/*! elementor - v3.10.1 - 17-01-2023 *\/\n.elementor-widget-text-editor.elementor-drop-cap-view-stacked .elementor-drop-cap{background-color:#818a91;color:#fff}.elementor-widget-text-editor.elementor-drop-cap-view-framed .elementor-drop-cap{color:#818a91;border:3px solid;background-color:transparent}.elementor-widget-text-editor:not(.elementor-drop-cap-view-default) .elementor-drop-cap{margin-top:8px}.elementor-widget-text-editor:not(.elementor-drop-cap-view-default) .elementor-drop-cap-letter{width:1em;height:1em}.elementor-widget-text-editor .elementor-drop-cap{float:left;text-align:center;line-height:1;font-size:50px}.elementor-widget-text-editor .elementor-drop-cap-letter{display:inline-block}<\/style>\t\t\t\t<p>El teatro provisorio nace a trav\u00e9s de cuatro j\u00f3venes artistas en la d\u00e9cada de los ochenta, quienes buscaban un espacio donde poder expresar sus visiones y anhelos, reconociendo sus particularidades y el dif\u00edcil contexto en el que estaban insertos.<\/p><p>Los inicios de la compa\u00f1\u00eda estaban relacionados con la exploraci\u00f3n del lenguaje esc\u00e9nico en la calle, la investigaci\u00f3n de sus l\u00f3gicas y problem\u00e1ticas, la indagaci\u00f3n en las posibilidades del cuerpo extracotidiano, la voz y la construcci\u00f3n de lenguajes con recursos sencillos.<\/p><p>Sus primeros integrantes fueron: Boris Quercia (actor) Mar\u00eda Jos\u00e9 N\u00fa\u00f1ez (actriz) Guillermo Cuti Aste (m\u00fasico) y Horacio Videla (actor-director).<\/p><p>Si participaste o tienes informaci\u00f3n respecto a la compa\u00f1\u00eda y obra, escr\u00edbenos a <a href=\"mailto:archivo.ateca@gmail.com\">archivo.ateca@gmail.com<\/a> .De antemano, mil gracias.<\/p><p>\u00a0<\/p>\t\t\t\t\t\t<\/div>\n\t\t\t\t<\/div>\n\t\t\t\t\t<\/div>\n\t\t<\/div>\n\t\t\t\t<div class=\"elementor-column elementor-col-50 elementor-inner-column elementor-element elementor-element-67807515\" data-id=\"67807515\" data-element_type=\"column\">\n\t\t\t<div class=\"elementor-widget-wrap elementor-element-populated\">\n\t\t\t\t\t\t\t\t<div class=\"elementor-element elementor-element-0067253 elementor-widget elementor-widget-text-editor\" data-id=\"0067253\" data-element_type=\"widget\" data-widget_type=\"text-editor.default\">\n\t\t\t\t<div class=\"elementor-widget-container\">\n\t\t\t\t\t\t\t<p><b>Obras catastradas:<\/b><\/p><p><i>Alicia en el pa\u00eds de las maravillas <\/i>(1988)<i>; El rey de los p\u00e1jaros <\/i>(1988)<\/p><p><b>Etiquetas:<br \/><\/b><\/p><p>Mar\u00eda Jos\u00e9 N\u00fa\u00f1ez, Boris Quercia, Horacio Videla, Guillermo Aste, Jaime McManus, Ren\u00e9 Rossel, Jorge Lobos<\/p>\t\t\t\t\t\t<\/div>\n\t\t\t\t<\/div>\n\t\t\t\t\t<\/div>\n\t\t<\/div>\n\t\t\t\t\t\t\t<\/div>\n\t\t<\/section>\n\t\t\t\t\t<\/div>\n\t\t<\/div>\n\t\t\t\t\t\t\t<\/div>\n\t\t<\/section>\n\t\t\t\t<section class=\"elementor-section elementor-top-section elementor-element elementor-element-404c719b elementor-section-boxed elementor-section-height-default elementor-section-height-default\" data-id=\"404c719b\" data-element_type=\"section\">\n\t\t\t\t\t\t<div class=\"elementor-container elementor-column-gap-default\">\n\t\t\t\t\t<div class=\"elementor-column elementor-col-100 elementor-top-column elementor-element elementor-element-28ac1d89\" data-id=\"28ac1d89\" data-element_type=\"column\">\n\t\t\t<div class=\"elementor-widget-wrap elementor-element-populated\">\n\t\t\t\t\t\t\t\t<div class=\"elementor-element elementor-element-5714cc5a elementor-widget elementor-widget-heading\" data-id=\"5714cc5a\" data-element_type=\"widget\" data-widget_type=\"heading.default\">\n\t\t\t\t<div class=\"elementor-widget-container\">\n\t\t\t<h2 class=\"elementor-heading-title elementor-size-default\">Obras<\/h2>\t\t<\/div>\n\t\t\t\t<\/div>\n\t\t\t\t\t<\/div>\n\t\t<\/div>\n\t\t\t\t\t\t\t<\/div>\n\t\t<\/section>\n\t\t\t\t<section class=\"elementor-section elementor-top-section elementor-element elementor-element-1ccde712 elementor-section-boxed elementor-section-height-default elementor-section-height-default\" data-id=\"1ccde712\" data-element_type=\"section\">\n\t\t\t\t\t\t<div class=\"elementor-container elementor-column-gap-default\">\n\t\t\t\t\t<div class=\"elementor-column elementor-col-100 elementor-top-column elementor-element elementor-element-4298f598\" data-id=\"4298f598\" data-element_type=\"column\">\n\t\t\t<div class=\"elementor-widget-wrap elementor-element-populated\">\n\t\t\t\t\t\t\t\t<div class=\"elementor-element elementor-element-7c2f51fb elementor-grid-2 elementor-grid-tablet-2 elementor-grid-mobile-1 elementor-widget elementor-widget-portfolio\" data-id=\"7c2f51fb\" data-element_type=\"widget\" data-settings=\"{&quot;columns&quot;:&quot;2&quot;,&quot;row_gap&quot;:{&quot;unit&quot;:&quot;px&quot;,&quot;size&quot;:10,&quot;sizes&quot;:[]},&quot;columns_tablet&quot;:&quot;2&quot;,&quot;columns_mobile&quot;:&quot;1&quot;,&quot;item_ratio&quot;:{&quot;unit&quot;:&quot;px&quot;,&quot;size&quot;:0.66,&quot;sizes&quot;:[]},&quot;item_gap&quot;:{&quot;unit&quot;:&quot;px&quot;,&quot;size&quot;:&quot;&quot;,&quot;sizes&quot;:[]}}\" data-widget_type=\"portfolio.default\">\n\t\t\t\t<div class=\"elementor-widget-container\">\n\t\t\t<link rel=\"stylesheet\" href=\"https:\/\/ateca.cl\/wp-content\/plugins\/elementor-pro\/assets\/css\/widget-posts.min.css\">\t\t<div class=\"elementor-portfolio elementor-grid elementor-posts-container\">\n\t\t\t\t<article class=\"elementor-portfolio-item elementor-post  post-4234 page type-page status-publish has-post-thumbnail hentry category-teatro-provisorio ciudad-concepcion ciudad-italia ano-174 credito-horacio-videla procedencia-horacio-videla\">\n\t\t\t<a class=\"elementor-post__thumbnail__link\" href=\"https:\/\/ateca.cl\/index.php\/companias\/teatro-provisorio\/el-rey-de-los-pajaros\/\">\n\t\t\t\t<div class=\"elementor-portfolio-item__img elementor-post__thumbnail\">\n\t\t\t<img loading=\"lazy\" decoding=\"async\" width=\"768\" height=\"536\" src=\"https:\/\/ateca.cl\/wp-content\/uploads\/2022\/11\/ATECA_08_02_01-768x536.jpg\" class=\"attachment-medium_large size-medium_large wp-image-4828\" alt=\"\" srcset=\"https:\/\/ateca.cl\/wp-content\/uploads\/2022\/11\/ATECA_08_02_01-768x536.jpg 768w, https:\/\/ateca.cl\/wp-content\/uploads\/2022\/11\/ATECA_08_02_01-300x209.jpg 300w, https:\/\/ateca.cl\/wp-content\/uploads\/2022\/11\/ATECA_08_02_01-1024x715.jpg 1024w, https:\/\/ateca.cl\/wp-content\/uploads\/2022\/11\/ATECA_08_02_01-1536x1073.jpg 1536w, https:\/\/ateca.cl\/wp-content\/uploads\/2022\/11\/ATECA_08_02_01-2048x1430.jpg 2048w\" sizes=\"auto, (max-width: 768px) 100vw, 768px\" \/>\t\t<\/div>\n\t\t\t\t<div class=\"elementor-portfolio-item__overlay\">\n\t\t\t\t<h3 class=\"elementor-portfolio-item__title\">\n\t\tEl rey de los p\u00e1jaros\t\t<\/h3>\n\t\t\t\t<\/div>\n\t\t\t\t<\/a>\n\t\t<\/article>\n\t\t\t\t<article class=\"elementor-portfolio-item elementor-post  post-2983 page type-page status-publish has-post-thumbnail hentry category-teatro-provisorio ciudad-santiago ciudad-vina-del-mar ano-144 ano-130 credito-horacio-videla procedencia-horacio-videla\">\n\t\t\t<a class=\"elementor-post__thumbnail__link\" href=\"https:\/\/ateca.cl\/index.php\/companias\/teatro-provisorio\/alicia-en-el-pais-de-las-maravillas\/\">\n\t\t\t\t<div class=\"elementor-portfolio-item__img elementor-post__thumbnail\">\n\t\t\t<img loading=\"lazy\" decoding=\"async\" width=\"768\" height=\"536\" src=\"https:\/\/ateca.cl\/wp-content\/uploads\/2022\/10\/Alicia-768x536.jpg\" class=\"attachment-medium_large size-medium_large wp-image-2986\" alt=\"\" srcset=\"https:\/\/ateca.cl\/wp-content\/uploads\/2022\/10\/Alicia-768x536.jpg 768w, https:\/\/ateca.cl\/wp-content\/uploads\/2022\/10\/Alicia-300x209.jpg 300w, https:\/\/ateca.cl\/wp-content\/uploads\/2022\/10\/Alicia-1024x715.jpg 1024w, https:\/\/ateca.cl\/wp-content\/uploads\/2022\/10\/Alicia.jpg 1291w\" sizes=\"auto, (max-width: 768px) 100vw, 768px\" \/>\t\t<\/div>\n\t\t\t\t<div class=\"elementor-portfolio-item__overlay\">\n\t\t\t\t<h3 class=\"elementor-portfolio-item__title\">\n\t\tAlicia en el pa\u00eds de las maravillas\t\t<\/h3>\n\t\t\t\t<\/div>\n\t\t\t\t<\/a>\n\t\t<\/article>\n\t\t\t\t<\/div>\n\t\t\t\t<\/div>\n\t\t\t\t<\/div>\n\t\t\t\t\t<\/div>\n\t\t<\/div>\n\t\t\t\t\t\t\t<\/div>\n\t\t<\/section>\n\t\t\t\t<section class=\"elementor-section elementor-top-section elementor-element elementor-element-4dfd343e elementor-section-boxed elementor-section-height-default elementor-section-height-default\" data-id=\"4dfd343e\" data-element_type=\"section\">\n\t\t\t\t\t\t<div class=\"elementor-container elementor-column-gap-default\">\n\t\t\t\t\t<div class=\"elementor-column elementor-col-100 elementor-top-column elementor-element elementor-element-11af4259\" data-id=\"11af4259\" data-element_type=\"column\">\n\t\t\t<div class=\"elementor-widget-wrap elementor-element-populated\">\n\t\t\t\t\t\t\t\t<div class=\"elementor-element elementor-element-7722ae8c elementor-widget elementor-widget-spacer\" data-id=\"7722ae8c\" data-element_type=\"widget\" data-widget_type=\"spacer.default\">\n\t\t\t\t<div class=\"elementor-widget-container\">\n\t\t\t<style>\/*! elementor - v3.10.1 - 17-01-2023 *\/\n.elementor-column .elementor-spacer-inner{height:var(--spacer-size)}.e-con{--container-widget-width:100%}.e-con-inner>.elementor-widget-spacer,.e-con>.elementor-widget-spacer{width:var(--container-widget-width,var(--spacer-size));--align-self:var(--container-widget-align-self,initial);--flex-shrink:0}.e-con-inner>.elementor-widget-spacer>.elementor-widget-container,.e-con-inner>.elementor-widget-spacer>.elementor-widget-container>.elementor-spacer,.e-con>.elementor-widget-spacer>.elementor-widget-container,.e-con>.elementor-widget-spacer>.elementor-widget-container>.elementor-spacer{height:100%}.e-con-inner>.elementor-widget-spacer>.elementor-widget-container>.elementor-spacer>.elementor-spacer-inner,.e-con>.elementor-widget-spacer>.elementor-widget-container>.elementor-spacer>.elementor-spacer-inner{height:var(--container-widget-height,var(--spacer-size))}<\/style>\t\t<div class=\"elementor-spacer\">\n\t\t\t<div class=\"elementor-spacer-inner\"><\/div>\n\t\t<\/div>\n\t\t\t\t<\/div>\n\t\t\t\t<\/div>\n\t\t\t\t<div class=\"elementor-element elementor-element-389ecc68 elementor-widget elementor-widget-heading\" data-id=\"389ecc68\" data-element_type=\"widget\" data-widget_type=\"heading.default\">\n\t\t\t\t<div class=\"elementor-widget-container\">\n\t\t\t<h2 class=\"elementor-heading-title elementor-size-default\">Documentos<\/h2>\t\t<\/div>\n\t\t\t\t<\/div>\n\t\t\t\t<div class=\"elementor-element elementor-element-64c5d7f elementor-grid-3 elementor-grid-tablet-2 elementor-grid-mobile-1 elementor-widget elementor-widget-portfolio\" data-id=\"64c5d7f\" data-element_type=\"widget\" data-settings=\"{&quot;row_gap&quot;:{&quot;unit&quot;:&quot;px&quot;,&quot;size&quot;:10,&quot;sizes&quot;:[]},&quot;columns&quot;:&quot;3&quot;,&quot;columns_tablet&quot;:&quot;2&quot;,&quot;columns_mobile&quot;:&quot;1&quot;,&quot;item_ratio&quot;:{&quot;unit&quot;:&quot;px&quot;,&quot;size&quot;:0.66,&quot;sizes&quot;:[]},&quot;item_gap&quot;:{&quot;unit&quot;:&quot;px&quot;,&quot;size&quot;:&quot;&quot;,&quot;sizes&quot;:[]}}\" data-widget_type=\"portfolio.default\">\n\t\t\t\t<div class=\"elementor-widget-container\">\n\t\t\t\t\t<div class=\"elementor-portfolio elementor-grid elementor-posts-container\">\n\t\t\t\t<article class=\"elementor-portfolio-item elementor-post  post-1326 post type-post status-publish format-standard has-post-thumbnail hentry category-teatro-provisorio tag-pdf ciudad-santiago ano-118 credito-horacio-videla procedencia-horacio-videla\">\n\t\t\t<a class=\"elementor-post__thumbnail__link\" href=\"https:\/\/ateca.cl\/index.php\/2022\/10\/18\/resena-teatro-provisorio\/\">\n\t\t\t\t<div class=\"elementor-portfolio-item__img elementor-post__thumbnail\">\n\t\t\t<img loading=\"lazy\" decoding=\"async\" width=\"729\" height=\"669\" src=\"https:\/\/ateca.cl\/wp-content\/uploads\/2022\/10\/provisorio-entrevista.jpg\" class=\"attachment-medium_large size-medium_large wp-image-1329\" alt=\"\" srcset=\"https:\/\/ateca.cl\/wp-content\/uploads\/2022\/10\/provisorio-entrevista.jpg 729w, https:\/\/ateca.cl\/wp-content\/uploads\/2022\/10\/provisorio-entrevista-300x275.jpg 300w\" sizes=\"auto, (max-width: 729px) 100vw, 729px\" \/>\t\t<\/div>\n\t\t\t\t<div class=\"elementor-portfolio-item__overlay\">\n\t\t\t\t<h3 class=\"elementor-portfolio-item__title\">\n\t\tRese\u00f1a Teatro Provisorio\t\t<\/h3>\n\t\t\t\t<\/div>\n\t\t\t\t<\/a>\n\t\t<\/article>\n\t\t\t\t<\/div>\n\t\t\t\t<\/div>\n\t\t\t\t<\/div>\n\t\t\t\t\t<\/div>\n\t\t<\/div>\n\t\t\t\t\t\t\t<\/div>\n\t\t<\/section>\n\t\t\t\t\t\t\t<\/div>\n\t\t","protected":false},"excerpt":{"rendered":"<p>El teatro provisorio nace a trav\u00e9s de cuatro j\u00f3venes artistas en la d\u00e9cada de los ochenta, quienes buscaban un espacio donde poder expresar sus visiones y anhelos, reconociendo sus particularidades y el dif\u00edcil contexto en el que estaban insertos. Los inicios de la compa\u00f1\u00eda estaban relacionados con la exploraci\u00f3n del lenguaje esc\u00e9nico en la calle, [&hellip;]<\/p>\n","protected":false},"author":1,"featured_media":586,"parent":101,"menu_order":8,"comment_status":"closed","ping_status":"closed","template":"elementor_theme","meta":{"_acf_changed":false,"footnotes":""},"categories":[],"tags":[],"ciudad":[],"obra":[],"ano":[],"credito":[],"procedencia":[],"codigo":[],"escenario":[],"class_list":["post-64","page","type-page","status-publish","has-post-thumbnail","hentry"],"acf":[],"_links":{"self":[{"href":"https:\/\/ateca.cl\/index.php\/wp-json\/wp\/v2\/pages\/64","targetHints":{"allow":["GET"]}}],"collection":[{"href":"https:\/\/ateca.cl\/index.php\/wp-json\/wp\/v2\/pages"}],"about":[{"href":"https:\/\/ateca.cl\/index.php\/wp-json\/wp\/v2\/types\/page"}],"author":[{"embeddable":true,"href":"https:\/\/ateca.cl\/index.php\/wp-json\/wp\/v2\/users\/1"}],"replies":[{"embeddable":true,"href":"https:\/\/ateca.cl\/index.php\/wp-json\/wp\/v2\/comments?post=64"}],"version-history":[{"count":43,"href":"https:\/\/ateca.cl\/index.php\/wp-json\/wp\/v2\/pages\/64\/revisions"}],"predecessor-version":[{"id":5394,"href":"https:\/\/ateca.cl\/index.php\/wp-json\/wp\/v2\/pages\/64\/revisions\/5394"}],"up":[{"embeddable":true,"href":"https:\/\/ateca.cl\/index.php\/wp-json\/wp\/v2\/pages\/101"}],"wp:featuredmedia":[{"embeddable":true,"href":"https:\/\/ateca.cl\/index.php\/wp-json\/wp\/v2\/media\/586"}],"wp:attachment":[{"href":"https:\/\/ateca.cl\/index.php\/wp-json\/wp\/v2\/media?parent=64"}],"wp:term":[{"taxonomy":"category","embeddable":true,"href":"https:\/\/ateca.cl\/index.php\/wp-json\/wp\/v2\/categories?post=64"},{"taxonomy":"post_tag","embeddable":true,"href":"https:\/\/ateca.cl\/index.php\/wp-json\/wp\/v2\/tags?post=64"},{"taxonomy":"ciudad","embeddable":true,"href":"https:\/\/ateca.cl\/index.php\/wp-json\/wp\/v2\/ciudad?post=64"},{"taxonomy":"obra","embeddable":true,"href":"https:\/\/ateca.cl\/index.php\/wp-json\/wp\/v2\/obra?post=64"},{"taxonomy":"ano","embeddable":true,"href":"https:\/\/ateca.cl\/index.php\/wp-json\/wp\/v2\/ano?post=64"},{"taxonomy":"credito","embeddable":true,"href":"https:\/\/ateca.cl\/index.php\/wp-json\/wp\/v2\/credito?post=64"},{"taxonomy":"procedencia","embeddable":true,"href":"https:\/\/ateca.cl\/index.php\/wp-json\/wp\/v2\/procedencia?post=64"},{"taxonomy":"codigo","embeddable":true,"href":"https:\/\/ateca.cl\/index.php\/wp-json\/wp\/v2\/codigo?post=64"},{"taxonomy":"escenario","embeddable":true,"href":"https:\/\/ateca.cl\/index.php\/wp-json\/wp\/v2\/escenario?post=64"}],"curies":[{"name":"wp","href":"https:\/\/api.w.org\/{rel}","templated":true}]}}