{"id":66,"date":"2022-10-06T16:24:25","date_gmt":"2022-10-06T16:24:25","guid":{"rendered":"https:\/\/ateca.cl\/?page_id=66"},"modified":"2022-12-16T10:42:25","modified_gmt":"2022-12-16T10:42:25","slug":"teuco","status":"publish","type":"page","link":"https:\/\/ateca.cl\/index.php\/companias\/teuco\/","title":{"rendered":"TEUCO"},"content":{"rendered":"\t\t<div data-elementor-type=\"wp-page\" data-elementor-id=\"66\" class=\"elementor elementor-66\">\n\t\t\t\t\t\t\t\t\t<section class=\"elementor-section elementor-top-section elementor-element elementor-element-67f56083 elementor-section-boxed elementor-section-height-default elementor-section-height-default\" data-id=\"67f56083\" data-element_type=\"section\">\n\t\t\t\t\t\t<div class=\"elementor-container elementor-column-gap-default\">\n\t\t\t\t\t<div class=\"elementor-column elementor-col-100 elementor-top-column elementor-element elementor-element-4b9c3fda\" data-id=\"4b9c3fda\" data-element_type=\"column\">\n\t\t\t<div class=\"elementor-widget-wrap elementor-element-populated\">\n\t\t\t\t\t\t\t\t<div class=\"elementor-element elementor-element-55dfbdbe elementor-widget elementor-widget-theme-post-title elementor-page-title elementor-widget-heading\" data-id=\"55dfbdbe\" data-element_type=\"widget\" data-widget_type=\"theme-post-title.default\">\n\t\t\t\t<div class=\"elementor-widget-container\">\n\t\t\t<style>\/*! elementor - v3.10.1 - 17-01-2023 *\/\n.elementor-heading-title{padding:0;margin:0;line-height:1}.elementor-widget-heading .elementor-heading-title[class*=elementor-size-]>a{color:inherit;font-size:inherit;line-height:inherit}.elementor-widget-heading .elementor-heading-title.elementor-size-small{font-size:15px}.elementor-widget-heading .elementor-heading-title.elementor-size-medium{font-size:19px}.elementor-widget-heading .elementor-heading-title.elementor-size-large{font-size:29px}.elementor-widget-heading .elementor-heading-title.elementor-size-xl{font-size:39px}.elementor-widget-heading .elementor-heading-title.elementor-size-xxl{font-size:59px}<\/style><h1 class=\"elementor-heading-title elementor-size-default\">TEUCO<\/h1>\t\t<\/div>\n\t\t\t\t<\/div>\n\t\t\t\t\t<\/div>\n\t\t<\/div>\n\t\t\t\t\t\t\t<\/div>\n\t\t<\/section>\n\t\t\t\t<section class=\"elementor-section elementor-top-section elementor-element elementor-element-613fa695 elementor-section-boxed elementor-section-height-default elementor-section-height-default\" data-id=\"613fa695\" data-element_type=\"section\">\n\t\t\t\t\t\t<div class=\"elementor-container elementor-column-gap-default\">\n\t\t\t\t\t<div class=\"elementor-column elementor-col-100 elementor-top-column elementor-element elementor-element-36d23068\" data-id=\"36d23068\" data-element_type=\"column\">\n\t\t\t<div class=\"elementor-widget-wrap elementor-element-populated\">\n\t\t\t\t\t\t\t\t<div class=\"elementor-element elementor-element-47b4ec61 elementor-widget elementor-widget-image\" data-id=\"47b4ec61\" data-element_type=\"widget\" data-widget_type=\"image.default\">\n\t\t\t\t<div class=\"elementor-widget-container\">\n\t\t\t<style>\/*! elementor - v3.10.1 - 17-01-2023 *\/\n.elementor-widget-image{text-align:center}.elementor-widget-image a{display:inline-block}.elementor-widget-image a img[src$=\".svg\"]{width:48px}.elementor-widget-image img{vertical-align:middle;display:inline-block}<\/style>\t\t\t\t\t\t\t\t\t\t\t\t<img decoding=\"async\" src=\"https:\/\/ateca.cl\/wp-content\/uploads\/elementor\/thumbs\/teuco-scaled-pw20appp4owm9m25sabmr5e15c5a9epnbo8znur638.jpg\" title=\"teuco\" alt=\"teuco\" loading=\"lazy\" \/>\t\t\t\t\t\t\t\t\t\t\t\t\t\t\t<\/div>\n\t\t\t\t<\/div>\n\t\t\t\t<section class=\"elementor-section elementor-inner-section elementor-element elementor-element-1ac54503 elementor-section-boxed elementor-section-height-default elementor-section-height-default\" data-id=\"1ac54503\" data-element_type=\"section\">\n\t\t\t\t\t\t<div class=\"elementor-container elementor-column-gap-default\">\n\t\t\t\t\t<div class=\"elementor-column elementor-col-50 elementor-inner-column elementor-element elementor-element-2642232d\" data-id=\"2642232d\" data-element_type=\"column\">\n\t\t\t<div class=\"elementor-widget-wrap elementor-element-populated\">\n\t\t\t\t\t\t\t\t<div class=\"elementor-element elementor-element-2590216d elementor-widget elementor-widget-text-editor\" data-id=\"2590216d\" data-element_type=\"widget\" data-widget_type=\"text-editor.default\">\n\t\t\t\t<div class=\"elementor-widget-container\">\n\t\t\t<style>\/*! elementor - v3.10.1 - 17-01-2023 *\/\n.elementor-widget-text-editor.elementor-drop-cap-view-stacked .elementor-drop-cap{background-color:#818a91;color:#fff}.elementor-widget-text-editor.elementor-drop-cap-view-framed .elementor-drop-cap{color:#818a91;border:3px solid;background-color:transparent}.elementor-widget-text-editor:not(.elementor-drop-cap-view-default) .elementor-drop-cap{margin-top:8px}.elementor-widget-text-editor:not(.elementor-drop-cap-view-default) .elementor-drop-cap-letter{width:1em;height:1em}.elementor-widget-text-editor .elementor-drop-cap{float:left;text-align:center;line-height:1;font-size:50px}.elementor-widget-text-editor .elementor-drop-cap-letter{display:inline-block}<\/style>\t\t\t\t<p>La compa\u00f1\u00eda nace el a\u00f1o 1980 y es fundada por Andr\u00e9s P\u00e9rez Araya y Juan Edmundo Gonz\u00e1lez. Luego se suman como int\u00e9rpretes Roxana Campos, Sandro Larenas, Ren\u00e9e Ivonne Figueroa, Hern\u00e1n Pantoja, Salvador Soto, Gianina Talloni y Rodrigo Vidal.\u00a0<\/p><p>Durante este primer peri\u00f3do montan <i>Oye, oiga y t\u00fa, una historia inconclusa<\/i> de Andr\u00e9s P\u00e9rez, con textos del <i>Popol Vuh<\/i>, Bertolt Brecht, Roger Vitrac y Hitler; y el<i> Viaje de Mar\u00eda Jos\u00e9 a Bel\u00e9n y lo que les aconteci\u00f3 en el camino<\/i>, basado en el Nuevo Testamento, ambas obras dirigidas por Andr\u00e9s P\u00e9rez.<\/p><p>En 1981, esta vez bajo la direcci\u00f3n de Juan Edmundo Gonz\u00e1lez, montan <i>El Sue\u00f1o de Pablo<\/i>, y adem\u00e1s crean; <i>Acerca del trabajo<\/i>, <i>Iv\u00e1n el imb\u00e9cil<\/i>, <i>\u00a0Actos sin palabras<\/i> y <i>El principito<\/i>; estas \u00faltimas cuatro piezas fueron dirigidas por Andr\u00e9s.\u00a0<\/p><p>Luego de esta etapa Andr\u00e9s toma otros caminos, dejando a la cabeza a Juan Edmundo Gonz\u00e1lez. M\u00e1s tarde, el a\u00f1o 1985 ingresa a la compa\u00f1\u00eda Roberto Pablo, y lo hace como t\u00e9cnico para la obra <i>El \u00faltimo traje del emperador<\/i>, al poco tiempo audiciona para la compa\u00f1\u00eda y es integrado al elenco, participando en unas cuantas creaciones m\u00e1s.<\/p><p>Finalizado este per\u00edodo Roberto Pablo toma la direcci\u00f3n a trav\u00e9s de la pieza <i>Caicaivil\u00fa y Tent\u00e9nvil\u00fa<\/i>, escribe <i>La cocolina, pobre colina<\/i> y se distancia de la compa\u00f1\u00eda.<\/p><p>Finalmente, se debe se\u00f1alar que el TEUCO es una de las compa\u00f1\u00edas de teatro callejero m\u00e1s reconocidas de la \u00e9poca, de all\u00ed que tanto Andr\u00e9s P\u00e9rez como Juan Edmundo y Roberto Pablo sean hasta hoy reconocidos como personas fundamentales en el quehacer teatral de la calle de nuestro pa\u00eds.\u00a0<\/p><p>Si participaste o tienes informaci\u00f3n respecto a la compa\u00f1\u00eda y obra, escr\u00edbenos a <a href=\"mailto:archivo.ateca@gmail.com\">archivo.ateca@gmail.com<\/a> .De antemano, mil gracias.<\/p>\t\t\t\t\t\t<\/div>\n\t\t\t\t<\/div>\n\t\t\t\t\t<\/div>\n\t\t<\/div>\n\t\t\t\t<div class=\"elementor-column elementor-col-50 elementor-inner-column elementor-element elementor-element-203b9694\" data-id=\"203b9694\" data-element_type=\"column\">\n\t\t\t<div class=\"elementor-widget-wrap elementor-element-populated\">\n\t\t\t\t\t\t\t\t<div class=\"elementor-element elementor-element-ccca61f elementor-widget elementor-widget-text-editor\" data-id=\"ccca61f\" data-element_type=\"widget\" data-widget_type=\"text-editor.default\">\n\t\t\t\t<div class=\"elementor-widget-container\">\n\t\t\t\t\t\t\t<p><b>Obras catastrada:<\/b><\/p><p><i>Acto sin palabras <\/i>(1981)<i>; Cuentos callejeros <\/i>(1984-1985)<i>; La incre\u00edble y triste historia de la C\u00e1ndida Er\u00e9ndira y de su abuela desalmada <\/i>(1985)<i>; El \u00faltimo traje del emperador <\/i>(1985)<i>;\u00a0 Caicaivil\u00fa y Tent\u00e9nvil\u00fa <\/i>(1985)<i>; Cabezones <\/i>(s.f.)<\/p><p><b>Etiquetas:<br \/>Andr\u00e9s P\u00e9rez &#8211; Juan Edmundo Gonz\u00e1lez &#8211; <a href=\"https:\/\/ateca.cl\/index.php\/teatristas\/roberto-pablo\/\">Roberto Pablo<\/a> &#8211; <a href=\"https:\/\/ateca.cl\/index.php\/teatristas\/miguel-utreras\/\">Miguel Utreras<\/a> &#8211; Ver\u00f3nica Zorzano <\/b><\/p>\t\t\t\t\t\t<\/div>\n\t\t\t\t<\/div>\n\t\t\t\t\t<\/div>\n\t\t<\/div>\n\t\t\t\t\t\t\t<\/div>\n\t\t<\/section>\n\t\t\t\t\t<\/div>\n\t\t<\/div>\n\t\t\t\t\t\t\t<\/div>\n\t\t<\/section>\n\t\t\t\t<section class=\"elementor-section elementor-top-section elementor-element elementor-element-756ae6dd elementor-section-boxed elementor-section-height-default elementor-section-height-default\" data-id=\"756ae6dd\" data-element_type=\"section\">\n\t\t\t\t\t\t<div class=\"elementor-container elementor-column-gap-default\">\n\t\t\t\t\t<div class=\"elementor-column elementor-col-100 elementor-top-column elementor-element elementor-element-29daab4b\" data-id=\"29daab4b\" data-element_type=\"column\">\n\t\t\t<div class=\"elementor-widget-wrap elementor-element-populated\">\n\t\t\t\t\t\t\t\t<div class=\"elementor-element elementor-element-25e0edb3 elementor-widget elementor-widget-heading\" data-id=\"25e0edb3\" data-element_type=\"widget\" data-widget_type=\"heading.default\">\n\t\t\t\t<div class=\"elementor-widget-container\">\n\t\t\t<h2 class=\"elementor-heading-title elementor-size-default\">Obras<\/h2>\t\t<\/div>\n\t\t\t\t<\/div>\n\t\t\t\t\t<\/div>\n\t\t<\/div>\n\t\t\t\t\t\t\t<\/div>\n\t\t<\/section>\n\t\t\t\t<section class=\"elementor-section elementor-top-section elementor-element elementor-element-33ae6e98 elementor-section-boxed elementor-section-height-default elementor-section-height-default\" data-id=\"33ae6e98\" data-element_type=\"section\">\n\t\t\t\t\t\t<div class=\"elementor-container elementor-column-gap-default\">\n\t\t\t\t\t<div class=\"elementor-column elementor-col-100 elementor-top-column elementor-element elementor-element-2c3e7771\" data-id=\"2c3e7771\" data-element_type=\"column\">\n\t\t\t<div class=\"elementor-widget-wrap elementor-element-populated\">\n\t\t\t\t\t\t\t\t<div class=\"elementor-element elementor-element-301daeb3 elementor-grid-3 elementor-grid-tablet-2 elementor-grid-mobile-1 elementor-widget elementor-widget-portfolio\" data-id=\"301daeb3\" data-element_type=\"widget\" data-settings=\"{&quot;row_gap&quot;:{&quot;unit&quot;:&quot;px&quot;,&quot;size&quot;:10,&quot;sizes&quot;:[]},&quot;columns&quot;:&quot;3&quot;,&quot;columns_tablet&quot;:&quot;2&quot;,&quot;columns_mobile&quot;:&quot;1&quot;,&quot;item_ratio&quot;:{&quot;unit&quot;:&quot;px&quot;,&quot;size&quot;:0.66,&quot;sizes&quot;:[]},&quot;item_gap&quot;:{&quot;unit&quot;:&quot;px&quot;,&quot;size&quot;:&quot;&quot;,&quot;sizes&quot;:[]}}\" data-widget_type=\"portfolio.default\">\n\t\t\t\t<div class=\"elementor-widget-container\">\n\t\t\t<link rel=\"stylesheet\" href=\"https:\/\/ateca.cl\/wp-content\/plugins\/elementor-pro\/assets\/css\/widget-posts.min.css\">\t\t<div class=\"elementor-portfolio elementor-grid elementor-posts-container\">\n\t\t\t\t<article class=\"elementor-portfolio-item elementor-post  post-1835 page type-page status-publish has-post-thumbnail hentry category-teuco tag-obra ciudad-santiago ano-69\">\n\t\t\t<a class=\"elementor-post__thumbnail__link\" href=\"https:\/\/ateca.cl\/index.php\/companias\/teuco\/los-cabezones\/\">\n\t\t\t\t<div class=\"elementor-portfolio-item__img elementor-post__thumbnail\">\n\t\t\t<img loading=\"lazy\" decoding=\"async\" width=\"768\" height=\"535\" src=\"https:\/\/ateca.cl\/wp-content\/uploads\/2022\/10\/ATECA_01_07_01-768x535.jpg\" class=\"attachment-medium_large size-medium_large wp-image-2109\" alt=\"\" srcset=\"https:\/\/ateca.cl\/wp-content\/uploads\/2022\/10\/ATECA_01_07_01-768x535.jpg 768w, https:\/\/ateca.cl\/wp-content\/uploads\/2022\/10\/ATECA_01_07_01-300x209.jpg 300w, https:\/\/ateca.cl\/wp-content\/uploads\/2022\/10\/ATECA_01_07_01-1024x714.jpg 1024w, https:\/\/ateca.cl\/wp-content\/uploads\/2022\/10\/ATECA_01_07_01.jpg 1537w\" sizes=\"auto, (max-width: 768px) 100vw, 768px\" \/>\t\t<\/div>\n\t\t\t\t<div class=\"elementor-portfolio-item__overlay\">\n\t\t\t\t<h3 class=\"elementor-portfolio-item__title\">\n\t\tLos cabezones\t\t<\/h3>\n\t\t\t\t<\/div>\n\t\t\t\t<\/a>\n\t\t<\/article>\n\t\t\t\t<article class=\"elementor-portfolio-item elementor-post  post-1821 page type-page status-publish has-post-thumbnail hentry category-teuco tag-obra ciudad-santiago obra-caicaivilu-y-tentenvilu ano-69 escenario-huerfanos\">\n\t\t\t<a class=\"elementor-post__thumbnail__link\" href=\"https:\/\/ateca.cl\/index.php\/companias\/teuco\/caicaivilu-y-tentenvilu\/\">\n\t\t\t\t<div class=\"elementor-portfolio-item__img elementor-post__thumbnail\">\n\t\t\t<img loading=\"lazy\" decoding=\"async\" width=\"768\" height=\"815\" src=\"https:\/\/ateca.cl\/wp-content\/uploads\/2022\/10\/caicai-768x815.jpg\" class=\"attachment-medium_large size-medium_large wp-image-1836\" alt=\"\" srcset=\"https:\/\/ateca.cl\/wp-content\/uploads\/2022\/10\/caicai-768x815.jpg 768w, https:\/\/ateca.cl\/wp-content\/uploads\/2022\/10\/caicai-283x300.jpg 283w, https:\/\/ateca.cl\/wp-content\/uploads\/2022\/10\/caicai.jpg 778w\" sizes=\"auto, (max-width: 768px) 100vw, 768px\" \/>\t\t<\/div>\n\t\t\t\t<div class=\"elementor-portfolio-item__overlay\">\n\t\t\t\t<h3 class=\"elementor-portfolio-item__title\">\n\t\tCaicaivil\u00fa y Tent\u00e9nvil\u00fa\t\t<\/h3>\n\t\t\t\t<\/div>\n\t\t\t\t<\/a>\n\t\t<\/article>\n\t\t\t\t<article class=\"elementor-portfolio-item elementor-post  post-1806 page type-page status-publish has-post-thumbnail hentry category-teuco tag-obra ciudad-santiago ano-55 escenario-paseo-las-palmas\">\n\t\t\t<a class=\"elementor-post__thumbnail__link\" href=\"https:\/\/ateca.cl\/index.php\/companias\/teuco\/acto-sin-palabras-2\/\">\n\t\t\t\t<div class=\"elementor-portfolio-item__img elementor-post__thumbnail\">\n\t\t\t<img loading=\"lazy\" decoding=\"async\" width=\"768\" height=\"547\" src=\"https:\/\/ateca.cl\/wp-content\/uploads\/2022\/10\/ATECA_01_01_03-768x547.jpeg\" class=\"attachment-medium_large size-medium_large wp-image-267\" alt=\"\" srcset=\"https:\/\/ateca.cl\/wp-content\/uploads\/2022\/10\/ATECA_01_01_03-768x547.jpeg 768w, https:\/\/ateca.cl\/wp-content\/uploads\/2022\/10\/ATECA_01_01_03-300x214.jpeg 300w, https:\/\/ateca.cl\/wp-content\/uploads\/2022\/10\/ATECA_01_01_03-1024x729.jpeg 1024w, https:\/\/ateca.cl\/wp-content\/uploads\/2022\/10\/ATECA_01_01_03-1536x1094.jpeg 1536w, https:\/\/ateca.cl\/wp-content\/uploads\/2022\/10\/ATECA_01_01_03.jpeg 1828w\" sizes=\"auto, (max-width: 768px) 100vw, 768px\" \/>\t\t<\/div>\n\t\t\t\t<div class=\"elementor-portfolio-item__overlay\">\n\t\t\t\t<h3 class=\"elementor-portfolio-item__title\">\n\t\tActo sin palabras\t\t<\/h3>\n\t\t\t\t<\/div>\n\t\t\t\t<\/a>\n\t\t<\/article>\n\t\t\t\t<article class=\"elementor-portfolio-item elementor-post  post-1791 page type-page status-publish has-post-thumbnail hentry category-teuco tag-obra ciudad-santiago ano-69 escenario-sala-el-conventillo\">\n\t\t\t<a class=\"elementor-post__thumbnail__link\" href=\"https:\/\/ateca.cl\/index.php\/companias\/teuco\/el-ultimo-traje-del-emperador\/\">\n\t\t\t\t<div class=\"elementor-portfolio-item__img elementor-post__thumbnail\">\n\t\t\t<img loading=\"lazy\" decoding=\"async\" width=\"768\" height=\"607\" src=\"https:\/\/ateca.cl\/wp-content\/uploads\/2022\/10\/ATECA_01_05_01-768x607.jpeg\" class=\"attachment-medium_large size-medium_large wp-image-1825\" alt=\"\" srcset=\"https:\/\/ateca.cl\/wp-content\/uploads\/2022\/10\/ATECA_01_05_01-768x607.jpeg 768w, https:\/\/ateca.cl\/wp-content\/uploads\/2022\/10\/ATECA_01_05_01-300x237.jpeg 300w, https:\/\/ateca.cl\/wp-content\/uploads\/2022\/10\/ATECA_01_05_01.jpeg 935w\" sizes=\"auto, (max-width: 768px) 100vw, 768px\" \/>\t\t<\/div>\n\t\t\t\t<div class=\"elementor-portfolio-item__overlay\">\n\t\t\t\t<h3 class=\"elementor-portfolio-item__title\">\n\t\tEl \u00faltimo traje del emperador\t\t<\/h3>\n\t\t\t\t<\/div>\n\t\t\t\t<\/a>\n\t\t<\/article>\n\t\t\t\t<article class=\"elementor-portfolio-item elementor-post  post-465 page type-page status-publish has-post-thumbnail hentry category-teuco tag-obra ciudad-santiago ano-68 ano-69\">\n\t\t\t<a class=\"elementor-post__thumbnail__link\" href=\"https:\/\/ateca.cl\/index.php\/companias\/teuco\/cuentos-callejeros\/\">\n\t\t\t\t<div class=\"elementor-portfolio-item__img elementor-post__thumbnail\">\n\t\t\t<img loading=\"lazy\" decoding=\"async\" width=\"768\" height=\"577\" src=\"https:\/\/ateca.cl\/wp-content\/uploads\/2022\/10\/ATECA_01_03_04-768x577.jpg\" class=\"attachment-medium_large size-medium_large wp-image-466\" alt=\"\" srcset=\"https:\/\/ateca.cl\/wp-content\/uploads\/2022\/10\/ATECA_01_03_04-768x577.jpg 768w, https:\/\/ateca.cl\/wp-content\/uploads\/2022\/10\/ATECA_01_03_04-300x225.jpg 300w, https:\/\/ateca.cl\/wp-content\/uploads\/2022\/10\/ATECA_01_03_04.jpg 977w\" sizes=\"auto, (max-width: 768px) 100vw, 768px\" \/>\t\t<\/div>\n\t\t\t\t<div class=\"elementor-portfolio-item__overlay\">\n\t\t\t\t<h3 class=\"elementor-portfolio-item__title\">\n\t\tCuentos callejeros\t\t<\/h3>\n\t\t\t\t<\/div>\n\t\t\t\t<\/a>\n\t\t<\/article>\n\t\t\t\t<article class=\"elementor-portfolio-item elementor-post  post-284 page type-page status-publish has-post-thumbnail hentry category-teuco tag-obra ciudad-santiago ano-55\">\n\t\t\t<a class=\"elementor-post__thumbnail__link\" href=\"https:\/\/ateca.cl\/index.php\/companias\/teuco\/la-candida-erendira\/\">\n\t\t\t\t<div class=\"elementor-portfolio-item__img elementor-post__thumbnail\">\n\t\t\t<img loading=\"lazy\" decoding=\"async\" width=\"711\" height=\"942\" src=\"https:\/\/ateca.cl\/wp-content\/uploads\/2022\/10\/ATECA_01_04_03-1.jpeg\" class=\"attachment-medium_large size-medium_large wp-image-1792\" alt=\"\" srcset=\"https:\/\/ateca.cl\/wp-content\/uploads\/2022\/10\/ATECA_01_04_03-1.jpeg 711w, https:\/\/ateca.cl\/wp-content\/uploads\/2022\/10\/ATECA_01_04_03-1-226x300.jpeg 226w\" sizes=\"auto, (max-width: 711px) 100vw, 711px\" \/>\t\t<\/div>\n\t\t\t\t<div class=\"elementor-portfolio-item__overlay\">\n\t\t\t\t<h3 class=\"elementor-portfolio-item__title\">\n\t\tLa C\u00e1ndida Er\u00e9ndira\t\t<\/h3>\n\t\t\t\t<\/div>\n\t\t\t\t<\/a>\n\t\t<\/article>\n\t\t\t\t<\/div>\n\t\t\t\t<\/div>\n\t\t\t\t<\/div>\n\t\t\t\t\t<\/div>\n\t\t<\/div>\n\t\t\t\t\t\t\t<\/div>\n\t\t<\/section>\n\t\t\t\t<section class=\"elementor-section elementor-top-section elementor-element elementor-element-77eefd1 elementor-section-boxed elementor-section-height-default elementor-section-height-default\" data-id=\"77eefd1\" data-element_type=\"section\">\n\t\t\t\t\t\t<div class=\"elementor-container elementor-column-gap-default\">\n\t\t\t\t\t<div class=\"elementor-column elementor-col-100 elementor-top-column elementor-element elementor-element-6ff5b59\" data-id=\"6ff5b59\" data-element_type=\"column\">\n\t\t\t<div class=\"elementor-widget-wrap elementor-element-populated\">\n\t\t\t\t\t\t\t\t<div class=\"elementor-element elementor-element-b9346c6 elementor-widget elementor-widget-spacer\" data-id=\"b9346c6\" data-element_type=\"widget\" data-widget_type=\"spacer.default\">\n\t\t\t\t<div class=\"elementor-widget-container\">\n\t\t\t<style>\/*! elementor - v3.10.1 - 17-01-2023 *\/\n.elementor-column .elementor-spacer-inner{height:var(--spacer-size)}.e-con{--container-widget-width:100%}.e-con-inner>.elementor-widget-spacer,.e-con>.elementor-widget-spacer{width:var(--container-widget-width,var(--spacer-size));--align-self:var(--container-widget-align-self,initial);--flex-shrink:0}.e-con-inner>.elementor-widget-spacer>.elementor-widget-container,.e-con-inner>.elementor-widget-spacer>.elementor-widget-container>.elementor-spacer,.e-con>.elementor-widget-spacer>.elementor-widget-container,.e-con>.elementor-widget-spacer>.elementor-widget-container>.elementor-spacer{height:100%}.e-con-inner>.elementor-widget-spacer>.elementor-widget-container>.elementor-spacer>.elementor-spacer-inner,.e-con>.elementor-widget-spacer>.elementor-widget-container>.elementor-spacer>.elementor-spacer-inner{height:var(--container-widget-height,var(--spacer-size))}<\/style>\t\t<div class=\"elementor-spacer\">\n\t\t\t<div class=\"elementor-spacer-inner\"><\/div>\n\t\t<\/div>\n\t\t\t\t<\/div>\n\t\t\t\t<\/div>\n\t\t\t\t<div class=\"elementor-element elementor-element-dda5e8f elementor-widget elementor-widget-heading\" data-id=\"dda5e8f\" data-element_type=\"widget\" data-widget_type=\"heading.default\">\n\t\t\t\t<div class=\"elementor-widget-container\">\n\t\t\t<h2 class=\"elementor-heading-title elementor-size-default\">Galer\u00eda<\/h2>\t\t<\/div>\n\t\t\t\t<\/div>\n\t\t\t\t<div class=\"elementor-element elementor-element-33856be elementor-widget elementor-widget-gallery\" data-id=\"33856be\" data-element_type=\"widget\" data-settings=\"{&quot;overlay_description&quot;:&quot;description&quot;,&quot;overlay_title&quot;:&quot;title&quot;,&quot;lazyload&quot;:&quot;yes&quot;,&quot;gallery_layout&quot;:&quot;grid&quot;,&quot;columns&quot;:4,&quot;columns_tablet&quot;:2,&quot;columns_mobile&quot;:1,&quot;gap&quot;:{&quot;unit&quot;:&quot;px&quot;,&quot;size&quot;:10,&quot;sizes&quot;:[]},&quot;gap_tablet&quot;:{&quot;unit&quot;:&quot;px&quot;,&quot;size&quot;:10,&quot;sizes&quot;:[]},&quot;gap_mobile&quot;:{&quot;unit&quot;:&quot;px&quot;,&quot;size&quot;:10,&quot;sizes&quot;:[]},&quot;link_to&quot;:&quot;file&quot;,&quot;aspect_ratio&quot;:&quot;3:2&quot;,&quot;overlay_background&quot;:&quot;yes&quot;,&quot;content_hover_animation&quot;:&quot;fade-in&quot;}\" data-widget_type=\"gallery.default\">\n\t\t\t\t<div class=\"elementor-widget-container\">\n\t\t\t<style>\/*! elementor-pro - v3.10.2 - 17-01-2023 *\/\n.elementor-gallery__container{min-height:1px}.elementor-gallery-item{position:relative;overflow:hidden;display:block;text-decoration:none;border:solid var(--image-border-width) var(--image-border-color);border-radius:var(--image-border-radius)}.elementor-gallery-item__content,.elementor-gallery-item__overlay{height:100%;width:100%;position:absolute;top:0;left:0}.elementor-gallery-item__overlay{mix-blend-mode:var(--overlay-mix-blend-mode);transition-duration:var(--overlay-transition-duration);transition-property:mix-blend-mode,transform,opacity,background-color}.elementor-gallery-item__image.e-gallery-image{transition-duration:var(--image-transition-duration);transition-property:filter,transform}.elementor-gallery-item__content{display:flex;flex-direction:column;justify-content:var(--content-justify-content,center);align-items:center;text-align:var(--content-text-align);padding:var(--content-padding)}.elementor-gallery-item__content>div{transition-duration:var(--content-transition-duration)}.elementor-gallery-item__content.elementor-gallery--sequenced-animation>div:nth-child(2){transition-delay:calc(var(--content-transition-delay) \/ 3)}.elementor-gallery-item__content.elementor-gallery--sequenced-animation>div:nth-child(3){transition-delay:calc(var(--content-transition-delay) \/ 3 * 2)}.elementor-gallery-item__content.elementor-gallery--sequenced-animation>div:nth-child(4){transition-delay:calc(var(--content-transition-delay) \/ 3 * 3)}.elementor-gallery-item__description{color:var(--description-text-color,#fff);width:100%}.elementor-gallery-item__title{color:var(--title-text-color,#fff);font-weight:700;width:100%}.elementor-gallery__titles-container{display:flex;flex-wrap:wrap;justify-content:var(--titles-container-justify-content,center);margin-bottom:20px}.elementor-gallery__titles-container:not(.e--pointer-framed) .elementor-item:after,.elementor-gallery__titles-container:not(.e--pointer-framed) .elementor-item:before{background-color:var(--galleries-pointer-bg-color-hover)}.elementor-gallery__titles-container:not(.e--pointer-framed) .elementor-item.elementor-item-active:after,.elementor-gallery__titles-container:not(.e--pointer-framed) .elementor-item.elementor-item-active:before{background-color:var(--galleries-pointer-bg-color-active)}.elementor-gallery__titles-container.e--pointer-framed .elementor-item:before{border-color:var(--galleries-pointer-bg-color-hover);border-width:var(--galleries-pointer-border-width)}.elementor-gallery__titles-container.e--pointer-framed .elementor-item:after{border-color:var(--galleries-pointer-bg-color-hover)}.elementor-gallery__titles-container.e--pointer-framed .elementor-item.elementor-item-active:after,.elementor-gallery__titles-container.e--pointer-framed .elementor-item.elementor-item-active:before{border-color:var(--galleries-pointer-bg-color-active)}.elementor-gallery__titles-container.e--pointer-framed.e--animation-draw .elementor-item:before{border-left-width:var(--galleries-pointer-border-width);border-bottom-width:var(--galleries-pointer-border-width);border-right-width:0;border-top-width:0}.elementor-gallery__titles-container.e--pointer-framed.e--animation-draw .elementor-item:after{border-left-width:0;border-bottom-width:0;border-right-width:var(--galleries-pointer-border-width);border-top-width:var(--galleries-pointer-border-width)}.elementor-gallery__titles-container.e--pointer-framed.e--animation-corners .elementor-item:before{border-left-width:var(--galleries-pointer-border-width);border-bottom-width:0;border-right-width:0;border-top-width:var(--galleries-pointer-border-width)}.elementor-gallery__titles-container.e--pointer-framed.e--animation-corners .elementor-item:after{border-left-width:0;border-bottom-width:var(--galleries-pointer-border-width);border-right-width:var(--galleries-pointer-border-width);border-top-width:0}.elementor-gallery__titles-container .e--pointer-double-line .elementor-item:after,.elementor-gallery__titles-container .e--pointer-double-line .elementor-item:before,.elementor-gallery__titles-container .e--pointer-overline .elementor-item:before,.elementor-gallery__titles-container .e--pointer-underline .elementor-item:after{height:var(--galleries-pointer-border-width)}.elementor-gallery-title{--space-between:10px;cursor:pointer;color:#6d7882;font-weight:500;position:relative;padding:7px 14px;transition:all .3s}.elementor-gallery-title--active{color:#495157}.elementor-gallery-title:not(:last-child){margin-right:var(--space-between)}.elementor-gallery-item__title+.elementor-gallery-item__description{margin-top:var(--description-margin-top)}.e-gallery-item.elementor-gallery-item{transition-property:all}.e-gallery-item.elementor-animated-content .elementor-animated-item--enter-from-bottom,.e-gallery-item.elementor-animated-content .elementor-animated-item--enter-from-left,.e-gallery-item.elementor-animated-content .elementor-animated-item--enter-from-right,.e-gallery-item.elementor-animated-content .elementor-animated-item--enter-from-top,.e-gallery-item:hover .elementor-gallery__item-overlay-bg,.e-gallery-item:hover .elementor-gallery__item-overlay-content,.e-gallery-item:hover .elementor-gallery__item-overlay-content__description,.e-gallery-item:hover .elementor-gallery__item-overlay-content__title{opacity:1}a.elementor-item.elementor-gallery-title{color:var(--galleries-title-color-normal)}a.elementor-item.elementor-gallery-title.elementor-item-active,a.elementor-item.elementor-gallery-title.highlighted,a.elementor-item.elementor-gallery-title:focus,a.elementor-item.elementor-gallery-title:hover{color:var(--galleries-title-color-hover)}a.elementor-item.elementor-gallery-title.elementor-item-active{color:var(--gallery-title-color-active)}.e-con-inner>.elementor-widget-gallery,.e-con>.elementor-widget-gallery{width:var(--container-widget-width);--flex-grow:var(--container-widget-flex-grow)}<\/style>\t\t<div class=\"elementor-gallery__container\">\n\t\t\t\t\t\t\t<a class=\"e-gallery-item elementor-gallery-item elementor-animated-content\" href=\"https:\/\/ateca.cl\/wp-content\/uploads\/2022\/10\/COMPAN\u0303I\u0301A_05_01.jpeg\" data-elementor-open-lightbox=\"yes\" data-elementor-lightbox-slideshow=\"all-33856be\" data-elementor-lightbox-title=\"Fotograf\u00eda de la compa\u00f1\u00eda. Gira sur de Chile. Osorno\" data-elementor-lightbox-description=\"Procedencia: Ver\u00f3nica  Zorzano\" e-action-hash=\"#elementor-action%3Aaction%3Dlightbox%26settings%3DeyJpZCI6MTEwOCwidXJsIjoiaHR0cHM6XC9cL2F0ZWNhLmNsXC93cC1jb250ZW50XC91cGxvYWRzXC8yMDIyXC8xMFwvQ09NUEFOXHUwMzAzSVx1MDMwMUFfMDVfMDEuanBlZyIsInNsaWRlc2hvdyI6ImFsbC0zMzg1NmJlIn0%3D\">\n\t\t\t\t\t<div class=\"e-gallery-image elementor-gallery-item__image\" data-thumbnail=\"https:\/\/ateca.cl\/wp-content\/uploads\/2022\/10\/COMPAN\u0303I\u0301A_05_01-768x561.jpeg\" data-width=\"768\" data-height=\"561\" alt=\"\" ><\/div>\n\t\t\t\t\t\t\t\t\t\t\t<div class=\"elementor-gallery-item__overlay\"><\/div>\n\t\t\t\t\t\t\t\t\t\t\t\t\t\t\t<div class=\"elementor-gallery-item__content\">\n\t\t\t\t\t\t\t\t\t\t\t\t\t\t<div class=\"elementor-gallery-item__title\">\n\t\t\t\t\t\t\t\t\t\t\t\t\t\t\t\t\t\tFotograf\u00eda de la compa\u00f1\u00eda. Gira sur de Chile. Osorno\t\t\t\t\t\t\t\t<\/div>\n\t\t\t\t\t\t\t\t\t\t\t\t\t\t\t<div class=\"elementor-gallery-item__description\">\n\t\t\t\t\t\t\t\t\t\t\t\t\t\t\t\t\t\tProcedencia: Ver\u00f3nica  Zorzano\t\t\t\t\t\t\t\t<\/div>\n\t\t\t\t\t\t\t\t\t\t\t\t<\/div>\n\t\t\t\t\t\t\t\t\t<\/a>\n\t\t\t\t\t\t\t<a class=\"e-gallery-item elementor-gallery-item elementor-animated-content\" href=\"https:\/\/ateca.cl\/wp-content\/uploads\/2022\/10\/COMPAN\u0303I\u0301A_05_02.jpeg\" data-elementor-open-lightbox=\"yes\" data-elementor-lightbox-slideshow=\"all-33856be\" data-elementor-lightbox-title=\"Fotograf\u00eda de la compa\u00f1\u00eda. Gira sur de Chile. Osorno\" data-elementor-lightbox-description=\"Procedencia: Ver\u00f3nica  Zorzano\" e-action-hash=\"#elementor-action%3Aaction%3Dlightbox%26settings%3DeyJpZCI6MTEwOSwidXJsIjoiaHR0cHM6XC9cL2F0ZWNhLmNsXC93cC1jb250ZW50XC91cGxvYWRzXC8yMDIyXC8xMFwvQ09NUEFOXHUwMzAzSVx1MDMwMUFfMDVfMDIuanBlZyIsInNsaWRlc2hvdyI6ImFsbC0zMzg1NmJlIn0%3D\">\n\t\t\t\t\t<div class=\"e-gallery-image elementor-gallery-item__image\" data-thumbnail=\"https:\/\/ateca.cl\/wp-content\/uploads\/2022\/10\/COMPAN\u0303I\u0301A_05_02-768x550.jpeg\" data-width=\"768\" data-height=\"550\" alt=\"\" ><\/div>\n\t\t\t\t\t\t\t\t\t\t\t<div class=\"elementor-gallery-item__overlay\"><\/div>\n\t\t\t\t\t\t\t\t\t\t\t\t\t\t\t<div class=\"elementor-gallery-item__content\">\n\t\t\t\t\t\t\t\t\t\t\t\t\t\t<div class=\"elementor-gallery-item__title\">\n\t\t\t\t\t\t\t\t\t\t\t\t\t\t\t\t\t\tFotograf\u00eda de la compa\u00f1\u00eda. Gira sur de Chile. Osorno\t\t\t\t\t\t\t\t<\/div>\n\t\t\t\t\t\t\t\t\t\t\t\t\t\t\t<div class=\"elementor-gallery-item__description\">\n\t\t\t\t\t\t\t\t\t\t\t\t\t\t\t\t\t\tProcedencia: Ver\u00f3nica  Zorzano\t\t\t\t\t\t\t\t<\/div>\n\t\t\t\t\t\t\t\t\t\t\t\t<\/div>\n\t\t\t\t\t\t\t\t\t<\/a>\n\t\t\t\t\t\t\t<a class=\"e-gallery-item elementor-gallery-item elementor-animated-content\" href=\"https:\/\/ateca.cl\/wp-content\/uploads\/2022\/10\/COMPAN\u0303I\u0301A_05_03.jpeg\" data-elementor-open-lightbox=\"yes\" data-elementor-lightbox-slideshow=\"all-33856be\" data-elementor-lightbox-title=\"Fotograf\u00eda de la compa\u00f1\u00eda. Gira sur de Chile. Valdivia\" data-elementor-lightbox-description=\"Procedencia: Ver\u00f3nica  Zorzano\" e-action-hash=\"#elementor-action%3Aaction%3Dlightbox%26settings%3DeyJpZCI6MTExMCwidXJsIjoiaHR0cHM6XC9cL2F0ZWNhLmNsXC93cC1jb250ZW50XC91cGxvYWRzXC8yMDIyXC8xMFwvQ09NUEFOXHUwMzAzSVx1MDMwMUFfMDVfMDMuanBlZyIsInNsaWRlc2hvdyI6ImFsbC0zMzg1NmJlIn0%3D\">\n\t\t\t\t\t<div class=\"e-gallery-image elementor-gallery-item__image\" data-thumbnail=\"https:\/\/ateca.cl\/wp-content\/uploads\/2022\/10\/COMPAN\u0303I\u0301A_05_03-768x557.jpeg\" data-width=\"768\" data-height=\"557\" alt=\"\" ><\/div>\n\t\t\t\t\t\t\t\t\t\t\t<div class=\"elementor-gallery-item__overlay\"><\/div>\n\t\t\t\t\t\t\t\t\t\t\t\t\t\t\t<div class=\"elementor-gallery-item__content\">\n\t\t\t\t\t\t\t\t\t\t\t\t\t\t<div class=\"elementor-gallery-item__title\">\n\t\t\t\t\t\t\t\t\t\t\t\t\t\t\t\t\t\tFotograf\u00eda de la compa\u00f1\u00eda. Gira sur de Chile. Valdivia\t\t\t\t\t\t\t\t<\/div>\n\t\t\t\t\t\t\t\t\t\t\t\t\t\t\t<div class=\"elementor-gallery-item__description\">\n\t\t\t\t\t\t\t\t\t\t\t\t\t\t\t\t\t\tProcedencia: Ver\u00f3nica  Zorzano\t\t\t\t\t\t\t\t<\/div>\n\t\t\t\t\t\t\t\t\t\t\t\t<\/div>\n\t\t\t\t\t\t\t\t\t<\/a>\n\t\t\t\t\t\t\t<a class=\"e-gallery-item elementor-gallery-item elementor-animated-content\" href=\"https:\/\/ateca.cl\/wp-content\/uploads\/2022\/10\/COMPAN\u0303I\u0301A_05_04.jpeg\" data-elementor-open-lightbox=\"yes\" data-elementor-lightbox-slideshow=\"all-33856be\" data-elementor-lightbox-title=\"Fotograf\u00eda de la compa\u00f1\u00eda. Gira sur de Chile. Valdivia\" data-elementor-lightbox-description=\"Procedencia: Ver\u00f3nica  Zorzano\" e-action-hash=\"#elementor-action%3Aaction%3Dlightbox%26settings%3DeyJpZCI6MTExMSwidXJsIjoiaHR0cHM6XC9cL2F0ZWNhLmNsXC93cC1jb250ZW50XC91cGxvYWRzXC8yMDIyXC8xMFwvQ09NUEFOXHUwMzAzSVx1MDMwMUFfMDVfMDQuanBlZyIsInNsaWRlc2hvdyI6ImFsbC0zMzg1NmJlIn0%3D\">\n\t\t\t\t\t<div class=\"e-gallery-image elementor-gallery-item__image\" data-thumbnail=\"https:\/\/ateca.cl\/wp-content\/uploads\/2022\/10\/COMPAN\u0303I\u0301A_05_04-768x543.jpeg\" data-width=\"768\" data-height=\"543\" alt=\"\" ><\/div>\n\t\t\t\t\t\t\t\t\t\t\t<div class=\"elementor-gallery-item__overlay\"><\/div>\n\t\t\t\t\t\t\t\t\t\t\t\t\t\t\t<div class=\"elementor-gallery-item__content\">\n\t\t\t\t\t\t\t\t\t\t\t\t\t\t<div class=\"elementor-gallery-item__title\">\n\t\t\t\t\t\t\t\t\t\t\t\t\t\t\t\t\t\tFotograf\u00eda de la compa\u00f1\u00eda. Gira sur de Chile. Valdivia\t\t\t\t\t\t\t\t<\/div>\n\t\t\t\t\t\t\t\t\t\t\t\t\t\t\t<div class=\"elementor-gallery-item__description\">\n\t\t\t\t\t\t\t\t\t\t\t\t\t\t\t\t\t\tProcedencia: Ver\u00f3nica  Zorzano\t\t\t\t\t\t\t\t<\/div>\n\t\t\t\t\t\t\t\t\t\t\t\t<\/div>\n\t\t\t\t\t\t\t\t\t<\/a>\n\t\t\t\t\t\t\t<a class=\"e-gallery-item elementor-gallery-item elementor-animated-content\" href=\"https:\/\/ateca.cl\/wp-content\/uploads\/2022\/10\/COMPAN\u0303I\u0301A_05_05.jpeg\" data-elementor-open-lightbox=\"yes\" data-elementor-lightbox-slideshow=\"all-33856be\" data-elementor-lightbox-title=\"Fotograf\u00eda de la compa\u00f1\u00eda. Gira sur de Chile. Valdivia\" data-elementor-lightbox-description=\"Procedencia: Ver\u00f3nica  Zorzano\" e-action-hash=\"#elementor-action%3Aaction%3Dlightbox%26settings%3DeyJpZCI6MTExMiwidXJsIjoiaHR0cHM6XC9cL2F0ZWNhLmNsXC93cC1jb250ZW50XC91cGxvYWRzXC8yMDIyXC8xMFwvQ09NUEFOXHUwMzAzSVx1MDMwMUFfMDVfMDUuanBlZyIsInNsaWRlc2hvdyI6ImFsbC0zMzg1NmJlIn0%3D\">\n\t\t\t\t\t<div class=\"e-gallery-image elementor-gallery-item__image\" data-thumbnail=\"https:\/\/ateca.cl\/wp-content\/uploads\/2022\/10\/COMPAN\u0303I\u0301A_05_05-768x563.jpeg\" data-width=\"768\" data-height=\"563\" alt=\"\" ><\/div>\n\t\t\t\t\t\t\t\t\t\t\t<div class=\"elementor-gallery-item__overlay\"><\/div>\n\t\t\t\t\t\t\t\t\t\t\t\t\t\t\t<div class=\"elementor-gallery-item__content\">\n\t\t\t\t\t\t\t\t\t\t\t\t\t\t<div class=\"elementor-gallery-item__title\">\n\t\t\t\t\t\t\t\t\t\t\t\t\t\t\t\t\t\tFotograf\u00eda de la compa\u00f1\u00eda. Gira sur de Chile. Valdivia\t\t\t\t\t\t\t\t<\/div>\n\t\t\t\t\t\t\t\t\t\t\t\t\t\t\t<div class=\"elementor-gallery-item__description\">\n\t\t\t\t\t\t\t\t\t\t\t\t\t\t\t\t\t\tProcedencia: Ver\u00f3nica  Zorzano\t\t\t\t\t\t\t\t<\/div>\n\t\t\t\t\t\t\t\t\t\t\t\t<\/div>\n\t\t\t\t\t\t\t\t\t<\/a>\n\t\t\t\t\t\t\t<a class=\"e-gallery-item elementor-gallery-item elementor-animated-content\" href=\"https:\/\/ateca.cl\/wp-content\/uploads\/2022\/10\/COMPAN\u0303I\u0301A_05_06.jpeg\" data-elementor-open-lightbox=\"yes\" data-elementor-lightbox-slideshow=\"all-33856be\" data-elementor-lightbox-title=\"Fotograf\u00eda de la compa\u00f1\u00eda. Gira sur de Chile. Viaje a Festival de Valdivia\" data-elementor-lightbox-description=\"Procedencia: Ver\u00f3nica  Zorzano\" e-action-hash=\"#elementor-action%3Aaction%3Dlightbox%26settings%3DeyJpZCI6MTExMywidXJsIjoiaHR0cHM6XC9cL2F0ZWNhLmNsXC93cC1jb250ZW50XC91cGxvYWRzXC8yMDIyXC8xMFwvQ09NUEFOXHUwMzAzSVx1MDMwMUFfMDVfMDYuanBlZyIsInNsaWRlc2hvdyI6ImFsbC0zMzg1NmJlIn0%3D\">\n\t\t\t\t\t<div class=\"e-gallery-image elementor-gallery-item__image\" data-thumbnail=\"https:\/\/ateca.cl\/wp-content\/uploads\/2022\/10\/COMPAN\u0303I\u0301A_05_06-768x503.jpeg\" data-width=\"768\" data-height=\"503\" alt=\"\" ><\/div>\n\t\t\t\t\t\t\t\t\t\t\t<div class=\"elementor-gallery-item__overlay\"><\/div>\n\t\t\t\t\t\t\t\t\t\t\t\t\t\t\t<div class=\"elementor-gallery-item__content\">\n\t\t\t\t\t\t\t\t\t\t\t\t\t\t<div class=\"elementor-gallery-item__title\">\n\t\t\t\t\t\t\t\t\t\t\t\t\t\t\t\t\t\tFotograf\u00eda de la compa\u00f1\u00eda. Gira sur de Chile. Viaje a Festival de Valdivia\t\t\t\t\t\t\t\t<\/div>\n\t\t\t\t\t\t\t\t\t\t\t\t\t\t\t<div class=\"elementor-gallery-item__description\">\n\t\t\t\t\t\t\t\t\t\t\t\t\t\t\t\t\t\tProcedencia: Ver\u00f3nica  Zorzano\t\t\t\t\t\t\t\t<\/div>\n\t\t\t\t\t\t\t\t\t\t\t\t<\/div>\n\t\t\t\t\t\t\t\t\t<\/a>\n\t\t\t\t\t\t\t<a class=\"e-gallery-item elementor-gallery-item elementor-animated-content\" href=\"https:\/\/ateca.cl\/wp-content\/uploads\/2022\/10\/COMPAN\u0303I\u0301A_05_07.jpg\" data-elementor-open-lightbox=\"yes\" data-elementor-lightbox-slideshow=\"all-33856be\" data-elementor-lightbox-title=\"Fotograf\u00eda de la compa\u00f1\u00eda completa 1985\" data-elementor-lightbox-description=\"Procedencia: Ver\u00f3nica  Zorzano\" e-action-hash=\"#elementor-action%3Aaction%3Dlightbox%26settings%3DeyJpZCI6MTExNCwidXJsIjoiaHR0cHM6XC9cL2F0ZWNhLmNsXC93cC1jb250ZW50XC91cGxvYWRzXC8yMDIyXC8xMFwvQ09NUEFOXHUwMzAzSVx1MDMwMUFfMDVfMDcuanBnIiwic2xpZGVzaG93IjoiYWxsLTMzODU2YmUifQ%3D%3D\">\n\t\t\t\t\t<div class=\"e-gallery-image elementor-gallery-item__image\" data-thumbnail=\"https:\/\/ateca.cl\/wp-content\/uploads\/2022\/10\/COMPAN\u0303I\u0301A_05_07-768x451.jpg\" data-width=\"768\" data-height=\"451\" alt=\"\" ><\/div>\n\t\t\t\t\t\t\t\t\t\t\t<div class=\"elementor-gallery-item__overlay\"><\/div>\n\t\t\t\t\t\t\t\t\t\t\t\t\t\t\t<div class=\"elementor-gallery-item__content\">\n\t\t\t\t\t\t\t\t\t\t\t\t\t\t<div class=\"elementor-gallery-item__title\">\n\t\t\t\t\t\t\t\t\t\t\t\t\t\t\t\t\t\tFotograf\u00eda de la compa\u00f1\u00eda completa 1985\t\t\t\t\t\t\t\t<\/div>\n\t\t\t\t\t\t\t\t\t\t\t\t\t\t\t<div class=\"elementor-gallery-item__description\">\n\t\t\t\t\t\t\t\t\t\t\t\t\t\t\t\t\t\tProcedencia: Ver\u00f3nica  Zorzano\t\t\t\t\t\t\t\t<\/div>\n\t\t\t\t\t\t\t\t\t\t\t\t<\/div>\n\t\t\t\t\t\t\t\t\t<\/a>\n\t\t\t\t\t\t\t<a class=\"e-gallery-item elementor-gallery-item elementor-animated-content\" href=\"https:\/\/ateca.cl\/wp-content\/uploads\/2022\/10\/COMPAN\u0303I\u0301A_05_08.jpg\" data-elementor-open-lightbox=\"yes\" data-elementor-lightbox-slideshow=\"all-33856be\" data-elementor-lightbox-title=\"Pasacalle\" data-elementor-lightbox-description=\"Fotograf\u00eda: \u00c1lvaro Hoppe\nProcedencia: Fernanda Miranda, 1986\" e-action-hash=\"#elementor-action%3Aaction%3Dlightbox%26settings%3DeyJpZCI6MTExNSwidXJsIjoiaHR0cHM6XC9cL2F0ZWNhLmNsXC93cC1jb250ZW50XC91cGxvYWRzXC8yMDIyXC8xMFwvQ09NUEFOXHUwMzAzSVx1MDMwMUFfMDVfMDguanBnIiwic2xpZGVzaG93IjoiYWxsLTMzODU2YmUifQ%3D%3D\">\n\t\t\t\t\t<div class=\"e-gallery-image elementor-gallery-item__image\" data-thumbnail=\"https:\/\/ateca.cl\/wp-content\/uploads\/2022\/10\/COMPAN\u0303I\u0301A_05_08.jpg\" data-width=\"706\" data-height=\"1086\" alt=\"\" ><\/div>\n\t\t\t\t\t\t\t\t\t\t\t<div class=\"elementor-gallery-item__overlay\"><\/div>\n\t\t\t\t\t\t\t\t\t\t\t\t\t\t\t<div class=\"elementor-gallery-item__content\">\n\t\t\t\t\t\t\t\t\t\t\t\t\t\t<div class=\"elementor-gallery-item__title\">\n\t\t\t\t\t\t\t\t\t\t\t\t\t\t\t\t\t\tPasacalle\t\t\t\t\t\t\t\t<\/div>\n\t\t\t\t\t\t\t\t\t\t\t\t\t\t\t<div class=\"elementor-gallery-item__description\">\n\t\t\t\t\t\t\t\t\t\t\t\t\t\t\t\t\t\tFotograf\u00eda: \u00c1lvaro Hoppe\nProcedencia: Fernanda Miranda, 1986\t\t\t\t\t\t\t\t<\/div>\n\t\t\t\t\t\t\t\t\t\t\t\t<\/div>\n\t\t\t\t\t\t\t\t\t<\/a>\n\t\t\t\t\t\t\t<a class=\"e-gallery-item elementor-gallery-item elementor-animated-content\" href=\"https:\/\/ateca.cl\/wp-content\/uploads\/2022\/10\/COMPAN\u0303I\u0301A_05_09.jpg\" data-elementor-open-lightbox=\"yes\" data-elementor-lightbox-slideshow=\"all-33856be\" data-elementor-lightbox-title=\"Fotograf\u00eda de la compa\u00f1\u00eda 8\" data-elementor-lightbox-description=\"Procedencia: Fernanda Miranda\nCr\u00e9dito: \u00c1lvaro Hoppe\n\" e-action-hash=\"#elementor-action%3Aaction%3Dlightbox%26settings%3DeyJpZCI6MTExNiwidXJsIjoiaHR0cHM6XC9cL2F0ZWNhLmNsXC93cC1jb250ZW50XC91cGxvYWRzXC8yMDIyXC8xMFwvQ09NUEFOXHUwMzAzSVx1MDMwMUFfMDVfMDkuanBnIiwic2xpZGVzaG93IjoiYWxsLTMzODU2YmUifQ%3D%3D\">\n\t\t\t\t\t<div class=\"e-gallery-image elementor-gallery-item__image\" data-thumbnail=\"https:\/\/ateca.cl\/wp-content\/uploads\/2022\/10\/COMPAN\u0303I\u0301A_05_09-768x960.jpg\" data-width=\"768\" data-height=\"960\" alt=\"\" ><\/div>\n\t\t\t\t\t\t\t\t\t\t\t<div class=\"elementor-gallery-item__overlay\"><\/div>\n\t\t\t\t\t\t\t\t\t\t\t\t\t\t\t<div class=\"elementor-gallery-item__content\">\n\t\t\t\t\t\t\t\t\t\t\t\t\t\t<div class=\"elementor-gallery-item__title\">\n\t\t\t\t\t\t\t\t\t\t\t\t\t\t\t\t\t\tFotograf\u00eda de la compa\u00f1\u00eda 8\t\t\t\t\t\t\t\t<\/div>\n\t\t\t\t\t\t\t\t\t\t\t\t\t\t\t<div class=\"elementor-gallery-item__description\">\n\t\t\t\t\t\t\t\t\t\t\t\t\t\t\t\t\t\tProcedencia: Fernanda Miranda\nCr\u00e9dito: \u00c1lvaro Hoppe\n\t\t\t\t\t\t\t\t<\/div>\n\t\t\t\t\t\t\t\t\t\t\t\t<\/div>\n\t\t\t\t\t\t\t\t\t<\/a>\n\t\t\t\t\t<\/div>\n\t\t\t<\/div>\n\t\t\t\t<\/div>\n\t\t\t\t\t<\/div>\n\t\t<\/div>\n\t\t\t\t\t\t\t<\/div>\n\t\t<\/section>\n\t\t\t\t\t\t\t<\/div>\n\t\t","protected":false},"excerpt":{"rendered":"<p>La compa\u00f1\u00eda nace el a\u00f1o 1980 y es fundada por Andr\u00e9s P\u00e9rez Araya y Juan Edmundo Gonz\u00e1lez. Luego se suman como int\u00e9rpretes Roxana Campos, Sandro Larenas, Ren\u00e9e Ivonne Figueroa, Hern\u00e1n Pantoja, Salvador Soto, Gianina Talloni y Rodrigo Vidal.\u00a0 Durante este primer peri\u00f3do montan Oye, oiga y t\u00fa, una historia inconclusa de Andr\u00e9s P\u00e9rez, con textos [&hellip;]<\/p>\n","protected":false},"author":1,"featured_media":456,"parent":101,"menu_order":2,"comment_status":"closed","ping_status":"closed","template":"elementor_theme","meta":{"_acf_changed":false,"footnotes":""},"categories":[],"tags":[],"ciudad":[],"obra":[],"ano":[],"credito":[],"procedencia":[],"codigo":[],"escenario":[],"class_list":["post-66","page","type-page","status-publish","has-post-thumbnail","hentry"],"acf":[],"_links":{"self":[{"href":"https:\/\/ateca.cl\/index.php\/wp-json\/wp\/v2\/pages\/66","targetHints":{"allow":["GET"]}}],"collection":[{"href":"https:\/\/ateca.cl\/index.php\/wp-json\/wp\/v2\/pages"}],"about":[{"href":"https:\/\/ateca.cl\/index.php\/wp-json\/wp\/v2\/types\/page"}],"author":[{"embeddable":true,"href":"https:\/\/ateca.cl\/index.php\/wp-json\/wp\/v2\/users\/1"}],"replies":[{"embeddable":true,"href":"https:\/\/ateca.cl\/index.php\/wp-json\/wp\/v2\/comments?post=66"}],"version-history":[{"count":94,"href":"https:\/\/ateca.cl\/index.php\/wp-json\/wp\/v2\/pages\/66\/revisions"}],"predecessor-version":[{"id":5228,"href":"https:\/\/ateca.cl\/index.php\/wp-json\/wp\/v2\/pages\/66\/revisions\/5228"}],"up":[{"embeddable":true,"href":"https:\/\/ateca.cl\/index.php\/wp-json\/wp\/v2\/pages\/101"}],"wp:featuredmedia":[{"embeddable":true,"href":"https:\/\/ateca.cl\/index.php\/wp-json\/wp\/v2\/media\/456"}],"wp:attachment":[{"href":"https:\/\/ateca.cl\/index.php\/wp-json\/wp\/v2\/media?parent=66"}],"wp:term":[{"taxonomy":"category","embeddable":true,"href":"https:\/\/ateca.cl\/index.php\/wp-json\/wp\/v2\/categories?post=66"},{"taxonomy":"post_tag","embeddable":true,"href":"https:\/\/ateca.cl\/index.php\/wp-json\/wp\/v2\/tags?post=66"},{"taxonomy":"ciudad","embeddable":true,"href":"https:\/\/ateca.cl\/index.php\/wp-json\/wp\/v2\/ciudad?post=66"},{"taxonomy":"obra","embeddable":true,"href":"https:\/\/ateca.cl\/index.php\/wp-json\/wp\/v2\/obra?post=66"},{"taxonomy":"ano","embeddable":true,"href":"https:\/\/ateca.cl\/index.php\/wp-json\/wp\/v2\/ano?post=66"},{"taxonomy":"credito","embeddable":true,"href":"https:\/\/ateca.cl\/index.php\/wp-json\/wp\/v2\/credito?post=66"},{"taxonomy":"procedencia","embeddable":true,"href":"https:\/\/ateca.cl\/index.php\/wp-json\/wp\/v2\/procedencia?post=66"},{"taxonomy":"codigo","embeddable":true,"href":"https:\/\/ateca.cl\/index.php\/wp-json\/wp\/v2\/codigo?post=66"},{"taxonomy":"escenario","embeddable":true,"href":"https:\/\/ateca.cl\/index.php\/wp-json\/wp\/v2\/escenario?post=66"}],"curies":[{"name":"wp","href":"https:\/\/api.w.org\/{rel}","templated":true}]}}