{"id":68,"date":"2022-10-06T16:24:45","date_gmt":"2022-10-06T16:24:45","guid":{"rendered":"https:\/\/ateca.cl\/?page_id=68"},"modified":"2022-12-10T16:52:53","modified_gmt":"2022-12-10T16:52:53","slug":"tue","status":"publish","type":"page","link":"https:\/\/ateca.cl\/index.php\/companias\/tue\/","title":{"rendered":"TUE"},"content":{"rendered":"\t\t<div data-elementor-type=\"wp-page\" data-elementor-id=\"68\" class=\"elementor elementor-68\">\n\t\t\t\t\t\t\t\t\t<section class=\"elementor-section elementor-top-section elementor-element elementor-element-731f3cb8 elementor-section-boxed elementor-section-height-default elementor-section-height-default\" data-id=\"731f3cb8\" data-element_type=\"section\">\n\t\t\t\t\t\t<div class=\"elementor-container elementor-column-gap-default\">\n\t\t\t\t\t<div class=\"elementor-column elementor-col-100 elementor-top-column elementor-element elementor-element-3519d1f\" data-id=\"3519d1f\" data-element_type=\"column\">\n\t\t\t<div class=\"elementor-widget-wrap elementor-element-populated\">\n\t\t\t\t\t\t\t\t<div class=\"elementor-element elementor-element-9b04056 elementor-widget elementor-widget-spacer\" data-id=\"9b04056\" data-element_type=\"widget\" data-widget_type=\"spacer.default\">\n\t\t\t\t<div class=\"elementor-widget-container\">\n\t\t\t<style>\/*! elementor - v3.10.1 - 17-01-2023 *\/\n.elementor-column .elementor-spacer-inner{height:var(--spacer-size)}.e-con{--container-widget-width:100%}.e-con-inner>.elementor-widget-spacer,.e-con>.elementor-widget-spacer{width:var(--container-widget-width,var(--spacer-size));--align-self:var(--container-widget-align-self,initial);--flex-shrink:0}.e-con-inner>.elementor-widget-spacer>.elementor-widget-container,.e-con-inner>.elementor-widget-spacer>.elementor-widget-container>.elementor-spacer,.e-con>.elementor-widget-spacer>.elementor-widget-container,.e-con>.elementor-widget-spacer>.elementor-widget-container>.elementor-spacer{height:100%}.e-con-inner>.elementor-widget-spacer>.elementor-widget-container>.elementor-spacer>.elementor-spacer-inner,.e-con>.elementor-widget-spacer>.elementor-widget-container>.elementor-spacer>.elementor-spacer-inner{height:var(--container-widget-height,var(--spacer-size))}<\/style>\t\t<div class=\"elementor-spacer\">\n\t\t\t<div class=\"elementor-spacer-inner\"><\/div>\n\t\t<\/div>\n\t\t\t\t<\/div>\n\t\t\t\t<\/div>\n\t\t\t\t<div class=\"elementor-element elementor-element-3c2278e2 elementor-widget elementor-widget-theme-post-title elementor-page-title elementor-widget-heading\" data-id=\"3c2278e2\" data-element_type=\"widget\" data-widget_type=\"theme-post-title.default\">\n\t\t\t\t<div class=\"elementor-widget-container\">\n\t\t\t<style>\/*! elementor - v3.10.1 - 17-01-2023 *\/\n.elementor-heading-title{padding:0;margin:0;line-height:1}.elementor-widget-heading .elementor-heading-title[class*=elementor-size-]>a{color:inherit;font-size:inherit;line-height:inherit}.elementor-widget-heading .elementor-heading-title.elementor-size-small{font-size:15px}.elementor-widget-heading .elementor-heading-title.elementor-size-medium{font-size:19px}.elementor-widget-heading .elementor-heading-title.elementor-size-large{font-size:29px}.elementor-widget-heading .elementor-heading-title.elementor-size-xl{font-size:39px}.elementor-widget-heading .elementor-heading-title.elementor-size-xxl{font-size:59px}<\/style><h1 class=\"elementor-heading-title elementor-size-default\">TUE<\/h1>\t\t<\/div>\n\t\t\t\t<\/div>\n\t\t\t\t\t<\/div>\n\t\t<\/div>\n\t\t\t\t\t\t\t<\/div>\n\t\t<\/section>\n\t\t\t\t<section class=\"elementor-section elementor-top-section elementor-element elementor-element-47340d6 elementor-section-boxed elementor-section-height-default elementor-section-height-default\" data-id=\"47340d6\" data-element_type=\"section\">\n\t\t\t\t\t\t<div class=\"elementor-container elementor-column-gap-default\">\n\t\t\t\t\t<div class=\"elementor-column elementor-col-100 elementor-top-column elementor-element elementor-element-77ed9e4b\" data-id=\"77ed9e4b\" data-element_type=\"column\">\n\t\t\t<div class=\"elementor-widget-wrap elementor-element-populated\">\n\t\t\t\t\t\t\t\t<div class=\"elementor-element elementor-element-51a325ac elementor-widget elementor-widget-image\" data-id=\"51a325ac\" data-element_type=\"widget\" data-widget_type=\"image.default\">\n\t\t\t\t<div class=\"elementor-widget-container\">\n\t\t\t<style>\/*! elementor - v3.10.1 - 17-01-2023 *\/\n.elementor-widget-image{text-align:center}.elementor-widget-image a{display:inline-block}.elementor-widget-image a img[src$=\".svg\"]{width:48px}.elementor-widget-image img{vertical-align:middle;display:inline-block}<\/style>\t\t\t\t\t\t\t\t\t\t\t\t<img decoding=\"async\" src=\"https:\/\/ateca.cl\/wp-content\/uploads\/elementor\/thumbs\/tue-scaled-pw20afdh1iigpwh6gnuqhpzym3k8wqklm92ndt6hzo.jpg\" title=\"tue\" alt=\"tue\" loading=\"lazy\" \/>\t\t\t\t\t\t\t\t\t\t\t\t\t\t\t<\/div>\n\t\t\t\t<\/div>\n\t\t\t\t<section class=\"elementor-section elementor-inner-section elementor-element elementor-element-3f51167a elementor-section-boxed elementor-section-height-default elementor-section-height-default\" data-id=\"3f51167a\" data-element_type=\"section\">\n\t\t\t\t\t\t<div class=\"elementor-container elementor-column-gap-default\">\n\t\t\t\t\t<div class=\"elementor-column elementor-col-50 elementor-inner-column elementor-element elementor-element-1aeb622e\" data-id=\"1aeb622e\" data-element_type=\"column\">\n\t\t\t<div class=\"elementor-widget-wrap elementor-element-populated\">\n\t\t\t\t\t\t\t\t<div class=\"elementor-element elementor-element-224ebc5 elementor-widget elementor-widget-text-editor\" data-id=\"224ebc5\" data-element_type=\"widget\" data-widget_type=\"text-editor.default\">\n\t\t\t\t<div class=\"elementor-widget-container\">\n\t\t\t<style>\/*! elementor - v3.10.1 - 17-01-2023 *\/\n.elementor-widget-text-editor.elementor-drop-cap-view-stacked .elementor-drop-cap{background-color:#818a91;color:#fff}.elementor-widget-text-editor.elementor-drop-cap-view-framed .elementor-drop-cap{color:#818a91;border:3px solid;background-color:transparent}.elementor-widget-text-editor:not(.elementor-drop-cap-view-default) .elementor-drop-cap{margin-top:8px}.elementor-widget-text-editor:not(.elementor-drop-cap-view-default) .elementor-drop-cap-letter{width:1em;height:1em}.elementor-widget-text-editor .elementor-drop-cap{float:left;text-align:center;line-height:1;font-size:50px}.elementor-widget-text-editor .elementor-drop-cap-letter{display:inline-block}<\/style>\t\t\t\t<p><b>TEATRO URBANO EXPERIMENTAL (TUE)<\/b><\/p><p>La compa\u00f1\u00eda nace el a\u00f1o 1980 en Concepci\u00f3n, esto gracias al feliz encuentro entre Roberto Pablo, Ricardo (Chepo) Sep\u00falveda y Gonzalo Ruminot. Quienes alejados de las escuelas tradicionales del teatro penquista, comenzaron a hacer obras para ni\u00f1os y ni\u00f1as como <i>Do\u00f1a Bruja y el Lobo<\/i> y <i>Los \u00c1ngeles Ladrones<\/i> de Jorge D\u00edaz. Sin embargo, al poco andar se dan cuenta de las posibilidades del cuerpo, del gesto, del vestuario, de los elementos esc\u00e9nicos; recursos que se convirtieron en prioridad en sus posteriores creaciones.<\/p><p>El quiebre en el lenguaje del teatro desarrollado por la compa\u00f1\u00eda fue marcado por la participaci\u00f3n en el seminario realizado por I.R.A.A<strong>1<\/strong> en la Universidad de Concepci\u00f3n. All\u00ed tuvieron la posibilidad de experimentar con otros modos de hacer teatro y distanciarse definitivamente del lenguaje esc\u00e9nico tradicional. Esta experiencia, sumado al hecho de que gran parte del elenco no tuviese sus ra\u00edces en el teatro, sino que en otras disciplinas como son la danza o las artes pl\u00e1sticas, permiten comprender la est\u00e9tica desarrollada en el teatro de calle realizado por lxs teatristas.\u00a0<\/p><p>Ejemplo de este cruce disciplinar es su pieza emblem\u00e1tica: <i>Azul<\/i>, experiencia pl\u00e1stico &#8211; teatral, ideada por Patricio Zamora. <i>Azul<\/i> emerge de la necesidad de reincorporar la Universidad de Concepci\u00f3n a la ciudad, colorearla, darle vida. Luego del golpe de Estado, la UDEC se habr\u00eda sumergido en un abrumador gris, respondi\u00e9ndo al r\u00edgido orden militar impuesto. Por estas razones, lxs teatristas decidieron pintar sus cuerpos de color azul, interviniendo la explanada del Foro de la Universidad. De esta manera, cruzan el espacio mientras dejabana una estela de color en el suelo, producto de la pintura que se desprend\u00eda de su escasa vestimenta. Habitaron el sitio, moldearon curvas con sus cuerpos, reestructuraron las formas del lugar, as\u00ed, por breves minutos se hicieron del espacio p\u00fablico que se encontraba violentamente reglamentado por la dictadura.<\/p><p>Esta experiencia marc\u00f3 una inflexi\u00f3n fundamental en los modos de pensar de la compa\u00f1\u00eda, las obras que emergen despu\u00e9s no olvidar\u00e1n la potencialidad del cuerpo. Adem\u00e1s, realizar un teatro de estas caracter\u00edsticas, les permiti\u00f3 tocar temas vetados dentro del peri\u00f3do, es as\u00ed como logran ingresar en sus estructuras esc\u00e9nicas fechas de acontecimientos espec\u00edficos ocurridos durante dictadura o nombres de personas detenidas por agentes del r\u00e9gimen.<\/p><p>Finalmente, la compa\u00f1\u00eda se disuelve durante los primeros a\u00f1os de los noventa, dejando como legado un teatro innovador, explosivo, contestatario, de resistencia e insistencia. Se trat\u00f3 de una escena valiente y combativa, quiz\u00e1s por estas mismas razones, una vez llegada la democracia, dej\u00f3 de existir.\u00a0<\/p><p>Si participaste o tienes informaci\u00f3n respecto a la compa\u00f1\u00eda y obra, escr\u00edbenos a <a href=\"mailto:archivo.ateca@gmail.com\">archivo.ateca@gmail.com<\/a> .De antemano, mil gracias.<\/p><p>\u2014\u2014\u2014\u2014\u2014\u2014\u2014\u2014\u2014\u2014<\/p><p><strong>1\u00a0<\/strong> Institute di Ricerche Antropologiche sull\u00b4Attore (Instituto de Investigaciones Antropol\u00f3gicas sobre el Actor).<\/p>\t\t\t\t\t\t<\/div>\n\t\t\t\t<\/div>\n\t\t\t\t\t<\/div>\n\t\t<\/div>\n\t\t\t\t<div class=\"elementor-column elementor-col-50 elementor-inner-column elementor-element elementor-element-d64aaaa\" data-id=\"d64aaaa\" data-element_type=\"column\">\n\t\t\t<div class=\"elementor-widget-wrap elementor-element-populated\">\n\t\t\t\t\t\t\t\t<div class=\"elementor-element elementor-element-df4c1b9 elementor-widget elementor-widget-text-editor\" data-id=\"df4c1b9\" data-element_type=\"widget\" data-widget_type=\"text-editor.default\">\n\t\t\t\t<div class=\"elementor-widget-container\">\n\t\t\t\t\t\t\t<p><b>Obras catastrada:<\/b><\/p><p><i>Los mendigos<\/i>; <i>Azul<\/i> (1982); <i>Consuma Consumo Cuidado<\/i> (1982); Neruda (1982); <i>Estaci\u00f3n obligada<\/i> (1984); <i>Auschwitz Carretera<\/i> (1986); <i>Horizonte Rojo<\/i> (1986)<\/p><p><b>Etiquetas:<\/b><\/p><p><b>Ricardo (Chepo Sep\u00falveda) &#8211; Roberto Pablo &#8211; Cecilia Godoy &#8211; Paola Aste &#8211; Alexis Figueroa &#8211; Concepci\u00f3n<\/b><\/p>\t\t\t\t\t\t<\/div>\n\t\t\t\t<\/div>\n\t\t\t\t\t<\/div>\n\t\t<\/div>\n\t\t\t\t\t\t\t<\/div>\n\t\t<\/section>\n\t\t\t\t\t<\/div>\n\t\t<\/div>\n\t\t\t\t\t\t\t<\/div>\n\t\t<\/section>\n\t\t\t\t<section class=\"elementor-section elementor-top-section elementor-element elementor-element-4a973af4 elementor-section-boxed elementor-section-height-default elementor-section-height-default\" data-id=\"4a973af4\" data-element_type=\"section\">\n\t\t\t\t\t\t<div class=\"elementor-container elementor-column-gap-default\">\n\t\t\t\t\t<div class=\"elementor-column elementor-col-100 elementor-top-column elementor-element elementor-element-717dd767\" data-id=\"717dd767\" data-element_type=\"column\">\n\t\t\t<div class=\"elementor-widget-wrap elementor-element-populated\">\n\t\t\t\t\t\t\t\t<div class=\"elementor-element elementor-element-368672d3 elementor-widget elementor-widget-heading\" data-id=\"368672d3\" data-element_type=\"widget\" data-widget_type=\"heading.default\">\n\t\t\t\t<div class=\"elementor-widget-container\">\n\t\t\t<h2 class=\"elementor-heading-title elementor-size-default\">Obras<\/h2>\t\t<\/div>\n\t\t\t\t<\/div>\n\t\t\t\t\t<\/div>\n\t\t<\/div>\n\t\t\t\t\t\t\t<\/div>\n\t\t<\/section>\n\t\t\t\t<section class=\"elementor-section elementor-top-section elementor-element elementor-element-7e060275 elementor-section-boxed elementor-section-height-default elementor-section-height-default\" data-id=\"7e060275\" data-element_type=\"section\">\n\t\t\t\t\t\t<div class=\"elementor-container elementor-column-gap-default\">\n\t\t\t\t\t<div class=\"elementor-column elementor-col-100 elementor-top-column elementor-element elementor-element-fa72de4\" data-id=\"fa72de4\" data-element_type=\"column\">\n\t\t\t<div class=\"elementor-widget-wrap elementor-element-populated\">\n\t\t\t\t\t\t\t\t<div class=\"elementor-element elementor-element-33c4c930 elementor-grid-3 elementor-grid-tablet-2 elementor-grid-mobile-1 elementor-widget elementor-widget-portfolio\" data-id=\"33c4c930\" data-element_type=\"widget\" data-settings=\"{&quot;row_gap&quot;:{&quot;unit&quot;:&quot;px&quot;,&quot;size&quot;:10,&quot;sizes&quot;:[]},&quot;columns&quot;:&quot;3&quot;,&quot;columns_tablet&quot;:&quot;2&quot;,&quot;columns_mobile&quot;:&quot;1&quot;,&quot;item_ratio&quot;:{&quot;unit&quot;:&quot;px&quot;,&quot;size&quot;:0.66,&quot;sizes&quot;:[]},&quot;item_gap&quot;:{&quot;unit&quot;:&quot;px&quot;,&quot;size&quot;:&quot;&quot;,&quot;sizes&quot;:[]}}\" data-widget_type=\"portfolio.default\">\n\t\t\t\t<div class=\"elementor-widget-container\">\n\t\t\t<link rel=\"stylesheet\" href=\"https:\/\/ateca.cl\/wp-content\/plugins\/elementor-pro\/assets\/css\/widget-posts.min.css\">\t\t<div class=\"elementor-portfolio elementor-grid elementor-posts-container\">\n\t\t\t\t<article class=\"elementor-portfolio-item elementor-post  post-4124 page type-page status-publish has-post-thumbnail hentry category-tue tag-obra ciudad-concepcion ano-68\">\n\t\t\t<a class=\"elementor-post__thumbnail__link\" href=\"https:\/\/ateca.cl\/index.php\/companias\/tue\/el-diario-de-la-tia-solterina\/\">\n\t\t\t\t<div class=\"elementor-portfolio-item__img elementor-post__thumbnail\">\n\t\t\t<img loading=\"lazy\" decoding=\"async\" width=\"768\" height=\"558\" src=\"https:\/\/ateca.cl\/wp-content\/uploads\/2022\/11\/ATECA_02_07_01-768x558.jpg\" class=\"attachment-medium_large size-medium_large wp-image-4125\" alt=\"\" srcset=\"https:\/\/ateca.cl\/wp-content\/uploads\/2022\/11\/ATECA_02_07_01-768x558.jpg 768w, https:\/\/ateca.cl\/wp-content\/uploads\/2022\/11\/ATECA_02_07_01-300x218.jpg 300w, https:\/\/ateca.cl\/wp-content\/uploads\/2022\/11\/ATECA_02_07_01-1024x744.jpg 1024w, https:\/\/ateca.cl\/wp-content\/uploads\/2022\/11\/ATECA_02_07_01-1536x1116.jpg 1536w, https:\/\/ateca.cl\/wp-content\/uploads\/2022\/11\/ATECA_02_07_01-2048x1488.jpg 2048w\" sizes=\"auto, (max-width: 768px) 100vw, 768px\" \/>\t\t<\/div>\n\t\t\t\t<div class=\"elementor-portfolio-item__overlay\">\n\t\t\t\t<h3 class=\"elementor-portfolio-item__title\">\n\t\tEl diario de la t\u00eda Solterina\t\t<\/h3>\n\t\t\t\t<\/div>\n\t\t\t\t<\/a>\n\t\t<\/article>\n\t\t\t\t<article class=\"elementor-portfolio-item elementor-post  post-4113 page type-page status-publish has-post-thumbnail hentry category-tue tag-obra ciudad-concepcion ano-68\">\n\t\t\t<a class=\"elementor-post__thumbnail__link\" href=\"https:\/\/ateca.cl\/index.php\/companias\/tue\/estacion-obligada\/\">\n\t\t\t\t<div class=\"elementor-portfolio-item__img elementor-post__thumbnail\">\n\t\t\t<img loading=\"lazy\" decoding=\"async\" width=\"768\" height=\"513\" src=\"https:\/\/ateca.cl\/wp-content\/uploads\/2022\/11\/ATECA_02_06_02-768x513.png\" class=\"attachment-medium_large size-medium_large wp-image-4115\" alt=\"\" srcset=\"https:\/\/ateca.cl\/wp-content\/uploads\/2022\/11\/ATECA_02_06_02-768x513.png 768w, https:\/\/ateca.cl\/wp-content\/uploads\/2022\/11\/ATECA_02_06_02-300x200.png 300w, https:\/\/ateca.cl\/wp-content\/uploads\/2022\/11\/ATECA_02_06_02-1024x684.png 1024w, https:\/\/ateca.cl\/wp-content\/uploads\/2022\/11\/ATECA_02_06_02-1536x1026.png 1536w, https:\/\/ateca.cl\/wp-content\/uploads\/2022\/11\/ATECA_02_06_02-2048x1369.png 2048w\" sizes=\"auto, (max-width: 768px) 100vw, 768px\" \/>\t\t<\/div>\n\t\t\t\t<div class=\"elementor-portfolio-item__overlay\">\n\t\t\t\t<h3 class=\"elementor-portfolio-item__title\">\n\t\tEstaci\u00f3n obligada\t\t<\/h3>\n\t\t\t\t<\/div>\n\t\t\t\t<\/a>\n\t\t<\/article>\n\t\t\t\t<article class=\"elementor-portfolio-item elementor-post  post-2317 page type-page status-publish has-post-thumbnail hentry category-tue tag-obra\">\n\t\t\t<a class=\"elementor-post__thumbnail__link\" href=\"https:\/\/ateca.cl\/index.php\/companias\/teuco\/homenaje-a-los-caidos\/\">\n\t\t\t\t<div class=\"elementor-portfolio-item__img elementor-post__thumbnail\">\n\t\t\t<img loading=\"lazy\" decoding=\"async\" width=\"768\" height=\"558\" src=\"https:\/\/ateca.cl\/wp-content\/uploads\/2022\/10\/ATECA_02_05_01-768x558.jpg\" class=\"attachment-medium_large size-medium_large wp-image-2311\" alt=\"\" srcset=\"https:\/\/ateca.cl\/wp-content\/uploads\/2022\/10\/ATECA_02_05_01-768x558.jpg 768w, https:\/\/ateca.cl\/wp-content\/uploads\/2022\/10\/ATECA_02_05_01-300x218.jpg 300w, https:\/\/ateca.cl\/wp-content\/uploads\/2022\/10\/ATECA_02_05_01-1024x744.jpg 1024w, https:\/\/ateca.cl\/wp-content\/uploads\/2022\/10\/ATECA_02_05_01-1536x1115.jpg 1536w, https:\/\/ateca.cl\/wp-content\/uploads\/2022\/10\/ATECA_02_05_01.jpg 2048w\" sizes=\"auto, (max-width: 768px) 100vw, 768px\" \/>\t\t<\/div>\n\t\t\t\t<div class=\"elementor-portfolio-item__overlay\">\n\t\t\t\t<h3 class=\"elementor-portfolio-item__title\">\n\t\tHomenaje a los ca\u00eddos\t\t<\/h3>\n\t\t\t\t<\/div>\n\t\t\t\t<\/a>\n\t\t<\/article>\n\t\t\t\t<article class=\"elementor-portfolio-item elementor-post  post-2230 page type-page status-publish has-post-thumbnail hentry category-tue tag-obra ciudad-concepcion ano-144\">\n\t\t\t<a class=\"elementor-post__thumbnail__link\" href=\"https:\/\/ateca.cl\/index.php\/companias\/tue\/neruda\/\">\n\t\t\t\t<div class=\"elementor-portfolio-item__img elementor-post__thumbnail\">\n\t\t\t<img loading=\"lazy\" decoding=\"async\" width=\"768\" height=\"576\" src=\"https:\/\/ateca.cl\/wp-content\/uploads\/2022\/10\/ATECA_02_04_02-768x576.jpg\" class=\"attachment-medium_large size-medium_large wp-image-2224\" alt=\"\" srcset=\"https:\/\/ateca.cl\/wp-content\/uploads\/2022\/10\/ATECA_02_04_02-768x576.jpg 768w, https:\/\/ateca.cl\/wp-content\/uploads\/2022\/10\/ATECA_02_04_02-300x225.jpg 300w, https:\/\/ateca.cl\/wp-content\/uploads\/2022\/10\/ATECA_02_04_02-1024x768.jpg 1024w, https:\/\/ateca.cl\/wp-content\/uploads\/2022\/10\/ATECA_02_04_02-1536x1152.jpg 1536w, https:\/\/ateca.cl\/wp-content\/uploads\/2022\/10\/ATECA_02_04_02-2048x1535.jpg 2048w\" sizes=\"auto, (max-width: 768px) 100vw, 768px\" \/>\t\t<\/div>\n\t\t\t\t<div class=\"elementor-portfolio-item__overlay\">\n\t\t\t\t<h3 class=\"elementor-portfolio-item__title\">\n\t\tNeruda\t\t<\/h3>\n\t\t\t\t<\/div>\n\t\t\t\t<\/a>\n\t\t<\/article>\n\t\t\t\t<article class=\"elementor-portfolio-item elementor-post  post-2209 page type-page status-publish has-post-thumbnail hentry category-tue tag-obra ciudad-concepcion ano-144\">\n\t\t\t<a class=\"elementor-post__thumbnail__link\" href=\"https:\/\/ateca.cl\/index.php\/companias\/tue\/consuma-consumo-cuidado\/\">\n\t\t\t\t<div class=\"elementor-portfolio-item__img elementor-post__thumbnail\">\n\t\t\t<img loading=\"lazy\" decoding=\"async\" width=\"768\" height=\"689\" src=\"https:\/\/ateca.cl\/wp-content\/uploads\/2022\/10\/ATECA_02_03_01-768x689.jpg\" class=\"attachment-medium_large size-medium_large wp-image-2208\" alt=\"\" srcset=\"https:\/\/ateca.cl\/wp-content\/uploads\/2022\/10\/ATECA_02_03_01-768x689.jpg 768w, https:\/\/ateca.cl\/wp-content\/uploads\/2022\/10\/ATECA_02_03_01-300x269.jpg 300w, https:\/\/ateca.cl\/wp-content\/uploads\/2022\/10\/ATECA_02_03_01-1024x919.jpg 1024w, https:\/\/ateca.cl\/wp-content\/uploads\/2022\/10\/ATECA_02_03_01.jpg 1446w\" sizes=\"auto, (max-width: 768px) 100vw, 768px\" \/>\t\t<\/div>\n\t\t\t\t<div class=\"elementor-portfolio-item__overlay\">\n\t\t\t\t<h3 class=\"elementor-portfolio-item__title\">\n\t\tconsuma consumo cuidado\t\t<\/h3>\n\t\t\t\t<\/div>\n\t\t\t\t<\/a>\n\t\t<\/article>\n\t\t\t\t<article class=\"elementor-portfolio-item elementor-post  post-2128 page type-page status-publish has-post-thumbnail hentry category-tue tag-obra ciudad-concepcion obra-azul ano-144 escenario-salas-y-calles-barrio-universitario-universidad-de-concepcion\">\n\t\t\t<a class=\"elementor-post__thumbnail__link\" href=\"https:\/\/ateca.cl\/index.php\/companias\/teuco\/azul\/\">\n\t\t\t\t<div class=\"elementor-portfolio-item__img elementor-post__thumbnail\">\n\t\t\t<img loading=\"lazy\" decoding=\"async\" width=\"768\" height=\"533\" src=\"https:\/\/ateca.cl\/wp-content\/uploads\/2022\/10\/ATECA_02_02_01-768x533.jpg\" class=\"attachment-medium_large size-medium_large wp-image-2130\" alt=\"\" srcset=\"https:\/\/ateca.cl\/wp-content\/uploads\/2022\/10\/ATECA_02_02_01-768x533.jpg 768w, https:\/\/ateca.cl\/wp-content\/uploads\/2022\/10\/ATECA_02_02_01-300x208.jpg 300w, https:\/\/ateca.cl\/wp-content\/uploads\/2022\/10\/ATECA_02_02_01-1024x710.jpg 1024w, https:\/\/ateca.cl\/wp-content\/uploads\/2022\/10\/ATECA_02_02_01.jpg 1488w\" sizes=\"auto, (max-width: 768px) 100vw, 768px\" \/>\t\t<\/div>\n\t\t\t\t<div class=\"elementor-portfolio-item__overlay\">\n\t\t\t\t<h3 class=\"elementor-portfolio-item__title\">\n\t\tAzul\t\t<\/h3>\n\t\t\t\t<\/div>\n\t\t\t\t<\/a>\n\t\t<\/article>\n\t\t\t\t<article class=\"elementor-portfolio-item elementor-post  post-2124 page type-page status-publish has-post-thumbnail hentry category-tue tag-obra ciudad-concepcion ano-143\">\n\t\t\t<a class=\"elementor-post__thumbnail__link\" href=\"https:\/\/ateca.cl\/index.php\/companias\/teuco\/los-mendigos\/\">\n\t\t\t\t<div class=\"elementor-portfolio-item__img elementor-post__thumbnail\">\n\t\t\t<img loading=\"lazy\" decoding=\"async\" width=\"768\" height=\"629\" src=\"https:\/\/ateca.cl\/wp-content\/uploads\/2022\/10\/ATECA_02_01_01-768x629.jpg\" class=\"attachment-medium_large size-medium_large wp-image-2150\" alt=\"\" srcset=\"https:\/\/ateca.cl\/wp-content\/uploads\/2022\/10\/ATECA_02_01_01-768x629.jpg 768w, https:\/\/ateca.cl\/wp-content\/uploads\/2022\/10\/ATECA_02_01_01-300x246.jpg 300w, https:\/\/ateca.cl\/wp-content\/uploads\/2022\/10\/ATECA_02_01_01-1024x839.jpg 1024w, https:\/\/ateca.cl\/wp-content\/uploads\/2022\/10\/ATECA_02_01_01-1536x1258.jpg 1536w, https:\/\/ateca.cl\/wp-content\/uploads\/2022\/10\/ATECA_02_01_01.jpg 1640w\" sizes=\"auto, (max-width: 768px) 100vw, 768px\" \/>\t\t<\/div>\n\t\t\t\t<div class=\"elementor-portfolio-item__overlay\">\n\t\t\t\t<h3 class=\"elementor-portfolio-item__title\">\n\t\tLos Mendigos\t\t<\/h3>\n\t\t\t\t<\/div>\n\t\t\t\t<\/a>\n\t\t<\/article>\n\t\t\t\t<\/div>\n\t\t\t\t<\/div>\n\t\t\t\t<\/div>\n\t\t\t\t\t<\/div>\n\t\t<\/div>\n\t\t\t\t\t\t\t<\/div>\n\t\t<\/section>\n\t\t\t\t<section class=\"elementor-section elementor-top-section elementor-element elementor-element-7a0ccb86 elementor-section-boxed elementor-section-height-default elementor-section-height-default\" data-id=\"7a0ccb86\" data-element_type=\"section\">\n\t\t\t\t\t\t<div class=\"elementor-container elementor-column-gap-default\">\n\t\t\t\t\t<div class=\"elementor-column elementor-col-100 elementor-top-column elementor-element elementor-element-1d786a8e\" data-id=\"1d786a8e\" data-element_type=\"column\">\n\t\t\t<div class=\"elementor-widget-wrap elementor-element-populated\">\n\t\t\t\t\t\t\t\t<div class=\"elementor-element elementor-element-34789ea3 elementor-widget elementor-widget-spacer\" data-id=\"34789ea3\" data-element_type=\"widget\" data-widget_type=\"spacer.default\">\n\t\t\t\t<div class=\"elementor-widget-container\">\n\t\t\t\t\t<div class=\"elementor-spacer\">\n\t\t\t<div class=\"elementor-spacer-inner\"><\/div>\n\t\t<\/div>\n\t\t\t\t<\/div>\n\t\t\t\t<\/div>\n\t\t\t\t<div class=\"elementor-element elementor-element-756a4ee4 elementor-widget elementor-widget-heading\" data-id=\"756a4ee4\" data-element_type=\"widget\" data-widget_type=\"heading.default\">\n\t\t\t\t<div class=\"elementor-widget-container\">\n\t\t\t<h2 class=\"elementor-heading-title elementor-size-default\">Documentos<\/h2>\t\t<\/div>\n\t\t\t\t<\/div>\n\t\t\t\t<div class=\"elementor-element elementor-element-1e2ca03 elementor-grid-3 elementor-grid-tablet-2 elementor-grid-mobile-1 elementor-widget elementor-widget-portfolio\" data-id=\"1e2ca03\" data-element_type=\"widget\" data-settings=\"{&quot;columns&quot;:&quot;3&quot;,&quot;columns_tablet&quot;:&quot;2&quot;,&quot;columns_mobile&quot;:&quot;1&quot;,&quot;item_ratio&quot;:{&quot;unit&quot;:&quot;px&quot;,&quot;size&quot;:0.66,&quot;sizes&quot;:[]},&quot;item_gap&quot;:{&quot;unit&quot;:&quot;px&quot;,&quot;size&quot;:&quot;&quot;,&quot;sizes&quot;:[]},&quot;row_gap&quot;:{&quot;unit&quot;:&quot;px&quot;,&quot;size&quot;:&quot;&quot;,&quot;sizes&quot;:[]}}\" data-widget_type=\"portfolio.default\">\n\t\t\t\t<div class=\"elementor-widget-container\">\n\t\t\t\t\t<div class=\"elementor-portfolio elementor-grid elementor-posts-container\">\n\t\t\t\t<article class=\"elementor-portfolio-item elementor-post  post-1203 post type-post status-publish format-standard has-post-thumbnail hentry category-tue tag-pdf\">\n\t\t\t<a class=\"elementor-post__thumbnail__link\" href=\"https:\/\/ateca.cl\/index.php\/2022\/10\/18\/tue-pdf\/\">\n\t\t\t\t<div class=\"elementor-portfolio-item__img elementor-post__thumbnail\">\n\t\t\t<img loading=\"lazy\" decoding=\"async\" width=\"768\" height=\"648\" src=\"https:\/\/ateca.cl\/wp-content\/uploads\/2022\/10\/TUE_pdf-768x648.jpg\" class=\"attachment-medium_large size-medium_large wp-image-1199\" alt=\"\" srcset=\"https:\/\/ateca.cl\/wp-content\/uploads\/2022\/10\/TUE_pdf-768x648.jpg 768w, https:\/\/ateca.cl\/wp-content\/uploads\/2022\/10\/TUE_pdf-300x253.jpg 300w, https:\/\/ateca.cl\/wp-content\/uploads\/2022\/10\/TUE_pdf.jpg 834w\" sizes=\"auto, (max-width: 768px) 100vw, 768px\" \/>\t\t<\/div>\n\t\t\t\t<div class=\"elementor-portfolio-item__overlay\">\n\t\t\t\t<h3 class=\"elementor-portfolio-item__title\">\n\t\tDossier Teatro Urbano Experimental de Concepci\u00f3n\t\t<\/h3>\n\t\t\t\t<\/div>\n\t\t\t\t<\/a>\n\t\t<\/article>\n\t\t\t\t<\/div>\n\t\t\t\t<\/div>\n\t\t\t\t<\/div>\n\t\t\t\t\t<\/div>\n\t\t<\/div>\n\t\t\t\t\t\t\t<\/div>\n\t\t<\/section>\n\t\t\t\t\t\t\t<\/div>\n\t\t","protected":false},"excerpt":{"rendered":"<p>TEATRO URBANO EXPERIMENTAL (TUE) La compa\u00f1\u00eda nace el a\u00f1o 1980 en Concepci\u00f3n, esto gracias al feliz encuentro entre Roberto Pablo, Ricardo (Chepo) Sep\u00falveda y Gonzalo Ruminot. Quienes alejados de las escuelas tradicionales del teatro penquista, comenzaron a hacer obras para ni\u00f1os y ni\u00f1as como Do\u00f1a Bruja y el Lobo y Los \u00c1ngeles Ladrones de Jorge [&hellip;]<\/p>\n","protected":false},"author":1,"featured_media":455,"parent":101,"menu_order":1,"comment_status":"closed","ping_status":"closed","template":"elementor_theme","meta":{"_acf_changed":false,"footnotes":""},"categories":[],"tags":[],"ciudad":[],"obra":[],"ano":[],"credito":[],"procedencia":[],"codigo":[],"escenario":[],"class_list":["post-68","page","type-page","status-publish","has-post-thumbnail","hentry"],"acf":[],"_links":{"self":[{"href":"https:\/\/ateca.cl\/index.php\/wp-json\/wp\/v2\/pages\/68","targetHints":{"allow":["GET"]}}],"collection":[{"href":"https:\/\/ateca.cl\/index.php\/wp-json\/wp\/v2\/pages"}],"about":[{"href":"https:\/\/ateca.cl\/index.php\/wp-json\/wp\/v2\/types\/page"}],"author":[{"embeddable":true,"href":"https:\/\/ateca.cl\/index.php\/wp-json\/wp\/v2\/users\/1"}],"replies":[{"embeddable":true,"href":"https:\/\/ateca.cl\/index.php\/wp-json\/wp\/v2\/comments?post=68"}],"version-history":[{"count":49,"href":"https:\/\/ateca.cl\/index.php\/wp-json\/wp\/v2\/pages\/68\/revisions"}],"predecessor-version":[{"id":5185,"href":"https:\/\/ateca.cl\/index.php\/wp-json\/wp\/v2\/pages\/68\/revisions\/5185"}],"up":[{"embeddable":true,"href":"https:\/\/ateca.cl\/index.php\/wp-json\/wp\/v2\/pages\/101"}],"wp:featuredmedia":[{"embeddable":true,"href":"https:\/\/ateca.cl\/index.php\/wp-json\/wp\/v2\/media\/455"}],"wp:attachment":[{"href":"https:\/\/ateca.cl\/index.php\/wp-json\/wp\/v2\/media?parent=68"}],"wp:term":[{"taxonomy":"category","embeddable":true,"href":"https:\/\/ateca.cl\/index.php\/wp-json\/wp\/v2\/categories?post=68"},{"taxonomy":"post_tag","embeddable":true,"href":"https:\/\/ateca.cl\/index.php\/wp-json\/wp\/v2\/tags?post=68"},{"taxonomy":"ciudad","embeddable":true,"href":"https:\/\/ateca.cl\/index.php\/wp-json\/wp\/v2\/ciudad?post=68"},{"taxonomy":"obra","embeddable":true,"href":"https:\/\/ateca.cl\/index.php\/wp-json\/wp\/v2\/obra?post=68"},{"taxonomy":"ano","embeddable":true,"href":"https:\/\/ateca.cl\/index.php\/wp-json\/wp\/v2\/ano?post=68"},{"taxonomy":"credito","embeddable":true,"href":"https:\/\/ateca.cl\/index.php\/wp-json\/wp\/v2\/credito?post=68"},{"taxonomy":"procedencia","embeddable":true,"href":"https:\/\/ateca.cl\/index.php\/wp-json\/wp\/v2\/procedencia?post=68"},{"taxonomy":"codigo","embeddable":true,"href":"https:\/\/ateca.cl\/index.php\/wp-json\/wp\/v2\/codigo?post=68"},{"taxonomy":"escenario","embeddable":true,"href":"https:\/\/ateca.cl\/index.php\/wp-json\/wp\/v2\/escenario?post=68"}],"curies":[{"name":"wp","href":"https:\/\/api.w.org\/{rel}","templated":true}]}}