{"id":920,"date":"2022-10-17T15:39:22","date_gmt":"2022-10-17T15:39:22","guid":{"rendered":"https:\/\/ateca.cl\/?page_id=920"},"modified":"2022-10-20T08:34:18","modified_gmt":"2022-10-20T08:34:18","slug":"isis-maldonado","status":"publish","type":"page","link":"https:\/\/ateca.cl\/index.php\/teatristas\/isis-maldonado\/","title":{"rendered":"Isis Maldonado"},"content":{"rendered":"\t\t<div data-elementor-type=\"wp-page\" data-elementor-id=\"920\" class=\"elementor elementor-920\">\n\t\t\t\t\t\t\t\t\t<section class=\"elementor-section elementor-top-section elementor-element elementor-element-9628cc1 elementor-section-boxed elementor-section-height-default elementor-section-height-default\" data-id=\"9628cc1\" data-element_type=\"section\">\n\t\t\t\t\t\t<div class=\"elementor-container elementor-column-gap-default\">\n\t\t\t\t\t<div class=\"elementor-column elementor-col-100 elementor-top-column elementor-element elementor-element-01cd296\" data-id=\"01cd296\" data-element_type=\"column\">\n\t\t\t<div class=\"elementor-widget-wrap\">\n\t\t\t\t\t\t\t\t\t<\/div>\n\t\t<\/div>\n\t\t\t\t\t\t\t<\/div>\n\t\t<\/section>\n\t\t\t\t<section class=\"elementor-section elementor-top-section elementor-element elementor-element-a6273af elementor-section-boxed elementor-section-height-default elementor-section-height-default\" data-id=\"a6273af\" data-element_type=\"section\">\n\t\t\t\t\t\t<div class=\"elementor-container elementor-column-gap-default\">\n\t\t\t\t\t<div class=\"elementor-column elementor-col-50 elementor-top-column elementor-element elementor-element-9cc0c0e\" data-id=\"9cc0c0e\" data-element_type=\"column\">\n\t\t\t<div class=\"elementor-widget-wrap elementor-element-populated\">\n\t\t\t\t\t\t\t\t<div class=\"elementor-element elementor-element-63d8dd3 elementor-widget elementor-widget-image\" data-id=\"63d8dd3\" data-element_type=\"widget\" data-widget_type=\"image.default\">\n\t\t\t\t<div class=\"elementor-widget-container\">\n\t\t\t<style>\/*! elementor - v3.10.1 - 17-01-2023 *\/\n.elementor-widget-image{text-align:center}.elementor-widget-image a{display:inline-block}.elementor-widget-image a img[src$=\".svg\"]{width:48px}.elementor-widget-image img{vertical-align:middle;display:inline-block}<\/style>\t\t\t\t\t\t\t\t\t\t\t\t<img loading=\"lazy\" decoding=\"async\" width=\"394\" height=\"394\" src=\"https:\/\/ateca.cl\/wp-content\/uploads\/2022\/10\/isis.jpg\" class=\"attachment-medium_large size-medium_large wp-image-2349\" alt=\"\" srcset=\"https:\/\/ateca.cl\/wp-content\/uploads\/2022\/10\/isis.jpg 394w, https:\/\/ateca.cl\/wp-content\/uploads\/2022\/10\/isis-300x300.jpg 300w, https:\/\/ateca.cl\/wp-content\/uploads\/2022\/10\/isis-150x150.jpg 150w\" sizes=\"auto, (max-width: 394px) 100vw, 394px\" \/>\t\t\t\t\t\t\t\t\t\t\t\t\t\t\t<\/div>\n\t\t\t\t<\/div>\n\t\t\t\t<div class=\"elementor-element elementor-element-e2eeadd elementor-widget elementor-widget-spacer\" data-id=\"e2eeadd\" data-element_type=\"widget\" data-widget_type=\"spacer.default\">\n\t\t\t\t<div class=\"elementor-widget-container\">\n\t\t\t<style>\/*! elementor - v3.10.1 - 17-01-2023 *\/\n.elementor-column .elementor-spacer-inner{height:var(--spacer-size)}.e-con{--container-widget-width:100%}.e-con-inner>.elementor-widget-spacer,.e-con>.elementor-widget-spacer{width:var(--container-widget-width,var(--spacer-size));--align-self:var(--container-widget-align-self,initial);--flex-shrink:0}.e-con-inner>.elementor-widget-spacer>.elementor-widget-container,.e-con-inner>.elementor-widget-spacer>.elementor-widget-container>.elementor-spacer,.e-con>.elementor-widget-spacer>.elementor-widget-container,.e-con>.elementor-widget-spacer>.elementor-widget-container>.elementor-spacer{height:100%}.e-con-inner>.elementor-widget-spacer>.elementor-widget-container>.elementor-spacer>.elementor-spacer-inner,.e-con>.elementor-widget-spacer>.elementor-widget-container>.elementor-spacer>.elementor-spacer-inner{height:var(--container-widget-height,var(--spacer-size))}<\/style>\t\t<div class=\"elementor-spacer\">\n\t\t\t<div class=\"elementor-spacer-inner\"><\/div>\n\t\t<\/div>\n\t\t\t\t<\/div>\n\t\t\t\t<\/div>\n\t\t\t\t<div class=\"elementor-element elementor-element-63e172a elementor-align-center elementor-widget elementor-widget-button\" data-id=\"63e172a\" data-element_type=\"widget\" data-widget_type=\"button.default\">\n\t\t\t\t<div class=\"elementor-widget-container\">\n\t\t\t\t\t<div class=\"elementor-button-wrapper\">\n\t\t\t<a href=\"https:\/\/ateca.cl\/wp-content\/uploads\/2022\/10\/ATECA_Isis-Maldonado.pdf\" target=\"_blank\" class=\"elementor-button-link elementor-button elementor-size-sm\" role=\"button\">\n\t\t\t\t\t\t<span class=\"elementor-button-content-wrapper\">\n\t\t\t\t\t\t<span class=\"elementor-button-text\">Descargar entrevista en PDF<\/span>\n\t\t<\/span>\n\t\t\t\t\t<\/a>\n\t\t<\/div>\n\t\t\t\t<\/div>\n\t\t\t\t<\/div>\n\t\t\t\t<div class=\"elementor-element elementor-element-1899cd7 elementor-widget elementor-widget-spacer\" data-id=\"1899cd7\" data-element_type=\"widget\" data-widget_type=\"spacer.default\">\n\t\t\t\t<div class=\"elementor-widget-container\">\n\t\t\t\t\t<div class=\"elementor-spacer\">\n\t\t\t<div class=\"elementor-spacer-inner\"><\/div>\n\t\t<\/div>\n\t\t\t\t<\/div>\n\t\t\t\t<\/div>\n\t\t\t\t<div class=\"elementor-element elementor-element-77fe08c elementor-widget elementor-widget-text-editor\" data-id=\"77fe08c\" data-element_type=\"widget\" data-widget_type=\"text-editor.default\">\n\t\t\t\t<div class=\"elementor-widget-container\">\n\t\t\t<style>\/*! elementor - v3.10.1 - 17-01-2023 *\/\n.elementor-widget-text-editor.elementor-drop-cap-view-stacked .elementor-drop-cap{background-color:#818a91;color:#fff}.elementor-widget-text-editor.elementor-drop-cap-view-framed .elementor-drop-cap{color:#818a91;border:3px solid;background-color:transparent}.elementor-widget-text-editor:not(.elementor-drop-cap-view-default) .elementor-drop-cap{margin-top:8px}.elementor-widget-text-editor:not(.elementor-drop-cap-view-default) .elementor-drop-cap-letter{width:1em;height:1em}.elementor-widget-text-editor .elementor-drop-cap{float:left;text-align:center;line-height:1;font-size:50px}.elementor-widget-text-editor .elementor-drop-cap-letter{display:inline-block}<\/style>\t\t\t\t<p>Etiquetas: <a href=\"https:\/\/ateca.cl\/index.php\/ciudad\/valparaiso\">Valpara\u00edso<\/a> &#8211; pasacalles \u2013 <a href=\"https:\/\/ateca.cl\/index.php\/companias\/el-cite\/\">El Cit\u00e9<\/a> &#8211; <a href=\"https:\/\/ateca.cl\/index.php\/companias\/sociedad-anonima\/\">Compa\u00f1\u00eda Sociedad An\u00f3nima<\/a> &#8211; Roberto Pablo &#8211; Juan Edmundo Gonz\u00e1lez &#8211; <a href=\"https:\/\/ateca.cl\/index.php\/teatristas\/mauricio-celedon-y-claire-joinet\/\">Mauricio Celed\u00f3n<\/a> &#8211; <a href=\"https:\/\/ateca.cl\/index.php\/companias\/teatro-del-silencio\/\">Teatro del Silencio<\/a><\/p>\t\t\t\t\t\t<\/div>\n\t\t\t\t<\/div>\n\t\t\t\t\t<\/div>\n\t\t<\/div>\n\t\t\t\t<div class=\"elementor-column elementor-col-50 elementor-top-column elementor-element elementor-element-4baff4b\" data-id=\"4baff4b\" data-element_type=\"column\">\n\t\t\t<div class=\"elementor-widget-wrap elementor-element-populated\">\n\t\t\t\t\t\t\t\t<div class=\"elementor-element elementor-element-c109607 elementor-widget elementor-widget-theme-post-title elementor-page-title elementor-widget-heading\" data-id=\"c109607\" data-element_type=\"widget\" data-widget_type=\"theme-post-title.default\">\n\t\t\t\t<div class=\"elementor-widget-container\">\n\t\t\t<style>\/*! elementor - v3.10.1 - 17-01-2023 *\/\n.elementor-heading-title{padding:0;margin:0;line-height:1}.elementor-widget-heading .elementor-heading-title[class*=elementor-size-]>a{color:inherit;font-size:inherit;line-height:inherit}.elementor-widget-heading .elementor-heading-title.elementor-size-small{font-size:15px}.elementor-widget-heading .elementor-heading-title.elementor-size-medium{font-size:19px}.elementor-widget-heading .elementor-heading-title.elementor-size-large{font-size:29px}.elementor-widget-heading .elementor-heading-title.elementor-size-xl{font-size:39px}.elementor-widget-heading .elementor-heading-title.elementor-size-xxl{font-size:59px}<\/style><h1 class=\"elementor-heading-title elementor-size-default\">Isis Maldonado<\/h1>\t\t<\/div>\n\t\t\t\t<\/div>\n\t\t\t\t<div class=\"elementor-element elementor-element-ccd2b16 elementor-widget elementor-widget-heading\" data-id=\"ccd2b16\" data-element_type=\"widget\" data-widget_type=\"heading.default\">\n\t\t\t\t<div class=\"elementor-widget-container\">\n\t\t\t<h2 class=\"elementor-heading-title elementor-size-default\">actriz<\/h2>\t\t<\/div>\n\t\t\t\t<\/div>\n\t\t\t\t<div class=\"elementor-element elementor-element-0da5a26 elementor-blockquote--skin-quotation elementor-blockquote--button-color-official elementor-widget elementor-widget-blockquote\" data-id=\"0da5a26\" data-element_type=\"widget\" data-widget_type=\"blockquote.default\">\n\t\t\t\t<div class=\"elementor-widget-container\">\n\t\t\t<style>\/*! elementor-pro - v3.10.2 - 17-01-2023 *\/\n@charset \"UTF-8\";.entry-content blockquote.elementor-blockquote:not(.alignright):not(.alignleft),.entry-summary blockquote.elementor-blockquote{margin-right:0;margin-left:0}.elementor-widget-blockquote blockquote{margin:0;padding:0;outline:0;font-size:100%;vertical-align:baseline;background:transparent;quotes:none;border:0;font-style:normal;color:#55595c}.elementor-widget-blockquote blockquote .e-q-footer:after,.elementor-widget-blockquote blockquote .e-q-footer:before,.elementor-widget-blockquote blockquote:after,.elementor-widget-blockquote blockquote:before,.elementor-widget-blockquote blockquote cite:after,.elementor-widget-blockquote blockquote cite:before{content:none}.elementor-blockquote{transition:.3s}.elementor-blockquote__author,.elementor-blockquote__content{margin-bottom:0;font-style:normal}.elementor-blockquote__author{font-weight:700}.elementor-blockquote .e-q-footer{margin-top:12px;display:flex;justify-content:space-between}.elementor-blockquote__tweet-button{display:flex;transition:.3s;color:#1da1f2;align-self:flex-end;line-height:1;position:relative;width:-moz-max-content;width:max-content}.elementor-blockquote__tweet-button:hover{color:#0967a0}.elementor-blockquote__tweet-button span{font-weight:600}.elementor-blockquote__tweet-button i,.elementor-blockquote__tweet-button span{vertical-align:middle}.elementor-blockquote__tweet-button i+span,.elementor-blockquote__tweet-button svg+span{margin-left:.5em}.elementor-blockquote__tweet-button svg{fill:#1da1f2;height:1em;width:1em}.elementor-blockquote__tweet-label{white-space:pre-wrap}.elementor-blockquote--button-skin-bubble .elementor-blockquote__tweet-button,.elementor-blockquote--button-skin-classic .elementor-blockquote__tweet-button{padding:.7em 1.2em;border-radius:100em;background-color:#1da1f2;color:#fff;font-size:15px}.elementor-blockquote--button-skin-bubble .elementor-blockquote__tweet-button:hover,.elementor-blockquote--button-skin-classic .elementor-blockquote__tweet-button:hover{background-color:#0967a0;color:#fff}.elementor-blockquote--button-skin-bubble .elementor-blockquote__tweet-button:hover:before,.elementor-blockquote--button-skin-classic .elementor-blockquote__tweet-button:hover:before{border-right-color:#0967a0}.elementor-blockquote--button-skin-bubble .elementor-blockquote__tweet-button svg,.elementor-blockquote--button-skin-classic .elementor-blockquote__tweet-button svg{fill:#fff;height:1em;width:1em}.elementor-blockquote--button-skin-bubble.elementor-blockquote--button-view-icon .elementor-blockquote__tweet-button,.elementor-blockquote--button-skin-classic.elementor-blockquote--button-view-icon .elementor-blockquote__tweet-button{padding:0;width:2em;height:2em}.elementor-blockquote--button-skin-bubble.elementor-blockquote--button-view-icon .elementor-blockquote__tweet-button i,.elementor-blockquote--button-skin-classic.elementor-blockquote--button-view-icon .elementor-blockquote__tweet-button i{position:absolute;left:50%;top:50%;transform:translate(-50%,-50%)}.elementor-blockquote--button-skin-bubble .elementor-blockquote__tweet-button:before{content:\"\";border:.5em solid transparent;border-right-color:#1da1f2;position:absolute;left:-.8em;top:50%;transform:translateY(-50%) scaleY(.65);transition:.3s}.elementor-blockquote--button-skin-bubble.elementor-blockquote--align-left .elementor-blockquote__tweet-button:before{right:auto;left:-.8em;border-right-color:#1da1f2;border-left-color:transparent}.elementor-blockquote--button-skin-bubble.elementor-blockquote--align-left .elementor-blockquote__tweet-button:hover:before{border-right-color:#0967a0}.elementor-blockquote--button-skin-bubble.elementor-blockquote--align-right .elementor-blockquote__tweet-button:before{left:auto;right:-.8em;border-right-color:transparent;border-left-color:#1da1f2}.elementor-blockquote--button-skin-bubble.elementor-blockquote--align-right .elementor-blockquote__tweet-button:hover:before{border-left-color:#0967a0}.elementor-blockquote--skin-boxed .elementor-blockquote{background-color:#e6e9ec;padding:30px}.elementor-blockquote--skin-border .elementor-blockquote{border-color:#e6e9ec;border-left:7px #e6e9ec;border-style:solid;padding-left:20px}.elementor-blockquote--skin-quotation .elementor-blockquote:before{content:\"\u201c\";font-size:100px;color:#e6e9ec;font-family:Times New Roman,Times,serif;font-weight:900;line-height:1;display:block;height:.6em}.elementor-blockquote--skin-quotation .elementor-blockquote__content{margin-top:15px}.elementor-blockquote--align-left .elementor-blockquote__content{text-align:left}.elementor-blockquote--align-left .elementor-blockquote .e-q-footer{flex-direction:row}.elementor-blockquote--align-right .elementor-blockquote__content{text-align:right}.elementor-blockquote--align-right .elementor-blockquote .e-q-footer{flex-direction:row-reverse}.elementor-blockquote--align-center .elementor-blockquote{text-align:center}.elementor-blockquote--align-center .elementor-blockquote .e-q-footer,.elementor-blockquote--align-center .elementor-blockquote__author{display:block}.elementor-blockquote--align-center .elementor-blockquote__tweet-button{margin-right:auto;margin-left:auto}<\/style>\t\t<blockquote class=\"elementor-blockquote\">\n\t\t\t<p class=\"elementor-blockquote__content\">\n\t\t\t\tMe acuerdo de que con ellos yo qued\u00e9 encantada, porque vinieron a hacer teatro en la calle, con zancos, banderas, m\u00e1scaras, pintura, etc., y en esa oportunidad recuerdo haberlos visto en la calle Pedro Montt, luego vino una persecuci\u00f3n de parte de los pacos tan terrible, me acuerdo de que los cabros en zancos eran abatidos con unos chorros de agua.\t\t\t<\/p>\n\t\t\t\t\t<\/blockquote>\n\t\t\t\t<\/div>\n\t\t\t\t<\/div>\n\t\t\t\t<div class=\"elementor-element elementor-element-d96fad4 elementor-widget elementor-widget-text-editor\" data-id=\"d96fad4\" data-element_type=\"widget\" data-widget_type=\"text-editor.default\">\n\t\t\t\t<div class=\"elementor-widget-container\">\n\t\t\t\t\t\t\t<p><b>20 de abril de 2022<\/b><\/p><p>Mira, en realidad, ac\u00e1 en Valpara\u00edso pr\u00e1cticamente no se hizo teatro callejero, al menos eso es lo que yo conozco. Hablamos de los a\u00f1os ochenta, un periodo en el que no se hizo pr\u00e1cticamente teatro, o m\u00e1s bien lo que se hizo fue un teatro comercial, tambi\u00e9n un teatro de no profesionales dedicados al teatro. Se hac\u00edan obras infantiles, obras bien tradicionales, pero paralelamente a eso hubo un teatro clandestino. Un teatro subterr\u00e1neo que era un teatro pol\u00edtico.\u00a0 De ese teatro pol\u00edtico te puedo decir que la que estuvo bastante comprometida fue Miryam Espinoza. Ella ten\u00eda un grupo que se llamaba <i>La Sebastiana. <\/i>Ese grupo tuvo p\u00e9rdidas importantes, de chicos que fueron asesinados, entonces el grupo de <i>La Sebastiana<\/i> dif\u00edcilmente pod\u00eda salir a la calle. Mientras nosotros, otros compa\u00f1eros, te hablo de los egresados, los titulados de la Universidad de Chile que permanecimos ac\u00e1 en Valpara\u00edso, quedamos en el aire. Por otro lado, ten\u00edamos a un compa\u00f1ero, Juan Antonio Susarte que hac\u00eda teatro infantil, pero tambi\u00e9n Antonio Susarte hac\u00eda teatro pol\u00edtico, pero un teatro m\u00e1s bien po\u00e9tico, por ejemplo, con los poemas de Benedetti.\u00a0<\/p><p>En la calle no se vieron muchas acciones. \u00bfQu\u00e9 es lo que yo vi? Por ejemplo, cuando ven\u00eda desde Santiago, hac\u00edan algo en la calle de vez en cuando, espor\u00e1dico y bien a la ligera, no era una cosa que permaneciera. Alcanc\u00e9 a ver pocas cosas en la calle, me acuerdo de que vino de Santiago Roberto Pablo, entre 1987 y 1988, junto a la compa\u00f1\u00eda Sociedad An\u00f3nima. Me acuerdo de que con ellos yo qued\u00e9 encantada, porque vinieron a hacer teatro en la calle, con zancos, banderas, m\u00e1scaras, pintura, etc., y en esa oportunidad recuerdo haberlos visto en la calle Pedro Montt, luego vino una persecuci\u00f3n de parte de los pacos tan terrible, me acuerdo de que los cabros en zancos eran abatidos con unos chorros de agua.\u00a0<\/p><p>En Valpara\u00edso hab\u00eda una represi\u00f3n muy fuerte, entonces lo que se pod\u00eda hacer se ten\u00eda que hacer r\u00e1pido y arrancar. Entonces cuando nosotros empezamos a hacer teatro profesional, lo que hicimos fue mucha obra infantil.<\/p><p>Luego, el a\u00f1o 1988, sentimos la necesidad de hacer algo interesante, dirigidos por un buen director, ya que toda la gente de teatro y nuestros directores hab\u00edan salido al exilio; entonces Gladys Arcos, una compa\u00f1era, dice: \u201cyo conozco a Juan Edmundo Gonz\u00e1lez, en este momento \u00e9l est\u00e1 pasando por un momento muy duro. Creo que le har\u00eda bien, hablemos con \u00e9l.\u201d Juan Edmundo hab\u00eda hecho un trabajo excelente con <i>La<\/i> <i>C\u00e1ndida Erendira<\/i>, y en ese momento estaba sin trabajo. Entonces nosotros lo llamamos y le ofrecimos un lugar d\u00f3nde estar y dinero para la feria y los comestibles, nada m\u00e1s. Nadie ten\u00eda sueldo. Y \u00e9l vino a hacer <i>El extra\u00f1o ser con alas<\/i> y, c\u00f3mo junt\u00e1bamos algo de plata, hizo un taller de voz por el que pagaron, no mucho.<\/p><p>Hicimos ese taller e hicimos <i>El extra\u00f1o ser con alas<\/i> y con ella empezamos a salir a la calle. Esto cuando ten\u00edamos funciones en Vi\u00f1a del Mar en la carpa o donde fuera. Salimos entonces a la calle, y la primera vez que salimos nos sacaron fotos para el diario, esta era una forma de promover y lo hac\u00edamos.<\/p><p>Con <i>La casa de<\/i> <i>Bernarda Alba<\/i> sal\u00edamos todas las mujeres vestidas de negro con las caras blancas, as\u00ed sal\u00edamos a la calle. Como no hab\u00eda p\u00fablico de teatro y hab\u00eda pasado un buen tiempo de la dictadura, nos miraban con mucha extra\u00f1eza y nos gritaban cosas ofensivas: \u201c\u00bfD\u00f3nde dejaron el muerto?\u201d, \u201c\u00a1Las viudas!\u201d. Nos dec\u00edan tanta cosa, pero nosotras sal\u00edamos igual a hacer los pasacalles.\u00a0<\/p><p>Tambi\u00e9n hicimos un pasacalle con <i>El Burgu\u00e9s gentilhombre, <\/i>antes de empezar la funci\u00f3n, sal\u00edamos a la calle. Eso es todo lo que recuerdo.\u00a0<\/p><p>Teatro callejero no se hizo, sin embargo, se hicieron algunos ejercicios de protesta con las t\u00e9cnicas de Boal en la feria, en Valpara\u00edso, en algunos lugares, sobre todo para la campa\u00f1a del S\u00ed y el No. Pero antes, te puedo dar el nombre de Jos\u00e9 Luis que fue muy amigo de Pavez, \u00e9l que muri\u00f3. Jos\u00e9 Luis era muy especial, era amigo de Pavez, y ellos hac\u00edan<i> Las Criadas <\/i>en la calle. Por supuesto eran adaptaciones.<\/p><p>\u00a0<\/p><p><b>Entrevist\u00e9 a Mauricio Celed\u00f3n esta semana y nos contaba que El teatro del Silencio naci\u00f3 en Valpara\u00edso, porque el a\u00f1o 1987 se hizo <\/b><b><i>Gargant\u00faa<\/i><\/b><b> ac\u00e1. Esto en el proceso de un taller, era una obra hecha para navidad, pero que ten\u00eda una cr\u00edtica super potente.<\/b>\u00a0<\/p><p>Ah\u00ed estaba Agust\u00edn Letelier, Sidarta Corval\u00e1n. Mauricio ten\u00eda un hermano, entonces entre ellos dos se juntaron, incluso recuerdo que se juntaron en lo que era el antiguo Instituto Franc\u00e9s, entonces empezaron ellos a hacer este teatro. Despu\u00e9s, la segunda obra que hizo me parece que fue <i>Transfusi\u00f3n <\/i>que fue con las carretas, las v\u00edrgenes, tambi\u00e9n fue muy impresionante porque se hac\u00eda en la calle. Tienes raz\u00f3n.<\/p><p>All\u00ed estaban Sandra Briones y Pilar Romero, que es hermana de Carmen Romero. Ella vive aqu\u00ed en Valpara\u00edso. Tambi\u00e9n Agust\u00edn Letelier, Eduardo S\u00e1ez y el Felipe Jofr\u00e9. El Juan Crist\u00f3bal Soto est\u00e1 en Santiago, la Claudia Bermejo lleg\u00f3 hace poco de Francia y se volvi\u00f3 a ir, porque ella vive en Francia y sigue trabajando, pero supe por la sobrina, que es escen\u00f3grafa del grupo\u00a0 con los que estoy trabajando yo ahora, que\u00a0 se va de nuevo a Francia.<\/p><p>Pero como te digo, lo que m\u00e1s se hizo en Valpara\u00edso fueron pasacalles, se deb\u00eda llamar al p\u00fablico y esa era una buena forma de atraerlo.<\/p>\t\t\t\t\t\t<\/div>\n\t\t\t\t<\/div>\n\t\t\t\t\t<\/div>\n\t\t<\/div>\n\t\t\t\t\t\t\t<\/div>\n\t\t<\/section>\n\t\t\t\t\t\t\t<\/div>\n\t\t","protected":false},"excerpt":{"rendered":"<p>Descargar entrevista en PDF Etiquetas: Valpara\u00edso &#8211; pasacalles \u2013 El Cit\u00e9 &#8211; Compa\u00f1\u00eda Sociedad An\u00f3nima &#8211; Roberto Pablo &#8211; Juan Edmundo Gonz\u00e1lez &#8211; Mauricio Celed\u00f3n &#8211; Teatro del Silencio actriz Me acuerdo de que con ellos yo qued\u00e9 encantada, porque vinieron a hacer teatro en la calle, con zancos, banderas, m\u00e1scaras, pintura, etc., y en [&hellip;]<\/p>\n","protected":false},"author":1,"featured_media":2349,"parent":17,"menu_order":0,"comment_status":"closed","ping_status":"closed","template":"elementor_header_footer","meta":{"_acf_changed":false,"footnotes":""},"categories":[49,45,80,48],"tags":[99,97,95,86],"ciudad":[98],"obra":[],"ano":[],"credito":[93],"procedencia":[100],"codigo":[],"escenario":[],"class_list":["post-920","page","type-page","status-publish","has-post-thumbnail","hentry","category-el-cite","category-sociedad-anonima","category-teatristas","category-teatro-del-silencio","tag-juan-edmundo-gonzalez","tag-mauricio-celedon","tag-pasacalles","tag-roberto-pablo","ciudad-valparaiso","credito-isis-maldonado","procedencia-isis-maldonado-2"],"acf":[],"_links":{"self":[{"href":"https:\/\/ateca.cl\/index.php\/wp-json\/wp\/v2\/pages\/920","targetHints":{"allow":["GET"]}}],"collection":[{"href":"https:\/\/ateca.cl\/index.php\/wp-json\/wp\/v2\/pages"}],"about":[{"href":"https:\/\/ateca.cl\/index.php\/wp-json\/wp\/v2\/types\/page"}],"author":[{"embeddable":true,"href":"https:\/\/ateca.cl\/index.php\/wp-json\/wp\/v2\/users\/1"}],"replies":[{"embeddable":true,"href":"https:\/\/ateca.cl\/index.php\/wp-json\/wp\/v2\/comments?post=920"}],"version-history":[{"count":12,"href":"https:\/\/ateca.cl\/index.php\/wp-json\/wp\/v2\/pages\/920\/revisions"}],"predecessor-version":[{"id":2361,"href":"https:\/\/ateca.cl\/index.php\/wp-json\/wp\/v2\/pages\/920\/revisions\/2361"}],"up":[{"embeddable":true,"href":"https:\/\/ateca.cl\/index.php\/wp-json\/wp\/v2\/pages\/17"}],"wp:featuredmedia":[{"embeddable":true,"href":"https:\/\/ateca.cl\/index.php\/wp-json\/wp\/v2\/media\/2349"}],"wp:attachment":[{"href":"https:\/\/ateca.cl\/index.php\/wp-json\/wp\/v2\/media?parent=920"}],"wp:term":[{"taxonomy":"category","embeddable":true,"href":"https:\/\/ateca.cl\/index.php\/wp-json\/wp\/v2\/categories?post=920"},{"taxonomy":"post_tag","embeddable":true,"href":"https:\/\/ateca.cl\/index.php\/wp-json\/wp\/v2\/tags?post=920"},{"taxonomy":"ciudad","embeddable":true,"href":"https:\/\/ateca.cl\/index.php\/wp-json\/wp\/v2\/ciudad?post=920"},{"taxonomy":"obra","embeddable":true,"href":"https:\/\/ateca.cl\/index.php\/wp-json\/wp\/v2\/obra?post=920"},{"taxonomy":"ano","embeddable":true,"href":"https:\/\/ateca.cl\/index.php\/wp-json\/wp\/v2\/ano?post=920"},{"taxonomy":"credito","embeddable":true,"href":"https:\/\/ateca.cl\/index.php\/wp-json\/wp\/v2\/credito?post=920"},{"taxonomy":"procedencia","embeddable":true,"href":"https:\/\/ateca.cl\/index.php\/wp-json\/wp\/v2\/procedencia?post=920"},{"taxonomy":"codigo","embeddable":true,"href":"https:\/\/ateca.cl\/index.php\/wp-json\/wp\/v2\/codigo?post=920"},{"taxonomy":"escenario","embeddable":true,"href":"https:\/\/ateca.cl\/index.php\/wp-json\/wp\/v2\/escenario?post=920"}],"curies":[{"name":"wp","href":"https:\/\/api.w.org\/{rel}","templated":true}]}}